{"id":6544,"date":"2022-04-28T12:41:24","date_gmt":"2022-04-28T12:41:24","guid":{"rendered":"https:\/\/gracialive.be\/venue\/ancienne-belgique\/"},"modified":"2023-09-04T14:14:52","modified_gmt":"2023-09-04T14:14:52","slug":"ancienne-belgique","status":"publish","type":"venue","link":"https:\/\/gracialive.be\/fr\/venue\/ancienne-belgique\/","title":{"rendered":"Ancienne Belgique"},"content":{"rendered":"\t\t<div data-elementor-type=\"wp-post\" data-elementor-id=\"6544\" class=\"elementor elementor-6544 elementor-5035\" data-elementor-post-type=\"venue\">\n\t\t\t\t\t\t<section class=\"has_eae_slider elementor-section elementor-top-section elementor-element elementor-element-b0ca2c7 elementor-section-boxed elementor-section-height-default elementor-section-height-default\" data-id=\"b0ca2c7\" data-element_type=\"section\" data-settings=\"{&quot;jet_parallax_layout_list&quot;:[]}\">\n\t\t\t\t\t\t<div class=\"elementor-container elementor-column-gap-default\">\n\t\t\t\t\t<div class=\"has_eae_slider elementor-column elementor-col-50 elementor-top-column elementor-element elementor-element-13400f53\" data-id=\"13400f53\" data-element_type=\"column\">\n\t\t\t<div class=\"elementor-widget-wrap elementor-element-populated\">\n\t\t\t\t\t\t<div class=\"elementor-element elementor-element-1977f6f3 elementor-hidden-desktop elementor-hidden-tablet elementor-hidden-mobile elementor-widget elementor-widget-breadcrumbs\" data-id=\"1977f6f3\" data-element_type=\"widget\" data-widget_type=\"breadcrumbs.default\">\n\t\t\t\t<div class=\"elementor-widget-container\">\n\t\t\t<link rel=\"stylesheet\" href=\"https:\/\/gracialive.be\/wp-content\/plugins\/elementor-pro\/assets\/css\/widget-theme-elements.min.css\"><p id=\"breadcrumbs\"><span><span><a href=\"https:\/\/gracialive.be\/fr\/\">Home<\/a><\/span><\/span><\/p>\t\t<\/div>\n\t\t\t\t<\/div>\n\t\t\t\t<div class=\"elementor-element elementor-element-7e6a7d55 jet-breadcrumbs-on-front-yes elementor-hidden-desktop elementor-hidden-tablet elementor-hidden-mobile elementor-widget elementor-widget-jet-breadcrumbs\" data-id=\"7e6a7d55\" data-element_type=\"widget\" data-widget_type=\"jet-breadcrumbs.default\">\n\t\t\t\t<div class=\"elementor-widget-container\">\n\t\t\t<div class=\"elementor-jet-breadcrumbs jet-blocks\">\n\t\t<div class=\"jet-breadcrumbs\">\n\t\t<div class=\"jet-breadcrumbs__content\">\n\t\t<div class=\"jet-breadcrumbs__wrap\"><div class=\"jet-breadcrumbs__item\"><a href=\"https:\/\/gracialive.be\/fr\/\" class=\"jet-breadcrumbs__item-link is-home\" rel=\"home\" title=\"Home\">Home<\/a><\/div>\n\t\t<\/div>\n\t\t<\/div>\n\t\t<\/div><\/div>\t\t<\/div>\n\t\t\t\t<\/div>\n\t\t\t\t<div class=\"elementor-element elementor-element-d2a21e0 elementor-widget elementor-widget-theme-post-title elementor-page-title elementor-widget-heading\" data-id=\"d2a21e0\" data-element_type=\"widget\" data-widget_type=\"theme-post-title.default\">\n\t\t\t\t<div class=\"elementor-widget-container\">\n\t\t\t<style>\/*! elementor - v3.22.0 - 17-06-2024 *\/\n.elementor-heading-title{padding:0;margin:0;line-height:1}.elementor-widget-heading .elementor-heading-title[class*=elementor-size-]>a{color:inherit;font-size:inherit;line-height:inherit}.elementor-widget-heading .elementor-heading-title.elementor-size-small{font-size:15px}.elementor-widget-heading .elementor-heading-title.elementor-size-medium{font-size:19px}.elementor-widget-heading .elementor-heading-title.elementor-size-large{font-size:29px}.elementor-widget-heading .elementor-heading-title.elementor-size-xl{font-size:39px}.elementor-widget-heading .elementor-heading-title.elementor-size-xxl{font-size:59px}<\/style><h1 class=\"elementor-heading-title elementor-size-default\">Ancienne Belgique<\/h1>\t\t<\/div>\n\t\t\t\t<\/div>\n\t\t\t\t<div class=\"elementor-element elementor-element-511e4592 elementor-widget elementor-widget-text-editor\" data-id=\"511e4592\" data-element_type=\"widget\" data-widget_type=\"text-editor.default\">\n\t\t\t\t<div class=\"elementor-widget-container\">\n\t\t\t<style>\/*! elementor - v3.22.0 - 17-06-2024 *\/\n.elementor-widget-text-editor.elementor-drop-cap-view-stacked .elementor-drop-cap{background-color:#69727d;color:#fff}.elementor-widget-text-editor.elementor-drop-cap-view-framed .elementor-drop-cap{color:#69727d;border:3px solid;background-color:transparent}.elementor-widget-text-editor:not(.elementor-drop-cap-view-default) .elementor-drop-cap{margin-top:8px}.elementor-widget-text-editor:not(.elementor-drop-cap-view-default) .elementor-drop-cap-letter{width:1em;height:1em}.elementor-widget-text-editor .elementor-drop-cap{float:left;text-align:center;line-height:1;font-size:50px}.elementor-widget-text-editor .elementor-drop-cap-letter{display:inline-block}<\/style>\t\t\t\t<p>L&#8217;Ancienne Belgique est un ensemble de deux salles de concert situ\u00e9 dans le centre-ville de Bruxelles, boulevard Anspach. Elle accueille des groupes de musique aux styles vari\u00e9s. L&#8217;Ancienne Belgique est une institution culturelle de la Communaut\u00e9 flamande.<\/p>\t\t\t\t\t\t<\/div>\n\t\t\t\t<\/div>\n\t\t\t\t<div class=\"elementor-element elementor-element-568b252 elementor-widget elementor-widget-heading\" data-id=\"568b252\" data-element_type=\"widget\" data-widget_type=\"heading.default\">\n\t\t\t\t<div class=\"elementor-widget-container\">\n\t\t\t<h4 class=\"elementor-heading-title elementor-size-default\">Pratique<\/h4>\t\t<\/div>\n\t\t\t\t<\/div>\n\t\t\t\t<div class=\"elementor-element elementor-element-2824e37 elementor-widget elementor-widget-post-info\" data-id=\"2824e37\" data-element_type=\"widget\" data-widget_type=\"post-info.default\">\n\t\t\t\t<div class=\"elementor-widget-container\">\n\t\t\t<link rel=\"stylesheet\" href=\"https:\/\/gracialive.be\/wp-content\/plugins\/elementor\/assets\/css\/widget-icon-list.min.css\">\t\t<ul class=\"elementor-icon-list-items elementor-post-info\">\n\t\t\t\t\t\t\t\t<li class=\"elementor-icon-list-item elementor-repeater-item-d52cea9\">\n\t\t\t\t\t\t\t\t\t\t<span class=\"elementor-icon-list-icon\">\n\t\t\t\t\t\t\t\t<svg xmlns=\"http:\/\/www.w3.org\/2000\/svg\" width=\"16.857\" height=\"19.836\" viewBox=\"0 0 16.857 19.836\"><g id=\"Iconly_Light_Location\" data-name=\"Iconly\/Light\/Location\" transform=\"translate(0.75 0.75)\"><g id=\"Location\" transform=\"translate(-0.739 -0.739)\"><path id=\"Path_33958\" d=\"M0,7.652A7.678,7.678,0,1,1,15.357,7.7v.087a11.338,11.338,0,0,1-3.478,7.3,20.183,20.183,0,0,1-3.591,2.957.93.93,0,0,1-1.217,0,19.817,19.817,0,0,1-5.052-4.73A9.826,9.826,0,0,1,0,7.678Z\" transform=\"translate(0.739 0.739)\" fill=\"none\" stroke=\"#51acf0\" stroke-linecap=\"round\" stroke-linejoin=\"round\" stroke-miterlimit=\"10\" stroke-width=\"1.5\"><\/path><circle id=\"Ellipse_740\" cx=\"2.461\" cy=\"2.461\" r=\"2.461\" transform=\"translate(5.957 6.078)\" fill=\"none\" stroke=\"#51acf0\" stroke-linecap=\"round\" stroke-linejoin=\"round\" stroke-miterlimit=\"10\" stroke-width=\"1.5\"><\/circle><\/g><\/g><\/svg>\t\t\t\t\t\t\t<\/span>\n\t\t\t\t\t\t\t\t\t<span class=\"elementor-icon-list-text elementor-post-info__item elementor-post-info__item--type-custom\">\n\t\t\t\t\t\t\t\t\t\tBd Anspach 110\t\t\t\t\t<\/span>\n\t\t\t\t\t\t\t\t<\/li>\n\t\t\t\t<li class=\"elementor-icon-list-item elementor-repeater-item-060f814\">\n\t\t\t\t\t\t\t\t\t\t<span class=\"elementor-icon-list-icon\">\n\t\t\t\t\t\t\t\t<i aria-hidden=\"true\" class=\"far fa-tags\"><\/i>\t\t\t\t\t\t\t<\/span>\n\t\t\t\t\t\t\t\t\t<span class=\"elementor-icon-list-text elementor-post-info__item elementor-post-info__item--type-custom\">\n\t\t\t\t\t\t\t\t\t\t1000 Bruxelles\t\t\t\t\t<\/span>\n\t\t\t\t\t\t\t\t<\/li>\n\t\t\t\t<li class=\"elementor-icon-list-item elementor-repeater-item-9c248b2\">\n\t\t\t\t\t\t<a href=\"https:\/\/www.abconcerts.be\/\" target=\"_blank\">\n\t\t\t\t\t\t\t\t\t\t\t<span class=\"elementor-icon-list-icon\">\n\t\t\t\t\t\t\t\t<svg xmlns=\"http:\/\/www.w3.org\/2000\/svg\" id=\"Iconly_Light_Home\" data-name=\"Iconly\/Light\/Home\" width=\"18\" height=\"18\" viewBox=\"0 0 18 18\"><g id=\"Home\" transform=\"translate(1.875 1.5)\"><path id=\"Home-2\" data-name=\"Home\" d=\"M4.993,14.079v-2.3a1.07,1.07,0,0,1,1.068-1.064H8.225A1.07,1.07,0,0,1,9.3,11.779h0v2.307a.919.919,0,0,0,.9.914h1.443a2.592,2.592,0,0,0,2.6-2.579h0V5.878a1.83,1.83,0,0,0-.722-1.429L8.593.514a2.385,2.385,0,0,0-2.958,0L.722,4.457A1.815,1.815,0,0,0,0,5.886v6.536A2.592,2.592,0,0,0,2.6,15H4.048a.926.926,0,0,0,.931-.921h0\" fill=\"none\" stroke=\"#51acf0\" stroke-linecap=\"round\" stroke-linejoin=\"round\" stroke-miterlimit=\"10\" stroke-width=\"1.5\"><\/path><\/g><\/svg>\t\t\t\t\t\t\t<\/span>\n\t\t\t\t\t\t\t\t\t<span class=\"elementor-icon-list-text elementor-post-info__item elementor-post-info__item--type-custom\">\n\t\t\t\t\t\t\t\t\t\thttps:\/\/www.abconcerts.be\/\t\t\t\t\t<\/span>\n\t\t\t\t\t\t\t\t\t<\/a>\n\t\t\t\t<\/li>\n\t\t\t\t<\/ul>\n\t\t\t\t<\/div>\n\t\t\t\t<\/div>\n\t\t\t\t<div class=\"elementor-element elementor-element-6edbae23 elementor-widget elementor-widget-button\" data-id=\"6edbae23\" data-element_type=\"widget\" data-widget_type=\"button.default\">\n\t\t\t\t<div class=\"elementor-widget-container\">\n\t\t\t\t\t<div class=\"elementor-button-wrapper\">\n\t\t\t<a class=\"elementor-button elementor-button-link elementor-size-sm\" href=\"https:\/\/goo.gl\/maps\/BpEsRn428NHssHoPA\" target=\"_blank\">\n\t\t\t\t\t\t<span class=\"elementor-button-content-wrapper\">\n\t\t\t\t\t\t\t\t\t<span class=\"elementor-button-text\">Description de la route<\/span>\n\t\t\t\t\t<\/span>\n\t\t\t\t\t<\/a>\n\t\t<\/div>\n\t\t\t\t<\/div>\n\t\t\t\t<\/div>\n\t\t\t\t\t<\/div>\n\t\t<\/div>\n\t\t\t\t<div class=\"has_eae_slider elementor-column elementor-col-50 elementor-top-column elementor-element elementor-element-3581775c\" data-id=\"3581775c\" data-element_type=\"column\">\n\t\t\t<div class=\"elementor-widget-wrap elementor-element-populated\">\n\t\t\t\t\t\t<div class=\"elementor-element elementor-element-4947a5cf elementor-widget elementor-widget-image\" data-id=\"4947a5cf\" data-element_type=\"widget\" data-widget_type=\"image.default\">\n\t\t\t\t<div class=\"elementor-widget-container\">\n\t\t\t<style>\/*! elementor - v3.22.0 - 17-06-2024 *\/\n.elementor-widget-image{text-align:center}.elementor-widget-image a{display:inline-block}.elementor-widget-image a img[src$=\".svg\"]{width:48px}.elementor-widget-image img{vertical-align:middle;display:inline-block}<\/style>\t\t\t\t\t\t\t\t\t\t<img fetchpriority=\"high\" decoding=\"async\" width=\"900\" height=\"506\" src=\"https:\/\/gracialive.be\/wp-content\/uploads\/2022\/04\/boulevard-des-airs-1-1.jpg\" class=\"attachment-full size-full wp-image-5038\" alt=\"\" srcset=\"https:\/\/gracialive.be\/wp-content\/uploads\/2022\/04\/boulevard-des-airs-1-1.jpg 900w, https:\/\/gracialive.be\/wp-content\/uploads\/2022\/04\/boulevard-des-airs-1-1-300x169.jpg 300w, https:\/\/gracialive.be\/wp-content\/uploads\/2022\/04\/boulevard-des-airs-1-1-768x432.jpg 768w\" sizes=\"(max-width: 34.9rem) calc(100vw - 2rem), (max-width: 53rem) calc(8 * (100vw \/ 12)), (min-width: 53rem) calc(6 * (100vw \/ 12)), 100vw\" \/>\t\t\t\t\t\t\t\t\t\t\t\t\t<\/div>\n\t\t\t\t<\/div>\n\t\t\t\t\t<\/div>\n\t\t<\/div>\n\t\t\t\t\t<\/div>\n\t\t<\/section>\n\t\t\t\t<section class=\"has_eae_slider elementor-section elementor-top-section elementor-element elementor-element-674c6a38 elementor-hidden-desktop elementor-hidden-tablet elementor-hidden-mobile elementor-section-boxed elementor-section-height-default elementor-section-height-default\" data-id=\"674c6a38\" data-element_type=\"section\" data-settings=\"{&quot;jet_parallax_layout_list&quot;:[]}\">\n\t\t\t\t\t\t<div class=\"elementor-container elementor-column-gap-default\">\n\t\t\t\t\t<div class=\"has_eae_slider elementor-column elementor-col-66 elementor-top-column elementor-element elementor-element-62156a2e\" data-id=\"62156a2e\" data-element_type=\"column\">\n\t\t\t<div class=\"elementor-widget-wrap elementor-element-populated\">\n\t\t\t\t\t\t<div class=\"elementor-element elementor-element-4ca0260f elementor-widget elementor-widget-heading\" data-id=\"4ca0260f\" data-element_type=\"widget\" data-widget_type=\"heading.default\">\n\t\t\t\t<div class=\"elementor-widget-container\">\n\t\t\t<h4 class=\"elementor-heading-title elementor-size-default\">Bereikbaarheid<\/h4>\t\t<\/div>\n\t\t\t\t<\/div>\n\t\t\t\t<div class=\"elementor-element elementor-element-3959590d elementor-widget elementor-widget-text-editor\" data-id=\"3959590d\" data-element_type=\"widget\" data-widget_type=\"text-editor.default\">\n\t\t\t\t<div class=\"elementor-widget-container\">\n\t\t\t\t\t\t\t<p>De Roma ligt in het hart van Borgerhout en is het beste te bereiken met het openbaar vervoer of met de fiets. Hierdoor helpt u ook mee om de overlast voor de buren te beperken \u00e9n het is beter voor het milieu. Bovendien is het in de straten rondom De Roma betalend parkeren, van maandag tot en met zaterdag, tussen 9u en 19u.\u00a0<\/p>\t\t\t\t\t\t<\/div>\n\t\t\t\t<\/div>\n\t\t\t\t<div class=\"elementor-element elementor-element-7b3dddeb elementor-widget elementor-widget-toggle\" data-id=\"7b3dddeb\" data-element_type=\"widget\" data-widget_type=\"toggle.default\">\n\t\t\t\t<div class=\"elementor-widget-container\">\n\t\t\t<style>\/*! elementor - v3.22.0 - 17-06-2024 *\/\n.elementor-toggle{text-align:start}.elementor-toggle .elementor-tab-title{font-weight:700;line-height:1;margin:0;padding:15px;border-bottom:1px solid #d5d8dc;cursor:pointer;outline:none}.elementor-toggle .elementor-tab-title .elementor-toggle-icon{display:inline-block;width:1em}.elementor-toggle .elementor-tab-title .elementor-toggle-icon svg{margin-inline-start:-5px;width:1em;height:1em}.elementor-toggle .elementor-tab-title .elementor-toggle-icon.elementor-toggle-icon-right{float:right;text-align:right}.elementor-toggle .elementor-tab-title .elementor-toggle-icon.elementor-toggle-icon-left{float:left;text-align:left}.elementor-toggle .elementor-tab-title .elementor-toggle-icon .elementor-toggle-icon-closed{display:block}.elementor-toggle .elementor-tab-title .elementor-toggle-icon .elementor-toggle-icon-opened{display:none}.elementor-toggle .elementor-tab-title.elementor-active{border-bottom:none}.elementor-toggle .elementor-tab-title.elementor-active .elementor-toggle-icon-closed{display:none}.elementor-toggle .elementor-tab-title.elementor-active .elementor-toggle-icon-opened{display:block}.elementor-toggle .elementor-tab-content{padding:15px;border-bottom:1px solid #d5d8dc;display:none}@media (max-width:767px){.elementor-toggle .elementor-tab-title{padding:12px}.elementor-toggle .elementor-tab-content{padding:12px 10px}}.e-con-inner>.elementor-widget-toggle,.e-con>.elementor-widget-toggle{width:var(--container-widget-width);--flex-grow:var(--container-widget-flex-grow)}<\/style>\t\t<div class=\"elementor-toggle\">\n\t\t\t\t\t\t\t<div class=\"elementor-toggle-item\">\n\t\t\t\t\t<div id=\"elementor-tab-title-2061\" class=\"elementor-tab-title\" data-tab=\"1\" role=\"button\" aria-controls=\"elementor-tab-content-2061\" aria-expanded=\"false\">\n\t\t\t\t\t\t\t\t\t\t\t\t<span class=\"elementor-toggle-icon elementor-toggle-icon-left\" aria-hidden=\"true\">\n\t\t\t\t\t\t\t\t\t\t\t\t\t\t\t<span class=\"elementor-toggle-icon-closed\"><i class=\"fas fa-caret-right\"><\/i><\/span>\n\t\t\t\t\t\t\t\t<span class=\"elementor-toggle-icon-opened\"><i class=\"elementor-toggle-icon-opened fas fa-caret-up\"><\/i><\/span>\n\t\t\t\t\t\t\t\t\t\t\t\t\t<\/span>\n\t\t\t\t\t\t\t\t\t\t\t\t<a class=\"elementor-toggle-title\" tabindex=\"0\">Met de fiets<\/a>\n\t\t\t\t\t<\/div>\n\n\t\t\t\t\t<div id=\"elementor-tab-content-2061\" class=\"elementor-tab-content elementor-clearfix\" data-tab=\"1\" role=\"region\" aria-labelledby=\"elementor-tab-title-2061\"><p>Maak gebruik van de gratis fietsenstalling (max capaciteit: 130 fietsen). Deze bevindt zich 150m voorbij de ingang van De Roma in de richting van de Singel (parking Modelbouw Baillien, Turnhoutsebaan 340). De stalling is open tijdens concerten en evenementen vanaf 19u. Ze sluit een uur na de voorstelling, vergeet dus niet om je fiets tijdig weer op te halen. Tijdens de voorstelling wordt de fietsenstalling afgesloten.\u00a0<\/p><p>Gebruik je liever de A-Velo van &#8216;t Stad? Dan kan je deze terugplaatsen in de volgende stations:<br \/>Fonteinstraat (069), Montgomery (132), Turnhoutsepoort (068) en Krugerpark (108).<\/p><\/div>\n\t\t\t\t<\/div>\n\t\t\t\t\t\t\t<div class=\"elementor-toggle-item\">\n\t\t\t\t\t<div id=\"elementor-tab-title-2062\" class=\"elementor-tab-title\" data-tab=\"2\" role=\"button\" aria-controls=\"elementor-tab-content-2062\" aria-expanded=\"false\">\n\t\t\t\t\t\t\t\t\t\t\t\t<span class=\"elementor-toggle-icon elementor-toggle-icon-left\" aria-hidden=\"true\">\n\t\t\t\t\t\t\t\t\t\t\t\t\t\t\t<span class=\"elementor-toggle-icon-closed\"><i class=\"fas fa-caret-right\"><\/i><\/span>\n\t\t\t\t\t\t\t\t<span class=\"elementor-toggle-icon-opened\"><i class=\"elementor-toggle-icon-opened fas fa-caret-up\"><\/i><\/span>\n\t\t\t\t\t\t\t\t\t\t\t\t\t<\/span>\n\t\t\t\t\t\t\t\t\t\t\t\t<a class=\"elementor-toggle-title\" tabindex=\"0\">Met het openbaar vervoer<\/a>\n\t\t\t\t\t<\/div>\n\n\t\t\t\t\t<div id=\"elementor-tab-content-2062\" class=\"elementor-tab-content elementor-clearfix\" data-tab=\"2\" role=\"region\" aria-labelledby=\"elementor-tab-title-2062\"><p>Het treinstation<b>\u00a0Antwerpen-Centraal<\/b>\u00a0ligt op 1,6 km van De Roma. Daar kan je in metrohalte Astrid\u00a0tram\u00a08 of 10\u00a0nemen die rechtstreeks naar halte <u>Zegel<\/u> rijdt. Of je neemt\u00a0op het Astridplein aan halte perron 2\u00a0tram 24\u00a0of aan halte perron 1\u00a0bus\u00a0410, 415, 416, 417, 418, 427 of 429\u00a0tot aan halte <u>De Roma<\/u>. Te voet doe je er 20 minuten over om van het centraal station tot aan De Roma te geraken.<\/p><p><span style=\"color: var( --e-global-color-text );\">Het treinstation\u00a0<b>Antwerpen-Berchem<\/b>\u00a0ligt op 1,8 km. Daar kan je op perron 21\u00a0bus 30\u00a0nemen en afstappen aan halte De Roma of je wandelt 25 minuten.<\/span><\/p><p>Alle up-to-date informatie van de NMBS vind je op\u00a0<a href=\"http:\/\/www.beglianrail.be\">www.belgianrail.be<\/a>.<\/p><p>Op de website van De Lijn kan je de volledige\u00a0route plannen\u00a0van je thuisadres tot aan De Roma.\u00a0<br \/>Trams en bussen 24, 30, 410, 415, 416, 417, 418 en 427 stoppen allemaal vlak voor de deur aan bovengrondse\u00a0halte <u>De Roma<\/u>.<br \/>Aan\u00a0metrohalte <u>Zegel<\/u>\u00a0(op nog geen 100m van de deur) stoppen tram 8 en 10.<\/p><\/div>\n\t\t\t\t<\/div>\n\t\t\t\t\t\t\t<div class=\"elementor-toggle-item\">\n\t\t\t\t\t<div id=\"elementor-tab-title-2063\" class=\"elementor-tab-title\" data-tab=\"3\" role=\"button\" aria-controls=\"elementor-tab-content-2063\" aria-expanded=\"false\">\n\t\t\t\t\t\t\t\t\t\t\t\t<span class=\"elementor-toggle-icon elementor-toggle-icon-left\" aria-hidden=\"true\">\n\t\t\t\t\t\t\t\t\t\t\t\t\t\t\t<span class=\"elementor-toggle-icon-closed\"><i class=\"fas fa-caret-right\"><\/i><\/span>\n\t\t\t\t\t\t\t\t<span class=\"elementor-toggle-icon-opened\"><i class=\"elementor-toggle-icon-opened fas fa-caret-up\"><\/i><\/span>\n\t\t\t\t\t\t\t\t\t\t\t\t\t<\/span>\n\t\t\t\t\t\t\t\t\t\t\t\t<a class=\"elementor-toggle-title\" tabindex=\"0\">Met de auto<\/a>\n\t\t\t\t\t<\/div>\n\n\t\t\t\t\t<div id=\"elementor-tab-content-2063\" class=\"elementor-tab-content elementor-clearfix\" data-tab=\"3\" role=\"region\" aria-labelledby=\"elementor-tab-title-2063\"><p>LET OP: lage-emissiezone! Kom je met de auto naar De Roma? Hou er dan rekening mee dat de hele Antwerpse binnenstad en Linkeroever een lage-emissiezone zijn.<\/p><p>Je kan je auto gemakkelijk en gratis parkeren op een van de 9\u00a0park and rides\u00a0(P+R) aan de rand van de stad\u00a0en overstappen op tram, bus of fiets. Vanop de P+R heb je een snelle aansluiting die je naar het stadscentrum brengt.<\/p><p>Je kan ook je auto parkeren op een van onderstaande parkingplaatsen:<\/p><p>P2: Onbewaakte parking &#8216;t Centrum (Trix \/ Carrefour &#8211; 60 plaatsen &#8211; let op: binnen de lage-emissiezone!)<br \/>P3: Onbewaakte parking Rivierenhof (100 plaatsen &#8211; sinds mei 2014 volledig vernieuwd!) en vervolgens 3 haltes met tram 10 (of bus 410, 411, 412 of 414) richting centrum of 15 minuten te voet.<br \/>P4: Onbewaakte parking Sint-Fredegandus (55 plaatsen) aan Cogelsplein-Deurne en vervolgens 3 haltes met tram 10 richting centrum of 15 minuten te voet.<\/p><\/div>\n\t\t\t\t<\/div>\n\t\t\t\t\t\t\t\t<\/div>\n\t\t\t\t<\/div>\n\t\t\t\t<\/div>\n\t\t\t\t<div class=\"elementor-element elementor-element-551716b1 elementor-widget elementor-widget-spacer\" data-id=\"551716b1\" data-element_type=\"widget\" data-widget_type=\"spacer.default\">\n\t\t\t\t<div class=\"elementor-widget-container\">\n\t\t\t<style>\/*! elementor - v3.22.0 - 17-06-2024 *\/\n.elementor-column .elementor-spacer-inner{height:var(--spacer-size)}.e-con{--container-widget-width:100%}.e-con-inner>.elementor-widget-spacer,.e-con>.elementor-widget-spacer{width:var(--container-widget-width,var(--spacer-size));--align-self:var(--container-widget-align-self,initial);--flex-shrink:0}.e-con-inner>.elementor-widget-spacer>.elementor-widget-container,.e-con>.elementor-widget-spacer>.elementor-widget-container{height:100%;width:100%}.e-con-inner>.elementor-widget-spacer>.elementor-widget-container>.elementor-spacer,.e-con>.elementor-widget-spacer>.elementor-widget-container>.elementor-spacer{height:100%}.e-con-inner>.elementor-widget-spacer>.elementor-widget-container>.elementor-spacer>.elementor-spacer-inner,.e-con>.elementor-widget-spacer>.elementor-widget-container>.elementor-spacer>.elementor-spacer-inner{height:var(--container-widget-height,var(--spacer-size))}.e-con-inner>.elementor-widget-spacer.elementor-widget-empty,.e-con>.elementor-widget-spacer.elementor-widget-empty{position:relative;min-height:22px;min-width:22px}.e-con-inner>.elementor-widget-spacer.elementor-widget-empty .elementor-widget-empty-icon,.e-con>.elementor-widget-spacer.elementor-widget-empty .elementor-widget-empty-icon{position:absolute;top:0;bottom:0;left:0;right:0;margin:auto;padding:0;width:22px;height:22px}<\/style>\t\t<div class=\"elementor-spacer\">\n\t\t\t<div class=\"elementor-spacer-inner\"><\/div>\n\t\t<\/div>\n\t\t\t\t<\/div>\n\t\t\t\t<\/div>\n\t\t\t\t<div class=\"elementor-element elementor-element-749019c6 elementor-widget elementor-widget-heading\" data-id=\"749019c6\" data-element_type=\"widget\" data-widget_type=\"heading.default\">\n\t\t\t\t<div class=\"elementor-widget-container\">\n\t\t\t<h4 class=\"elementor-heading-title elementor-size-default\">Toegankelijkheid<\/h4>\t\t<\/div>\n\t\t\t\t<\/div>\n\t\t\t\t<div class=\"elementor-element elementor-element-3ad95a4c elementor-widget elementor-widget-text-editor\" data-id=\"3ad95a4c\" data-element_type=\"widget\" data-widget_type=\"text-editor.default\">\n\t\t\t\t<div class=\"elementor-widget-container\">\n\t\t\t\t\t\t\t<p>We hopen dat een avond in De Roma voor iedereen een onvergetelijke belevenis is. Als de gewone voorzieningen niet toereikend zijn voor u, zoeken we graag samen naar een oplossing.<br \/>Meer informatie vind u hiervoor terug op de <a href=\"https:\/\/www.deroma.be\/nl\/praktisch\/toegankelijkheid\/\">website van De Roma<\/a>.\u00a0<\/p>\t\t\t\t\t\t<\/div>\n\t\t\t\t<\/div>\n\t\t\t\t\t<\/div>\n\t\t<\/div>\n\t\t\t\t<div class=\"has_eae_slider elementor-column elementor-col-33 elementor-top-column elementor-element elementor-element-1707eab3\" data-id=\"1707eab3\" data-element_type=\"column\">\n\t\t\t<div class=\"elementor-widget-wrap elementor-element-populated\">\n\t\t\t\t\t\t<div class=\"elementor-element elementor-element-1c6b8b30 elementor-widget elementor-widget-heading\" data-id=\"1c6b8b30\" data-element_type=\"widget\" data-widget_type=\"heading.default\">\n\t\t\t\t<div class=\"elementor-widget-container\">\n\t\t\t<h4 class=\"elementor-heading-title elementor-size-default\">Zaalplan<\/h4>\t\t<\/div>\n\t\t\t\t<\/div>\n\t\t\t\t<div class=\"elementor-element elementor-element-72d4fe26 elementor-widget elementor-widget-image\" data-id=\"72d4fe26\" data-element_type=\"widget\" data-widget_type=\"image.default\">\n\t\t\t\t<div class=\"elementor-widget-container\">\n\t\t\t\t\t\t\t\t\t\t\t\t\t\t<a href=\"https:\/\/gracialive.be\/wp-content\/plugins\/elementor\/assets\/images\/placeholder.png\" data-elementor-open-lightbox=\"yes\" data-e-action-hash=\"#elementor-action%3Aaction%3Dlightbox%26settings%3DW10%3D\">\n\t\t\t\t\t\t\t<img decoding=\"async\" src=\"https:\/\/gracialive.be\/wp-content\/plugins\/elementor\/assets\/images\/placeholder.png\" title=\"\" alt=\"\" loading=\"lazy\" \/>\t\t\t\t\t\t\t\t<\/a>\n\t\t\t\t\t\t\t\t\t\t\t\t\t<\/div>\n\t\t\t\t<\/div>\n\t\t\t\t\t<\/div>\n\t\t<\/div>\n\t\t\t\t\t<\/div>\n\t\t<\/section>\n\t\t\t\t<section class=\"has_eae_slider elementor-section elementor-top-section elementor-element elementor-element-8944bd2 elementor-section-full_width elementor-section-height-default elementor-section-height-default\" data-id=\"8944bd2\" data-element_type=\"section\" data-settings=\"{&quot;jet_parallax_layout_list&quot;:[]}\">\n\t\t\t\t\t\t<div class=\"elementor-container elementor-column-gap-default\">\n\t\t\t\t\t<div class=\"has_eae_slider elementor-column elementor-col-100 elementor-top-column elementor-element elementor-element-0692191\" data-id=\"0692191\" data-element_type=\"column\">\n\t\t\t<div class=\"elementor-widget-wrap elementor-element-populated\">\n\t\t\t\t\t\t<div class=\"elementor-element elementor-element-2949674 border_heading_vacatures elementor-widget elementor-widget-heading\" data-id=\"2949674\" data-element_type=\"widget\" data-widget_type=\"heading.default\">\n\t\t\t\t<div class=\"elementor-widget-container\">\n\t\t\t<h1 class=\"elementor-heading-title elementor-size-default\">Concert agenda<\/h1>\t\t<\/div>\n\t\t\t\t<\/div>\n\t\t\t\t<div class=\"elementor-element elementor-element-a18dbb1 elementor-widget elementor-widget-text-editor\" data-id=\"a18dbb1\" data-element_type=\"widget\" data-widget_type=\"text-editor.default\">\n\t\t\t\t<div class=\"elementor-widget-container\">\n\t\t\t\t\t\t\t<p style=\"text-align: center;\"><span style=\"text-align: start;\">Vous trouverez ci-dessous l&#8217;agenda de tous nos futurs concerts ici.<\/span><\/p>\t\t\t\t\t\t<\/div>\n\t\t\t\t<\/div>\n\t\t\t\t<div class=\"elementor-element elementor-element-5bb2bfa elementor-widget elementor-widget-shortcode\" data-id=\"5bb2bfa\" data-element_type=\"widget\" data-widget_type=\"shortcode.default\">\n\t\t\t\t<div class=\"elementor-widget-container\">\n\t\t\t\t\t<div class=\"elementor-shortcode\">\n\t\t\n\t\t<div class=\"elementor-element agenda-table elementor-grid-mobile-1 elementor-grid-tablet-2 d-none\"><\/div>\n\t\t\n\t\t\t\t<div class=\"elementor-element agenda-table elementor-grid-mobile-1 elementor-grid-tablet-2 d-none d-lg-block\">\n\t\t\t<div class=\"show-events-list-shortcode elementor-grid\">\n\t\t\t\t<section class=\"elementor-section\">\n\t\t\t\t\t<div class=\"elementor-container elementor-widget-heading section-box\">\n\t\t\t\t\t\t<div class=\"content-box event-thumbnail css_column\"><\/div>\n\t\t\t\t\t\t<div class=\"content-box event-title\"><h5 class=\"elementor-heading-title elementor-size-default event-list-title\">\u00c9v\u00e9nement<\/h5><\/div>\n\t\t\t\t\t\t<div class=\"content-box event-date\" style=\"width:13%;\"><h5 class=\"elementor-heading-title elementor-size-default event-list-title\">Date<\/h5><\/div>\n\t\t\t\t\t\t<div class=\"content-box venue\"><h5 class=\"elementor-heading-title elementor-size-default event-list-title\">Salle<\/h5><\/div>\n\t\t\t\t\t\t<div class=\"content-box locatie\"><h5 class=\"elementor-heading-title elementor-size-default event-list-title\">Lieu<\/h5><\/div>\n\t\t\t\t\t\t<div class=\"content-box event-status mobile-fix-status\"><\/div>\n\t\t\t\t\t\t<div class=\"content-box event-link-btn\"><\/div>\n\t\t\t\t\t<\/div>\n\t\t\t\t<\/section>\n\t\t\t<\/div>\n\t\t<\/div>\n\t\t\n\n\n\t\t\t\n\t\t<div class=\"elementor-element agenda-table elementor-grid-mobile-1 elementor-grid-tablet-2\">\n\n\t\t\t<div class=\"show-events-list-shortcode elementor-grid\">\n\t\t\t\t<section class=\"elementor-section\" onclick=\"window.location.assign('https:\/\/gracialive.be\/fr\/agenda\/redman-mop-2026\/');\">\n\t\t\t\t\t<div class=\"elementor-container section-box venue_css \">\n\n\t\t\t\t\t\t<div class=\"content-box event-thumbnail css_column\">\n\t\t\t\t\t\t\t<img src='https:\/\/gracialive.be\/wp-content\/uploads\/2026\/02\/rm-1920x1080-1-300x169.jpg' class='show-events-list-thumbnail attachment-full size-full d-none d-md-block'\/>\n\t\t\t\t\t\t\t<img src='https:\/\/gracialive.be\/wp-content\/uploads\/2026\/02\/rm-790x300-1.jpg' class='show-events-list-thumbnail attachment-full size-full d-md-none'\/>\n\t\t\t\t\t\t<\/div>\n\n\n\t\t\t\t\t\t<div class=\"content-box event-title\">\n\t\t\t\t\t\t\t<h5 class=\"elementor-heading-title elementor-size-default\">\n\t\t\t\t\t\t\t\t<a href='https:\/\/gracialive.be\/fr\/agenda\/redman-mop-2026\/'>Redman &#038; M.O.P.<\/a>\n\t\t\t\t\t\t\t<\/h5>\n\t\t\t\t\t\t<\/div>\n\n\t\t\t\t\t\t<div class=\"content-box event-date\" style=\"width:13%;\">\n\t\t\t\t\t\t\t\t<span style=\"position:relative;width:90%;\">\n\t\t\t\t\t\t\t\t\t04.05.2026\t\t\t\t\t\t\t\t\t<span class=\"mobile-fix-hour\" style=\"font-weight: normal;position: absolute;top: 20px;left: 0px;\"><\/span>\n\t\t\t\t\t\t\t\t<\/span>\n\t\t\t\t\t\t<\/div>\n\n\t\t\t\t\t\t<div class=\"content-box venue\">\n\t\t\t\t\t\t\t\t<div class=\"relationship_post_info\">\n\t\t\t\t\t\t\t\t\t\t<span class=\"post_info\">Ancienne Belgique<\/span>\n\t\t\t\t\t\t\t\t<\/div>\n\t\t\t\t\t\t<\/div>\n\n\t\t\t\t\t\t<div class=\"content-box locatie\">\n\t\t\t\t\t\t\t\t<div class=\"taxonomy_post_info relationship_post_info\">\n\t\t\t\t\t\t\t\t\t\t<span class=\"post_info\">Bruxelles<\/span>\n\t\t\t\t\t\t\t\t<\/div>\n\t\t\t\t\t\t<\/div>\n\n\t\t\t\t\t\t<div class=\"content-box event-status mobile-fix-status\">\n\t\t\t\t\t\t\t<span class=\"bg_icons\" style=\"background-color:#88FDA7\"><\/span>\n\t\t\t\t\t\t\t<span class=\"c_text\">Tickets disponibles<\/span>\n\t\t\t\t\t\t<\/div>\n\n\t\t\t\t\t\t<div class=\"content-box event-link-btn\">\n\t\t\t\t\t\t\t<a href=\"https:\/\/gracialive.be\/fr\/agenda\/redman-mop-2026\/\"\n\t\t\t\t\t\t\t   class=\"elementor-button-link elementor-button\" role=\"button\">\n\t\t\t\t\t\t\t\t<span class=\"elementor-button-icon\">\n\t\t\t\t\t\t\t\t\t<svg xmlns=\"http:\/\/www.w3.org\/2000\/svg\" id=\"Iconly_Light_Info_Square\"\n                                             data-name=\"Iconly\/Light\/Info Square\" width=\"27.08\" height=\"27.08\"\n                                             viewBox=\"0 0 27.08 27.08\"><g\n                                                    id=\"Info_Square\" data-name=\"Info Square\"\n                                                    transform=\"translate(3.104 3.103)\"><path\n                                                        id=\"Stroke_1\" data-name=\"Stroke 1\" d=\"M.5,4.986V0\"\n                                                        transform=\"translate(9.925 9.734)\"\n                                                        fill=\"none\" stroke=\"#fff\" stroke-linecap=\"round\"\n                                                        stroke-linejoin=\"round\"\n                                                        stroke-miterlimit=\"10\" stroke-width=\"1.5\"><\/path><path\n                                                        id=\"Stroke_2\"\n                                                        data-name=\"Stroke 2\" d=\"M.495.5H.506\"\n                                                        transform=\"translate(9.93 5.654)\" fill=\"none\" stroke=\"#fff\"\n                                                        stroke-linecap=\"round\" stroke-linejoin=\"round\"\n                                                        stroke-miterlimit=\"10\" stroke-width=\"1.5\"><\/path><path\n                                                        id=\"Stroke_3\" data-name=\"Stroke 3\"\n                                                        d=\"M15.327,0H5.546C2.137,0,0,2.413,0,5.829v9.216c0,3.415,2.127,5.829,5.546,5.829h9.78c3.42,0,5.548-2.413,5.548-5.829V5.829C20.874,2.413,18.746,0,15.327,0Z\"\n                                                        fill=\"none\" stroke=\"#fff\" stroke-linecap=\"round\"\n                                                        stroke-linejoin=\"round\"\n                                                        stroke-miterlimit=\"10\" stroke-width=\"1.5\"><\/path><\/g>\n                                        <\/svg>\n\t\t\t\t\t\t\t\t<\/span>\n\t\t\t\t\t\t\t\t<span class=\"elementor-button-text\">\n\t\t\t\t\t\t\t\t\tinfo &amp; tickets\t\t\t\t\t\t\t\t<\/span>\n\t\t\t\t\t\t\t<\/a>\n\t\t\t\t\t\t<\/div>\n\t\t\t\t\t<\/div>\n\t\t\t\t\t<div style=\"display:none\">\n\t\t\t\t\t\t<pre>\n\t\t\t\t\t\tArray\n(\n    [permalink] => https:\/\/gracialive.be\/fr\/agenda\/redman-mop-2026\/\n    [title] => Redman &#038; M.O.P.\n    [date] => 04.05.2026\n    [fulldate] => DateTime Object\n        (\n            [date] => 2026-05-04 12:19:04.000000\n            [timezone_type] => 3\n            [timezone] => UTC\n        )\n\n    [venue] => Ancienne Belgique\n    [location] => Bruxelles\n    [location_original] => Array\n        (\n            [0] => WP_Term Object\n                (\n                    [term_id] => 259\n                    [name] => Bruxelles\n                    [slug] => brussel-fr\n                    [term_group] => 0\n                    [term_taxonomy_id] => 259\n                    [taxonomy] => location\n                    [description] => \n                    [parent] => 0\n                    [count] => 45\n                    [filter] => raw\n                )\n\n        )\n\n    [status] => Tickets beschikbaar\n    [custom_status] => \n    [status_color] => #88FDA7\n    [event_venue_id] => 6544\n    [hour] => \n    [thumbnail] => https:\/\/gracialive.be\/wp-content\/uploads\/2026\/02\/rm-1920x1080-1-300x169.jpg\n    [thumbnail_mobile] => https:\/\/gracialive.be\/wp-content\/uploads\/2026\/02\/rm-790x300-1.jpg\n    [sub_event] => \n)\n\t\t\t\t\t\t<\/pre>\n\t\t\t\t\t<\/div>\n\t\t\t\t<\/section>\n\n\t\t\t<\/div>\n\n\t\t<\/div>\t\t\n\t\t\n\t\t\t\t\n\t\t<div class=\"elementor-element agenda-table elementor-grid-mobile-1 elementor-grid-tablet-2\">\n\n\t\t\t<div class=\"show-events-list-shortcode elementor-grid\">\n\t\t\t\t<section class=\"elementor-section\" onclick=\"window.location.assign('https:\/\/gracialive.be\/fr\/agenda\/humbe-2026\/');\">\n\t\t\t\t\t<div class=\"elementor-container section-box venue_css \">\n\n\t\t\t\t\t\t<div class=\"content-box event-thumbnail css_column\">\n\t\t\t\t\t\t\t<img src='https:\/\/gracialive.be\/wp-content\/uploads\/2026\/02\/Humbe_1920-x-1080-300x169.jpg' class='show-events-list-thumbnail attachment-full size-full d-none d-md-block'\/>\n\t\t\t\t\t\t\t<img src='https:\/\/gracialive.be\/wp-content\/uploads\/2026\/02\/Humbe_790-x-300.jpg' class='show-events-list-thumbnail attachment-full size-full d-md-none'\/>\n\t\t\t\t\t\t<\/div>\n\n\n\t\t\t\t\t\t<div class=\"content-box event-title\">\n\t\t\t\t\t\t\t<h5 class=\"elementor-heading-title elementor-size-default\">\n\t\t\t\t\t\t\t\t<a href='https:\/\/gracialive.be\/fr\/agenda\/humbe-2026\/'>HUMBE<\/a>\n\t\t\t\t\t\t\t<\/h5>\n\t\t\t\t\t\t<\/div>\n\n\t\t\t\t\t\t<div class=\"content-box event-date\" style=\"width:13%;\">\n\t\t\t\t\t\t\t\t<span style=\"position:relative;width:90%;\">\n\t\t\t\t\t\t\t\t\t07.06.2026\t\t\t\t\t\t\t\t\t<span class=\"mobile-fix-hour\" style=\"font-weight: normal;position: absolute;top: 20px;left: 0px;\"><\/span>\n\t\t\t\t\t\t\t\t<\/span>\n\t\t\t\t\t\t<\/div>\n\n\t\t\t\t\t\t<div class=\"content-box venue\">\n\t\t\t\t\t\t\t\t<div class=\"relationship_post_info\">\n\t\t\t\t\t\t\t\t\t\t<span class=\"post_info\">Ancienne Belgique<\/span>\n\t\t\t\t\t\t\t\t<\/div>\n\t\t\t\t\t\t<\/div>\n\n\t\t\t\t\t\t<div class=\"content-box locatie\">\n\t\t\t\t\t\t\t\t<div class=\"taxonomy_post_info relationship_post_info\">\n\t\t\t\t\t\t\t\t\t\t<span class=\"post_info\">Bruxelles<\/span>\n\t\t\t\t\t\t\t\t<\/div>\n\t\t\t\t\t\t<\/div>\n\n\t\t\t\t\t\t<div class=\"content-box event-status mobile-fix-status\">\n\t\t\t\t\t\t\t<span class=\"bg_icons\" style=\"background-color:#88FDA7\"><\/span>\n\t\t\t\t\t\t\t<span class=\"c_text\">Tickets disponibles<\/span>\n\t\t\t\t\t\t<\/div>\n\n\t\t\t\t\t\t<div class=\"content-box event-link-btn\">\n\t\t\t\t\t\t\t<a href=\"https:\/\/gracialive.be\/fr\/agenda\/humbe-2026\/\"\n\t\t\t\t\t\t\t   class=\"elementor-button-link elementor-button\" role=\"button\">\n\t\t\t\t\t\t\t\t<span class=\"elementor-button-icon\">\n\t\t\t\t\t\t\t\t\t<svg xmlns=\"http:\/\/www.w3.org\/2000\/svg\" id=\"Iconly_Light_Info_Square\"\n                                             data-name=\"Iconly\/Light\/Info Square\" width=\"27.08\" height=\"27.08\"\n                                             viewBox=\"0 0 27.08 27.08\"><g\n                                                    id=\"Info_Square\" data-name=\"Info Square\"\n                                                    transform=\"translate(3.104 3.103)\"><path\n                                                        id=\"Stroke_1\" data-name=\"Stroke 1\" d=\"M.5,4.986V0\"\n                                                        transform=\"translate(9.925 9.734)\"\n                                                        fill=\"none\" stroke=\"#fff\" stroke-linecap=\"round\"\n                                                        stroke-linejoin=\"round\"\n                                                        stroke-miterlimit=\"10\" stroke-width=\"1.5\"><\/path><path\n                                                        id=\"Stroke_2\"\n                                                        data-name=\"Stroke 2\" d=\"M.495.5H.506\"\n                                                        transform=\"translate(9.93 5.654)\" fill=\"none\" stroke=\"#fff\"\n                                                        stroke-linecap=\"round\" stroke-linejoin=\"round\"\n                                                        stroke-miterlimit=\"10\" stroke-width=\"1.5\"><\/path><path\n                                                        id=\"Stroke_3\" data-name=\"Stroke 3\"\n                                                        d=\"M15.327,0H5.546C2.137,0,0,2.413,0,5.829v9.216c0,3.415,2.127,5.829,5.546,5.829h9.78c3.42,0,5.548-2.413,5.548-5.829V5.829C20.874,2.413,18.746,0,15.327,0Z\"\n                                                        fill=\"none\" stroke=\"#fff\" stroke-linecap=\"round\"\n                                                        stroke-linejoin=\"round\"\n                                                        stroke-miterlimit=\"10\" stroke-width=\"1.5\"><\/path><\/g>\n                                        <\/svg>\n\t\t\t\t\t\t\t\t<\/span>\n\t\t\t\t\t\t\t\t<span class=\"elementor-button-text\">\n\t\t\t\t\t\t\t\t\tinfo &amp; tickets\t\t\t\t\t\t\t\t<\/span>\n\t\t\t\t\t\t\t<\/a>\n\t\t\t\t\t\t<\/div>\n\t\t\t\t\t<\/div>\n\t\t\t\t\t<div style=\"display:none\">\n\t\t\t\t\t\t<pre>\n\t\t\t\t\t\tArray\n(\n    [permalink] => https:\/\/gracialive.be\/fr\/agenda\/humbe-2026\/\n    [title] => HUMBE\n    [date] => 07.06.2026\n    [fulldate] => DateTime Object\n        (\n            [date] => 2026-06-07 12:19:04.000000\n            [timezone_type] => 3\n            [timezone] => UTC\n        )\n\n    [venue] => Ancienne Belgique\n    [location] => Bruxelles\n    [location_original] => Array\n        (\n            [0] => WP_Term Object\n                (\n                    [term_id] => 259\n                    [name] => Bruxelles\n                    [slug] => brussel-fr\n                    [term_group] => 0\n                    [term_taxonomy_id] => 259\n                    [taxonomy] => location\n                    [description] => \n                    [parent] => 0\n                    [count] => 45\n                    [filter] => raw\n                )\n\n        )\n\n    [status] => Tickets beschikbaar\n    [custom_status] => 13 f\u00e9vrier \u00e0 10h\n    [status_color] => #88FDA7\n    [event_venue_id] => 6544\n    [hour] => \n    [thumbnail] => https:\/\/gracialive.be\/wp-content\/uploads\/2026\/02\/Humbe_1920-x-1080-300x169.jpg\n    [thumbnail_mobile] => https:\/\/gracialive.be\/wp-content\/uploads\/2026\/02\/Humbe_790-x-300.jpg\n    [sub_event] => \n)\n\t\t\t\t\t\t<\/pre>\n\t\t\t\t\t<\/div>\n\t\t\t\t<\/section>\n\n\t\t\t<\/div>\n\n\t\t<\/div>\t\t\n\t\t\n\t\t<\/div>\n\t\t\t\t<\/div>\n\t\t\t\t<\/div>\n\t\t\t\t<div class=\"elementor-element elementor-element-3297f79 elementor-align-center elementor-widget elementor-widget-button\" data-id=\"3297f79\" data-element_type=\"widget\" data-widget_type=\"button.default\">\n\t\t\t\t<div class=\"elementor-widget-container\">\n\t\t\t\t\t<div class=\"elementor-button-wrapper\">\n\t\t\t<a class=\"elementor-button elementor-button-link elementor-size-sm\" href=\"\/agenda\/\">\n\t\t\t\t\t\t<span class=\"elementor-button-content-wrapper\">\n\t\t\t\t\t\t\t\t\t<span class=\"elementor-button-text\">Voir l'agenda complet<\/span>\n\t\t\t\t\t<\/span>\n\t\t\t\t\t<\/a>\n\t\t<\/div>\n\t\t\t\t<\/div>\n\t\t\t\t<\/div>\n\t\t\t\t\t<\/div>\n\t\t<\/div>\n\t\t\t\t\t<\/div>\n\t\t<\/section>\n\t\t\t\t<\/div>\n\t\t","protected":false},"featured_media":5038,"template":"elementor_header_footer","yoast_head":"<!-- This site is optimized with the Yoast SEO Premium plugin v21.5 (Yoast SEO v21.5) - https:\/\/yoast.com\/wordpress\/plugins\/seo\/ -->\n<title>Ancienne Belgique - Gracia Live<\/title>\n<meta name=\"robots\" content=\"index, follow, max-snippet:-1, max-image-preview:large, max-video-preview:-1\" \/>\n<link rel=\"canonical\" href=\"https:\/\/gracialive.be\/fr\/venue\/ancienne-belgique\/\" \/>\n<meta property=\"og:locale\" content=\"fr_FR\" \/>\n<meta property=\"og:type\" content=\"article\" \/>\n<meta property=\"og:title\" content=\"Ancienne Belgique\" \/>\n<meta property=\"og:description\" content=\"Home L&#8217;Ancienne Belgique est un ensemble de deux salles de concert situ\u00e9 dans le centre-ville de Bruxelles, boulevard Anspach. Elle accueille des groupes de musique aux styles vari\u00e9s. L&#8217;Ancienne Belgique est une institution culturelle de la Communaut\u00e9 flamande. Pratique Description de la route Bereikbaarheid De Roma ligt in het hart van Borgerhout en is het &hellip; Continuer la lecture \u00ab\u00a0Il Volo\u00a0\u00bb\" \/>\n<meta property=\"og:url\" content=\"https:\/\/gracialive.be\/fr\/venue\/ancienne-belgique\/\" \/>\n<meta property=\"og:site_name\" content=\"Gracia Live\" \/>\n<meta property=\"article:publisher\" content=\"https:\/\/www.facebook.com\/gracialivebelgium\" \/>\n<meta property=\"article:modified_time\" content=\"2023-09-04T14:14:52+00:00\" \/>\n<meta property=\"og:image\" content=\"https:\/\/gracialive.be\/wp-content\/uploads\/2022\/04\/boulevard-des-airs-1-1.jpg\" \/>\n\t<meta property=\"og:image:width\" content=\"900\" \/>\n\t<meta property=\"og:image:height\" content=\"506\" \/>\n\t<meta property=\"og:image:type\" content=\"image\/jpeg\" \/>\n<meta name=\"twitter:card\" content=\"summary_large_image\" \/>\n<meta name=\"twitter:site\" content=\"@GRACIALIVEBEL\" \/>\n<meta name=\"twitter:label1\" content=\"Dur\u00e9e de lecture estim\u00e9e\" \/>\n\t<meta name=\"twitter:data1\" content=\"5 minutes\" \/>\n<script type=\"application\/ld+json\" class=\"yoast-schema-graph\">{\"@context\":\"https:\/\/schema.org\",\"@graph\":[{\"@type\":\"WebPage\",\"@id\":\"https:\/\/gracialive.be\/fr\/venue\/ancienne-belgique\/\",\"url\":\"https:\/\/gracialive.be\/fr\/venue\/ancienne-belgique\/\",\"name\":\"Ancienne Belgique - Gracia Live\",\"isPartOf\":{\"@id\":\"https:\/\/gracialive.be\/#website\"},\"datePublished\":\"2022-04-28T12:41:24+00:00\",\"dateModified\":\"2023-09-04T14:14:52+00:00\",\"breadcrumb\":{\"@id\":\"https:\/\/gracialive.be\/fr\/venue\/ancienne-belgique\/#breadcrumb\"},\"inLanguage\":\"fr-FR\",\"potentialAction\":[{\"@type\":\"ReadAction\",\"target\":[\"https:\/\/gracialive.be\/fr\/venue\/ancienne-belgique\/\"]}]},{\"@type\":\"BreadcrumbList\",\"@id\":\"https:\/\/gracialive.be\/fr\/venue\/ancienne-belgique\/#breadcrumb\",\"itemListElement\":[{\"@type\":\"ListItem\",\"position\":1,\"name\":\"Home\",\"item\":\"https:\/\/gracialive.be\/fr\/\"},{\"@type\":\"ListItem\",\"position\":2,\"name\":\"Ancienne Belgique\"}]},{\"@type\":\"WebSite\",\"@id\":\"https:\/\/gracialive.be\/#website\",\"url\":\"https:\/\/gracialive.be\/\",\"name\":\"Gracia Live\",\"description\":\"Concert en Event Promotor Belgium\",\"publisher\":{\"@id\":\"https:\/\/gracialive.be\/#organization\"},\"potentialAction\":[{\"@type\":\"SearchAction\",\"target\":{\"@type\":\"EntryPoint\",\"urlTemplate\":\"https:\/\/gracialive.be\/?s={search_term_string}\"},\"query-input\":\"required name=search_term_string\"}],\"inLanguage\":\"fr-FR\"},{\"@type\":\"Organization\",\"@id\":\"https:\/\/gracialive.be\/#organization\",\"name\":\"Gracia Live\",\"url\":\"https:\/\/gracialive.be\/\",\"logo\":{\"@type\":\"ImageObject\",\"inLanguage\":\"fr-FR\",\"@id\":\"https:\/\/gracialive.be\/#\/schema\/logo\/image\/\",\"url\":\"https:\/\/gracialive.be\/wp-content\/uploads\/2022\/01\/cropped-GL-500x300_zwart.png\",\"contentUrl\":\"https:\/\/gracialive.be\/wp-content\/uploads\/2022\/01\/cropped-GL-500x300_zwart.png\",\"width\":512,\"height\":512,\"caption\":\"Gracia Live\"},\"image\":{\"@id\":\"https:\/\/gracialive.be\/#\/schema\/logo\/image\/\"},\"sameAs\":[\"https:\/\/www.facebook.com\/gracialivebelgium\",\"https:\/\/twitter.com\/GRACIALIVEBEL\",\"https:\/\/www.instagram.com\/gracialive_belgium\/\"]}]}<\/script>\n<!-- \/ Yoast SEO Premium plugin. -->","yoast_head_json":{"title":"Ancienne Belgique - Gracia Live","robots":{"index":"index","follow":"follow","max-snippet":"max-snippet:-1","max-image-preview":"max-image-preview:large","max-video-preview":"max-video-preview:-1"},"canonical":"https:\/\/gracialive.be\/fr\/venue\/ancienne-belgique\/","og_locale":"fr_FR","og_type":"article","og_title":"Ancienne Belgique","og_description":"Home L&#8217;Ancienne Belgique est un ensemble de deux salles de concert situ\u00e9 dans le centre-ville de Bruxelles, boulevard Anspach. Elle accueille des groupes de musique aux styles vari\u00e9s. L&#8217;Ancienne Belgique est une institution culturelle de la Communaut\u00e9 flamande. Pratique Description de la route Bereikbaarheid De Roma ligt in het hart van Borgerhout en is het &hellip; Continuer la lecture \u00ab\u00a0Il Volo\u00a0\u00bb","og_url":"https:\/\/gracialive.be\/fr\/venue\/ancienne-belgique\/","og_site_name":"Gracia Live","article_publisher":"https:\/\/www.facebook.com\/gracialivebelgium","article_modified_time":"2023-09-04T14:14:52+00:00","og_image":[{"width":900,"height":506,"url":"https:\/\/gracialive.be\/wp-content\/uploads\/2022\/04\/boulevard-des-airs-1-1.jpg","type":"image\/jpeg"}],"twitter_card":"summary_large_image","twitter_site":"@GRACIALIVEBEL","twitter_misc":{"Dur\u00e9e de lecture estim\u00e9e":"5 minutes"},"schema":{"@context":"https:\/\/schema.org","@graph":[{"@type":"WebPage","@id":"https:\/\/gracialive.be\/fr\/venue\/ancienne-belgique\/","url":"https:\/\/gracialive.be\/fr\/venue\/ancienne-belgique\/","name":"Ancienne Belgique - Gracia Live","isPartOf":{"@id":"https:\/\/gracialive.be\/#website"},"datePublished":"2022-04-28T12:41:24+00:00","dateModified":"2023-09-04T14:14:52+00:00","breadcrumb":{"@id":"https:\/\/gracialive.be\/fr\/venue\/ancienne-belgique\/#breadcrumb"},"inLanguage":"fr-FR","potentialAction":[{"@type":"ReadAction","target":["https:\/\/gracialive.be\/fr\/venue\/ancienne-belgique\/"]}]},{"@type":"BreadcrumbList","@id":"https:\/\/gracialive.be\/fr\/venue\/ancienne-belgique\/#breadcrumb","itemListElement":[{"@type":"ListItem","position":1,"name":"Home","item":"https:\/\/gracialive.be\/fr\/"},{"@type":"ListItem","position":2,"name":"Ancienne Belgique"}]},{"@type":"WebSite","@id":"https:\/\/gracialive.be\/#website","url":"https:\/\/gracialive.be\/","name":"Gracia Live","description":"Concert en Event Promotor Belgium","publisher":{"@id":"https:\/\/gracialive.be\/#organization"},"potentialAction":[{"@type":"SearchAction","target":{"@type":"EntryPoint","urlTemplate":"https:\/\/gracialive.be\/?s={search_term_string}"},"query-input":"required name=search_term_string"}],"inLanguage":"fr-FR"},{"@type":"Organization","@id":"https:\/\/gracialive.be\/#organization","name":"Gracia Live","url":"https:\/\/gracialive.be\/","logo":{"@type":"ImageObject","inLanguage":"fr-FR","@id":"https:\/\/gracialive.be\/#\/schema\/logo\/image\/","url":"https:\/\/gracialive.be\/wp-content\/uploads\/2022\/01\/cropped-GL-500x300_zwart.png","contentUrl":"https:\/\/gracialive.be\/wp-content\/uploads\/2022\/01\/cropped-GL-500x300_zwart.png","width":512,"height":512,"caption":"Gracia Live"},"image":{"@id":"https:\/\/gracialive.be\/#\/schema\/logo\/image\/"},"sameAs":["https:\/\/www.facebook.com\/gracialivebelgium","https:\/\/twitter.com\/GRACIALIVEBEL","https:\/\/www.instagram.com\/gracialive_belgium\/"]}]}},"acf":{"venue_address":"Bd Anspach 110, 1000 Bruxelles","venue_capacity":"https:\/\/www.abconcerts.be\/","venue_route_button_link":"https:\/\/goo.gl\/maps\/BpEsRn428NHssHoPA","venue_featured_image_m":false,"venue_street":"Bd Anspach 110","venue_city":"1000 Bruxelles"},"_links":{"self":[{"href":"https:\/\/gracialive.be\/fr\/wp-json\/wp\/v2\/venue\/6544"}],"collection":[{"href":"https:\/\/gracialive.be\/fr\/wp-json\/wp\/v2\/venue"}],"about":[{"href":"https:\/\/gracialive.be\/fr\/wp-json\/wp\/v2\/types\/venue"}],"version-history":[{"count":18,"href":"https:\/\/gracialive.be\/fr\/wp-json\/wp\/v2\/venue\/6544\/revisions"}],"predecessor-version":[{"id":23942,"href":"https:\/\/gracialive.be\/fr\/wp-json\/wp\/v2\/venue\/6544\/revisions\/23942"}],"wp:featuredmedia":[{"embeddable":true,"href":"https:\/\/gracialive.be\/fr\/wp-json\/wp\/v2\/media\/5038"}],"wp:attachment":[{"href":"https:\/\/gracialive.be\/fr\/wp-json\/wp\/v2\/media?parent=6544"}],"curies":[{"name":"wp","href":"https:\/\/api.w.org\/{rel}","templated":true}]}}