{"id":33545,"date":"2024-12-13T10:55:34","date_gmt":"2024-12-13T08:55:34","guid":{"rendered":"https:\/\/gracialive.be\/?post_type=agenda&#038;p=33545"},"modified":"2025-04-10T18:18:48","modified_gmt":"2025-04-10T16:18:48","slug":"bejart-ballet-for-life-2025","status":"archive","type":"agenda","link":"https:\/\/gracialive.be\/fr\/agenda\/bejart-ballet-for-life-2025\/","title":{"rendered":"B\u00e9jart Ballet Lausanne"},"content":{"rendered":"\t\t<div data-elementor-type=\"wp-post\" data-elementor-id=\"33545\" class=\"elementor elementor-33545\" data-elementor-post-type=\"agenda\">\n\t\t\t\t\t\t<section class=\"has_eae_slider elementor-section elementor-top-section elementor-element elementor-element-3079f3d4 elementor-section-boxed elementor-section-height-default elementor-section-height-default\" data-id=\"3079f3d4\" data-element_type=\"section\" data-settings=\"{&quot;jet_parallax_layout_list&quot;:[],&quot;background_background&quot;:&quot;classic&quot;}\">\n\t\t\t\t\t\t<div class=\"elementor-container elementor-column-gap-default\">\n\t\t\t\t\t<div class=\"has_eae_slider elementor-column elementor-col-50 elementor-top-column elementor-element elementor-element-19998369\" data-id=\"19998369\" data-element_type=\"column\">\n\t\t\t<div class=\"elementor-widget-wrap elementor-element-populated\">\n\t\t\t\t\t\t<div class=\"elementor-element elementor-element-71a505e0 breadcrumb_css elementor-hidden-desktop elementor-hidden-tablet elementor-hidden-mobile elementor-widget elementor-widget-wp-widget-bcn_widget\" data-id=\"71a505e0\" data-element_type=\"widget\" data-widget_type=\"wp-widget-bcn_widget.default\">\n\t\t\t\t<div class=\"elementor-widget-container\">\n\t\t\t<div class=\"breadcrumbs\" vocab=\"https:\/\/schema.org\/\" typeof=\"BreadcrumbList\"><!-- Breadcrumb NavXT 7.0.2 -->\n<span property=\"itemListElement\" typeof=\"ListItem\"><a property=\"item\" typeof=\"WebPage\" title=\"Go to Gracia Live.\" href=\"https:\/\/gracialive.be\/fr\/\" class=\"home\" aria-current=\"page\"><span property=\"name\">Home<\/span><\/a><meta property=\"position\" content=\"1\"><\/span><\/div>\t\t<\/div>\n\t\t\t\t<\/div>\n\t\t\t\t<div class=\"elementor-element elementor-element-2dae2c65 elementor-widget elementor-widget-theme-post-title elementor-page-title elementor-widget-heading\" data-id=\"2dae2c65\" data-element_type=\"widget\" data-widget_type=\"theme-post-title.default\">\n\t\t\t\t<div class=\"elementor-widget-container\">\n\t\t\t<style>\/*! elementor - v3.22.0 - 17-06-2024 *\/\n.elementor-heading-title{padding:0;margin:0;line-height:1}.elementor-widget-heading .elementor-heading-title[class*=elementor-size-]>a{color:inherit;font-size:inherit;line-height:inherit}.elementor-widget-heading .elementor-heading-title.elementor-size-small{font-size:15px}.elementor-widget-heading .elementor-heading-title.elementor-size-medium{font-size:19px}.elementor-widget-heading .elementor-heading-title.elementor-size-large{font-size:29px}.elementor-widget-heading .elementor-heading-title.elementor-size-xl{font-size:39px}.elementor-widget-heading .elementor-heading-title.elementor-size-xxl{font-size:59px}<\/style><h1 class=\"elementor-heading-title elementor-size-default\">B\u00e9jart Ballet Lausanne<\/h1>\t\t<\/div>\n\t\t\t\t<\/div>\n\t\t\t\t<div class=\"elementor-element elementor-element-394e376 elementor-widget elementor-widget-shortcode\" data-id=\"394e376\" data-element_type=\"widget\" data-widget_type=\"shortcode.default\">\n\t\t\t\t<div class=\"elementor-widget-container\">\n\t\t\t\t\t<div class=\"elementor-shortcode\">Het B\u00e9jart Ballet Lausanne komt met zijn prachtige Ballet For Life terug naar Amsterdam. Van 3 tot en met 6 april 2025 is de bijzondere voorstelling vier keer te zien in Koninklijk Theater Carr\u00e9. <\/div>\n\t\t\t\t<\/div>\n\t\t\t\t<\/div>\n\t\t\t\t<div class=\"elementor-element elementor-element-7b1c3744 elementor-hidden-desktop elementor-hidden-tablet elementor-hidden-mobile elementor-widget elementor-widget-heading\" data-id=\"7b1c3744\" data-element_type=\"widget\" data-widget_type=\"heading.default\">\n\t\t\t\t<div class=\"elementor-widget-container\">\n\t\t\t<h4 class=\"elementor-heading-title elementor-size-default\">Praktisch<\/h4>\t\t<\/div>\n\t\t\t\t<\/div>\n\t\t\t\t<div class=\"elementor-element elementor-element-3863007d elementor-hidden-desktop elementor-hidden-tablet elementor-hidden-mobile elementor-widget elementor-widget-text-editor\" data-id=\"3863007d\" data-element_type=\"widget\" data-widget_type=\"text-editor.default\">\n\t\t\t\t<div class=\"elementor-widget-container\">\n\t\t\t<style>\/*! elementor - v3.22.0 - 17-06-2024 *\/\n.elementor-widget-text-editor.elementor-drop-cap-view-stacked .elementor-drop-cap{background-color:#69727d;color:#fff}.elementor-widget-text-editor.elementor-drop-cap-view-framed .elementor-drop-cap{color:#69727d;border:3px solid;background-color:transparent}.elementor-widget-text-editor:not(.elementor-drop-cap-view-default) .elementor-drop-cap{margin-top:8px}.elementor-widget-text-editor:not(.elementor-drop-cap-view-default) .elementor-drop-cap-letter{width:1em;height:1em}.elementor-widget-text-editor .elementor-drop-cap{float:left;text-align:center;line-height:1;font-size:50px}.elementor-widget-text-editor .elementor-drop-cap-letter{display:inline-block}<\/style>\t\t\t\t<p>Bekijk hieronder alle data\u00a0<\/p>\t\t\t\t\t\t<\/div>\n\t\t\t\t<\/div>\n\t\t\t\t<div class=\"elementor-element elementor-element-cc0e78e elementor-hidden-desktop elementor-hidden-tablet elementor-hidden-mobile elementor-widget elementor-widget-post-info\" data-id=\"cc0e78e\" data-element_type=\"widget\" data-widget_type=\"post-info.default\">\n\t\t\t\t<div class=\"elementor-widget-container\">\n\t\t\t<link rel=\"stylesheet\" href=\"https:\/\/gracialive.be\/wp-content\/plugins\/elementor\/assets\/css\/widget-icon-list.min.css\"><link rel=\"stylesheet\" href=\"https:\/\/gracialive.be\/wp-content\/plugins\/elementor-pro\/assets\/css\/widget-theme-elements.min.css\">\t\t<ul class=\"elementor-icon-list-items elementor-post-info\">\n\t\t\t\t\t\t\t\t<li class=\"elementor-icon-list-item elementor-repeater-item-bc12b72\">\n\t\t\t\t\t\t\t\t\t\t<span class=\"elementor-icon-list-icon\">\n\t\t\t\t\t\t\t\t<svg xmlns=\"http:\/\/www.w3.org\/2000\/svg\" width=\"19.5\" height=\"21.5\" viewBox=\"0 0 19.5 21.5\"><g id=\"Iconly_Light_Calendar\" data-name=\"Iconly\/Light\/Calendar\" transform=\"translate(0.75 0.75)\"><g id=\"Calendar\" transform=\"translate(0 0)\"><path id=\"Line_200\" d=\"M0,.473H17.824\" transform=\"translate(0.093 6.931)\" fill=\"none\" stroke=\"#51acf0\" stroke-linecap=\"round\" stroke-linejoin=\"round\" stroke-miterlimit=\"10\" stroke-width=\"1.5\"><\/path><path id=\"Line_201\" d=\"M.459.473H.468\" transform=\"translate(12.984 10.837)\" fill=\"none\" stroke=\"#51acf0\" stroke-linecap=\"round\" stroke-linejoin=\"round\" stroke-miterlimit=\"10\" stroke-width=\"1.5\"><\/path><path id=\"Line_202\" d=\"M.459.473H.468\" transform=\"translate(8.546 10.837)\" fill=\"none\" stroke=\"#51acf0\" stroke-linecap=\"round\" stroke-linejoin=\"round\" stroke-miterlimit=\"10\" stroke-width=\"1.5\"><\/path><path id=\"Line_203\" d=\"M.459.473H.468\" transform=\"translate(4.099 10.837)\" fill=\"none\" stroke=\"#51acf0\" stroke-linecap=\"round\" stroke-linejoin=\"round\" stroke-miterlimit=\"10\" stroke-width=\"1.5\"><\/path><path id=\"Line_204\" d=\"M.459.473H.468\" transform=\"translate(12.984 14.723)\" fill=\"none\" stroke=\"#51acf0\" stroke-linecap=\"round\" stroke-linejoin=\"round\" stroke-miterlimit=\"10\" stroke-width=\"1.5\"><\/path><path id=\"Line_205\" d=\"M.459.473H.468\" transform=\"translate(8.546 14.723)\" fill=\"none\" stroke=\"#51acf0\" stroke-linecap=\"round\" stroke-linejoin=\"round\" stroke-miterlimit=\"10\" stroke-width=\"1.5\"><\/path><path id=\"Line_206\" d=\"M.459.473H.468\" transform=\"translate(4.099 14.723)\" fill=\"none\" stroke=\"#51acf0\" stroke-linecap=\"round\" stroke-linejoin=\"round\" stroke-miterlimit=\"10\" stroke-width=\"1.5\"><\/path><path id=\"Line_207\" d=\"M.463,0V3.291\" transform=\"translate(12.581 0)\" fill=\"none\" stroke=\"#51acf0\" stroke-linecap=\"round\" stroke-linejoin=\"round\" stroke-miterlimit=\"10\" stroke-width=\"1.5\"><\/path><path id=\"Line_208\" d=\"M.463,0V3.291\" transform=\"translate(4.502 0)\" fill=\"none\" stroke=\"#51acf0\" stroke-linecap=\"round\" stroke-linejoin=\"round\" stroke-miterlimit=\"10\" stroke-width=\"1.5\"><\/path><path id=\"Path\" d=\"M13.238,0H4.771C1.834,0,0,1.636,0,4.643v9.05c0,3.054,1.834,4.728,4.771,4.728h8.458c2.946,0,4.771-1.645,4.771-4.652V4.643C18.009,1.636,16.184,0,13.238,0Z\" transform=\"translate(0 1.579)\" fill=\"none\" stroke=\"#51acf0\" stroke-linecap=\"round\" stroke-linejoin=\"round\" stroke-miterlimit=\"10\" stroke-width=\"1.5\"><\/path><\/g><\/g><\/svg>\t\t\t\t\t\t\t<\/span>\n\t\t\t\t\t\t\t\t\t<span class=\"elementor-icon-list-text elementor-post-info__item elementor-post-info__item--type-custom\">\n\t\t\t\t\t\t\t\t\t\t 03 - 06.04.2024\t\t\t\t\t<\/span>\n\t\t\t\t\t\t\t\t<\/li>\n\t\t\t\t<li class=\"elementor-icon-list-item elementor-repeater-item-9961ff0\">\n\t\t\t\t\t\t\t\t\t\t<span class=\"elementor-icon-list-icon\">\n\t\t\t\t\t\t\t\t<svg xmlns=\"http:\/\/www.w3.org\/2000\/svg\" width=\"16.857\" height=\"19.836\" viewBox=\"0 0 16.857 19.836\"><g id=\"Iconly_Light_Location\" data-name=\"Iconly\/Light\/Location\" transform=\"translate(0.75 0.75)\"><g id=\"Location\" transform=\"translate(-0.739 -0.739)\"><path id=\"Path_33958\" d=\"M0,7.652A7.678,7.678,0,1,1,15.357,7.7v.087a11.338,11.338,0,0,1-3.478,7.3,20.183,20.183,0,0,1-3.591,2.957.93.93,0,0,1-1.217,0,19.817,19.817,0,0,1-5.052-4.73A9.826,9.826,0,0,1,0,7.678Z\" transform=\"translate(0.739 0.739)\" fill=\"none\" stroke=\"#51acf0\" stroke-linecap=\"round\" stroke-linejoin=\"round\" stroke-miterlimit=\"10\" stroke-width=\"1.5\"><\/path><circle id=\"Ellipse_740\" cx=\"2.461\" cy=\"2.461\" r=\"2.461\" transform=\"translate(5.957 6.078)\" fill=\"none\" stroke=\"#51acf0\" stroke-linecap=\"round\" stroke-linejoin=\"round\" stroke-miterlimit=\"10\" stroke-width=\"1.5\"><\/circle><\/g><\/g><\/svg>\t\t\t\t\t\t\t<\/span>\n\t\t\t\t\t\t\t\t\t<span class=\"elementor-icon-list-text elementor-post-info__item elementor-post-info__item--type-custom\">\n\t\t\t\t\t\t\t\t\t\t<a href='https:\/\/gracialive.be\/?post_type=venue&amp;p=33547'>Koninklijk Theater Carre\u0301<\/a>, Amsterdam - NL\t\t\t\t\t<\/span>\n\t\t\t\t\t\t\t\t<\/li>\n\t\t\t\t<\/ul>\n\t\t\t\t<\/div>\n\t\t\t\t<\/div>\n\t\t\t\t<div class=\"elementor-element elementor-element-47651599 elementor-widget elementor-widget-shortcode\" data-id=\"47651599\" data-element_type=\"widget\" data-widget_type=\"shortcode.default\">\n\t\t\t\t<div class=\"elementor-widget-container\">\n\t\t\t\t\t<div class=\"elementor-shortcode\"><\/div>\n\t\t\t\t<\/div>\n\t\t\t\t<\/div>\n\t\t\t\t\t<\/div>\n\t\t<\/div>\n\t\t\t\t<div class=\"has_eae_slider elementor-column elementor-col-50 elementor-top-column elementor-element elementor-element-2bdf469\" data-id=\"2bdf469\" data-element_type=\"column\">\n\t\t\t<div class=\"elementor-widget-wrap elementor-element-populated\">\n\t\t\t\t\t\t<div class=\"elementor-element elementor-element-199d49cd elementor-widget elementor-widget-image\" data-id=\"199d49cd\" data-element_type=\"widget\" data-widget_type=\"image.default\">\n\t\t\t\t<div class=\"elementor-widget-container\">\n\t\t\t<style>\/*! elementor - v3.22.0 - 17-06-2024 *\/\n.elementor-widget-image{text-align:center}.elementor-widget-image a{display:inline-block}.elementor-widget-image a img[src$=\".svg\"]{width:48px}.elementor-widget-image img{vertical-align:middle;display:inline-block}<\/style>\t\t\t\t\t\t\t\t\t\t<img fetchpriority=\"high\" decoding=\"async\" width=\"1920\" height=\"1080\" src=\"https:\/\/gracialive.be\/wp-content\/uploads\/2023\/11\/bbl25-1920x1080-1.jpg\" class=\"attachment-full size-full wp-image-26249\" alt=\"\" srcset=\"https:\/\/gracialive.be\/wp-content\/uploads\/2023\/11\/bbl25-1920x1080-1.jpg 1920w, https:\/\/gracialive.be\/wp-content\/uploads\/2023\/11\/bbl25-1920x1080-1-300x169.jpg 300w, https:\/\/gracialive.be\/wp-content\/uploads\/2023\/11\/bbl25-1920x1080-1-1024x576.jpg 1024w, https:\/\/gracialive.be\/wp-content\/uploads\/2023\/11\/bbl25-1920x1080-1-768x432.jpg 768w, https:\/\/gracialive.be\/wp-content\/uploads\/2023\/11\/bbl25-1920x1080-1-1536x864.jpg 1536w, https:\/\/gracialive.be\/wp-content\/uploads\/2023\/11\/bbl25-1920x1080-1-1568x882.jpg 1568w\" sizes=\"(max-width: 34.9rem) calc(100vw - 2rem), (max-width: 53rem) calc(8 * (100vw \/ 12)), (min-width: 53rem) calc(6 * (100vw \/ 12)), 100vw\" \/>\t\t\t\t\t\t\t\t\t\t\t\t\t<\/div>\n\t\t\t\t<\/div>\n\t\t\t\t\t<\/div>\n\t\t<\/div>\n\t\t\t\t\t<\/div>\n\t\t<\/section>\n\t\t\t\t<section class=\"has_eae_slider elementor-section elementor-top-section elementor-element elementor-element-699c30ec elementor-section-full_width elementor-section-height-default elementor-section-height-default\" data-id=\"699c30ec\" data-element_type=\"section\" data-settings=\"{&quot;jet_parallax_layout_list&quot;:[]}\">\n\t\t\t\t\t\t<div class=\"elementor-container elementor-column-gap-no\">\n\t\t\t\t\t<div class=\"has_eae_slider elementor-column elementor-col-100 elementor-top-column elementor-element elementor-element-3fbb1e48\" data-id=\"3fbb1e48\" data-element_type=\"column\" data-settings=\"{&quot;background_background&quot;:&quot;classic&quot;}\">\n\t\t\t<div class=\"elementor-widget-wrap elementor-element-populated\">\n\t\t\t\t\t\t<div class=\"elementor-element elementor-element-5d0a76ed border_heading_vacatures elementor-widget elementor-widget-heading\" data-id=\"5d0a76ed\" data-element_type=\"widget\" data-widget_type=\"heading.default\">\n\t\t\t\t<div class=\"elementor-widget-container\">\n\t\t\t<h1 class=\"elementor-heading-title elementor-size-default\">Pratique<\/h1>\t\t<\/div>\n\t\t\t\t<\/div>\n\t\t\t\t<div class=\"elementor-element elementor-element-4c183ea custom_repeater elementor-widget elementor-widget-shortcode\" data-id=\"4c183ea\" data-element_type=\"widget\" data-widget_type=\"shortcode.default\">\n\t\t\t\t<div class=\"elementor-widget-container\">\n\t\t\t\t\t<div class=\"elementor-shortcode\"><section class=\"elementor-section elementor-section-boxed custom_repeater\"><div class=\"sub-events-cols elementor-container elementor-column-gap-default\"><div class=\"sub-event-col elementor-column elementor-col-14\" data-link=\"https:\/\/www.ticketmaster.nl\/event\/bejart-ballet-for-life-tickets\/310781\"><div class=\"elementor-widget-wrap\"><div class=\"sub-event-content\"><h4 class=\"sub-event-date elementor-element elementor-widget\">03 \/ 04<br\/><small>2025<\/small><\/h4><div class=\"sub-event-title elementor-element elementor-widget\">Koninklijk Theater Carre\u0301<\/div><div class=\"sub-event-location elementor-element elementor-widget\">Amsterdam - NL<\/div><div class=\"sub-event-notes elementor-element elementor-widget\">20u00<\/div><\/div><div class=\"sub-event-ticket-link elementor-element elementor-widget\"><a href=\"#\" style=\"background-color:#ecf7ff;color:black;\">Termin\u00e9<\/a><\/div><\/div><\/div><div class=\"sub-event-col elementor-column elementor-col-14\" data-link=\"https:\/\/www.ticketmaster.nl\/event\/bejart-ballet-for-life-tickets\/310785\"><div class=\"elementor-widget-wrap\"><div class=\"sub-event-content\"><h4 class=\"sub-event-date elementor-element elementor-widget\">04 \/ 04<br\/><small>2025<\/small><\/h4><div class=\"sub-event-title elementor-element elementor-widget\">Koninklijk Theater Carre\u0301<\/div><div class=\"sub-event-location elementor-element elementor-widget\">Amsterdam - NL<\/div><div class=\"sub-event-notes elementor-element elementor-widget\">20u00<\/div><\/div><div class=\"sub-event-ticket-link elementor-element elementor-widget\"><a href=\"#\" style=\"background-color:#ecf7ff;color:black;\">Termin\u00e9<\/a><\/div><\/div><\/div><div class=\"sub-event-col elementor-column elementor-col-14\" data-link=\"https:\/\/www.ticketmaster.nl\/event\/bejart-ballet-for-life-tickets\/310789\"><div class=\"elementor-widget-wrap\"><div class=\"sub-event-content\"><h4 class=\"sub-event-date elementor-element elementor-widget\">05 \/ 04<br\/><small>2025<\/small><\/h4><div class=\"sub-event-title elementor-element elementor-widget\">Koninklijk Theater Carre\u0301<\/div><div class=\"sub-event-location elementor-element elementor-widget\">Amsterdam - NL<\/div><div class=\"sub-event-notes elementor-element elementor-widget\">20u00<\/div><\/div><div class=\"sub-event-ticket-link elementor-element elementor-widget\"><a href=\"#\" style=\"background-color:#ecf7ff;color:black;\">Termin\u00e9<\/a><\/div><\/div><\/div><div class=\"sub-event-col elementor-column elementor-col-14\" data-link=\"https:\/\/www.ticketmaster.nl\/event\/bejart-ballet-for-life-tickets\/310791\"><div class=\"elementor-widget-wrap\"><div class=\"sub-event-content\"><h4 class=\"sub-event-date elementor-element elementor-widget\">06 \/ 04<br\/><small>2025<\/small><\/h4><div class=\"sub-event-title elementor-element elementor-widget\">Koninklijk Theater Carre\u0301<\/div><div class=\"sub-event-location elementor-element elementor-widget\">Amsterdam - NL<\/div><div class=\"sub-event-notes elementor-element elementor-widget\">14u00<\/div><\/div><div class=\"sub-event-ticket-link elementor-element elementor-widget\"><a href=\"#\" style=\"background-color:#ecf7ff;color:black;\">Termin\u00e9<\/a><\/div><\/div><\/div><\/div><section><\/div>\n\t\t\t\t<\/div>\n\t\t\t\t<\/div>\n\t\t\t\t\t<\/div>\n\t\t<\/div>\n\t\t\t\t\t<\/div>\n\t\t<\/section>\n\t\t\t\t<section class=\"has_eae_slider elementor-section elementor-top-section elementor-element elementor-element-7f89d90b elementor-section-boxed elementor-section-height-default elementor-section-height-default\" data-id=\"7f89d90b\" data-element_type=\"section\" data-settings=\"{&quot;jet_parallax_layout_list&quot;:[]}\">\n\t\t\t\t\t\t<div class=\"elementor-container elementor-column-gap-default\">\n\t\t\t\t\t<div class=\"has_eae_slider elementor-column elementor-col-50 elementor-top-column elementor-element elementor-element-3a2d2f40\" data-id=\"3a2d2f40\" data-element_type=\"column\">\n\t\t\t<div class=\"elementor-widget-wrap elementor-element-populated\">\n\t\t\t\t\t\t<div class=\"elementor-element elementor-element-798adb0c elementor-widget elementor-widget-image\" data-id=\"798adb0c\" data-element_type=\"widget\" data-widget_type=\"image.default\">\n\t\t\t\t<div class=\"elementor-widget-container\">\n\t\t\t\t\t\t\t\t\t\t<figure class=\"wp-caption\">\n\t\t\t\t\t\t\t\t\t\t<img decoding=\"async\" width=\"880\" height=\"495\" src=\"https:\/\/gracialive.be\/wp-content\/uploads\/2023\/11\/0783b0e1-ccda-43f3-863c-c42849c76781_16-9-aspect-ratio_default_0.jpg\" class=\"attachment-full size-full wp-image-26252\" alt=\"\" srcset=\"https:\/\/gracialive.be\/wp-content\/uploads\/2023\/11\/0783b0e1-ccda-43f3-863c-c42849c76781_16-9-aspect-ratio_default_0.jpg 880w, https:\/\/gracialive.be\/wp-content\/uploads\/2023\/11\/0783b0e1-ccda-43f3-863c-c42849c76781_16-9-aspect-ratio_default_0-300x169.jpg 300w, https:\/\/gracialive.be\/wp-content\/uploads\/2023\/11\/0783b0e1-ccda-43f3-863c-c42849c76781_16-9-aspect-ratio_default_0-768x432.jpg 768w\" sizes=\"(max-width: 34.9rem) calc(100vw - 2rem), (max-width: 53rem) calc(8 * (100vw \/ 12)), (min-width: 53rem) calc(6 * (100vw \/ 12)), 100vw\" \/>\t\t\t\t\t\t\t\t\t\t\t<figcaption class=\"widget-image-caption wp-caption-text\"><\/figcaption>\n\t\t\t\t\t\t\t\t\t\t<\/figure>\n\t\t\t\t\t\t\t<\/div>\n\t\t\t\t<\/div>\n\t\t\t\t<div class=\"elementor-element elementor-element-e80d9c1 elementor-widget elementor-widget-image\" data-id=\"e80d9c1\" data-element_type=\"widget\" data-widget_type=\"image.default\">\n\t\t\t\t<div class=\"elementor-widget-container\">\n\t\t\t\t\t\t\t\t\t\t<figure class=\"wp-caption\">\n\t\t\t\t\t\t\t\t\t\t<img decoding=\"async\" width=\"1200\" height=\"800\" src=\"https:\/\/gracialive.be\/wp-content\/uploads\/2023\/11\/bbl_lepresbytere_creditiliachkolnik_telaviv_1233-1200x800-1.jpg\" class=\"attachment-full size-full wp-image-26254\" alt=\"\" srcset=\"https:\/\/gracialive.be\/wp-content\/uploads\/2023\/11\/bbl_lepresbytere_creditiliachkolnik_telaviv_1233-1200x800-1.jpg 1200w, https:\/\/gracialive.be\/wp-content\/uploads\/2023\/11\/bbl_lepresbytere_creditiliachkolnik_telaviv_1233-1200x800-1-300x200.jpg 300w, https:\/\/gracialive.be\/wp-content\/uploads\/2023\/11\/bbl_lepresbytere_creditiliachkolnik_telaviv_1233-1200x800-1-1024x683.jpg 1024w, https:\/\/gracialive.be\/wp-content\/uploads\/2023\/11\/bbl_lepresbytere_creditiliachkolnik_telaviv_1233-1200x800-1-768x512.jpg 768w\" sizes=\"(max-width: 34.9rem) calc(100vw - 2rem), (max-width: 53rem) calc(8 * (100vw \/ 12)), (min-width: 53rem) calc(6 * (100vw \/ 12)), 100vw\" \/>\t\t\t\t\t\t\t\t\t\t\t<figcaption class=\"widget-image-caption wp-caption-text\"><\/figcaption>\n\t\t\t\t\t\t\t\t\t\t<\/figure>\n\t\t\t\t\t\t\t<\/div>\n\t\t\t\t<\/div>\n\t\t\t\t\t<\/div>\n\t\t<\/div>\n\t\t\t\t<div class=\"has_eae_slider elementor-column elementor-col-50 elementor-top-column elementor-element elementor-element-53fd4386\" data-id=\"53fd4386\" data-element_type=\"column\">\n\t\t\t<div class=\"elementor-widget-wrap elementor-element-populated\">\n\t\t\t\t\t\t<div class=\"elementor-element elementor-element-40649326 border_heading_vacatures elementor-widget elementor-widget-heading\" data-id=\"40649326\" data-element_type=\"widget\" data-widget_type=\"heading.default\">\n\t\t\t\t<div class=\"elementor-widget-container\">\n\t\t\t<h1 class=\"elementor-heading-title elementor-size-default\">Information<\/h1>\t\t<\/div>\n\t\t\t\t<\/div>\n\t\t\t\t<div class=\"elementor-element elementor-element-3dd638fb elementor-widget elementor-widget-text-editor\" data-id=\"3dd638fb\" data-element_type=\"widget\" data-widget_type=\"text-editor.default\">\n\t\t\t\t<div class=\"elementor-widget-container\">\n\t\t\t\t\t\t\t<div class=\"collapsed-content__inner\"><div class=\"wysiwyg\"><p>Gebracht op de muziek van <strong>Queen<\/strong> en <strong>Mozart<\/strong> en met kostuums gecree\u00ebrd door <strong>Gianni Versace<\/strong>, is\u00a0<strong><em>Ballet For Life<\/em>\u00a0<\/strong>\u00e9\u00e9n van de populairste balletten van de beroemde choreograaf <strong>Maurice B\u00e9jart<\/strong>. Na de premi\u00e8re in Lausanne in 1996, met Gregor Metzeger en Gil Roman in de hoofdrollen, werd het ballet in 1997 opgevoerd in het Th\u00e9\u00e2tre National de Chaillot in Parijs met Queen en Elton John op het podium. Het is voor het eerst in jaren dat B\u00e9jart Ballet Lausanne deze krachtige productie naar Nederland brengt. De magische sfeer van <strong>Koninklijk Theater Carr\u00e9<\/strong> biedt een perfecte setting voor dit eerbetoon aan de kunst en het leven.<\/p><p>Maurice B\u00e9jart hield enorm van de muziek van Queen, die hij ontdekte in de jaren tachtig. Met\u00a0<em>Ballet For Life<\/em>\u00a0brengt hij <strong>een eerbetoon aan Freddie Mercury en Jorge Donn, een iconisch danser van B\u00e9jart<\/strong>. <strong>Beiden overleden op 45-jarige leeftijd aan AIDS.<\/strong>\u00a0<em>&#8220;Het wordt echter geen ballet over AIDS&#8221;<\/em>, besloot B\u00e9jart,\u00a0<em>&#8220;maar over mensen die jong gestorven zijn&#8221;<\/em>.<\/p><p>Op de muziek van Queen en Mozart en in een choreografie van Maurice B\u00e9jart brengen 40 dansers, gekostumeerd door Gianni Versace, in Koninklijk Theater Carr\u00e9 <strong>een ontroerend ballet<\/strong> over <strong>jeugdigheid<\/strong>, <strong>hoop<\/strong> en &#8216;<strong>The Show Must Go On<\/strong>&#8216;.\u00a0<\/p><\/div><\/div>\t\t\t\t\t\t<\/div>\n\t\t\t\t<\/div>\n\t\t\t\t\t<\/div>\n\t\t<\/div>\n\t\t\t\t\t<\/div>\n\t\t<\/section>\n\t\t\t\t<section class=\"has_eae_slider elementor-section elementor-top-section elementor-element elementor-element-6530c033 elementor-section-boxed elementor-section-height-default elementor-section-height-default\" data-id=\"6530c033\" data-element_type=\"section\" data-settings=\"{&quot;jet_parallax_layout_list&quot;:[{&quot;jet_parallax_layout_image&quot;:{&quot;url&quot;:&quot;&quot;,&quot;id&quot;:&quot;&quot;,&quot;size&quot;:&quot;&quot;},&quot;_id&quot;:&quot;d5ed3cd&quot;,&quot;jet_parallax_layout_image_tablet&quot;:{&quot;url&quot;:&quot;&quot;,&quot;id&quot;:&quot;&quot;,&quot;size&quot;:&quot;&quot;},&quot;jet_parallax_layout_image_mobile&quot;:{&quot;url&quot;:&quot;&quot;,&quot;id&quot;:&quot;&quot;,&quot;size&quot;:&quot;&quot;},&quot;jet_parallax_layout_speed&quot;:{&quot;unit&quot;:&quot;%&quot;,&quot;size&quot;:50,&quot;sizes&quot;:[]},&quot;jet_parallax_layout_type&quot;:&quot;scroll&quot;,&quot;jet_parallax_layout_direction&quot;:null,&quot;jet_parallax_layout_fx_direction&quot;:null,&quot;jet_parallax_layout_z_index&quot;:&quot;&quot;,&quot;jet_parallax_layout_bg_x&quot;:50,&quot;jet_parallax_layout_bg_x_tablet&quot;:&quot;&quot;,&quot;jet_parallax_layout_bg_x_mobile&quot;:&quot;&quot;,&quot;jet_parallax_layout_bg_y&quot;:50,&quot;jet_parallax_layout_bg_y_tablet&quot;:&quot;&quot;,&quot;jet_parallax_layout_bg_y_mobile&quot;:&quot;&quot;,&quot;jet_parallax_layout_bg_size&quot;:&quot;auto&quot;,&quot;jet_parallax_layout_bg_size_tablet&quot;:&quot;&quot;,&quot;jet_parallax_layout_bg_size_mobile&quot;:&quot;&quot;,&quot;jet_parallax_layout_animation_prop&quot;:&quot;transform&quot;,&quot;jet_parallax_layout_on&quot;:[&quot;desktop&quot;,&quot;tablet&quot;]}],&quot;background_background&quot;:&quot;classic&quot;}\">\n\t\t\t\t\t\t<div class=\"elementor-container elementor-column-gap-default\">\n\t\t\t\t\t<div class=\"has_eae_slider elementor-column elementor-col-100 elementor-top-column elementor-element elementor-element-32f1af43\" data-id=\"32f1af43\" data-element_type=\"column\">\n\t\t\t<div class=\"elementor-widget-wrap elementor-element-populated\">\n\t\t\t\t\t\t<div class=\"elementor-element elementor-element-2ab2b3df border_heading_vacatures elementor-widget elementor-widget-heading\" data-id=\"2ab2b3df\" data-element_type=\"widget\" data-widget_type=\"heading.default\">\n\t\t\t\t<div class=\"elementor-widget-container\">\n\t\t\t<h1 class=\"elementor-heading-title elementor-size-default\">Regardez et D\u00e9couvrez\u200b<\/h1>\t\t<\/div>\n\t\t\t\t<\/div>\n\t\t\t\t<section class=\"has_eae_slider elementor-section elementor-inner-section elementor-element elementor-element-708f80d1 elementor-section-boxed elementor-section-height-default elementor-section-height-default\" data-id=\"708f80d1\" data-element_type=\"section\" data-settings=\"{&quot;jet_parallax_layout_list&quot;:[]}\">\n\t\t\t\t\t\t<div class=\"elementor-container elementor-column-gap-default\">\n\t\t\t\t\t<div class=\"has_eae_slider elementor-column elementor-col-50 elementor-inner-column elementor-element elementor-element-5949548a\" data-id=\"5949548a\" data-element_type=\"column\">\n\t\t\t<div class=\"elementor-widget-wrap elementor-element-populated\">\n\t\t\t\t\t\t<div class=\"elementor-element elementor-element-65133a76 elementor-widget elementor-widget-jet-video\" data-id=\"65133a76\" data-element_type=\"widget\" data-widget_type=\"jet-video.default\">\n\t\t\t\t<div class=\"elementor-widget-container\">\n\t\t\t<div class=\"elementor-jet-video jet-elements\">\n<div class=\"jet-video jet-video--fa5-compat jet-video-aspect-ratio jet-video-aspect-ratio--16-9\" data-settings=\"{&quot;lightbox&quot;:false,&quot;autoplay&quot;:false}\"><iframe class=\"jet-video-iframe\" allowfullscreen allow=\"autoplay;encrypted-media\" title=\"Lecteur vid\u00e9o youtube\" data-lazy-load=\"https:\/\/www.youtube.com\/embed\/eQNSDUEl7oc?feature=oembed&amp;start&amp;end&amp;wmode=opaque&amp;autoplay=0&amp;loop=0&amp;controls=1&amp;mute=0&amp;rel=0&amp;modestbranding=0\"><\/iframe>\n<div class=\"jet-video__overlay jet-video__overlay--custom-bg\" style=\"background-image: url(https:\/\/i.ytimg.com\/vi\/eQNSDUEl7oc\/maxresdefault.jpg);\"><\/div>\n<\/div>\n<\/div>\t\t<\/div>\n\t\t\t\t<\/div>\n\t\t\t\t\t<\/div>\n\t\t<\/div>\n\t\t\t\t<div class=\"has_eae_slider elementor-column elementor-col-50 elementor-inner-column elementor-element elementor-element-2852452a\" data-id=\"2852452a\" data-element_type=\"column\">\n\t\t\t<div class=\"elementor-widget-wrap elementor-element-populated\">\n\t\t\t\t\t\t<div class=\"elementor-element elementor-element-0149718 elementor-widget elementor-widget-jet-video\" data-id=\"0149718\" data-element_type=\"widget\" data-widget_type=\"jet-video.default\">\n\t\t\t\t<div class=\"elementor-widget-container\">\n\t\t\t<div class=\"elementor-jet-video jet-elements\">\n<div class=\"jet-video jet-video--fa5-compat jet-video-aspect-ratio jet-video-aspect-ratio--16-9\" data-settings=\"{&quot;lightbox&quot;:false,&quot;autoplay&quot;:false}\"><iframe class=\"jet-video-iframe\" allowfullscreen allow=\"autoplay;encrypted-media\" title=\"Lecteur vid\u00e9o youtube\" data-lazy-load=\"https:\/\/www.youtube.com\/embed\/zE_sONyX2M0?feature=oembed&amp;start&amp;end&amp;wmode=opaque&amp;autoplay=0&amp;loop=0&amp;controls=1&amp;mute=0&amp;rel=0&amp;modestbranding=0\"><\/iframe>\n<div class=\"jet-video__overlay jet-video__overlay--custom-bg\" style=\"background-image: url(https:\/\/i.ytimg.com\/vi\/zE_sONyX2M0\/maxresdefault.jpg);\"><\/div>\n<\/div>\n<\/div>\t\t<\/div>\n\t\t\t\t<\/div>\n\t\t\t\t\t<\/div>\n\t\t<\/div>\n\t\t\t\t\t<\/div>\n\t\t<\/section>\n\t\t\t\t\t<\/div>\n\t\t<\/div>\n\t\t\t\t\t<\/div>\n\t\t<\/section>\n\t\t\t\t<section class=\"has_eae_slider elementor-section elementor-top-section elementor-element elementor-element-4c6d0c63 elementor-section-boxed elementor-section-height-default elementor-section-height-default\" data-id=\"4c6d0c63\" data-element_type=\"section\" data-settings=\"{&quot;jet_parallax_layout_list&quot;:[{&quot;jet_parallax_layout_image&quot;:{&quot;url&quot;:&quot;&quot;,&quot;id&quot;:&quot;&quot;,&quot;size&quot;:&quot;&quot;},&quot;_id&quot;:&quot;d5ed3cd&quot;,&quot;jet_parallax_layout_image_tablet&quot;:{&quot;url&quot;:&quot;&quot;,&quot;id&quot;:&quot;&quot;,&quot;size&quot;:&quot;&quot;},&quot;jet_parallax_layout_image_mobile&quot;:{&quot;url&quot;:&quot;&quot;,&quot;id&quot;:&quot;&quot;,&quot;size&quot;:&quot;&quot;},&quot;jet_parallax_layout_speed&quot;:{&quot;unit&quot;:&quot;%&quot;,&quot;size&quot;:50,&quot;sizes&quot;:[]},&quot;jet_parallax_layout_type&quot;:&quot;scroll&quot;,&quot;jet_parallax_layout_direction&quot;:null,&quot;jet_parallax_layout_fx_direction&quot;:null,&quot;jet_parallax_layout_z_index&quot;:&quot;&quot;,&quot;jet_parallax_layout_bg_x&quot;:50,&quot;jet_parallax_layout_bg_x_tablet&quot;:&quot;&quot;,&quot;jet_parallax_layout_bg_x_mobile&quot;:&quot;&quot;,&quot;jet_parallax_layout_bg_y&quot;:50,&quot;jet_parallax_layout_bg_y_tablet&quot;:&quot;&quot;,&quot;jet_parallax_layout_bg_y_mobile&quot;:&quot;&quot;,&quot;jet_parallax_layout_bg_size&quot;:&quot;auto&quot;,&quot;jet_parallax_layout_bg_size_tablet&quot;:&quot;&quot;,&quot;jet_parallax_layout_bg_size_mobile&quot;:&quot;&quot;,&quot;jet_parallax_layout_animation_prop&quot;:&quot;transform&quot;,&quot;jet_parallax_layout_on&quot;:[&quot;desktop&quot;,&quot;tablet&quot;]}]}\">\n\t\t\t\t\t\t<div class=\"elementor-container elementor-column-gap-default\">\n\t\t\t\t\t<div class=\"has_eae_slider elementor-column elementor-col-100 elementor-top-column elementor-element elementor-element-4f4bb876\" data-id=\"4f4bb876\" data-element_type=\"column\">\n\t\t\t<div class=\"elementor-widget-wrap elementor-element-populated\">\n\t\t\t\t\t\t<div class=\"elementor-element elementor-element-6bee1ade border_heading_vacatures elementor-widget elementor-widget-heading\" data-id=\"6bee1ade\" data-element_type=\"widget\" data-widget_type=\"heading.default\">\n\t\t\t\t<div class=\"elementor-widget-container\">\n\t\t\t<h1 class=\"elementor-heading-title elementor-size-default\">\u00c9v\u00e9nements similaires\u200b<\/h1>\t\t<\/div>\n\t\t\t\t<\/div>\n\t\t\t\t<div class=\"elementor-element elementor-element-ff78e0d css-posts-slider elementor-widget elementor-widget-jet-posts\" data-id=\"ff78e0d\" data-element_type=\"widget\" data-settings=\"{&quot;columns&quot;:&quot;3&quot;,&quot;columns_tablet&quot;:&quot;3&quot;,&quot;columns_mobile&quot;:&quot;1&quot;,&quot;slides_to_scroll&quot;:&quot;1&quot;}\" data-widget_type=\"jet-posts.default\">\n\t\t\t\t<div class=\"elementor-widget-container\">\n\t\t\t<div class=\"elementor-jet-posts jet-elements\"><div class=\"jet-posts col-row  jet-equal-cols\"><div class=\"jet-posts__item\">\n\t<!--  -->\n\t<a class=\"custom_link\" href=\"https:\/\/gracialive.be\/fr\/agenda\/helmut-lotti-goes-classic-2025\/\">\n\t<!--  -->\n\t\t<div class=\"jet-posts__inner-box d-none d-md-block\" style=\"background-image: url('https:\/\/gracialive.be\/wp-content\/uploads\/2025\/05\/hc-1920x1080-1.jpg'); background-repeat: no-repeat; background-size: cover; background-position: center center;\"><div class=\"jet-posts__inner-content\"><h4 class=\"entry-title\"><a href=\"https:\/\/gracialive.be\/fr\/agenda\/helmut-lotti-goes-classic-2025\/\">Helmut Lotti Goes Classic<\/a><\/h4><div class=\"post-meta\"><span class=\"post__modified_date post-meta__item\">10.11.2025<\/span>\n                <div class=\"relationship_post_info\">\n                                    <span class=\"post_info\">La Salle Reine Elisabeth<\/span>\n                            <\/div>\n        \n    <\/div><\/div><\/div>\n\t\t\n\t\t<div data-id=\"https:\/\/gracialive.be\/wp-content\/uploads\/2025\/05\/hc-790x300-1.jpg\" class=\"jet-posts__inner-box d-md-none\" style=\"background-image: url('https:\/\/gracialive.be\/wp-content\/uploads\/2025\/05\/hc-790x300-1.jpg'); background-repeat: no-repeat; aspect-ratio:79\/30; background-size: cover; background-position: center center;\"><div class=\"jet-posts__inner-content\"><h4 class=\"entry-title\"><a href=\"https:\/\/gracialive.be\/fr\/agenda\/helmut-lotti-goes-classic-2025\/\">Helmut Lotti Goes Classic<\/a><\/h4><div class=\"post-meta\"><span class=\"post__modified_date post-meta__item\">10.11.2025<\/span>\n                <div class=\"relationship_post_info\">\n                                    <span class=\"post_info\">La Salle Reine Elisabeth<\/span>\n                            <\/div>\n        \n    <\/div><\/div><\/div>\n\t<!--  -->\n\t<\/a>\n\t<!--  -->\n<\/div>\n<\/div>\n<\/div>\t\t<\/div>\n\t\t\t\t<\/div>\n\t\t\t\t\t<\/div>\n\t\t<\/div>\n\t\t\t\t\t<\/div>\n\t\t<\/section>\n\t\t\t\t<\/div>\n\t\t","protected":false},"featured_media":26249,"template":"elementor_header_footer","meta":[],"categories":[292],"location":[325],"related_event":[],"yoast_head":"<!-- This site is optimized with the Yoast SEO Premium plugin v21.5 (Yoast SEO v21.5) - https:\/\/yoast.com\/wordpress\/plugins\/seo\/ -->\n<title>B\u00e9jart Ballet Lausanne - Gracia Live<\/title>\n<meta name=\"robots\" content=\"index, follow, max-snippet:-1, max-image-preview:large, max-video-preview:-1\" \/>\n<link rel=\"canonical\" href=\"https:\/\/gracialive.be\/agenda\/bejart-ballet-for-life-2025\/\" \/>\n<meta property=\"og:locale\" content=\"fr_FR\" \/>\n<meta property=\"og:type\" content=\"article\" \/>\n<meta property=\"og:title\" content=\"B\u00e9jart Ballet Lausanne\" \/>\n<meta property=\"og:description\" content=\"Praktisch Bekijk hieronder alle data\u00a0 Gebracht op de muziek van Queen en Mozart en met kostuums gecree\u00ebrd door Gianni Versace, is\u00a0Ballet For Life\u00a0\u00e9\u00e9n van de populairste balletten van de beroemde choreograaf Maurice B\u00e9jart. Na de premi\u00e8re in Lausanne in 1996, met Gregor Metzeger en Gil Roman in de hoofdrollen, werd het ballet in 1997 opgevoerd &hellip; Continuer la lecture \u00ab\u00a0Helmut Lotti Goes Classic\u00a0\u00bb\" \/>\n<meta property=\"og:url\" content=\"https:\/\/gracialive.be\/agenda\/bejart-ballet-for-life-2025\/\" \/>\n<meta property=\"og:site_name\" content=\"Gracia Live\" \/>\n<meta property=\"article:publisher\" content=\"https:\/\/www.facebook.com\/gracialivebelgium\" \/>\n<meta property=\"article:modified_time\" content=\"2025-04-10T16:18:48+00:00\" \/>\n<meta property=\"og:image\" content=\"https:\/\/gracialive.be\/wp-content\/uploads\/2023\/11\/bbl25-1920x1080-1.jpg\" \/>\n\t<meta property=\"og:image:width\" content=\"1920\" \/>\n\t<meta property=\"og:image:height\" content=\"1080\" \/>\n\t<meta property=\"og:image:type\" content=\"image\/jpeg\" \/>\n<meta name=\"twitter:card\" content=\"summary_large_image\" \/>\n<meta name=\"twitter:site\" content=\"@GRACIALIVEBEL\" \/>\n<meta name=\"twitter:label1\" content=\"Dur\u00e9e de lecture estim\u00e9e\" \/>\n\t<meta name=\"twitter:data1\" content=\"3 minutes\" \/>\n<script type=\"application\/ld+json\" class=\"yoast-schema-graph\">{\"@context\":\"https:\/\/schema.org\",\"@graph\":[{\"@type\":\"WebPage\",\"@id\":\"https:\/\/gracialive.be\/agenda\/bejart-ballet-for-life-2025\/\",\"url\":\"https:\/\/gracialive.be\/agenda\/bejart-ballet-for-life-2025\/\",\"name\":\"B\u00e9jart Ballet Lausanne - Gracia Live\",\"isPartOf\":{\"@id\":\"https:\/\/gracialive.be\/#website\"},\"datePublished\":\"2024-12-13T08:55:34+00:00\",\"dateModified\":\"2025-04-10T16:18:48+00:00\",\"breadcrumb\":{\"@id\":\"https:\/\/gracialive.be\/agenda\/bejart-ballet-for-life-2025\/#breadcrumb\"},\"inLanguage\":\"fr-FR\",\"potentialAction\":[{\"@type\":\"ReadAction\",\"target\":[\"https:\/\/gracialive.be\/agenda\/bejart-ballet-for-life-2025\/\"]}]},{\"@type\":\"BreadcrumbList\",\"@id\":\"https:\/\/gracialive.be\/agenda\/bejart-ballet-for-life-2025\/#breadcrumb\",\"itemListElement\":[{\"@type\":\"ListItem\",\"position\":1,\"name\":\"Home\",\"item\":\"https:\/\/gracialive.be\/fr\/\"},{\"@type\":\"ListItem\",\"position\":2,\"name\":\"Events\",\"item\":\"https:\/\/gracialive.be\/archief\/\"},{\"@type\":\"ListItem\",\"position\":3,\"name\":\"B\u00e9jart Ballet Lausanne\"}]},{\"@type\":\"WebSite\",\"@id\":\"https:\/\/gracialive.be\/#website\",\"url\":\"https:\/\/gracialive.be\/\",\"name\":\"Gracia Live\",\"description\":\"Concert en Event Promotor Belgium\",\"publisher\":{\"@id\":\"https:\/\/gracialive.be\/#organization\"},\"potentialAction\":[{\"@type\":\"SearchAction\",\"target\":{\"@type\":\"EntryPoint\",\"urlTemplate\":\"https:\/\/gracialive.be\/?s={search_term_string}\"},\"query-input\":\"required name=search_term_string\"}],\"inLanguage\":\"fr-FR\"},{\"@type\":\"Organization\",\"@id\":\"https:\/\/gracialive.be\/#organization\",\"name\":\"Gracia Live\",\"url\":\"https:\/\/gracialive.be\/\",\"logo\":{\"@type\":\"ImageObject\",\"inLanguage\":\"fr-FR\",\"@id\":\"https:\/\/gracialive.be\/#\/schema\/logo\/image\/\",\"url\":\"https:\/\/gracialive.be\/wp-content\/uploads\/2022\/01\/cropped-GL-500x300_zwart.png\",\"contentUrl\":\"https:\/\/gracialive.be\/wp-content\/uploads\/2022\/01\/cropped-GL-500x300_zwart.png\",\"width\":512,\"height\":512,\"caption\":\"Gracia Live\"},\"image\":{\"@id\":\"https:\/\/gracialive.be\/#\/schema\/logo\/image\/\"},\"sameAs\":[\"https:\/\/www.facebook.com\/gracialivebelgium\",\"https:\/\/twitter.com\/GRACIALIVEBEL\",\"https:\/\/www.instagram.com\/gracialive_belgium\/\"]}]}<\/script>\n<!-- \/ Yoast SEO Premium plugin. -->","yoast_head_json":{"title":"B\u00e9jart Ballet Lausanne - Gracia Live","robots":{"index":"index","follow":"follow","max-snippet":"max-snippet:-1","max-image-preview":"max-image-preview:large","max-video-preview":"max-video-preview:-1"},"canonical":"https:\/\/gracialive.be\/agenda\/bejart-ballet-for-life-2025\/","og_locale":"fr_FR","og_type":"article","og_title":"B\u00e9jart Ballet Lausanne","og_description":"Praktisch Bekijk hieronder alle data\u00a0 Gebracht op de muziek van Queen en Mozart en met kostuums gecree\u00ebrd door Gianni Versace, is\u00a0Ballet For Life\u00a0\u00e9\u00e9n van de populairste balletten van de beroemde choreograaf Maurice B\u00e9jart. Na de premi\u00e8re in Lausanne in 1996, met Gregor Metzeger en Gil Roman in de hoofdrollen, werd het ballet in 1997 opgevoerd &hellip; Continuer la lecture \u00ab\u00a0Helmut Lotti Goes Classic\u00a0\u00bb","og_url":"https:\/\/gracialive.be\/agenda\/bejart-ballet-for-life-2025\/","og_site_name":"Gracia Live","article_publisher":"https:\/\/www.facebook.com\/gracialivebelgium","article_modified_time":"2025-04-10T16:18:48+00:00","og_image":[{"width":1920,"height":1080,"url":"https:\/\/gracialive.be\/wp-content\/uploads\/2023\/11\/bbl25-1920x1080-1.jpg","type":"image\/jpeg"}],"twitter_card":"summary_large_image","twitter_site":"@GRACIALIVEBEL","twitter_misc":{"Dur\u00e9e de lecture estim\u00e9e":"3 minutes"},"schema":{"@context":"https:\/\/schema.org","@graph":[{"@type":"WebPage","@id":"https:\/\/gracialive.be\/agenda\/bejart-ballet-for-life-2025\/","url":"https:\/\/gracialive.be\/agenda\/bejart-ballet-for-life-2025\/","name":"B\u00e9jart Ballet Lausanne - Gracia Live","isPartOf":{"@id":"https:\/\/gracialive.be\/#website"},"datePublished":"2024-12-13T08:55:34+00:00","dateModified":"2025-04-10T16:18:48+00:00","breadcrumb":{"@id":"https:\/\/gracialive.be\/agenda\/bejart-ballet-for-life-2025\/#breadcrumb"},"inLanguage":"fr-FR","potentialAction":[{"@type":"ReadAction","target":["https:\/\/gracialive.be\/agenda\/bejart-ballet-for-life-2025\/"]}]},{"@type":"BreadcrumbList","@id":"https:\/\/gracialive.be\/agenda\/bejart-ballet-for-life-2025\/#breadcrumb","itemListElement":[{"@type":"ListItem","position":1,"name":"Home","item":"https:\/\/gracialive.be\/fr\/"},{"@type":"ListItem","position":2,"name":"Events","item":"https:\/\/gracialive.be\/archief\/"},{"@type":"ListItem","position":3,"name":"B\u00e9jart Ballet Lausanne"}]},{"@type":"WebSite","@id":"https:\/\/gracialive.be\/#website","url":"https:\/\/gracialive.be\/","name":"Gracia Live","description":"Concert en Event Promotor Belgium","publisher":{"@id":"https:\/\/gracialive.be\/#organization"},"potentialAction":[{"@type":"SearchAction","target":{"@type":"EntryPoint","urlTemplate":"https:\/\/gracialive.be\/?s={search_term_string}"},"query-input":"required name=search_term_string"}],"inLanguage":"fr-FR"},{"@type":"Organization","@id":"https:\/\/gracialive.be\/#organization","name":"Gracia Live","url":"https:\/\/gracialive.be\/","logo":{"@type":"ImageObject","inLanguage":"fr-FR","@id":"https:\/\/gracialive.be\/#\/schema\/logo\/image\/","url":"https:\/\/gracialive.be\/wp-content\/uploads\/2022\/01\/cropped-GL-500x300_zwart.png","contentUrl":"https:\/\/gracialive.be\/wp-content\/uploads\/2022\/01\/cropped-GL-500x300_zwart.png","width":512,"height":512,"caption":"Gracia Live"},"image":{"@id":"https:\/\/gracialive.be\/#\/schema\/logo\/image\/"},"sameAs":["https:\/\/www.facebook.com\/gracialivebelgium","https:\/\/twitter.com\/GRACIALIVEBEL","https:\/\/www.instagram.com\/gracialive_belgium\/"]}]}},"acf":{"select_event_type":false,"event_date":"03.04.2025","event_date_mention":"03 - 06.04.2024","event_location":[{"term_id":325,"name":"Amsterdam - NL","slug":"amsterdam-nl","term_group":0,"term_taxonomy_id":325,"taxonomy":"location","description":"","parent":0,"count":0,"filter":"raw"}],"event_status":"Afgelopen","event_venue":[{"ID":33547,"post_author":"20","post_date":"2024-12-13 10:51:29","post_date_gmt":"0000-00-00 00:00:00","post_content":"","post_title":"Koninklijk Theater Carre\u0301","post_excerpt":"","post_status":"draft","comment_status":"closed","ping_status":"closed","post_password":"","post_name":"","to_ping":"","pinged":"","post_modified":"2024-12-13 10:51:29","post_modified_gmt":"2024-12-13 08:51:29","post_content_filtered":"","post_parent":0,"guid":"https:\/\/gracialive.be\/?post_type=venue&#038;p=33547","menu_order":0,"post_type":"venue","post_mime_type":"","comment_count":"0","filter":"raw"}],"event_feature_image_m":"https:\/\/gracialive.be\/wp-content\/uploads\/2023\/11\/bbl25-790x300-1.jpg","event_related_events":[{"ID":26260,"post_author":"20","post_date":"2023-10-04 08:50:57","post_date_gmt":"2023-10-04 08:50:57","post_content":"[show_event_description]\r\n<h4>Praktisch<\/h4>\r\nBekijk hieronder alle data\r\n\r\n[generate_ticket_link]\r\n\r\n<strong><a href=\"https:\/\/gracialive.be\/fr\/agenda\/bejart-ballet-lausanne-2026\/\">Cliquez ici pour acheter des billets pour le ballet de 2026 au Cirque Royal \u00e0 Bruxelles !<\/a><\/strong>\r\n\r\n[show_subevents]\r\n<figure><img src=\"https:\/\/gracialive.be\/wp-content\/uploads\/2023\/11\/0783b0e1-ccda-43f3-863c-c42849c76781_16-9-aspect-ratio_default_0.jpg\" alt=\"\" width=\"880\" height=\"495\" \/><figcaption><\/figcaption><\/figure>\r\n<img src=\"https:\/\/gracialive.be\/wp-content\/uploads\/2023\/11\/bbl_lepresbytere_creditiliachkolnik_telaviv_1233-1200x800-1-1024x683.jpg\" alt=\"\" width=\"640\" height=\"427\" \/>\r\n\r\n<em>Le Presbyt\u00e8re<\/em>, avec la chor\u00e9graphie sign\u00e9e de\u00a0<strong>Maurice B\u00e9jart<\/strong>, la musique de\u00a0\u00a0<strong>Queen<\/strong> et<strong> Mozart<\/strong>\u00a0et les costumes de\u00a0<strong>Gianni Versace,<\/strong> est un des ballets les plus\u00a0<strong>populaires<\/strong>\u00a0de Maurice B\u00e9jart. Pre\u0301sente\u0301 pour la premie\u0300re fois en 1996 au Me\u0301tropole, avec <strong>Gregor Metzger<\/strong> et <strong>Gil<\/strong> <strong>Roman<\/strong> dans les ro\u0302les principaux, le ballet fut ensuite donne\u0301 le 17 janvier 1997 au the\u0301a\u0302tre de Chaillot, a\u0300 Paris avec\u00a0<strong>Elton John<\/strong>\u00a0et\u00a0<strong>Queen<\/strong> sur sc\u00e8ne.\r\n\r\nEn tout cas, Maurice Be\u0301jart n\u2019a pas cherche\u0301 l\u2019ide\u0301e du <em>Presbyte\u0300re... <\/em>Elle s\u2019est impose\u0301e a\u0300 lui. Il appre\u0301ciait \u2013 sans plus \u2013 la musique de Queen, de\u0301couverte dans les anne\u0301es quatre-vingt. Et puis, il s\u2019avisa que Freddie Mercury et Jorge Donn e\u0301taient de\u0301ce\u0301de\u0301s tous deux, du me\u0302me mal, a\u0300 l\u2019a\u0302ge de 45 ans. Titille\u0301 par l\u2019ide\u0301e de cre\u0301er un ballet autour de Mercury et de Donn, Cependant ,\u00ab <em>Ce ne sera pas un ballet sur le sida<\/em>, de\u0301cida Be\u0301jart, <em>mais sur les gens qui sont morts jeunes<\/em>. \u00bb Sur les musiques de<strong>\u00a0Queen\u00a0<\/strong>et de\u00a0<strong>Mozart<\/strong>, les chor\u00e9graphies de\u00a0<strong>Maurice B\u00e9jart<\/strong>, les 40 danseurs, costum\u00e9s par\u00a0<strong>Gianni Versace<\/strong>, encha\u00eenent avec\u00a0<strong>force<\/strong>\u00a0et\u00a0<strong>gr\u00e2ce<\/strong>\u00a0les tableaux d\u2019un ballet\u00a0<strong>poignant<\/strong>\u00a0sur la jeunesse et l\u2019espoir.\r\n\r\n<em>\"il y a un peu plus de trente ans, au milieu de la surprenante musique de Berlioz entrecoup\u00e9e de bombardements et de bruits de mitrailleuses, un Fr\u00e8re Laurent peu conventionnel s'\u00e9criait devant Jorge Donn et Hitomi Asakawa : \"Faites l'amour, pas la guerre !\"<\/em>\r\n\r\nAujourd'hui, Gil Roman, qui a \u00e0 peu pr\u00e8s l'\u00e2ge de la cr\u00e9ation de mon Rom\u00e9o et Juliette, entour\u00e9 de danseurs qui n'ont jamais vu ce ballet r\u00e9pond : <em>\"Vous nous avez dit : faites l'amour, pas la guerre. Nous avons fait l'amour, pourquoi l'amour nous fait-il la guerre ?\".<\/em>\r\n\r\nCri d'angoisse d'une jeunesse pour laquelle le probl\u00e8me de la mort par l'amour s'ajoute \u00e0 celui des guerres multiples qui n'ont pas cess\u00e9 dans le monde depuis la soi-disant FiN de la derni\u00e8re guerre mondiale !\r\n\r\nMes ballets sont avant tout des rencontres : avec une musique, avec la vie, avec la mort, avec l'amour...avec des \u00eatres dont le pass\u00e9 et l'oeuvre se r\u00e9incarnent en moi, de m\u00eame que le danseur que je ne suis plus, se r\u00e9incarne \u00e0 chaque fois en des interpr\u00e8tes qui le d\u00e9passent.\r\n\r\nCoup de foudre pour la musique de Queen, invention, violence, humour, amour, tout est l\u00e0. Je les aime, ils m'inspirent, ils me guident et, de temps en temps dans ce no man's land o\u00f9 nous irons tous un jour, Freddie Mercury, j'en suis s\u00fbr, se met au piano avec Mozart.\r\n\r\nUn ballet sur la jeunesse et l'espoir puisque, ind\u00e9crottable, optimiste, je crois aussi malgr\u00e9 tout que The show Must go on, comme le chante Queen\".\r\n\r\n<iframe allowfullscreen=\"allowfullscreen\"><\/iframe>\r\n<!-- -->\r\n<a href=\"https:\/\/gracialive.be\/fr\/agenda\/party-101-2024\/\">\r\n<!-- --><\/a>\r\n<h4><a href=\"https:\/\/gracialive.be\/fr\/agenda\/party-101-2024\/\">Party 101<\/a><\/h4>\r\n21.06.2024\r\nLa Madeleine\r\n<h4><a href=\"https:\/\/gracialive.be\/fr\/agenda\/party-101-2024\/\">Party 101<\/a><\/h4>\r\n21.06.2024\r\nLa Madeleine\r\n<!-- -->\r\n\r\n<!-- -->\r\n<!-- -->\r\n<a href=\"https:\/\/gracialive.be\/fr\/agenda\/bejart-ballet-lausanne-2026\/\">\r\n<!-- --><\/a>\r\n<h4><a href=\"https:\/\/gracialive.be\/fr\/agenda\/bejart-ballet-lausanne-2026\/\">B\u00e9jart Ballet Lausanne<\/a><\/h4>\r\n07.05.2026\r\nCirque Royal\r\n<h4><a href=\"https:\/\/gracialive.be\/fr\/agenda\/bejart-ballet-lausanne-2026\/\">B\u00e9jart Ballet Lausanne<\/a><\/h4>\r\n07.05.2026\r\nCirque Royal\r\n<!-- -->\r\n\r\n<!-- -->\r\n<!-- -->\r\n<a href=\"https:\/\/gracialive.be\/fr\/agenda\/juanes-2024\/\">\r\n<!-- --><\/a>\r\n<h4><a href=\"https:\/\/gracialive.be\/fr\/agenda\/juanes-2024\/\">JUANES<\/a><\/h4>\r\n22.06.2024\r\nDe Roma\r\n<h4><a href=\"https:\/\/gracialive.be\/fr\/agenda\/juanes-2024\/\">JUANES<\/a><\/h4>\r\n22.06.2024\r\nDe Roma\r\n<!-- -->\r\n\r\n<!-- -->","post_title":"B\u00e9jart Ballet Lausanne","post_excerpt":"","post_status":"archive","comment_status":"closed","ping_status":"closed","post_password":"","post_name":"bejart-ballet-lausanne-2025","to_ping":"","pinged":"","post_modified":"2025-05-15 18:15:57","post_modified_gmt":"2025-05-15 16:15:57","post_content_filtered":"","post_parent":0,"guid":"https:\/\/gracialive.be\/agenda\/bejart-ballet-lausanne-2025\/","menu_order":0,"post_type":"agenda","post_mime_type":"","comment_count":"0","filter":"raw"},{"ID":29529,"post_author":"20","post_date":"2024-03-21 19:45:52","post_date_gmt":"2024-03-21 18:45:52","post_content":"[show_event_description]\r\n<h4>Praktisch<\/h4>\r\nBekijk hieronder alle data\r\n\r\n[generate_ticket_link][show_subevents]\r\n<figure><img src=\"https:\/\/gracialive.be\/wp-content\/uploads\/2024\/03\/BBL_2026.jpg\" sizes=\"(max-width: 1080px) 100vw, 1080px\" srcset=\"https:\/\/gracialive.be\/wp-content\/uploads\/2024\/03\/BBL_2026.jpg 1080w, https:\/\/gracialive.be\/wp-content\/uploads\/2024\/03\/BBL_2026-240x300.jpg 240w, https:\/\/gracialive.be\/wp-content\/uploads\/2024\/03\/BBL_2026-819x1024.jpg 819w, https:\/\/gracialive.be\/wp-content\/uploads\/2024\/03\/BBL_2026-768x960.jpg 768w\" alt=\"\" width=\"1080\" height=\"1350\" \/><figcaption><\/figcaption><\/figure>\r\nDu 7 au 10 mai 2026, le B\u00e9jart Ballet Lausanne proposera <strong>un programme intense, sensible et r\u00e9solument ancr\u00e9 dans notre \u00e9poque<\/strong>. Deux \u0153uvres puissantes, entre introspection contemporaine et c\u00e9l\u00e9bration des racines, se partageront la sc\u00e8ne.\r\n\u200b\r\nEn ouverture, \u201c<strong>Bye bye baby blackbird<\/strong>\u201c, du <strong>chor\u00e9graphe n\u00e9erlandais Joost Vrouenraets<\/strong>, artiste invit\u00e9 de la compagnie, explore frontalement la question de la perte, inspir\u00e9e par la voix singuli\u00e8re de<strong> Johnny Cash<\/strong>.\r\n\u200b\r\nAvec une danse intense et sans d\u00e9tour, cette cr\u00e9ation plonge dans les \u00e9motions brutes li\u00e9es \u00e0 l\u2019absence, \u00e0 travers une narration non lin\u00e9aire et une tension constante entre lumi\u00e8re et obscurit\u00e9.\r\n\u200b\r\nEn seconde partie, \u201c<strong>Dionysos (Suite)<\/strong>\u201c, ballet mythique <strong>cr\u00e9\u00e9 par Maurice B\u00e9jart en 1984<\/strong>, nous entra\u00eene dans <strong>une c\u00e9l\u00e9bration du corps et de ses m\u00e9tamorphoses<\/strong>.\r\n\u200b\r\nPens\u00e9e comme une \u00e9vocation de Dionysos, dieu du th\u00e9\u00e2tre, de l\u2019ivresse et du chaos cr\u00e9atif, cette suite puise dans des rythmes percussifs, une \u00e9nergie tribale et une tension dramatique. Une fresque envo\u00fbtante, \u00e0 la crois\u00e9e du sacr\u00e9 et du sauvage. <strong>Un voyage visc\u00e9ral au c\u0153ur des pulsions humaines, port\u00e9 par la puissance collective de la compagnie<\/strong>.\r\n\u200b\r\nCes ballets sont un dialogue entre cr\u00e9ation contemporaine et h\u00e9ritage chor\u00e9graphique, port\u00e9 par la puissance du collectif, et fid\u00e8le \u00e0 la vision de<strong> Julien Favreau<\/strong>, directeur artistique du BBL, <strong>qui souhaite mettre en lumi\u00e8re l\u2019h\u00e9ritage de Maurice B\u00e9jart tout en ouvrant la sc\u00e8ne \u00e0 des cr\u00e9ations contemporaines actuelles et fortes<\/strong>.\r\n\r\n<strong><em>Ne manquez pas le retour du B\u00e9jart Ballet Lausanne: du 7 au 10 mai 2026 au Cirque Royal \u00e0 Bruxelles ! Les billets sont en vente maintenant sur <\/em><\/strong><a href=\"http:\/\/www.gracialive.be\"><strong><em>www.gracialive.be<\/em><\/strong><\/a><strong><em>. <\/em><\/strong>\r\n\r\n<iframe title=\"Lecteur vid\u00e9o youtube\" allowfullscreen=\"allowfullscreen\" data-lazy-load=\"https:\/\/www.youtube.com\/embed\/jJXtTj8h-BQ?feature=oembed&amp;start&amp;end&amp;wmode=opaque&amp;autoplay=0&amp;loop=0&amp;controls=1&amp;mute=0&amp;rel=0&amp;modestbranding=0\"><\/iframe>\r\nhttps:\/\/youtu.be\/CAPojEKCTv8?si=PlVn5WDg8T4HxBwZ\r\n<!-- -->\r\n<a href=\"https:\/\/gracialive.be\/fr\/agenda\/vitamin-string-quartet-2025\/\">\r\n<!-- --><\/a>\r\n<h4><a href=\"https:\/\/gracialive.be\/fr\/agenda\/vitamin-string-quartet-2025\/\">Vitamin String Quartet<\/a><\/h4>\r\n26.09.2025\r\nLa Madeleine\r\n<h4><a href=\"https:\/\/gracialive.be\/fr\/agenda\/vitamin-string-quartet-2025\/\">Vitamin String Quartet<\/a><\/h4>\r\n26.09.2025\r\nLa Madeleine\r\n<!-- -->\r\n\r\n<!-- -->\r\n<!-- -->\r\n<a href=\"https:\/\/gracialive.be\/fr\/agenda\/noga-erez-2025\/\">\r\n<!-- --><\/a>\r\n<h4><a href=\"https:\/\/gracialive.be\/fr\/agenda\/noga-erez-2025\/\">Noga Erez<\/a><\/h4>\r\n22.11.2025\r\nLa Madeleine\r\n<h4><a href=\"https:\/\/gracialive.be\/fr\/agenda\/noga-erez-2025\/\">Noga Erez<\/a><\/h4>\r\n22.11.2025\r\nLa Madeleine\r\n<!-- -->\r\n\r\n<!-- -->\r\n<!-- -->\r\n<a href=\"https:\/\/gracialive.be\/fr\/agenda\/red-sebastian-2025\/\">\r\n<!-- --><\/a>\r\n<h4><a href=\"https:\/\/gracialive.be\/fr\/agenda\/red-sebastian-2025\/\">AB welcomes back Red Sebastian: The Concert<\/a><\/h4>\r\n19.06.2025\r\nAncienne Belgique\r\n<h4><a href=\"https:\/\/gracialive.be\/fr\/agenda\/red-sebastian-2025\/\">AB welcomes back Red Sebastian: The Concert<\/a><\/h4>\r\n19.06.2025\r\nAncienne Belgique\r\n<!-- -->\r\n\r\n<!-- -->","post_title":"B\u00e9jart Ballet Lausanne","post_excerpt":"","post_status":"publish","comment_status":"closed","ping_status":"closed","post_password":"","post_name":"bejart-ballet-lausanne-2026","to_ping":"","pinged":"","post_modified":"2026-02-24 14:54:05","post_modified_gmt":"2026-02-24 12:54:05","post_content_filtered":"","post_parent":0,"guid":"https:\/\/gracialive.be\/?post_type=agenda&#038;p=29529","menu_order":0,"post_type":"agenda","post_mime_type":"","comment_count":"0","filter":"raw"},{"ID":32331,"post_author":"20","post_date":"2024-09-24 09:54:04","post_date_gmt":"2024-09-24 07:54:04","post_content":"[show_event_description]\r\n<h4>Praktisch<\/h4>\r\nBekijk hieronder alle data\r\n\r\n[generate_ticket_link][show_subevents]\r\n<figure><img src=\"https:\/\/gracialive.be\/wp-content\/uploads\/2024\/09\/andreabrasil_alo_alo_bahia.png\" alt=\"\" width=\"506\" height=\"674\" \/><figcaption><\/figcaption><\/figure>\r\n<strong>Andrea Bocelli, reconnu dans le monde entier comme une ic\u00f4ne de la plus grande tradition vocale italienne, a vendu plus de 90 millions de disques<\/strong> au cours de sa carri\u00e8re et a collabor\u00e9 avec certaines des plus grandes stars de la pop mondiale, telles que <strong>C\u00e9line Dion, Tony Bennett, Ed Sheeran, Ariana Grande, Jennifer Lopez, Nicole Scherzinger<\/strong>, et bien d'autres. Cet artiste qui bat des records attire d'immenses foules \u00e0 travers le monde lors de ses concerts et a re\u00e7u de nombreuses distinctions, dont <strong>une \u00e9toile sur le Hollywood Walk of Fame, six nominations aux Grammy Awards et six nominations aux Latin Grammy Awards<\/strong>. <strong>Gr\u00e2ce \u00e0 son m\u00e9lange unique de musique classique et populaire, Bocelli touche des millions de personnes.<\/strong>\r\n\r\nSa carri\u00e8re remarquable a commenc\u00e9 apr\u00e8s <strong>sa victoire au Festival de Sanremo en 1994<\/strong>, le propulsant tant dans la musique classique que dans la musique pop. En<strong> 2018<\/strong>, son album pop<strong> \"S\u00ec<\/strong>\" a \u00e9t\u00e9 lanc\u00e9 dans plus de 60 pays, avec notamment le single \"<strong>If<\/strong> <strong>Only<\/strong>\" et la chanson \"<strong>Fall on Me<\/strong>\", un duo avec son fils Matteo Bocelli. Cet album a atteint la premi\u00e8re place dans les classements britanniques et am\u00e9ricains, une r\u00e9alisation historique.\r\n\r\nEn <strong>2020<\/strong>, Bocelli a donn\u00e9 <strong>une performance en live lors de l'\u00e9v\u00e9nement \"Music for Hope\" dans la cath\u00e9drale de Milan<\/strong>, qui a \u00e9t\u00e9 visionn\u00e9e <strong>plus de 28 millions de fois en seulement 24 heures, en faisant l'un des plus grands livestreams de musique classique de tous les temps.<\/strong> Son album \"<strong>Believe<\/strong>\" a \u00e9t\u00e9 publi\u00e9 en 2020 et comprend des titres c\u00e9l\u00e8bres tels que \"<strong>You\u2019ll Never Walk Alone<\/strong>\" et \"<strong>Amazing<\/strong> <strong>Grace<\/strong>\", ainsi que <strong>des compositions originales de Bocelli et Ennio Morricone<\/strong>. Des stars telles que <strong>Cecilia Bartoli<\/strong> et <strong>Alison Krauss<\/strong> ont \u00e9galement pr\u00eat\u00e9 leurs voix pour des duos.\r\n\r\n<strong>En juillet 2024, le t\u00e9nor toscan a f\u00eat\u00e9 ses trois d\u00e9cennies de carri\u00e8re avec \"Andrea Bocelli 30: The Celebration\"<\/strong>, un concert de trois jours dans sa ville natale de Lajatico, en Italie, avec des performances de plusieurs stars telles <strong>qu'Ed Sheeran, Shania Twain, Jon Batiste, Russell Crowe, Sofia Vergara, David Foster, Christian Nodal, Sofia Carson, Laura Pausini, Tiziano Ferro, Zucchero, Giorgia,<\/strong> ainsi que ses enfants <strong>Matteo<\/strong> et <strong>Virginia<\/strong>. Des musiciens classiques de renom, tels que <strong>Placido Domingo, Jose Carreras, Lang Lang, Aida Garifullina, Bryn Terfel <\/strong>et<strong> Nadine Sierra<\/strong>, se sont joints\u00a0 \u00e9galement \u00e0 lui. Ce moment sp\u00e9cial est captur\u00e9 dans un film de concert r\u00e9alis\u00e9 par le laur\u00e9at d'un Emmy Award, Sam Wrench, confirmant ainsi le statut de Bocelli en tant qu'ic\u00f4ne culturelle et musicale.\r\n\r\n<em><strong>Le vendredi 27 mars 2026, le t\u00e9nor acclam\u00e9 fera escale Sportpaleis d\u2019Anvers pour un concert spectaculaire comprenant ses plus grands succ\u00e8s des trois derni\u00e8res d\u00e9cennies ainsi que les airs d'op\u00e9ra les plus aim\u00e9s. \u00a0Le mercredi 1er avril 2026, Gracia Live organisera \u00e9galement le concert d'Andrea Bocelli \u00e0 l'Accor Arena de Paris.<\/strong><\/em>\r\n\r\n<iframe allowfullscreen=\"allowfullscreen\"><\/iframe>\r\n<iframe style=\"border-radius: 12px\" src=\"https:\/\/open.spotify.com\/embed\/artist\/3EA9hVIzKfFiQI0Kikz2wo?utm_source=generator\" width=\"100%\" height=\"352\" frameborder=\"0\" allowfullscreen=\"allowfullscreen\"><\/iframe>\r\n<!-- -->\r\n<a href=\"https:\/\/gracialive.be\/fr\/agenda\/bejart-ballet-lausanne-2026\/\">\r\n<!-- --><\/a>\r\n<h4><a href=\"https:\/\/gracialive.be\/fr\/agenda\/bejart-ballet-lausanne-2026\/\">B\u00e9jart Ballet Lausanne<\/a><\/h4>\r\n07.05.2026\r\nCirque Royal\r\n<h4><a href=\"https:\/\/gracialive.be\/fr\/agenda\/bejart-ballet-lausanne-2026\/\">B\u00e9jart Ballet Lausanne<\/a><\/h4>\r\n07.05.2026\r\nCirque Royal\r\n<!-- -->\r\n\r\n<!-- -->","post_title":"Andrea Bocelli","post_excerpt":"","post_status":"archive","comment_status":"closed","ping_status":"closed","post_password":"","post_name":"andrea-bocelli-2026","to_ping":"","pinged":"","post_modified":"2026-04-05 18:16:11","post_modified_gmt":"2026-04-05 16:16:11","post_content_filtered":"","post_parent":0,"guid":"https:\/\/gracialive.be\/?post_type=agenda&#038;p=32331","menu_order":0,"post_type":"agenda","post_mime_type":"","comment_count":"0","filter":"raw"}],"multiple_events":[{"sub_event_date":"03.04.2025","sub_event_venue":[{"ID":33547,"post_author":"20","post_date":"2024-12-13 10:51:29","post_date_gmt":"0000-00-00 00:00:00","post_content":"","post_title":"Koninklijk Theater Carre\u0301","post_excerpt":"","post_status":"draft","comment_status":"closed","ping_status":"closed","post_password":"","post_name":"","to_ping":"","pinged":"","post_modified":"2024-12-13 10:51:29","post_modified_gmt":"2024-12-13 08:51:29","post_content_filtered":"","post_parent":0,"guid":"https:\/\/gracialive.be\/?post_type=venue&#038;p=33547","menu_order":0,"post_type":"venue","post_mime_type":"","comment_count":"0","filter":"raw"}],"sub_event_location":[{"term_id":325,"name":"Amsterdam - NL","slug":"amsterdam-nl","term_group":0,"term_taxonomy_id":325,"taxonomy":"location","description":"","parent":0,"count":0,"filter":"raw"}],"sub_event_notes":"20u00","sub_event_ticket_link":"https:\/\/www.ticketmaster.nl\/event\/bejart-ballet-for-life-tickets\/310781","sub_event_status":"Tickets beschikbaar","sub_custom_event_status":""},{"sub_event_date":"04.04.2025","sub_event_venue":[{"ID":33547,"post_author":"20","post_date":"2024-12-13 10:51:29","post_date_gmt":"0000-00-00 00:00:00","post_content":"","post_title":"Koninklijk Theater Carre\u0301","post_excerpt":"","post_status":"draft","comment_status":"closed","ping_status":"closed","post_password":"","post_name":"","to_ping":"","pinged":"","post_modified":"2024-12-13 10:51:29","post_modified_gmt":"2024-12-13 08:51:29","post_content_filtered":"","post_parent":0,"guid":"https:\/\/gracialive.be\/?post_type=venue&#038;p=33547","menu_order":0,"post_type":"venue","post_mime_type":"","comment_count":"0","filter":"raw"}],"sub_event_location":[{"term_id":325,"name":"Amsterdam - NL","slug":"amsterdam-nl","term_group":0,"term_taxonomy_id":325,"taxonomy":"location","description":"","parent":0,"count":0,"filter":"raw"}],"sub_event_notes":"20u00","sub_event_ticket_link":"https:\/\/www.ticketmaster.nl\/event\/bejart-ballet-for-life-tickets\/310785","sub_event_status":"Tickets beschikbaar","sub_custom_event_status":""},{"sub_event_date":"05.04.2025","sub_event_venue":[{"ID":33547,"post_author":"20","post_date":"2024-12-13 10:51:29","post_date_gmt":"0000-00-00 00:00:00","post_content":"","post_title":"Koninklijk Theater Carre\u0301","post_excerpt":"","post_status":"draft","comment_status":"closed","ping_status":"closed","post_password":"","post_name":"","to_ping":"","pinged":"","post_modified":"2024-12-13 10:51:29","post_modified_gmt":"2024-12-13 08:51:29","post_content_filtered":"","post_parent":0,"guid":"https:\/\/gracialive.be\/?post_type=venue&#038;p=33547","menu_order":0,"post_type":"venue","post_mime_type":"","comment_count":"0","filter":"raw"}],"sub_event_location":[{"term_id":325,"name":"Amsterdam - NL","slug":"amsterdam-nl","term_group":0,"term_taxonomy_id":325,"taxonomy":"location","description":"","parent":0,"count":0,"filter":"raw"}],"sub_event_notes":"20u00","sub_event_ticket_link":"https:\/\/www.ticketmaster.nl\/event\/bejart-ballet-for-life-tickets\/310789","sub_event_status":"Tickets beschikbaar","sub_custom_event_status":""},{"sub_event_date":"06.04.2025","sub_event_venue":[{"ID":33547,"post_author":"20","post_date":"2024-12-13 10:51:29","post_date_gmt":"0000-00-00 00:00:00","post_content":"","post_title":"Koninklijk Theater Carre\u0301","post_excerpt":"","post_status":"draft","comment_status":"closed","ping_status":"closed","post_password":"","post_name":"","to_ping":"","pinged":"","post_modified":"2024-12-13 10:51:29","post_modified_gmt":"2024-12-13 08:51:29","post_content_filtered":"","post_parent":0,"guid":"https:\/\/gracialive.be\/?post_type=venue&#038;p=33547","menu_order":0,"post_type":"venue","post_mime_type":"","comment_count":"0","filter":"raw"}],"sub_event_location":[{"term_id":325,"name":"Amsterdam - NL","slug":"amsterdam-nl","term_group":0,"term_taxonomy_id":325,"taxonomy":"location","description":"","parent":0,"count":0,"filter":"raw"}],"sub_event_notes":"14u00","sub_event_ticket_link":"https:\/\/www.ticketmaster.nl\/event\/bejart-ballet-for-life-tickets\/310791","sub_event_status":"Tickets beschikbaar","sub_custom_event_status":""}],"event_notes":"","event_description":"Het B\u00e9jart Ballet Lausanne komt met zijn prachtige Ballet For Life terug naar Amsterdam. Van 3 tot en met 6 april 2025 is de bijzondere voorstelling vier keer te zien in Koninklijk Theater Carr\u00e9. "},"_links":{"self":[{"href":"https:\/\/gracialive.be\/fr\/wp-json\/wp\/v2\/agenda\/33545"}],"collection":[{"href":"https:\/\/gracialive.be\/fr\/wp-json\/wp\/v2\/agenda"}],"about":[{"href":"https:\/\/gracialive.be\/fr\/wp-json\/wp\/v2\/types\/agenda"}],"version-history":[{"count":10,"href":"https:\/\/gracialive.be\/fr\/wp-json\/wp\/v2\/agenda\/33545\/revisions"}],"predecessor-version":[{"id":37728,"href":"https:\/\/gracialive.be\/fr\/wp-json\/wp\/v2\/agenda\/33545\/revisions\/37728"}],"wp:featuredmedia":[{"embeddable":true,"href":"https:\/\/gracialive.be\/fr\/wp-json\/wp\/v2\/media\/26249"}],"wp:attachment":[{"href":"https:\/\/gracialive.be\/fr\/wp-json\/wp\/v2\/media?parent=33545"}],"wp:term":[{"taxonomy":"category","embeddable":true,"href":"https:\/\/gracialive.be\/fr\/wp-json\/wp\/v2\/categories?post=33545"},{"taxonomy":"location","embeddable":true,"href":"https:\/\/gracialive.be\/fr\/wp-json\/wp\/v2\/location?post=33545"},{"taxonomy":"related_event","embeddable":true,"href":"https:\/\/gracialive.be\/fr\/wp-json\/wp\/v2\/related_event?post=33545"}],"curies":[{"name":"wp","href":"https:\/\/api.w.org\/{rel}","templated":true}]}}