{"id":32331,"date":"2024-09-24T09:54:04","date_gmt":"2024-09-24T07:54:04","guid":{"rendered":"https:\/\/gracialive.be\/?post_type=agenda&#038;p=32331"},"modified":"2026-04-05T18:16:11","modified_gmt":"2026-04-05T16:16:11","slug":"andrea-bocelli-2026","status":"archive","type":"agenda","link":"https:\/\/gracialive.be\/fr\/agenda\/andrea-bocelli-2026\/","title":{"rendered":"Andrea Bocelli"},"content":{"rendered":"\t\t<div data-elementor-type=\"wp-post\" data-elementor-id=\"32331\" class=\"elementor elementor-32331 elementor-32317\" data-elementor-post-type=\"agenda\">\n\t\t\t\t\t\t<section class=\"has_eae_slider elementor-section elementor-top-section elementor-element elementor-element-32bf3062 elementor-section-boxed elementor-section-height-default elementor-section-height-default\" data-id=\"32bf3062\" data-element_type=\"section\" data-settings=\"{&quot;jet_parallax_layout_list&quot;:[],&quot;background_background&quot;:&quot;classic&quot;}\">\n\t\t\t\t\t\t<div class=\"elementor-container elementor-column-gap-default\">\n\t\t\t\t\t<div class=\"has_eae_slider elementor-column elementor-col-50 elementor-top-column elementor-element elementor-element-133de089\" data-id=\"133de089\" data-element_type=\"column\">\n\t\t\t<div class=\"elementor-widget-wrap elementor-element-populated\">\n\t\t\t\t\t\t<div class=\"elementor-element elementor-element-4f0642c8 breadcrumb_css elementor-hidden-desktop elementor-hidden-tablet elementor-hidden-mobile elementor-widget elementor-widget-wp-widget-bcn_widget\" data-id=\"4f0642c8\" data-element_type=\"widget\" data-widget_type=\"wp-widget-bcn_widget.default\">\n\t\t\t\t<div class=\"elementor-widget-container\">\n\t\t\t<div class=\"breadcrumbs\" vocab=\"https:\/\/schema.org\/\" typeof=\"BreadcrumbList\"><!-- Breadcrumb NavXT 7.0.2 -->\n<span property=\"itemListElement\" typeof=\"ListItem\"><a property=\"item\" typeof=\"WebPage\" title=\"Go to Gracia Live.\" href=\"https:\/\/gracialive.be\/fr\/\" class=\"home\" aria-current=\"page\"><span property=\"name\">Home<\/span><\/a><meta property=\"position\" content=\"1\"><\/span><\/div>\t\t<\/div>\n\t\t\t\t<\/div>\n\t\t\t\t<div class=\"elementor-element elementor-element-1250265b elementor-widget elementor-widget-theme-post-title elementor-page-title elementor-widget-heading\" data-id=\"1250265b\" data-element_type=\"widget\" data-widget_type=\"theme-post-title.default\">\n\t\t\t\t<div class=\"elementor-widget-container\">\n\t\t\t<style>\/*! elementor - v3.22.0 - 17-06-2024 *\/\n.elementor-heading-title{padding:0;margin:0;line-height:1}.elementor-widget-heading .elementor-heading-title[class*=elementor-size-]>a{color:inherit;font-size:inherit;line-height:inherit}.elementor-widget-heading .elementor-heading-title.elementor-size-small{font-size:15px}.elementor-widget-heading .elementor-heading-title.elementor-size-medium{font-size:19px}.elementor-widget-heading .elementor-heading-title.elementor-size-large{font-size:29px}.elementor-widget-heading .elementor-heading-title.elementor-size-xl{font-size:39px}.elementor-widget-heading .elementor-heading-title.elementor-size-xxl{font-size:59px}<\/style><h1 class=\"elementor-heading-title elementor-size-default\">Andrea Bocelli<\/h1>\t\t<\/div>\n\t\t\t\t<\/div>\n\t\t\t\t<div class=\"elementor-element elementor-element-c6a1432 elementor-widget elementor-widget-shortcode\" data-id=\"c6a1432\" data-element_type=\"widget\" data-widget_type=\"shortcode.default\">\n\t\t\t\t<div class=\"elementor-widget-container\">\n\t\t\t\t\t<div class=\"elementor-shortcode\">Le chanteur t\u00e9nor italien de renomm\u00e9e internationale Andrea Bocelli sera pr\u00e9sent au Sportpaleis d'Anvers et \u00e0 l'Accor Arena \u00e0 Paris en 2026 pour un concert \u00e0 ne pas manquer, au cours duquel il interpr\u00e9tera ses plus grands succ\u00e8s et ses classiques d'op\u00e9ra les plus appr\u00e9ci\u00e9s !<\/div>\n\t\t\t\t<\/div>\n\t\t\t\t<\/div>\n\t\t\t\t<div class=\"elementor-element elementor-element-1a60efce elementor-hidden-desktop elementor-hidden-tablet elementor-hidden-mobile elementor-widget elementor-widget-heading\" data-id=\"1a60efce\" data-element_type=\"widget\" data-widget_type=\"heading.default\">\n\t\t\t\t<div class=\"elementor-widget-container\">\n\t\t\t<h4 class=\"elementor-heading-title elementor-size-default\">Praktisch<\/h4>\t\t<\/div>\n\t\t\t\t<\/div>\n\t\t\t\t<div class=\"elementor-element elementor-element-2e22cdad elementor-hidden-desktop elementor-hidden-tablet elementor-hidden-mobile elementor-widget elementor-widget-text-editor\" data-id=\"2e22cdad\" data-element_type=\"widget\" data-widget_type=\"text-editor.default\">\n\t\t\t\t<div class=\"elementor-widget-container\">\n\t\t\t<style>\/*! elementor - v3.22.0 - 17-06-2024 *\/\n.elementor-widget-text-editor.elementor-drop-cap-view-stacked .elementor-drop-cap{background-color:#69727d;color:#fff}.elementor-widget-text-editor.elementor-drop-cap-view-framed .elementor-drop-cap{color:#69727d;border:3px solid;background-color:transparent}.elementor-widget-text-editor:not(.elementor-drop-cap-view-default) .elementor-drop-cap{margin-top:8px}.elementor-widget-text-editor:not(.elementor-drop-cap-view-default) .elementor-drop-cap-letter{width:1em;height:1em}.elementor-widget-text-editor .elementor-drop-cap{float:left;text-align:center;line-height:1;font-size:50px}.elementor-widget-text-editor .elementor-drop-cap-letter{display:inline-block}<\/style>\t\t\t\t<p>Bekijk hieronder alle data\u00a0<\/p>\t\t\t\t\t\t<\/div>\n\t\t\t\t<\/div>\n\t\t\t\t<div class=\"elementor-element elementor-element-e005bdc elementor-hidden-desktop elementor-hidden-tablet elementor-hidden-mobile elementor-widget elementor-widget-post-info\" data-id=\"e005bdc\" data-element_type=\"widget\" data-widget_type=\"post-info.default\">\n\t\t\t\t<div class=\"elementor-widget-container\">\n\t\t\t<link rel=\"stylesheet\" href=\"https:\/\/gracialive.be\/wp-content\/plugins\/elementor\/assets\/css\/widget-icon-list.min.css\"><link rel=\"stylesheet\" href=\"https:\/\/gracialive.be\/wp-content\/plugins\/elementor-pro\/assets\/css\/widget-theme-elements.min.css\">\t\t<ul class=\"elementor-icon-list-items elementor-post-info\">\n\t\t\t\t\t\t\t\t<li class=\"elementor-icon-list-item elementor-repeater-item-bc12b72\">\n\t\t\t\t\t\t\t\t\t\t<span class=\"elementor-icon-list-icon\">\n\t\t\t\t\t\t\t\t<svg xmlns=\"http:\/\/www.w3.org\/2000\/svg\" width=\"19.5\" height=\"21.5\" viewBox=\"0 0 19.5 21.5\"><g id=\"Iconly_Light_Calendar\" data-name=\"Iconly\/Light\/Calendar\" transform=\"translate(0.75 0.75)\"><g id=\"Calendar\" transform=\"translate(0 0)\"><path id=\"Line_200\" d=\"M0,.473H17.824\" transform=\"translate(0.093 6.931)\" fill=\"none\" stroke=\"#51acf0\" stroke-linecap=\"round\" stroke-linejoin=\"round\" stroke-miterlimit=\"10\" stroke-width=\"1.5\"><\/path><path id=\"Line_201\" d=\"M.459.473H.468\" transform=\"translate(12.984 10.837)\" fill=\"none\" stroke=\"#51acf0\" stroke-linecap=\"round\" stroke-linejoin=\"round\" stroke-miterlimit=\"10\" stroke-width=\"1.5\"><\/path><path id=\"Line_202\" d=\"M.459.473H.468\" transform=\"translate(8.546 10.837)\" fill=\"none\" stroke=\"#51acf0\" stroke-linecap=\"round\" stroke-linejoin=\"round\" stroke-miterlimit=\"10\" stroke-width=\"1.5\"><\/path><path id=\"Line_203\" d=\"M.459.473H.468\" transform=\"translate(4.099 10.837)\" fill=\"none\" stroke=\"#51acf0\" stroke-linecap=\"round\" stroke-linejoin=\"round\" stroke-miterlimit=\"10\" stroke-width=\"1.5\"><\/path><path id=\"Line_204\" d=\"M.459.473H.468\" transform=\"translate(12.984 14.723)\" fill=\"none\" stroke=\"#51acf0\" stroke-linecap=\"round\" stroke-linejoin=\"round\" stroke-miterlimit=\"10\" stroke-width=\"1.5\"><\/path><path id=\"Line_205\" d=\"M.459.473H.468\" transform=\"translate(8.546 14.723)\" fill=\"none\" stroke=\"#51acf0\" stroke-linecap=\"round\" stroke-linejoin=\"round\" stroke-miterlimit=\"10\" stroke-width=\"1.5\"><\/path><path id=\"Line_206\" d=\"M.459.473H.468\" transform=\"translate(4.099 14.723)\" fill=\"none\" stroke=\"#51acf0\" stroke-linecap=\"round\" stroke-linejoin=\"round\" stroke-miterlimit=\"10\" stroke-width=\"1.5\"><\/path><path id=\"Line_207\" d=\"M.463,0V3.291\" transform=\"translate(12.581 0)\" fill=\"none\" stroke=\"#51acf0\" stroke-linecap=\"round\" stroke-linejoin=\"round\" stroke-miterlimit=\"10\" stroke-width=\"1.5\"><\/path><path id=\"Line_208\" d=\"M.463,0V3.291\" transform=\"translate(4.502 0)\" fill=\"none\" stroke=\"#51acf0\" stroke-linecap=\"round\" stroke-linejoin=\"round\" stroke-miterlimit=\"10\" stroke-width=\"1.5\"><\/path><path id=\"Path\" d=\"M13.238,0H4.771C1.834,0,0,1.636,0,4.643v9.05c0,3.054,1.834,4.728,4.771,4.728h8.458c2.946,0,4.771-1.645,4.771-4.652V4.643C18.009,1.636,16.184,0,13.238,0Z\" transform=\"translate(0 1.579)\" fill=\"none\" stroke=\"#51acf0\" stroke-linecap=\"round\" stroke-linejoin=\"round\" stroke-miterlimit=\"10\" stroke-width=\"1.5\"><\/path><\/g><\/g><\/svg>\t\t\t\t\t\t\t<\/span>\n\t\t\t\t\t\t\t\t\t<span class=\"elementor-icon-list-text elementor-post-info__item elementor-post-info__item--type-custom\">\n\t\t\t\t\t\t\t\t\t\t 27.03.2026 - 01.04.2026\t\t\t\t\t<\/span>\n\t\t\t\t\t\t\t\t<\/li>\n\t\t\t\t<li class=\"elementor-icon-list-item elementor-repeater-item-9961ff0\">\n\t\t\t\t\t\t\t\t\t\t<span class=\"elementor-icon-list-icon\">\n\t\t\t\t\t\t\t\t<svg xmlns=\"http:\/\/www.w3.org\/2000\/svg\" width=\"16.857\" height=\"19.836\" viewBox=\"0 0 16.857 19.836\"><g id=\"Iconly_Light_Location\" data-name=\"Iconly\/Light\/Location\" transform=\"translate(0.75 0.75)\"><g id=\"Location\" transform=\"translate(-0.739 -0.739)\"><path id=\"Path_33958\" d=\"M0,7.652A7.678,7.678,0,1,1,15.357,7.7v.087a11.338,11.338,0,0,1-3.478,7.3,20.183,20.183,0,0,1-3.591,2.957.93.93,0,0,1-1.217,0,19.817,19.817,0,0,1-5.052-4.73A9.826,9.826,0,0,1,0,7.678Z\" transform=\"translate(0.739 0.739)\" fill=\"none\" stroke=\"#51acf0\" stroke-linecap=\"round\" stroke-linejoin=\"round\" stroke-miterlimit=\"10\" stroke-width=\"1.5\"><\/path><circle id=\"Ellipse_740\" cx=\"2.461\" cy=\"2.461\" r=\"2.461\" transform=\"translate(5.957 6.078)\" fill=\"none\" stroke=\"#51acf0\" stroke-linecap=\"round\" stroke-linejoin=\"round\" stroke-miterlimit=\"10\" stroke-width=\"1.5\"><\/circle><\/g><\/g><\/svg>\t\t\t\t\t\t\t<\/span>\n\t\t\t\t\t\t\t\t\t<span class=\"elementor-icon-list-text elementor-post-info__item elementor-post-info__item--type-custom\">\n\t\t\t\t\t\t\t\t\t\t<a href='https:\/\/gracialive.be\/fr\/venue\/afas-dome\/'>AFAS Dome<\/a>, Anvers, Paris\t\t\t\t\t<\/span>\n\t\t\t\t\t\t\t\t<\/li>\n\t\t\t\t<\/ul>\n\t\t\t\t<\/div>\n\t\t\t\t<\/div>\n\t\t\t\t<div class=\"elementor-element elementor-element-21ec3083 elementor-widget elementor-widget-shortcode\" data-id=\"21ec3083\" data-element_type=\"widget\" data-widget_type=\"shortcode.default\">\n\t\t\t\t<div class=\"elementor-widget-container\">\n\t\t\t\t\t<div class=\"elementor-shortcode\"><\/div>\n\t\t\t\t<\/div>\n\t\t\t\t<\/div>\n\t\t\t\t\t<\/div>\n\t\t<\/div>\n\t\t\t\t<div class=\"has_eae_slider elementor-column elementor-col-50 elementor-top-column elementor-element elementor-element-1e7be4e8\" data-id=\"1e7be4e8\" data-element_type=\"column\">\n\t\t\t<div class=\"elementor-widget-wrap elementor-element-populated\">\n\t\t\t\t\t\t<div class=\"elementor-element elementor-element-2ff880ff elementor-widget elementor-widget-image\" data-id=\"2ff880ff\" data-element_type=\"widget\" data-widget_type=\"image.default\">\n\t\t\t\t<div class=\"elementor-widget-container\">\n\t\t\t<style>\/*! elementor - v3.22.0 - 17-06-2024 *\/\n.elementor-widget-image{text-align:center}.elementor-widget-image a{display:inline-block}.elementor-widget-image a img[src$=\".svg\"]{width:48px}.elementor-widget-image img{vertical-align:middle;display:inline-block}<\/style>\t\t\t\t\t\t\t\t\t\t<img fetchpriority=\"high\" decoding=\"async\" width=\"1920\" height=\"1080\" src=\"https:\/\/gracialive.be\/wp-content\/uploads\/2024\/09\/bocelli-website-1920x1080-1.jpg\" class=\"attachment-full size-full wp-image-32321\" alt=\"\" srcset=\"https:\/\/gracialive.be\/wp-content\/uploads\/2024\/09\/bocelli-website-1920x1080-1.jpg 1920w, https:\/\/gracialive.be\/wp-content\/uploads\/2024\/09\/bocelli-website-1920x1080-1-300x169.jpg 300w, https:\/\/gracialive.be\/wp-content\/uploads\/2024\/09\/bocelli-website-1920x1080-1-1024x576.jpg 1024w, https:\/\/gracialive.be\/wp-content\/uploads\/2024\/09\/bocelli-website-1920x1080-1-768x432.jpg 768w, https:\/\/gracialive.be\/wp-content\/uploads\/2024\/09\/bocelli-website-1920x1080-1-1536x864.jpg 1536w, https:\/\/gracialive.be\/wp-content\/uploads\/2024\/09\/bocelli-website-1920x1080-1-1568x882.jpg 1568w\" sizes=\"(max-width: 34.9rem) calc(100vw - 2rem), (max-width: 53rem) calc(8 * (100vw \/ 12)), (min-width: 53rem) calc(6 * (100vw \/ 12)), 100vw\" \/>\t\t\t\t\t\t\t\t\t\t\t\t\t<\/div>\n\t\t\t\t<\/div>\n\t\t\t\t\t<\/div>\n\t\t<\/div>\n\t\t\t\t\t<\/div>\n\t\t<\/section>\n\t\t\t\t<section class=\"has_eae_slider elementor-section elementor-top-section elementor-element elementor-element-7b2ae6d elementor-section-full_width elementor-section-height-default elementor-section-height-default\" data-id=\"7b2ae6d\" data-element_type=\"section\" data-settings=\"{&quot;jet_parallax_layout_list&quot;:[]}\">\n\t\t\t\t\t\t<div class=\"elementor-container elementor-column-gap-no\">\n\t\t\t\t\t<div class=\"has_eae_slider elementor-column elementor-col-100 elementor-top-column elementor-element elementor-element-265b66f6\" data-id=\"265b66f6\" data-element_type=\"column\" data-settings=\"{&quot;background_background&quot;:&quot;classic&quot;}\">\n\t\t\t<div class=\"elementor-widget-wrap elementor-element-populated\">\n\t\t\t\t\t\t<div class=\"elementor-element elementor-element-6774ac75 border_heading_vacatures elementor-widget elementor-widget-heading\" data-id=\"6774ac75\" data-element_type=\"widget\" data-widget_type=\"heading.default\">\n\t\t\t\t<div class=\"elementor-widget-container\">\n\t\t\t<h1 class=\"elementor-heading-title elementor-size-default\">Pratique<\/h1>\t\t<\/div>\n\t\t\t\t<\/div>\n\t\t\t\t<div class=\"elementor-element elementor-element-405cc836 custom_repeater elementor-widget elementor-widget-shortcode\" data-id=\"405cc836\" data-element_type=\"widget\" data-widget_type=\"shortcode.default\">\n\t\t\t\t<div class=\"elementor-widget-container\">\n\t\t\t\t\t<div class=\"elementor-shortcode\"><section class=\"elementor-section elementor-section-boxed custom_repeater\"><div class=\"sub-events-cols elementor-container elementor-column-gap-default\"><div class=\"sub-event-col elementor-column elementor-col-14\" data-link=\"https:\/\/www.sportpaleis.be\/fr\/evenement\/andrea-bocelli-44c335dc\"><div class=\"elementor-widget-wrap\"><div class=\"sub-event-content\"><h4 class=\"sub-event-date elementor-element elementor-widget\">27 \/ 03<\/h4><div class=\"sub-event-title elementor-element elementor-widget\">AFAS Dome<\/div><div class=\"sub-event-location elementor-element elementor-widget\">Anvers<\/div><div class=\"sub-event-notes elementor-element elementor-widget\"><\/div><\/div><div class=\"sub-event-ticket-link elementor-element elementor-widget\"><a href=\"#\" style=\"background-color:#ecf7ff;color:black;\">Termin\u00e9<\/a><\/div><\/div><\/div><div class=\"sub-event-col elementor-column elementor-col-14\" data-link=\"https:\/\/www.ticketmaster.fr\/fr\/manifestation\/andrea-bocelli-billet\/idmanif\/599971\"><div class=\"elementor-widget-wrap\"><div class=\"sub-event-content\"><h4 class=\"sub-event-date elementor-element elementor-widget\">01 \/ 04<\/h4><div class=\"sub-event-title elementor-element elementor-widget\">Accor Arena<\/div><div class=\"sub-event-location elementor-element elementor-widget\">Paris<\/div><div class=\"sub-event-notes elementor-element elementor-widget\"><\/div><\/div><div class=\"sub-event-ticket-link elementor-element elementor-widget\"><a href=\"#\" style=\"background-color:#ecf7ff;color:black;\">Termin\u00e9<\/a><\/div><\/div><\/div><\/div><section><\/div>\n\t\t\t\t<\/div>\n\t\t\t\t<\/div>\n\t\t\t\t\t<\/div>\n\t\t<\/div>\n\t\t\t\t\t<\/div>\n\t\t<\/section>\n\t\t\t\t<section class=\"has_eae_slider elementor-section elementor-top-section elementor-element elementor-element-20f3281 elementor-section-boxed elementor-section-height-default elementor-section-height-default\" data-id=\"20f3281\" data-element_type=\"section\" data-settings=\"{&quot;jet_parallax_layout_list&quot;:[]}\">\n\t\t\t\t\t\t<div class=\"elementor-container elementor-column-gap-default\">\n\t\t\t\t\t<div class=\"has_eae_slider elementor-column elementor-col-50 elementor-top-column elementor-element elementor-element-3d5da58b\" data-id=\"3d5da58b\" data-element_type=\"column\">\n\t\t\t<div class=\"elementor-widget-wrap elementor-element-populated\">\n\t\t\t\t\t\t<div class=\"elementor-element elementor-element-4ae1b588 elementor-widget elementor-widget-image\" data-id=\"4ae1b588\" data-element_type=\"widget\" data-widget_type=\"image.default\">\n\t\t\t\t<div class=\"elementor-widget-container\">\n\t\t\t\t\t\t\t\t\t\t<figure class=\"wp-caption\">\n\t\t\t\t\t\t\t\t\t\t<img decoding=\"async\" width=\"506\" height=\"674\" src=\"https:\/\/gracialive.be\/wp-content\/uploads\/2024\/09\/andreabrasil_alo_alo_bahia.png\" class=\"attachment-full size-full wp-image-32706\" alt=\"\" srcset=\"https:\/\/gracialive.be\/wp-content\/uploads\/2024\/09\/andreabrasil_alo_alo_bahia.png 506w, https:\/\/gracialive.be\/wp-content\/uploads\/2024\/09\/andreabrasil_alo_alo_bahia-225x300.png 225w\" sizes=\"(max-width: 34.9rem) calc(100vw - 2rem), (max-width: 53rem) calc(8 * (100vw \/ 12)), (min-width: 53rem) calc(6 * (100vw \/ 12)), 100vw\" \/>\t\t\t\t\t\t\t\t\t\t\t<figcaption class=\"widget-image-caption wp-caption-text\"><\/figcaption>\n\t\t\t\t\t\t\t\t\t\t<\/figure>\n\t\t\t\t\t\t\t<\/div>\n\t\t\t\t<\/div>\n\t\t\t\t\t<\/div>\n\t\t<\/div>\n\t\t\t\t<div class=\"has_eae_slider elementor-column elementor-col-50 elementor-top-column elementor-element elementor-element-3d26d061\" data-id=\"3d26d061\" data-element_type=\"column\">\n\t\t\t<div class=\"elementor-widget-wrap elementor-element-populated\">\n\t\t\t\t\t\t<div class=\"elementor-element elementor-element-19e6d112 border_heading_vacatures elementor-widget elementor-widget-heading\" data-id=\"19e6d112\" data-element_type=\"widget\" data-widget_type=\"heading.default\">\n\t\t\t\t<div class=\"elementor-widget-container\">\n\t\t\t<h1 class=\"elementor-heading-title elementor-size-default\">Information<\/h1>\t\t<\/div>\n\t\t\t\t<\/div>\n\t\t\t\t<div class=\"elementor-element elementor-element-753a1013 elementor-widget elementor-widget-text-editor\" data-id=\"753a1013\" data-element_type=\"widget\" data-widget_type=\"text-editor.default\">\n\t\t\t\t<div class=\"elementor-widget-container\">\n\t\t\t\t\t\t\t<p><strong>Andrea Bocelli, reconnu dans le monde entier comme une ic\u00f4ne de la plus grande tradition vocale italienne, a vendu plus de 90 millions de disques<\/strong> au cours de sa carri\u00e8re et a collabor\u00e9 avec certaines des plus grandes stars de la pop mondiale, telles que <strong>C\u00e9line Dion, Tony Bennett, Ed Sheeran, Ariana Grande, Jennifer Lopez, Nicole Scherzinger<\/strong>, et bien d&#8217;autres. Cet artiste qui bat des records attire d&#8217;immenses foules \u00e0 travers le monde lors de ses concerts et a re\u00e7u de nombreuses distinctions, dont <strong>une \u00e9toile sur le Hollywood Walk of Fame, six nominations aux Grammy Awards et six nominations aux Latin Grammy Awards<\/strong>. <strong>Gr\u00e2ce \u00e0 son m\u00e9lange unique de musique classique et populaire, Bocelli touche des millions de personnes.<\/strong><\/p><p>Sa carri\u00e8re remarquable a commenc\u00e9 apr\u00e8s <strong>sa victoire au Festival de Sanremo en 1994<\/strong>, le propulsant tant dans la musique classique que dans la musique pop. En<strong> 2018<\/strong>, son album pop<strong> &#8220;S\u00ec<\/strong>&#8221; a \u00e9t\u00e9 lanc\u00e9 dans plus de 60 pays, avec notamment le single &#8220;<strong>If<\/strong> <strong>Only<\/strong>&#8221; et la chanson &#8220;<strong>Fall on Me<\/strong>&#8220;, un duo avec son fils Matteo Bocelli. Cet album a atteint la premi\u00e8re place dans les classements britanniques et am\u00e9ricains, une r\u00e9alisation historique.<\/p><p>En <strong>2020<\/strong>, Bocelli a donn\u00e9 <strong>une performance en live lors de l&#8217;\u00e9v\u00e9nement &#8220;Music for Hope&#8221; dans la cath\u00e9drale de Milan<\/strong>, qui a \u00e9t\u00e9 visionn\u00e9e <strong>plus de 28 millions de fois en seulement 24 heures, en faisant l&#8217;un des plus grands livestreams de musique classique de tous les temps.<\/strong> Son album &#8220;<strong>Believe<\/strong>&#8221; a \u00e9t\u00e9 publi\u00e9 en 2020 et comprend des titres c\u00e9l\u00e8bres tels que &#8220;<strong>You\u2019ll Never Walk Alone<\/strong>&#8221; et &#8220;<strong>Amazing<\/strong> <strong>Grace<\/strong>&#8220;, ainsi que <strong>des compositions originales de Bocelli et Ennio Morricone<\/strong>. Des stars telles que <strong>Cecilia Bartoli<\/strong> et <strong>Alison Krauss<\/strong> ont \u00e9galement pr\u00eat\u00e9 leurs voix pour des duos.<\/p><p><strong>En juillet 2024, le t\u00e9nor toscan a f\u00eat\u00e9 ses trois d\u00e9cennies de carri\u00e8re avec &#8220;Andrea Bocelli 30: The Celebration&#8221;<\/strong>, un concert de trois jours dans sa ville natale de Lajatico, en Italie, avec des performances de plusieurs stars telles <strong>qu&#8217;Ed Sheeran, Shania Twain, Jon Batiste, Russell Crowe, Sofia Vergara, David Foster, Christian Nodal, Sofia Carson, Laura Pausini, Tiziano Ferro, Zucchero, Giorgia,<\/strong> ainsi que ses enfants <strong>Matteo<\/strong> et <strong>Virginia<\/strong>. Des musiciens classiques de renom, tels que <strong>Placido Domingo, Jose Carreras, Lang Lang, Aida Garifullina, Bryn Terfel <\/strong>et<strong> Nadine Sierra<\/strong>, se sont joints\u00a0 \u00e9galement \u00e0 lui. Ce moment sp\u00e9cial est captur\u00e9 dans un film de concert r\u00e9alis\u00e9 par le laur\u00e9at d&#8217;un Emmy Award, Sam Wrench, confirmant ainsi le statut de Bocelli en tant qu&#8217;ic\u00f4ne culturelle et musicale.<\/p>\t\t\t\t\t\t<\/div>\n\t\t\t\t<\/div>\n\t\t\t\t<div class=\"elementor-element elementor-element-df142a3 elementor-widget elementor-widget-text-editor\" data-id=\"df142a3\" data-element_type=\"widget\" data-widget_type=\"text-editor.default\">\n\t\t\t\t<div class=\"elementor-widget-container\">\n\t\t\t\t\t\t\t<p><em><strong>Le vendredi 27 mars 2026, le t\u00e9nor acclam\u00e9 fera escale Sportpaleis d\u2019Anvers pour un concert spectaculaire comprenant ses plus grands succ\u00e8s des trois derni\u00e8res d\u00e9cennies ainsi que les airs d&#8217;op\u00e9ra les plus aim\u00e9s. \u00a0Le mercredi 1er avril 2026, Gracia Live organisera \u00e9galement le concert d&#8217;Andrea Bocelli \u00e0 l&#8217;Accor Arena de Paris.<\/strong><\/em><\/p>\t\t\t\t\t\t<\/div>\n\t\t\t\t<\/div>\n\t\t\t\t\t<\/div>\n\t\t<\/div>\n\t\t\t\t\t<\/div>\n\t\t<\/section>\n\t\t\t\t<section class=\"has_eae_slider elementor-section elementor-top-section elementor-element elementor-element-3473c76d elementor-section-boxed elementor-section-height-default elementor-section-height-default\" data-id=\"3473c76d\" data-element_type=\"section\" data-settings=\"{&quot;jet_parallax_layout_list&quot;:[{&quot;jet_parallax_layout_image&quot;:{&quot;url&quot;:&quot;&quot;,&quot;id&quot;:&quot;&quot;,&quot;size&quot;:&quot;&quot;},&quot;_id&quot;:&quot;d5ed3cd&quot;,&quot;jet_parallax_layout_image_tablet&quot;:{&quot;url&quot;:&quot;&quot;,&quot;id&quot;:&quot;&quot;,&quot;size&quot;:&quot;&quot;},&quot;jet_parallax_layout_image_mobile&quot;:{&quot;url&quot;:&quot;&quot;,&quot;id&quot;:&quot;&quot;,&quot;size&quot;:&quot;&quot;},&quot;jet_parallax_layout_speed&quot;:{&quot;unit&quot;:&quot;%&quot;,&quot;size&quot;:50,&quot;sizes&quot;:[]},&quot;jet_parallax_layout_type&quot;:&quot;scroll&quot;,&quot;jet_parallax_layout_direction&quot;:null,&quot;jet_parallax_layout_fx_direction&quot;:null,&quot;jet_parallax_layout_z_index&quot;:&quot;&quot;,&quot;jet_parallax_layout_bg_x&quot;:50,&quot;jet_parallax_layout_bg_x_tablet&quot;:&quot;&quot;,&quot;jet_parallax_layout_bg_x_mobile&quot;:&quot;&quot;,&quot;jet_parallax_layout_bg_y&quot;:50,&quot;jet_parallax_layout_bg_y_tablet&quot;:&quot;&quot;,&quot;jet_parallax_layout_bg_y_mobile&quot;:&quot;&quot;,&quot;jet_parallax_layout_bg_size&quot;:&quot;auto&quot;,&quot;jet_parallax_layout_bg_size_tablet&quot;:&quot;&quot;,&quot;jet_parallax_layout_bg_size_mobile&quot;:&quot;&quot;,&quot;jet_parallax_layout_animation_prop&quot;:&quot;transform&quot;,&quot;jet_parallax_layout_on&quot;:[&quot;desktop&quot;,&quot;tablet&quot;]}],&quot;background_background&quot;:&quot;classic&quot;}\">\n\t\t\t\t\t\t<div class=\"elementor-container elementor-column-gap-default\">\n\t\t\t\t\t<div class=\"has_eae_slider elementor-column elementor-col-100 elementor-top-column elementor-element elementor-element-1025e0c5\" data-id=\"1025e0c5\" data-element_type=\"column\">\n\t\t\t<div class=\"elementor-widget-wrap elementor-element-populated\">\n\t\t\t\t\t\t<div class=\"elementor-element elementor-element-65a6db93 border_heading_vacatures elementor-widget elementor-widget-heading\" data-id=\"65a6db93\" data-element_type=\"widget\" data-widget_type=\"heading.default\">\n\t\t\t\t<div class=\"elementor-widget-container\">\n\t\t\t<h1 class=\"elementor-heading-title elementor-size-default\">Regardez et D\u00e9couvrez\u200b<\/h1>\t\t<\/div>\n\t\t\t\t<\/div>\n\t\t\t\t<section class=\"has_eae_slider elementor-section elementor-inner-section elementor-element elementor-element-3d0e5c7 elementor-section-boxed elementor-section-height-default elementor-section-height-default\" data-id=\"3d0e5c7\" data-element_type=\"section\" data-settings=\"{&quot;jet_parallax_layout_list&quot;:[]}\">\n\t\t\t\t\t\t<div class=\"elementor-container elementor-column-gap-default\">\n\t\t\t\t\t<div class=\"has_eae_slider elementor-column elementor-col-50 elementor-inner-column elementor-element elementor-element-1f4c87d2\" data-id=\"1f4c87d2\" data-element_type=\"column\">\n\t\t\t<div class=\"elementor-widget-wrap elementor-element-populated\">\n\t\t\t\t\t\t<div class=\"elementor-element elementor-element-39030b7 elementor-widget elementor-widget-jet-video\" data-id=\"39030b7\" data-element_type=\"widget\" data-widget_type=\"jet-video.default\">\n\t\t\t\t<div class=\"elementor-widget-container\">\n\t\t\t<div class=\"elementor-jet-video jet-elements\">\n<div class=\"jet-video jet-video--fa5-compat jet-video-aspect-ratio jet-video-aspect-ratio--16-9\" data-settings=\"{&quot;lightbox&quot;:false,&quot;autoplay&quot;:false}\"><iframe class=\"jet-video-iframe\" allowfullscreen allow=\"autoplay;encrypted-media\" title=\"Lecteur vid\u00e9o youtube\" data-lazy-load=\"https:\/\/www.youtube.com\/embed\/ChcR2gKt5WM?feature=oembed&amp;start&amp;end&amp;wmode=opaque&amp;autoplay=0&amp;loop=0&amp;controls=1&amp;mute=0&amp;rel=0&amp;modestbranding=0\"><\/iframe>\n<div class=\"jet-video__overlay jet-video__overlay--custom-bg\" style=\"background-image: url(https:\/\/i.ytimg.com\/vi\/ChcR2gKt5WM\/maxresdefault.jpg);\"><\/div>\n<\/div>\n<\/div>\t\t<\/div>\n\t\t\t\t<\/div>\n\t\t\t\t\t<\/div>\n\t\t<\/div>\n\t\t\t\t<div class=\"has_eae_slider elementor-column elementor-col-50 elementor-inner-column elementor-element elementor-element-31fa310b\" data-id=\"31fa310b\" data-element_type=\"column\">\n\t\t\t<div class=\"elementor-widget-wrap elementor-element-populated\">\n\t\t\t\t\t\t<div class=\"elementor-element elementor-element-6d29f49c elementor-widget elementor-widget-shortcode\" data-id=\"6d29f49c\" data-element_type=\"widget\" data-widget_type=\"shortcode.default\">\n\t\t\t\t<div class=\"elementor-widget-container\">\n\t\t\t\t\t<div class=\"elementor-shortcode\"><iframe style=\"border-radius:12px\" src=\"https:\/\/open.spotify.com\/embed\/artist\/3EA9hVIzKfFiQI0Kikz2wo?utm_source=generator\" width=\"100%\" height=\"352\" frameBorder=\"0\" allowfullscreen=\"\" allow=\"autoplay; clipboard-write; encrypted-media; fullscreen; picture-in-picture\" loading=\"lazy\"><\/iframe><\/div>\n\t\t\t\t<\/div>\n\t\t\t\t<\/div>\n\t\t\t\t\t<\/div>\n\t\t<\/div>\n\t\t\t\t\t<\/div>\n\t\t<\/section>\n\t\t\t\t\t<\/div>\n\t\t<\/div>\n\t\t\t\t\t<\/div>\n\t\t<\/section>\n\t\t\t\t<section class=\"has_eae_slider elementor-section elementor-top-section elementor-element elementor-element-428ed7c7 elementor-section-boxed elementor-section-height-default elementor-section-height-default\" data-id=\"428ed7c7\" data-element_type=\"section\" data-settings=\"{&quot;jet_parallax_layout_list&quot;:[{&quot;jet_parallax_layout_image&quot;:{&quot;url&quot;:&quot;&quot;,&quot;id&quot;:&quot;&quot;,&quot;size&quot;:&quot;&quot;},&quot;_id&quot;:&quot;d5ed3cd&quot;,&quot;jet_parallax_layout_image_tablet&quot;:{&quot;url&quot;:&quot;&quot;,&quot;id&quot;:&quot;&quot;,&quot;size&quot;:&quot;&quot;},&quot;jet_parallax_layout_image_mobile&quot;:{&quot;url&quot;:&quot;&quot;,&quot;id&quot;:&quot;&quot;,&quot;size&quot;:&quot;&quot;},&quot;jet_parallax_layout_speed&quot;:{&quot;unit&quot;:&quot;%&quot;,&quot;size&quot;:50,&quot;sizes&quot;:[]},&quot;jet_parallax_layout_type&quot;:&quot;scroll&quot;,&quot;jet_parallax_layout_direction&quot;:null,&quot;jet_parallax_layout_fx_direction&quot;:null,&quot;jet_parallax_layout_z_index&quot;:&quot;&quot;,&quot;jet_parallax_layout_bg_x&quot;:50,&quot;jet_parallax_layout_bg_x_tablet&quot;:&quot;&quot;,&quot;jet_parallax_layout_bg_x_mobile&quot;:&quot;&quot;,&quot;jet_parallax_layout_bg_y&quot;:50,&quot;jet_parallax_layout_bg_y_tablet&quot;:&quot;&quot;,&quot;jet_parallax_layout_bg_y_mobile&quot;:&quot;&quot;,&quot;jet_parallax_layout_bg_size&quot;:&quot;auto&quot;,&quot;jet_parallax_layout_bg_size_tablet&quot;:&quot;&quot;,&quot;jet_parallax_layout_bg_size_mobile&quot;:&quot;&quot;,&quot;jet_parallax_layout_animation_prop&quot;:&quot;transform&quot;,&quot;jet_parallax_layout_on&quot;:[&quot;desktop&quot;,&quot;tablet&quot;]}]}\">\n\t\t\t\t\t\t<div class=\"elementor-container elementor-column-gap-default\">\n\t\t\t\t\t<div class=\"has_eae_slider elementor-column elementor-col-100 elementor-top-column elementor-element elementor-element-aa5f75b\" data-id=\"aa5f75b\" data-element_type=\"column\">\n\t\t\t<div class=\"elementor-widget-wrap elementor-element-populated\">\n\t\t\t\t\t\t<div class=\"elementor-element elementor-element-49dde358 border_heading_vacatures elementor-widget elementor-widget-heading\" data-id=\"49dde358\" data-element_type=\"widget\" data-widget_type=\"heading.default\">\n\t\t\t\t<div class=\"elementor-widget-container\">\n\t\t\t<h1 class=\"elementor-heading-title elementor-size-default\">\u00c9v\u00e9nements similaires\u200b<\/h1>\t\t<\/div>\n\t\t\t\t<\/div>\n\t\t\t\t<div class=\"elementor-element elementor-element-68f319df css-posts-slider elementor-widget elementor-widget-jet-posts\" data-id=\"68f319df\" data-element_type=\"widget\" data-settings=\"{&quot;columns&quot;:&quot;3&quot;,&quot;columns_tablet&quot;:&quot;3&quot;,&quot;columns_mobile&quot;:&quot;1&quot;,&quot;slides_to_scroll&quot;:&quot;1&quot;}\" data-widget_type=\"jet-posts.default\">\n\t\t\t\t<div class=\"elementor-widget-container\">\n\t\t\t<div class=\"elementor-jet-posts jet-elements\"><div class=\"jet-posts col-row  jet-equal-cols\"><div class=\"jet-posts__item\">\n\t<!--  -->\n\t<a class=\"custom_link\" href=\"https:\/\/gracialive.be\/fr\/agenda\/lilyisthatyou-2026\/\">\n\t<!--  -->\n\t\t<div class=\"jet-posts__inner-box d-none d-md-block\" style=\"background-image: url('https:\/\/gracialive.be\/wp-content\/uploads\/2026\/04\/l-1920x1080-1.jpg'); background-repeat: no-repeat; background-size: cover; background-position: center center;\"><div class=\"jet-posts__inner-content\"><h4 class=\"entry-title\"><a href=\"https:\/\/gracialive.be\/fr\/agenda\/lilyisthatyou-2026\/\">Lilyisthatyou<\/a><\/h4><div class=\"post-meta\"><span class=\"post__modified_date post-meta__item\">26.09.2026<\/span>\n                <div class=\"relationship_post_info\">\n                                    <span class=\"post_info\">Cirque Royal Club<\/span>\n                            <\/div>\n        \n    <\/div><\/div><\/div>\n\t\t\n\t\t<div data-id=\"https:\/\/gracialive.be\/wp-content\/uploads\/2026\/04\/l-790x300-1.png\" class=\"jet-posts__inner-box d-md-none\" style=\"background-image: url('https:\/\/gracialive.be\/wp-content\/uploads\/2026\/04\/l-790x300-1.png'); background-repeat: no-repeat; aspect-ratio:79\/30; background-size: cover; background-position: center center;\"><div class=\"jet-posts__inner-content\"><h4 class=\"entry-title\"><a href=\"https:\/\/gracialive.be\/fr\/agenda\/lilyisthatyou-2026\/\">Lilyisthatyou<\/a><\/h4><div class=\"post-meta\"><span class=\"post__modified_date post-meta__item\">26.09.2026<\/span>\n                <div class=\"relationship_post_info\">\n                                    <span class=\"post_info\">Cirque Royal Club<\/span>\n                            <\/div>\n        \n    <\/div><\/div><\/div>\n\t<!--  -->\n\t<\/a>\n\t<!--  -->\n<\/div>\n<div class=\"jet-posts__item\">\n\t<!--  -->\n\t<a class=\"custom_link\" href=\"https:\/\/gracialive.be\/fr\/agenda\/asco-2026\/\">\n\t<!--  -->\n\t\t<div class=\"jet-posts__inner-box d-none d-md-block\" style=\"background-image: url('https:\/\/gracialive.be\/wp-content\/uploads\/2026\/04\/ASCO-featuredimage.png'); background-repeat: no-repeat; background-size: cover; background-position: center center;\"><div class=\"jet-posts__inner-content\"><h4 class=\"entry-title\"><a href=\"https:\/\/gracialive.be\/fr\/agenda\/asco-2026\/\">ASCO<\/a><\/h4><div class=\"post-meta\"><span class=\"post__modified_date post-meta__item\">07.10.2026<\/span>\n                <div class=\"relationship_post_info\">\n                                    <span class=\"post_info\">Cirque Royal<\/span>\n                            <\/div>\n        \n    <\/div><\/div><\/div>\n\t\t\n\t\t<div data-id=\"https:\/\/gracialive.be\/wp-content\/uploads\/2026\/04\/ASCO-mobileimage.png\" class=\"jet-posts__inner-box d-md-none\" style=\"background-image: url('https:\/\/gracialive.be\/wp-content\/uploads\/2026\/04\/ASCO-mobileimage.png'); background-repeat: no-repeat; aspect-ratio:79\/30; background-size: cover; background-position: center center;\"><div class=\"jet-posts__inner-content\"><h4 class=\"entry-title\"><a href=\"https:\/\/gracialive.be\/fr\/agenda\/asco-2026\/\">ASCO<\/a><\/h4><div class=\"post-meta\"><span class=\"post__modified_date post-meta__item\">07.10.2026<\/span>\n                <div class=\"relationship_post_info\">\n                                    <span class=\"post_info\">Cirque Royal<\/span>\n                            <\/div>\n        \n    <\/div><\/div><\/div>\n\t<!--  -->\n\t<\/a>\n\t<!--  -->\n<\/div>\n<div class=\"jet-posts__item\">\n\t<!--  -->\n\t<a class=\"custom_link\" href=\"https:\/\/gracialive.be\/fr\/agenda\/ruel-2026\/\">\n\t<!--  -->\n\t\t<div class=\"jet-posts__inner-box d-none d-md-block\" style=\"background-image: url('https:\/\/gracialive.be\/wp-content\/uploads\/2026\/04\/RUEL-featuredimage.png'); background-repeat: no-repeat; background-size: cover; background-position: center center;\"><div class=\"jet-posts__inner-content\"><h4 class=\"entry-title\"><a href=\"https:\/\/gracialive.be\/fr\/agenda\/ruel-2026\/\">Ruel<\/a><\/h4><div class=\"post-meta\"><span class=\"post__modified_date post-meta__item\">16.10.2026<\/span>\n                <div class=\"relationship_post_info\">\n                                    <span class=\"post_info\">La Madeleine<\/span>\n                            <\/div>\n        \n    <\/div><\/div><\/div>\n\t\t\n\t\t<div data-id=\"https:\/\/gracialive.be\/wp-content\/uploads\/2026\/04\/RUEL-mobileimage.png\" class=\"jet-posts__inner-box d-md-none\" style=\"background-image: url('https:\/\/gracialive.be\/wp-content\/uploads\/2026\/04\/RUEL-mobileimage.png'); background-repeat: no-repeat; aspect-ratio:79\/30; background-size: cover; background-position: center center;\"><div class=\"jet-posts__inner-content\"><h4 class=\"entry-title\"><a href=\"https:\/\/gracialive.be\/fr\/agenda\/ruel-2026\/\">Ruel<\/a><\/h4><div class=\"post-meta\"><span class=\"post__modified_date post-meta__item\">16.10.2026<\/span>\n                <div class=\"relationship_post_info\">\n                                    <span class=\"post_info\">La Madeleine<\/span>\n                            <\/div>\n        \n    <\/div><\/div><\/div>\n\t<!--  -->\n\t<\/a>\n\t<!--  -->\n<\/div>\n<\/div>\n<\/div>\t\t<\/div>\n\t\t\t\t<\/div>\n\t\t\t\t\t<\/div>\n\t\t<\/div>\n\t\t\t\t\t<\/div>\n\t\t<\/section>\n\t\t\t\t<\/div>\n\t\t","protected":false},"featured_media":32321,"template":"elementor_header_footer","meta":[],"categories":[308],"location":[261,263],"related_event":[],"yoast_head":"<!-- This site is optimized with the Yoast SEO Premium plugin v21.5 (Yoast SEO v21.5) - https:\/\/yoast.com\/wordpress\/plugins\/seo\/ -->\n<title>Andrea Bocelli - Gracia Live<\/title>\n<meta name=\"description\" content=\"Le mercredi 1er avril 2026, Andrea Bocelli fera escale \u00e0 l&#039;Accor Arena de Paris. Les tickets seront disponibles d\u00e8s le vendredi 27 septembre via www.gracialive.be\" \/>\n<meta name=\"robots\" content=\"index, follow, max-snippet:-1, max-image-preview:large, max-video-preview:-1\" \/>\n<link rel=\"canonical\" href=\"https:\/\/gracialive.be\/agenda\/andrea-bocelli-2026\/\" \/>\n<meta property=\"og:locale\" content=\"fr_FR\" \/>\n<meta property=\"og:type\" content=\"article\" \/>\n<meta property=\"og:title\" content=\"Andrea Bocelli\" \/>\n<meta property=\"og:description\" content=\"Le mercredi 1er avril 2026, Andrea Bocelli fera escale \u00e0 l&#039;Accor Arena de Paris. Les tickets seront disponibles d\u00e8s le vendredi 27 septembre via www.gracialive.be\" \/>\n<meta property=\"og:url\" content=\"https:\/\/gracialive.be\/agenda\/andrea-bocelli-2026\/\" \/>\n<meta property=\"og:site_name\" content=\"Gracia Live\" \/>\n<meta property=\"article:publisher\" content=\"https:\/\/www.facebook.com\/gracialivebelgium\" \/>\n<meta property=\"article:modified_time\" content=\"2026-04-05T16:16:11+00:00\" \/>\n<meta property=\"og:image\" content=\"https:\/\/gracialive.be\/wp-content\/uploads\/2024\/09\/bocelli-website-1920x1080-1.jpg\" \/>\n\t<meta property=\"og:image:width\" content=\"1920\" \/>\n\t<meta property=\"og:image:height\" content=\"1080\" \/>\n\t<meta property=\"og:image:type\" content=\"image\/jpeg\" \/>\n<meta name=\"twitter:card\" content=\"summary_large_image\" \/>\n<meta name=\"twitter:site\" content=\"@GRACIALIVEBEL\" \/>\n<meta name=\"twitter:label1\" content=\"Dur\u00e9e de lecture estim\u00e9e\" \/>\n\t<meta name=\"twitter:data1\" content=\"3 minutes\" \/>\n<script type=\"application\/ld+json\" class=\"yoast-schema-graph\">{\"@context\":\"https:\/\/schema.org\",\"@graph\":[{\"@type\":\"WebPage\",\"@id\":\"https:\/\/gracialive.be\/agenda\/andrea-bocelli-2026\/\",\"url\":\"https:\/\/gracialive.be\/agenda\/andrea-bocelli-2026\/\",\"name\":\"Andrea Bocelli - Gracia Live\",\"isPartOf\":{\"@id\":\"https:\/\/gracialive.be\/#website\"},\"datePublished\":\"2024-09-24T07:54:04+00:00\",\"dateModified\":\"2026-04-05T16:16:11+00:00\",\"description\":\"Le mercredi 1er avril 2026, Andrea Bocelli fera escale \u00e0 l'Accor Arena de Paris. Les tickets seront disponibles d\u00e8s le vendredi 27 septembre via www.gracialive.be\",\"breadcrumb\":{\"@id\":\"https:\/\/gracialive.be\/agenda\/andrea-bocelli-2026\/#breadcrumb\"},\"inLanguage\":\"fr-FR\",\"potentialAction\":[{\"@type\":\"ReadAction\",\"target\":[\"https:\/\/gracialive.be\/agenda\/andrea-bocelli-2026\/\"]}]},{\"@type\":\"BreadcrumbList\",\"@id\":\"https:\/\/gracialive.be\/agenda\/andrea-bocelli-2026\/#breadcrumb\",\"itemListElement\":[{\"@type\":\"ListItem\",\"position\":1,\"name\":\"Home\",\"item\":\"https:\/\/gracialive.be\/fr\/\"},{\"@type\":\"ListItem\",\"position\":2,\"name\":\"Events\",\"item\":\"https:\/\/gracialive.be\/archief\/\"},{\"@type\":\"ListItem\",\"position\":3,\"name\":\"Andrea Bocelli\"}]},{\"@type\":\"WebSite\",\"@id\":\"https:\/\/gracialive.be\/#website\",\"url\":\"https:\/\/gracialive.be\/\",\"name\":\"Gracia Live\",\"description\":\"Concert en Event Promotor Belgium\",\"publisher\":{\"@id\":\"https:\/\/gracialive.be\/#organization\"},\"potentialAction\":[{\"@type\":\"SearchAction\",\"target\":{\"@type\":\"EntryPoint\",\"urlTemplate\":\"https:\/\/gracialive.be\/?s={search_term_string}\"},\"query-input\":\"required name=search_term_string\"}],\"inLanguage\":\"fr-FR\"},{\"@type\":\"Organization\",\"@id\":\"https:\/\/gracialive.be\/#organization\",\"name\":\"Gracia Live\",\"url\":\"https:\/\/gracialive.be\/\",\"logo\":{\"@type\":\"ImageObject\",\"inLanguage\":\"fr-FR\",\"@id\":\"https:\/\/gracialive.be\/#\/schema\/logo\/image\/\",\"url\":\"https:\/\/gracialive.be\/wp-content\/uploads\/2022\/01\/cropped-GL-500x300_zwart.png\",\"contentUrl\":\"https:\/\/gracialive.be\/wp-content\/uploads\/2022\/01\/cropped-GL-500x300_zwart.png\",\"width\":512,\"height\":512,\"caption\":\"Gracia Live\"},\"image\":{\"@id\":\"https:\/\/gracialive.be\/#\/schema\/logo\/image\/\"},\"sameAs\":[\"https:\/\/www.facebook.com\/gracialivebelgium\",\"https:\/\/twitter.com\/GRACIALIVEBEL\",\"https:\/\/www.instagram.com\/gracialive_belgium\/\"]}]}<\/script>\n<!-- \/ Yoast SEO Premium plugin. -->","yoast_head_json":{"title":"Andrea Bocelli - Gracia Live","description":"Le mercredi 1er avril 2026, Andrea Bocelli fera escale \u00e0 l'Accor Arena de Paris. Les tickets seront disponibles d\u00e8s le vendredi 27 septembre via www.gracialive.be","robots":{"index":"index","follow":"follow","max-snippet":"max-snippet:-1","max-image-preview":"max-image-preview:large","max-video-preview":"max-video-preview:-1"},"canonical":"https:\/\/gracialive.be\/agenda\/andrea-bocelli-2026\/","og_locale":"fr_FR","og_type":"article","og_title":"Andrea Bocelli","og_description":"Le mercredi 1er avril 2026, Andrea Bocelli fera escale \u00e0 l'Accor Arena de Paris. Les tickets seront disponibles d\u00e8s le vendredi 27 septembre via www.gracialive.be","og_url":"https:\/\/gracialive.be\/agenda\/andrea-bocelli-2026\/","og_site_name":"Gracia Live","article_publisher":"https:\/\/www.facebook.com\/gracialivebelgium","article_modified_time":"2026-04-05T16:16:11+00:00","og_image":[{"width":1920,"height":1080,"url":"https:\/\/gracialive.be\/wp-content\/uploads\/2024\/09\/bocelli-website-1920x1080-1.jpg","type":"image\/jpeg"}],"twitter_card":"summary_large_image","twitter_site":"@GRACIALIVEBEL","twitter_misc":{"Dur\u00e9e de lecture estim\u00e9e":"3 minutes"},"schema":{"@context":"https:\/\/schema.org","@graph":[{"@type":"WebPage","@id":"https:\/\/gracialive.be\/agenda\/andrea-bocelli-2026\/","url":"https:\/\/gracialive.be\/agenda\/andrea-bocelli-2026\/","name":"Andrea Bocelli - Gracia Live","isPartOf":{"@id":"https:\/\/gracialive.be\/#website"},"datePublished":"2024-09-24T07:54:04+00:00","dateModified":"2026-04-05T16:16:11+00:00","description":"Le mercredi 1er avril 2026, Andrea Bocelli fera escale \u00e0 l'Accor Arena de Paris. Les tickets seront disponibles d\u00e8s le vendredi 27 septembre via www.gracialive.be","breadcrumb":{"@id":"https:\/\/gracialive.be\/agenda\/andrea-bocelli-2026\/#breadcrumb"},"inLanguage":"fr-FR","potentialAction":[{"@type":"ReadAction","target":["https:\/\/gracialive.be\/agenda\/andrea-bocelli-2026\/"]}]},{"@type":"BreadcrumbList","@id":"https:\/\/gracialive.be\/agenda\/andrea-bocelli-2026\/#breadcrumb","itemListElement":[{"@type":"ListItem","position":1,"name":"Home","item":"https:\/\/gracialive.be\/fr\/"},{"@type":"ListItem","position":2,"name":"Events","item":"https:\/\/gracialive.be\/archief\/"},{"@type":"ListItem","position":3,"name":"Andrea Bocelli"}]},{"@type":"WebSite","@id":"https:\/\/gracialive.be\/#website","url":"https:\/\/gracialive.be\/","name":"Gracia Live","description":"Concert en Event Promotor Belgium","publisher":{"@id":"https:\/\/gracialive.be\/#organization"},"potentialAction":[{"@type":"SearchAction","target":{"@type":"EntryPoint","urlTemplate":"https:\/\/gracialive.be\/?s={search_term_string}"},"query-input":"required name=search_term_string"}],"inLanguage":"fr-FR"},{"@type":"Organization","@id":"https:\/\/gracialive.be\/#organization","name":"Gracia Live","url":"https:\/\/gracialive.be\/","logo":{"@type":"ImageObject","inLanguage":"fr-FR","@id":"https:\/\/gracialive.be\/#\/schema\/logo\/image\/","url":"https:\/\/gracialive.be\/wp-content\/uploads\/2022\/01\/cropped-GL-500x300_zwart.png","contentUrl":"https:\/\/gracialive.be\/wp-content\/uploads\/2022\/01\/cropped-GL-500x300_zwart.png","width":512,"height":512,"caption":"Gracia Live"},"image":{"@id":"https:\/\/gracialive.be\/#\/schema\/logo\/image\/"},"sameAs":["https:\/\/www.facebook.com\/gracialivebelgium","https:\/\/twitter.com\/GRACIALIVEBEL","https:\/\/www.instagram.com\/gracialive_belgium\/"]}]}},"acf":{"custom_event_status":"27\/09 \u00e0 10h","event_venue":[{"ID":3109,"post_author":"17","post_date":"2022-02-04 10:00:56","post_date_gmt":"2022-02-04 10:00:56","post_content":"<p>De AFAS Dome is een evenementenhal waar grote evenementen georganiseerd worden, zoals concerten, sportbijeenkomsten, feesten en beurzen. Oorspronkelijk werd het gebouw voor sportwedstrijden gebruikt. Nu ligt meer de focus op andere types van evenementen.<\/p><p>De AFAS Dome, Lotto Arena, Capitole Gent en Vorst Nationaal behoren tot Be\u2022at.<\/p>\t\t\n\t\t\t<h4>Pratique<\/h4>\t\t\n\t\t\t<a role=\"button\">\n\t\t\t\t\t\t\t\t\tDescription de la route\n\t\t\t\t\t<\/a>\n\t\t\t<h4>Plan du Salle<\/h4>\t\t\n\t\t<p>De zaal heeft over 13.400 zitplaatsen en daarnaast nog een capaciteit op het middenplein van bijna 2.000 zitplaatsen tot 5.000 staanplaatsen. De huidige maximale capaciteit van het Sportpaleis is dus 18.400 plaatsen. Gedurende de laatste zomers werden er verbouwingen uitgevoerd om tot een capaciteit van 23.359 plaatsen te komen met oog voor een betere toegankelijkheid. Het Sportpaleis is gebouwd in ellipsvorm en heeft twee verdiepingen.<\/p><p>Zowel op de bovenste verdieping als op de benedenverdieping is er een goede zichtbaarheid voor het publiek. <br \/>Het zaalplan van de AFAS Dome vindt u hier:<\/p>\t\t\n\t\t\t\t\t\t\t\t\t\t\t\t\t<img width=\"428\" height=\"646\" src=\"https:\/\/gracialive.be\/wp-content\/uploads\/2022\/02\/Image-35.png\" alt=\"\" srcset=\"https:\/\/gracialive.be\/wp-content\/uploads\/2022\/02\/Image-35.png 428w, https:\/\/gracialive.be\/wp-content\/uploads\/2022\/02\/Image-35-199x300.png 199w\" sizes=\"(max-width: 428px) 100vw, 428px\" \/>\t\t\t\t\t\t\t\t\t\t\t\t\t\n\t\t\t<h1>Concert agenda<\/h1>\t\t\n\t\t<p style=\"text-align: center;\">Vous trouverez ci-dessous l'agenda de tous nos futurs concerts ici.<\/p>[show_events_list_venue]\t\t\n\t\t\t<a href=\"\/agenda\/\">\n\t\t\t\t\t\t\t\t\tVoir l'agenda complet\n\t\t\t\t\t<\/a>","post_title":"AFAS Dome","post_excerpt":"","post_status":"publish","comment_status":"closed","ping_status":"closed","post_password":"","post_name":"afas-dome","to_ping":"","pinged":"","post_modified":"2026-03-11 14:47:20","post_modified_gmt":"2026-03-11 12:47:20","post_content_filtered":"","post_parent":0,"guid":"https:\/\/gracialive.be\/venue\/sportpaleis\/","menu_order":0,"post_type":"venue","post_mime_type":"","comment_count":"0","filter":"raw"}],"event_feature_image_m":"https:\/\/gracialive.be\/wp-content\/uploads\/2024\/09\/bocelli-website-790x300-1.jpg","event_related_events":"","event_notes":"","event_description":"Le chanteur t\u00e9nor italien de renomm\u00e9e internationale Andrea Bocelli sera pr\u00e9sent au Sportpaleis d'Anvers et \u00e0 l'Accor Arena \u00e0 Paris en 2026 pour un concert \u00e0 ne pas manquer, au cours duquel il interpr\u00e9tera ses plus grands succ\u00e8s et ses classiques d'op\u00e9ra les plus appr\u00e9ci\u00e9s !","select_event_type":false,"event_date":"27.03.2026","event_location":[{"term_id":261,"name":"Anvers","slug":"antwerpen-fr","term_group":0,"term_taxonomy_id":261,"taxonomy":"location","description":"","parent":0,"count":13,"filter":"raw"},{"term_id":263,"name":"Paris","slug":"parijs-fr","term_group":0,"term_taxonomy_id":263,"taxonomy":"location","description":"","parent":0,"count":2,"filter":"raw"}],"event_status":"Afgelopen","event_get_ticket_link":"https:\/\/bit.ly\/AndreaBocelli_Paris26","event_date_mention":"27.03.2026 - 01.04.2026","multiple_events":[{"sub_event_date":"27.03.2026","sub_event_venue":[{"ID":3109,"post_author":"17","post_date":"2022-02-04 10:00:56","post_date_gmt":"2022-02-04 10:00:56","post_content":"<p>De AFAS Dome is een evenementenhal waar grote evenementen georganiseerd worden, zoals concerten, sportbijeenkomsten, feesten en beurzen. Oorspronkelijk werd het gebouw voor sportwedstrijden gebruikt. Nu ligt meer de focus op andere types van evenementen.<\/p><p>De AFAS Dome, Lotto Arena, Capitole Gent en Vorst Nationaal behoren tot Be\u2022at.<\/p>\t\t\n\t\t\t<h4>Pratique<\/h4>\t\t\n\t\t\t<a role=\"button\">\n\t\t\t\t\t\t\t\t\tDescription de la route\n\t\t\t\t\t<\/a>\n\t\t\t<h4>Plan du Salle<\/h4>\t\t\n\t\t<p>De zaal heeft over 13.400 zitplaatsen en daarnaast nog een capaciteit op het middenplein van bijna 2.000 zitplaatsen tot 5.000 staanplaatsen. De huidige maximale capaciteit van het Sportpaleis is dus 18.400 plaatsen. Gedurende de laatste zomers werden er verbouwingen uitgevoerd om tot een capaciteit van 23.359 plaatsen te komen met oog voor een betere toegankelijkheid. Het Sportpaleis is gebouwd in ellipsvorm en heeft twee verdiepingen.<\/p><p>Zowel op de bovenste verdieping als op de benedenverdieping is er een goede zichtbaarheid voor het publiek. <br \/>Het zaalplan van de AFAS Dome vindt u hier:<\/p>\t\t\n\t\t\t\t\t\t\t\t\t\t\t\t\t<img width=\"428\" height=\"646\" src=\"https:\/\/gracialive.be\/wp-content\/uploads\/2022\/02\/Image-35.png\" alt=\"\" srcset=\"https:\/\/gracialive.be\/wp-content\/uploads\/2022\/02\/Image-35.png 428w, https:\/\/gracialive.be\/wp-content\/uploads\/2022\/02\/Image-35-199x300.png 199w\" sizes=\"(max-width: 428px) 100vw, 428px\" \/>\t\t\t\t\t\t\t\t\t\t\t\t\t\n\t\t\t<h1>Concert agenda<\/h1>\t\t\n\t\t<p style=\"text-align: center;\">Vous trouverez ci-dessous l'agenda de tous nos futurs concerts ici.<\/p>[show_events_list_venue]\t\t\n\t\t\t<a href=\"\/agenda\/\">\n\t\t\t\t\t\t\t\t\tVoir l'agenda complet\n\t\t\t\t\t<\/a>","post_title":"AFAS Dome","post_excerpt":"","post_status":"publish","comment_status":"closed","ping_status":"closed","post_password":"","post_name":"afas-dome","to_ping":"","pinged":"","post_modified":"2026-03-11 14:47:20","post_modified_gmt":"2026-03-11 12:47:20","post_content_filtered":"","post_parent":0,"guid":"https:\/\/gracialive.be\/venue\/sportpaleis\/","menu_order":0,"post_type":"venue","post_mime_type":"","comment_count":"0","filter":"raw"}],"sub_event_location":{"term_id":261,"name":"Anvers","slug":"antwerpen-fr","term_group":0,"term_taxonomy_id":261,"taxonomy":"location","description":"","parent":0,"count":13,"filter":"raw"},"sub_event_notes":"","sub_event_ticket_link":"https:\/\/www.sportpaleis.be\/fr\/evenement\/andrea-bocelli-44c335dc","sub_event_status":"Laatste tickets","sub_custom_event_status":""},{"sub_event_date":"01.04.2026","sub_event_venue":[{"ID":30990,"post_author":"20","post_date":"2024-06-13 12:36:58","post_date_gmt":"0000-00-00 00:00:00","post_content":"","post_title":"Accor Arena","post_excerpt":"","post_status":"draft","comment_status":"closed","ping_status":"closed","post_password":"","post_name":"","to_ping":"","pinged":"","post_modified":"2024-06-13 12:36:58","post_modified_gmt":"2024-06-13 11:36:58","post_content_filtered":"","post_parent":0,"guid":"https:\/\/gracialive.be\/?post_type=venue&#038;p=30990","menu_order":0,"post_type":"venue","post_mime_type":"","comment_count":"0","filter":"raw"}],"sub_event_location":{"term_id":263,"name":"Paris","slug":"parijs-fr","term_group":0,"term_taxonomy_id":263,"taxonomy":"location","description":"","parent":0,"count":2,"filter":"raw"},"sub_event_notes":"","sub_event_ticket_link":"https:\/\/www.ticketmaster.fr\/fr\/manifestation\/andrea-bocelli-billet\/idmanif\/599971","sub_event_status":"Tickets beschikbaar","sub_custom_event_status":""}]},"_links":{"self":[{"href":"https:\/\/gracialive.be\/fr\/wp-json\/wp\/v2\/agenda\/32331"}],"collection":[{"href":"https:\/\/gracialive.be\/fr\/wp-json\/wp\/v2\/agenda"}],"about":[{"href":"https:\/\/gracialive.be\/fr\/wp-json\/wp\/v2\/types\/agenda"}],"version-history":[{"count":27,"href":"https:\/\/gracialive.be\/fr\/wp-json\/wp\/v2\/agenda\/32331\/revisions"}],"predecessor-version":[{"id":130231,"href":"https:\/\/gracialive.be\/fr\/wp-json\/wp\/v2\/agenda\/32331\/revisions\/130231"}],"wp:featuredmedia":[{"embeddable":true,"href":"https:\/\/gracialive.be\/fr\/wp-json\/wp\/v2\/media\/32321"}],"wp:attachment":[{"href":"https:\/\/gracialive.be\/fr\/wp-json\/wp\/v2\/media?parent=32331"}],"wp:term":[{"taxonomy":"category","embeddable":true,"href":"https:\/\/gracialive.be\/fr\/wp-json\/wp\/v2\/categories?post=32331"},{"taxonomy":"location","embeddable":true,"href":"https:\/\/gracialive.be\/fr\/wp-json\/wp\/v2\/location?post=32331"},{"taxonomy":"related_event","embeddable":true,"href":"https:\/\/gracialive.be\/fr\/wp-json\/wp\/v2\/related_event?post=32331"}],"curies":[{"name":"wp","href":"https:\/\/api.w.org\/{rel}","templated":true}]}}