{"id":32018,"date":"2024-09-06T15:07:19","date_gmt":"2024-09-06T13:07:19","guid":{"rendered":"https:\/\/gracialive.be\/agenda\/baby-gang-2024\/"},"modified":"2024-11-10T18:15:51","modified_gmt":"2024-11-10T16:15:51","slug":"baby-gang-2024","status":"archive","type":"agenda","link":"https:\/\/gracialive.be\/fr\/agenda\/baby-gang-2024\/","title":{"rendered":"Baby Gang"},"content":{"rendered":"\t\t<div data-elementor-type=\"wp-post\" data-elementor-id=\"32018\" class=\"elementor elementor-32018 elementor-32000\" data-elementor-post-type=\"agenda\">\n\t\t\t\t\t\t<section class=\"has_eae_slider elementor-section elementor-top-section elementor-element elementor-element-9561b90 elementor-section-boxed elementor-section-height-default elementor-section-height-default\" data-id=\"9561b90\" data-element_type=\"section\" data-settings=\"{&quot;jet_parallax_layout_list&quot;:[],&quot;background_background&quot;:&quot;classic&quot;}\">\n\t\t\t\t\t\t<div class=\"elementor-container elementor-column-gap-default\">\n\t\t\t\t\t<div class=\"has_eae_slider elementor-column elementor-col-50 elementor-top-column elementor-element elementor-element-171d0dde\" data-id=\"171d0dde\" data-element_type=\"column\">\n\t\t\t<div class=\"elementor-widget-wrap elementor-element-populated\">\n\t\t\t\t\t\t<div class=\"elementor-element elementor-element-1b6ef9ea breadcrumb_css elementor-hidden-desktop elementor-hidden-tablet elementor-hidden-mobile elementor-widget elementor-widget-wp-widget-bcn_widget\" data-id=\"1b6ef9ea\" data-element_type=\"widget\" data-widget_type=\"wp-widget-bcn_widget.default\">\n\t\t\t\t<div class=\"elementor-widget-container\">\n\t\t\t<div class=\"breadcrumbs\" vocab=\"https:\/\/schema.org\/\" typeof=\"BreadcrumbList\"><!-- Breadcrumb NavXT 7.0.2 -->\n<span property=\"itemListElement\" typeof=\"ListItem\"><a property=\"item\" typeof=\"WebPage\" title=\"Go to Gracia Live.\" href=\"https:\/\/gracialive.be\/fr\/\" class=\"home\" aria-current=\"page\"><span property=\"name\">Home<\/span><\/a><meta property=\"position\" content=\"1\"><\/span><\/div>\t\t<\/div>\n\t\t\t\t<\/div>\n\t\t\t\t<div class=\"elementor-element elementor-element-1523ee29 elementor-widget elementor-widget-theme-post-title elementor-page-title elementor-widget-heading\" data-id=\"1523ee29\" data-element_type=\"widget\" data-widget_type=\"theme-post-title.default\">\n\t\t\t\t<div class=\"elementor-widget-container\">\n\t\t\t<style>\/*! elementor - v3.22.0 - 17-06-2024 *\/\n.elementor-heading-title{padding:0;margin:0;line-height:1}.elementor-widget-heading .elementor-heading-title[class*=elementor-size-]>a{color:inherit;font-size:inherit;line-height:inherit}.elementor-widget-heading .elementor-heading-title.elementor-size-small{font-size:15px}.elementor-widget-heading .elementor-heading-title.elementor-size-medium{font-size:19px}.elementor-widget-heading .elementor-heading-title.elementor-size-large{font-size:29px}.elementor-widget-heading .elementor-heading-title.elementor-size-xl{font-size:39px}.elementor-widget-heading .elementor-heading-title.elementor-size-xxl{font-size:59px}<\/style><h1 class=\"elementor-heading-title elementor-size-default\">Baby Gang<\/h1>\t\t<\/div>\n\t\t\t\t<\/div>\n\t\t\t\t<div class=\"elementor-element elementor-element-48ab4b7a elementor-widget elementor-widget-shortcode\" data-id=\"48ab4b7a\" data-element_type=\"widget\" data-widget_type=\"shortcode.default\">\n\t\t\t\t<div class=\"elementor-widget-container\">\n\t\t\t\t\t<div class=\"elementor-shortcode\">Le rappeur italien Baby Gang sera \u00e0 Bruxelles, Paris et Luxembourg en novembre avec sa tourn\u00e9e europ\u00e9enne \u00ab The End Of The World \u00bb. Les fans peuvent s'attendre \u00e0 un concert inoubliable c\u00e9l\u00e9brant son parcours musical.<\/div>\n\t\t\t\t<\/div>\n\t\t\t\t<\/div>\n\t\t\t\t<div class=\"elementor-element elementor-element-536cdb16 elementor-hidden-desktop elementor-hidden-tablet elementor-hidden-mobile elementor-widget elementor-widget-heading\" data-id=\"536cdb16\" data-element_type=\"widget\" data-widget_type=\"heading.default\">\n\t\t\t\t<div class=\"elementor-widget-container\">\n\t\t\t<h4 class=\"elementor-heading-title elementor-size-default\">Praktisch<\/h4>\t\t<\/div>\n\t\t\t\t<\/div>\n\t\t\t\t<div class=\"elementor-element elementor-element-4f81d7da elementor-hidden-desktop elementor-hidden-tablet elementor-hidden-mobile elementor-widget elementor-widget-text-editor\" data-id=\"4f81d7da\" data-element_type=\"widget\" data-widget_type=\"text-editor.default\">\n\t\t\t\t<div class=\"elementor-widget-container\">\n\t\t\t<style>\/*! elementor - v3.22.0 - 17-06-2024 *\/\n.elementor-widget-text-editor.elementor-drop-cap-view-stacked .elementor-drop-cap{background-color:#69727d;color:#fff}.elementor-widget-text-editor.elementor-drop-cap-view-framed .elementor-drop-cap{color:#69727d;border:3px solid;background-color:transparent}.elementor-widget-text-editor:not(.elementor-drop-cap-view-default) .elementor-drop-cap{margin-top:8px}.elementor-widget-text-editor:not(.elementor-drop-cap-view-default) .elementor-drop-cap-letter{width:1em;height:1em}.elementor-widget-text-editor .elementor-drop-cap{float:left;text-align:center;line-height:1;font-size:50px}.elementor-widget-text-editor .elementor-drop-cap-letter{display:inline-block}<\/style>\t\t\t\t<p>Bekijk hieronder alle data\u00a0<\/p>\t\t\t\t\t\t<\/div>\n\t\t\t\t<\/div>\n\t\t\t\t<div class=\"elementor-element elementor-element-30e59220 elementor-hidden-desktop elementor-hidden-tablet elementor-hidden-mobile elementor-widget elementor-widget-post-info\" data-id=\"30e59220\" data-element_type=\"widget\" data-widget_type=\"post-info.default\">\n\t\t\t\t<div class=\"elementor-widget-container\">\n\t\t\t<link rel=\"stylesheet\" href=\"https:\/\/gracialive.be\/wp-content\/plugins\/elementor\/assets\/css\/widget-icon-list.min.css\"><link rel=\"stylesheet\" href=\"https:\/\/gracialive.be\/wp-content\/plugins\/elementor-pro\/assets\/css\/widget-theme-elements.min.css\">\t\t<ul class=\"elementor-icon-list-items elementor-post-info\">\n\t\t\t\t\t\t\t\t<li class=\"elementor-icon-list-item elementor-repeater-item-bc12b72\">\n\t\t\t\t\t\t\t\t\t\t<span class=\"elementor-icon-list-icon\">\n\t\t\t\t\t\t\t\t<svg xmlns=\"http:\/\/www.w3.org\/2000\/svg\" width=\"19.5\" height=\"21.5\" viewBox=\"0 0 19.5 21.5\"><g id=\"Iconly_Light_Calendar\" data-name=\"Iconly\/Light\/Calendar\" transform=\"translate(0.75 0.75)\"><g id=\"Calendar\" transform=\"translate(0 0)\"><path id=\"Line_200\" d=\"M0,.473H17.824\" transform=\"translate(0.093 6.931)\" fill=\"none\" stroke=\"#51acf0\" stroke-linecap=\"round\" stroke-linejoin=\"round\" stroke-miterlimit=\"10\" stroke-width=\"1.5\"><\/path><path id=\"Line_201\" d=\"M.459.473H.468\" transform=\"translate(12.984 10.837)\" fill=\"none\" stroke=\"#51acf0\" stroke-linecap=\"round\" stroke-linejoin=\"round\" stroke-miterlimit=\"10\" stroke-width=\"1.5\"><\/path><path id=\"Line_202\" d=\"M.459.473H.468\" transform=\"translate(8.546 10.837)\" fill=\"none\" stroke=\"#51acf0\" stroke-linecap=\"round\" stroke-linejoin=\"round\" stroke-miterlimit=\"10\" stroke-width=\"1.5\"><\/path><path id=\"Line_203\" d=\"M.459.473H.468\" transform=\"translate(4.099 10.837)\" fill=\"none\" stroke=\"#51acf0\" stroke-linecap=\"round\" stroke-linejoin=\"round\" stroke-miterlimit=\"10\" stroke-width=\"1.5\"><\/path><path id=\"Line_204\" d=\"M.459.473H.468\" transform=\"translate(12.984 14.723)\" fill=\"none\" stroke=\"#51acf0\" stroke-linecap=\"round\" stroke-linejoin=\"round\" stroke-miterlimit=\"10\" stroke-width=\"1.5\"><\/path><path id=\"Line_205\" d=\"M.459.473H.468\" transform=\"translate(8.546 14.723)\" fill=\"none\" stroke=\"#51acf0\" stroke-linecap=\"round\" stroke-linejoin=\"round\" stroke-miterlimit=\"10\" stroke-width=\"1.5\"><\/path><path id=\"Line_206\" d=\"M.459.473H.468\" transform=\"translate(4.099 14.723)\" fill=\"none\" stroke=\"#51acf0\" stroke-linecap=\"round\" stroke-linejoin=\"round\" stroke-miterlimit=\"10\" stroke-width=\"1.5\"><\/path><path id=\"Line_207\" d=\"M.463,0V3.291\" transform=\"translate(12.581 0)\" fill=\"none\" stroke=\"#51acf0\" stroke-linecap=\"round\" stroke-linejoin=\"round\" stroke-miterlimit=\"10\" stroke-width=\"1.5\"><\/path><path id=\"Line_208\" d=\"M.463,0V3.291\" transform=\"translate(4.502 0)\" fill=\"none\" stroke=\"#51acf0\" stroke-linecap=\"round\" stroke-linejoin=\"round\" stroke-miterlimit=\"10\" stroke-width=\"1.5\"><\/path><path id=\"Path\" d=\"M13.238,0H4.771C1.834,0,0,1.636,0,4.643v9.05c0,3.054,1.834,4.728,4.771,4.728h8.458c2.946,0,4.771-1.645,4.771-4.652V4.643C18.009,1.636,16.184,0,13.238,0Z\" transform=\"translate(0 1.579)\" fill=\"none\" stroke=\"#51acf0\" stroke-linecap=\"round\" stroke-linejoin=\"round\" stroke-miterlimit=\"10\" stroke-width=\"1.5\"><\/path><\/g><\/g><\/svg>\t\t\t\t\t\t\t<\/span>\n\t\t\t\t\t\t\t\t\t<span class=\"elementor-icon-list-text elementor-post-info__item elementor-post-info__item--type-custom\">\n\t\t\t\t\t\t\t\t\t\t 04 - 06.11.2024\t\t\t\t\t<\/span>\n\t\t\t\t\t\t\t\t<\/li>\n\t\t\t\t<li class=\"elementor-icon-list-item elementor-repeater-item-9961ff0\">\n\t\t\t\t\t\t\t\t\t\t<span class=\"elementor-icon-list-icon\">\n\t\t\t\t\t\t\t\t<svg xmlns=\"http:\/\/www.w3.org\/2000\/svg\" width=\"16.857\" height=\"19.836\" viewBox=\"0 0 16.857 19.836\"><g id=\"Iconly_Light_Location\" data-name=\"Iconly\/Light\/Location\" transform=\"translate(0.75 0.75)\"><g id=\"Location\" transform=\"translate(-0.739 -0.739)\"><path id=\"Path_33958\" d=\"M0,7.652A7.678,7.678,0,1,1,15.357,7.7v.087a11.338,11.338,0,0,1-3.478,7.3,20.183,20.183,0,0,1-3.591,2.957.93.93,0,0,1-1.217,0,19.817,19.817,0,0,1-5.052-4.73A9.826,9.826,0,0,1,0,7.678Z\" transform=\"translate(0.739 0.739)\" fill=\"none\" stroke=\"#51acf0\" stroke-linecap=\"round\" stroke-linejoin=\"round\" stroke-miterlimit=\"10\" stroke-width=\"1.5\"><\/path><circle id=\"Ellipse_740\" cx=\"2.461\" cy=\"2.461\" r=\"2.461\" transform=\"translate(5.957 6.078)\" fill=\"none\" stroke=\"#51acf0\" stroke-linecap=\"round\" stroke-linejoin=\"round\" stroke-miterlimit=\"10\" stroke-width=\"1.5\"><\/circle><\/g><\/g><\/svg>\t\t\t\t\t\t\t<\/span>\n\t\t\t\t\t\t\t\t\t<span class=\"elementor-icon-list-text elementor-post-info__item elementor-post-info__item--type-custom\">\n\t\t\t\t\t\t\t\t\t\t<a href='https:\/\/gracialive.be\/fr\/venue\/cirque-royal\/'>Cirque Royal<\/a>, Bruxelles, Paris, Luxembourg\t\t\t\t\t<\/span>\n\t\t\t\t\t\t\t\t<\/li>\n\t\t\t\t<\/ul>\n\t\t\t\t<\/div>\n\t\t\t\t<\/div>\n\t\t\t\t<div class=\"elementor-element elementor-element-5a57080d elementor-widget elementor-widget-shortcode\" data-id=\"5a57080d\" data-element_type=\"widget\" data-widget_type=\"shortcode.default\">\n\t\t\t\t<div class=\"elementor-widget-container\">\n\t\t\t\t\t<div class=\"elementor-shortcode\"><\/div>\n\t\t\t\t<\/div>\n\t\t\t\t<\/div>\n\t\t\t\t\t<\/div>\n\t\t<\/div>\n\t\t\t\t<div class=\"has_eae_slider elementor-column elementor-col-50 elementor-top-column elementor-element elementor-element-534548e5\" data-id=\"534548e5\" data-element_type=\"column\">\n\t\t\t<div class=\"elementor-widget-wrap elementor-element-populated\">\n\t\t\t\t\t\t<div class=\"elementor-element elementor-element-6619391a elementor-widget elementor-widget-image\" data-id=\"6619391a\" data-element_type=\"widget\" data-widget_type=\"image.default\">\n\t\t\t\t<div class=\"elementor-widget-container\">\n\t\t\t<style>\/*! elementor - v3.22.0 - 17-06-2024 *\/\n.elementor-widget-image{text-align:center}.elementor-widget-image a{display:inline-block}.elementor-widget-image a img[src$=\".svg\"]{width:48px}.elementor-widget-image img{vertical-align:middle;display:inline-block}<\/style>\t\t\t\t\t\t\t\t\t\t<img fetchpriority=\"high\" decoding=\"async\" width=\"1920\" height=\"1080\" src=\"https:\/\/gracialive.be\/wp-content\/uploads\/2024\/09\/Baby-Gang-Website_Visuals_1920x1080.jpg\" class=\"attachment-full size-full wp-image-32011\" alt=\"\" srcset=\"https:\/\/gracialive.be\/wp-content\/uploads\/2024\/09\/Baby-Gang-Website_Visuals_1920x1080.jpg 1920w, https:\/\/gracialive.be\/wp-content\/uploads\/2024\/09\/Baby-Gang-Website_Visuals_1920x1080-300x169.jpg 300w, https:\/\/gracialive.be\/wp-content\/uploads\/2024\/09\/Baby-Gang-Website_Visuals_1920x1080-1024x576.jpg 1024w, https:\/\/gracialive.be\/wp-content\/uploads\/2024\/09\/Baby-Gang-Website_Visuals_1920x1080-768x432.jpg 768w, https:\/\/gracialive.be\/wp-content\/uploads\/2024\/09\/Baby-Gang-Website_Visuals_1920x1080-1536x864.jpg 1536w, https:\/\/gracialive.be\/wp-content\/uploads\/2024\/09\/Baby-Gang-Website_Visuals_1920x1080-1568x882.jpg 1568w\" sizes=\"(max-width: 34.9rem) calc(100vw - 2rem), (max-width: 53rem) calc(8 * (100vw \/ 12)), (min-width: 53rem) calc(6 * (100vw \/ 12)), 100vw\" \/>\t\t\t\t\t\t\t\t\t\t\t\t\t<\/div>\n\t\t\t\t<\/div>\n\t\t\t\t\t<\/div>\n\t\t<\/div>\n\t\t\t\t\t<\/div>\n\t\t<\/section>\n\t\t\t\t<section class=\"has_eae_slider elementor-section elementor-top-section elementor-element elementor-element-2b7cbb61 elementor-section-full_width elementor-section-height-default elementor-section-height-default\" data-id=\"2b7cbb61\" data-element_type=\"section\" data-settings=\"{&quot;jet_parallax_layout_list&quot;:[]}\">\n\t\t\t\t\t\t<div class=\"elementor-container elementor-column-gap-no\">\n\t\t\t\t\t<div class=\"has_eae_slider elementor-column elementor-col-100 elementor-top-column elementor-element elementor-element-39b20402\" data-id=\"39b20402\" data-element_type=\"column\" data-settings=\"{&quot;background_background&quot;:&quot;classic&quot;}\">\n\t\t\t<div class=\"elementor-widget-wrap elementor-element-populated\">\n\t\t\t\t\t\t<div class=\"elementor-element elementor-element-50dca86b border_heading_vacatures elementor-widget elementor-widget-heading\" data-id=\"50dca86b\" data-element_type=\"widget\" data-widget_type=\"heading.default\">\n\t\t\t\t<div class=\"elementor-widget-container\">\n\t\t\t<h1 class=\"elementor-heading-title elementor-size-default\">Pratique<\/h1>\t\t<\/div>\n\t\t\t\t<\/div>\n\t\t\t\t<div class=\"elementor-element elementor-element-27e236d custom_repeater elementor-widget elementor-widget-shortcode\" data-id=\"27e236d\" data-element_type=\"widget\" data-widget_type=\"shortcode.default\">\n\t\t\t\t<div class=\"elementor-widget-container\">\n\t\t\t\t\t<div class=\"elementor-shortcode\"><section class=\"elementor-section elementor-section-boxed custom_repeater\"><div class=\"sub-events-cols elementor-container elementor-column-gap-default\"><div class=\"sub-event-col elementor-column elementor-col-14\" data-link=\"https:\/\/www.ticketmaster.be\/event\/64227\"><div class=\"elementor-widget-wrap\"><div class=\"sub-event-content\"><h4 class=\"sub-event-date elementor-element elementor-widget\">04 \/ 11<br\/><small>2024<\/small><\/h4><div class=\"sub-event-title elementor-element elementor-widget\">Cirque Royal<\/div><div class=\"sub-event-location elementor-element elementor-widget\">Brussel<\/div><div class=\"sub-event-notes elementor-element elementor-widget\"><\/div><\/div><div class=\"sub-event-ticket-link elementor-element elementor-widget\"><a href=\"#\" style=\"background-color:#ecf7ff;color:black;\">Termin\u00e9<\/a><\/div><\/div><\/div><div class=\"sub-event-col elementor-column elementor-col-14\" data-link=\"https:\/\/bit.ly\/BabyGang_Paris24\"><div class=\"elementor-widget-wrap\"><div class=\"sub-event-content\"><h4 class=\"sub-event-date elementor-element elementor-widget\">05 \/ 11<br\/><small>2024<\/small><\/h4><div class=\"sub-event-title elementor-element elementor-widget\">Bataclan<\/div><div class=\"sub-event-location elementor-element elementor-widget\">Parijs<\/div><div class=\"sub-event-notes elementor-element elementor-widget\"><\/div><\/div><div class=\"sub-event-ticket-link elementor-element elementor-widget\"><a href=\"#\" style=\"background-color:#ecf7ff;color:black;\">Termin\u00e9<\/a><\/div><\/div><\/div><div class=\"sub-event-col elementor-column elementor-col-14\" data-link=\"https:\/\/rockhal.lu\/shows\/baby-gang-2024\/\"><div class=\"elementor-widget-wrap\"><div class=\"sub-event-content\"><h4 class=\"sub-event-date elementor-element elementor-widget\">06 \/ 11<br\/><small>2024<\/small><\/h4><div class=\"sub-event-title elementor-element elementor-widget\">Rockhal<\/div><div class=\"sub-event-location elementor-element elementor-widget\">Luxemburg<\/div><div class=\"sub-event-notes elementor-element elementor-widget\"><\/div><\/div><div class=\"sub-event-ticket-link elementor-element elementor-widget\"><a href=\"#\" style=\"background-color:#ecf7ff;color:black;\">Termin\u00e9<\/a><\/div><\/div><\/div><\/div><section><\/div>\n\t\t\t\t<\/div>\n\t\t\t\t<\/div>\n\t\t\t\t\t<\/div>\n\t\t<\/div>\n\t\t\t\t\t<\/div>\n\t\t<\/section>\n\t\t\t\t<section class=\"has_eae_slider elementor-section elementor-top-section elementor-element elementor-element-51021d4c elementor-section-boxed elementor-section-height-default elementor-section-height-default\" data-id=\"51021d4c\" data-element_type=\"section\" data-settings=\"{&quot;jet_parallax_layout_list&quot;:[]}\">\n\t\t\t\t\t\t<div class=\"elementor-container elementor-column-gap-default\">\n\t\t\t\t\t<div class=\"has_eae_slider elementor-column elementor-col-50 elementor-top-column elementor-element elementor-element-19370cd6\" data-id=\"19370cd6\" data-element_type=\"column\">\n\t\t\t<div class=\"elementor-widget-wrap elementor-element-populated\">\n\t\t\t\t\t\t<div class=\"elementor-element elementor-element-69da795f elementor-widget elementor-widget-image\" data-id=\"69da795f\" data-element_type=\"widget\" data-widget_type=\"image.default\">\n\t\t\t\t<div class=\"elementor-widget-container\">\n\t\t\t\t\t\t\t\t\t\t<figure class=\"wp-caption\">\n\t\t\t\t\t\t\t\t\t\t<img decoding=\"async\" width=\"1024\" height=\"1280\" src=\"https:\/\/gracialive.be\/wp-content\/uploads\/2024\/09\/DSC07700-Enhanced-NR-Edit-groot.jpeg\" class=\"attachment-full size-full wp-image-32007\" alt=\"\" srcset=\"https:\/\/gracialive.be\/wp-content\/uploads\/2024\/09\/DSC07700-Enhanced-NR-Edit-groot.jpeg 1024w, https:\/\/gracialive.be\/wp-content\/uploads\/2024\/09\/DSC07700-Enhanced-NR-Edit-groot-240x300.jpeg 240w, https:\/\/gracialive.be\/wp-content\/uploads\/2024\/09\/DSC07700-Enhanced-NR-Edit-groot-819x1024.jpeg 819w, https:\/\/gracialive.be\/wp-content\/uploads\/2024\/09\/DSC07700-Enhanced-NR-Edit-groot-768x960.jpeg 768w\" sizes=\"(max-width: 34.9rem) calc(100vw - 2rem), (max-width: 53rem) calc(8 * (100vw \/ 12)), (min-width: 53rem) calc(6 * (100vw \/ 12)), 100vw\" \/>\t\t\t\t\t\t\t\t\t\t\t<figcaption class=\"widget-image-caption wp-caption-text\"><\/figcaption>\n\t\t\t\t\t\t\t\t\t\t<\/figure>\n\t\t\t\t\t\t\t<\/div>\n\t\t\t\t<\/div>\n\t\t\t\t\t<\/div>\n\t\t<\/div>\n\t\t\t\t<div class=\"has_eae_slider elementor-column elementor-col-50 elementor-top-column elementor-element elementor-element-107ff684\" data-id=\"107ff684\" data-element_type=\"column\">\n\t\t\t<div class=\"elementor-widget-wrap elementor-element-populated\">\n\t\t\t\t\t\t<div class=\"elementor-element elementor-element-32a106ea border_heading_vacatures elementor-widget elementor-widget-heading\" data-id=\"32a106ea\" data-element_type=\"widget\" data-widget_type=\"heading.default\">\n\t\t\t\t<div class=\"elementor-widget-container\">\n\t\t\t<h1 class=\"elementor-heading-title elementor-size-default\">Information<\/h1>\t\t<\/div>\n\t\t\t\t<\/div>\n\t\t\t\t<div class=\"elementor-element elementor-element-45890984 elementor-widget elementor-widget-text-editor\" data-id=\"45890984\" data-element_type=\"widget\" data-widget_type=\"text-editor.default\">\n\t\t\t\t<div class=\"elementor-widget-container\">\n\t\t\t\t\t\t\t<p>Baby Gang (Zaccaria Mouhib) est n\u00e9 le 26 juin 2001 au Maroc, fils d&#8217;immigr\u00e9s. \u00c0 l&#8217;\u00e2ge de 11 ans, il a quitt\u00e9 sa famille pour ne pas compliquer leur situation financi\u00e8re difficile. Mais il s&#8217;est aussi heurt\u00e9 aux forts pr\u00e9jug\u00e9s de la soci\u00e9t\u00e9 actuelle \u00e0 l&#8217;\u00e9gard de ses origines. Grandir dans la rue, sans endroit s\u00fbr pour dormir et sans bon exemple, l&#8217;a parfois mis en conflit avec la loi, <strong>jusqu&#8217;\u00e0 ce qu&#8217;il d\u00e9couvre qu&#8217;il avait une voix qui ne passerait pas inaper\u00e7ue, gr\u00e2ce \u00e0 la musique.<\/strong><\/p><p><strong>Sa premi\u00e8re chanson, \u00ab Street \u00bb, post\u00e9e sur YouTube \u00e0 l&#8217;\u00e2ge de 17 ans, rencontre un succ\u00e8s inattendu. <\/strong>Baby Gang commence \u00e0 croire en ses capacit\u00e9s artistiques, avec le soutien de Don Claudio Burgio de l&#8217;association Kayros, <strong>et commence un nouveau chapitre de sa vie<\/strong>. Au cours de son ascension dans les charts, un trait demeure : <strong>son choix social et politique de chanter avec fiert\u00e9 ses origines et les difficult\u00e9s qu&#8217;il a rencontr\u00e9es.<\/strong><\/p><p>Il a publi\u00e9 deux EP, <strong>EP1<\/strong> (2021) et <strong>EP2<\/strong> (2022), ainsi que trois albums, \u00ab <strong>Delinquente<\/strong> \u00bb (2021), \u00ab <strong>Innocente<\/strong> \u00bb (2023) et \u00ab <strong>L&#8217;Angelo del Male<\/strong> \u00bb (2024). <strong>Tous ces albums sont certifi\u00e9s or<\/strong>. \u00ab <strong>Innocente<\/strong> \u00bb est publi\u00e9 sur le nouveau label qu&#8217;il a fond\u00e9, No Parla Tanto Records\/Warner Music Italy. <strong>En moins de trois ans, il a obtenu deux certifications de platine et 15 certifications d&#8217;or.<\/strong> Parmi ses succ\u00e8s les plus connus, il y a \u00ab <strong>Casablanca<\/strong> \u00bb, avec 40 millions de vues sur YouTube et 68 millions de streams sur Spotify, et \u00ab <strong>Mentalit\u00e9<\/strong> \u00bb, avec 77 millions de vues sur YouTube et 87 millions de streams sur Spotify, et qui est entr\u00e9 dans la liste virale de Spotify dans plus de 15 pays.<\/p><p>Maintenant, Baby Gang <strong>est pr\u00eat pour sa tourn\u00e9e europ\u00e9enne \u00ab The End Of The World Tour \u00bb.<\/strong> Cette tourn\u00e9e promet d&#8217;\u00eatre une exp\u00e9rience inoubliable, avec ses plus grands succ\u00e8s et ses derni\u00e8res \u0153uvres. Les fans peuvent s&#8217;attendre \u00e0 une c\u00e9l\u00e9bration \u00e0 ne pas manquer de son parcours musical.<\/p>\t\t\t\t\t\t<\/div>\n\t\t\t\t<\/div>\n\t\t\t\t<div class=\"elementor-element elementor-element-67955da elementor-widget elementor-widget-text-editor\" data-id=\"67955da\" data-element_type=\"widget\" data-widget_type=\"text-editor.default\">\n\t\t\t\t<div class=\"elementor-widget-container\">\n\t\t\t\t\t\t\t<p><strong>Le 4 novembre 2024, le rappeur italien Baby Gang vient au Cirque Royal \u00e0 Bruxelles pour un concert \u00e0 ne pas manquer ! Les billets sont en vente d\u00e8s maintenant sur <\/strong><a href=\"http:\/\/www.gracialive.be\"><strong>www.gracialive.be<\/strong><\/a><\/p>\t\t\t\t\t\t<\/div>\n\t\t\t\t<\/div>\n\t\t\t\t\t<\/div>\n\t\t<\/div>\n\t\t\t\t\t<\/div>\n\t\t<\/section>\n\t\t\t\t<section class=\"has_eae_slider elementor-section elementor-top-section elementor-element elementor-element-1bdcadd5 elementor-section-boxed elementor-section-height-default elementor-section-height-default\" data-id=\"1bdcadd5\" data-element_type=\"section\" data-settings=\"{&quot;jet_parallax_layout_list&quot;:[{&quot;jet_parallax_layout_image&quot;:{&quot;url&quot;:&quot;&quot;,&quot;id&quot;:&quot;&quot;,&quot;size&quot;:&quot;&quot;},&quot;_id&quot;:&quot;d5ed3cd&quot;,&quot;jet_parallax_layout_image_tablet&quot;:{&quot;url&quot;:&quot;&quot;,&quot;id&quot;:&quot;&quot;,&quot;size&quot;:&quot;&quot;},&quot;jet_parallax_layout_image_mobile&quot;:{&quot;url&quot;:&quot;&quot;,&quot;id&quot;:&quot;&quot;,&quot;size&quot;:&quot;&quot;},&quot;jet_parallax_layout_speed&quot;:{&quot;unit&quot;:&quot;%&quot;,&quot;size&quot;:50,&quot;sizes&quot;:[]},&quot;jet_parallax_layout_type&quot;:&quot;scroll&quot;,&quot;jet_parallax_layout_direction&quot;:null,&quot;jet_parallax_layout_fx_direction&quot;:null,&quot;jet_parallax_layout_z_index&quot;:&quot;&quot;,&quot;jet_parallax_layout_bg_x&quot;:50,&quot;jet_parallax_layout_bg_x_tablet&quot;:&quot;&quot;,&quot;jet_parallax_layout_bg_x_mobile&quot;:&quot;&quot;,&quot;jet_parallax_layout_bg_y&quot;:50,&quot;jet_parallax_layout_bg_y_tablet&quot;:&quot;&quot;,&quot;jet_parallax_layout_bg_y_mobile&quot;:&quot;&quot;,&quot;jet_parallax_layout_bg_size&quot;:&quot;auto&quot;,&quot;jet_parallax_layout_bg_size_tablet&quot;:&quot;&quot;,&quot;jet_parallax_layout_bg_size_mobile&quot;:&quot;&quot;,&quot;jet_parallax_layout_animation_prop&quot;:&quot;transform&quot;,&quot;jet_parallax_layout_on&quot;:[&quot;desktop&quot;,&quot;tablet&quot;]}],&quot;background_background&quot;:&quot;classic&quot;}\">\n\t\t\t\t\t\t<div class=\"elementor-container elementor-column-gap-default\">\n\t\t\t\t\t<div class=\"has_eae_slider elementor-column elementor-col-100 elementor-top-column elementor-element elementor-element-e0fa12e\" data-id=\"e0fa12e\" data-element_type=\"column\">\n\t\t\t<div class=\"elementor-widget-wrap elementor-element-populated\">\n\t\t\t\t\t\t<div class=\"elementor-element elementor-element-2afaa9e8 border_heading_vacatures elementor-widget elementor-widget-heading\" data-id=\"2afaa9e8\" data-element_type=\"widget\" data-widget_type=\"heading.default\">\n\t\t\t\t<div class=\"elementor-widget-container\">\n\t\t\t<h1 class=\"elementor-heading-title elementor-size-default\">Regardez et D\u00e9couvrez\u200b<\/h1>\t\t<\/div>\n\t\t\t\t<\/div>\n\t\t\t\t<section class=\"has_eae_slider elementor-section elementor-inner-section elementor-element elementor-element-5350a8f4 elementor-section-boxed elementor-section-height-default elementor-section-height-default\" data-id=\"5350a8f4\" data-element_type=\"section\" data-settings=\"{&quot;jet_parallax_layout_list&quot;:[]}\">\n\t\t\t\t\t\t<div class=\"elementor-container elementor-column-gap-default\">\n\t\t\t\t\t<div class=\"has_eae_slider elementor-column elementor-col-50 elementor-inner-column elementor-element elementor-element-614f0d33\" data-id=\"614f0d33\" data-element_type=\"column\">\n\t\t\t<div class=\"elementor-widget-wrap elementor-element-populated\">\n\t\t\t\t\t\t<div class=\"elementor-element elementor-element-590eee04 elementor-widget elementor-widget-jet-video\" data-id=\"590eee04\" data-element_type=\"widget\" data-widget_type=\"jet-video.default\">\n\t\t\t\t<div class=\"elementor-widget-container\">\n\t\t\t<div class=\"elementor-jet-video jet-elements\">\n<div class=\"jet-video jet-video--fa5-compat jet-video-aspect-ratio jet-video-aspect-ratio--16-9\" data-settings=\"{&quot;lightbox&quot;:false,&quot;autoplay&quot;:false}\"><iframe class=\"jet-video-iframe\" allowfullscreen allow=\"autoplay;encrypted-media\" title=\"Lecteur vid\u00e9o youtube\" data-lazy-load=\"https:\/\/www.youtube.com\/embed\/BD4fvzDcORo?feature=oembed&amp;start&amp;end&amp;wmode=opaque&amp;autoplay=0&amp;loop=0&amp;controls=1&amp;mute=0&amp;rel=0&amp;modestbranding=0\"><\/iframe>\n<div class=\"jet-video__overlay jet-video__overlay--custom-bg\" style=\"background-image: url(https:\/\/i.ytimg.com\/vi\/BD4fvzDcORo\/maxresdefault.jpg);\"><\/div>\n<\/div>\n<\/div>\t\t<\/div>\n\t\t\t\t<\/div>\n\t\t\t\t\t<\/div>\n\t\t<\/div>\n\t\t\t\t<div class=\"has_eae_slider elementor-column elementor-col-50 elementor-inner-column elementor-element elementor-element-754a127a\" data-id=\"754a127a\" data-element_type=\"column\">\n\t\t\t<div class=\"elementor-widget-wrap elementor-element-populated\">\n\t\t\t\t\t\t<div class=\"elementor-element elementor-element-7f382fe0 elementor-widget elementor-widget-shortcode\" data-id=\"7f382fe0\" data-element_type=\"widget\" data-widget_type=\"shortcode.default\">\n\t\t\t\t<div class=\"elementor-widget-container\">\n\t\t\t\t\t<div class=\"elementor-shortcode\"><iframe style=\"border-radius:12px\" src=\"https:\/\/open.spotify.com\/embed\/artist\/3LvwPiJQJ0da0GurKMToV0?utm_source=generator\" width=\"100%\" height=\"352\" frameBorder=\"0\" allowfullscreen=\"\" allow=\"autoplay; clipboard-write; encrypted-media; fullscreen; picture-in-picture\" loading=\"lazy\"><\/iframe><\/div>\n\t\t\t\t<\/div>\n\t\t\t\t<\/div>\n\t\t\t\t\t<\/div>\n\t\t<\/div>\n\t\t\t\t\t<\/div>\n\t\t<\/section>\n\t\t\t\t\t<\/div>\n\t\t<\/div>\n\t\t\t\t\t<\/div>\n\t\t<\/section>\n\t\t\t\t<section class=\"has_eae_slider elementor-section elementor-top-section elementor-element elementor-element-686d0a1d elementor-section-boxed elementor-section-height-default elementor-section-height-default\" data-id=\"686d0a1d\" data-element_type=\"section\" data-settings=\"{&quot;jet_parallax_layout_list&quot;:[{&quot;jet_parallax_layout_image&quot;:{&quot;url&quot;:&quot;&quot;,&quot;id&quot;:&quot;&quot;,&quot;size&quot;:&quot;&quot;},&quot;_id&quot;:&quot;d5ed3cd&quot;,&quot;jet_parallax_layout_image_tablet&quot;:{&quot;url&quot;:&quot;&quot;,&quot;id&quot;:&quot;&quot;,&quot;size&quot;:&quot;&quot;},&quot;jet_parallax_layout_image_mobile&quot;:{&quot;url&quot;:&quot;&quot;,&quot;id&quot;:&quot;&quot;,&quot;size&quot;:&quot;&quot;},&quot;jet_parallax_layout_speed&quot;:{&quot;unit&quot;:&quot;%&quot;,&quot;size&quot;:50,&quot;sizes&quot;:[]},&quot;jet_parallax_layout_type&quot;:&quot;scroll&quot;,&quot;jet_parallax_layout_direction&quot;:null,&quot;jet_parallax_layout_fx_direction&quot;:null,&quot;jet_parallax_layout_z_index&quot;:&quot;&quot;,&quot;jet_parallax_layout_bg_x&quot;:50,&quot;jet_parallax_layout_bg_x_tablet&quot;:&quot;&quot;,&quot;jet_parallax_layout_bg_x_mobile&quot;:&quot;&quot;,&quot;jet_parallax_layout_bg_y&quot;:50,&quot;jet_parallax_layout_bg_y_tablet&quot;:&quot;&quot;,&quot;jet_parallax_layout_bg_y_mobile&quot;:&quot;&quot;,&quot;jet_parallax_layout_bg_size&quot;:&quot;auto&quot;,&quot;jet_parallax_layout_bg_size_tablet&quot;:&quot;&quot;,&quot;jet_parallax_layout_bg_size_mobile&quot;:&quot;&quot;,&quot;jet_parallax_layout_animation_prop&quot;:&quot;transform&quot;,&quot;jet_parallax_layout_on&quot;:[&quot;desktop&quot;,&quot;tablet&quot;]}]}\">\n\t\t\t\t\t\t<div class=\"elementor-container elementor-column-gap-default\">\n\t\t\t\t\t<div class=\"has_eae_slider elementor-column elementor-col-100 elementor-top-column elementor-element elementor-element-29f6f0c1\" data-id=\"29f6f0c1\" data-element_type=\"column\">\n\t\t\t<div class=\"elementor-widget-wrap elementor-element-populated\">\n\t\t\t\t\t\t<div class=\"elementor-element elementor-element-40570b9f border_heading_vacatures elementor-widget elementor-widget-heading\" data-id=\"40570b9f\" data-element_type=\"widget\" data-widget_type=\"heading.default\">\n\t\t\t\t<div class=\"elementor-widget-container\">\n\t\t\t<h1 class=\"elementor-heading-title elementor-size-default\">\u00c9v\u00e9nements similaires\u200b<\/h1>\t\t<\/div>\n\t\t\t\t<\/div>\n\t\t\t\t<div class=\"elementor-element elementor-element-5ea3a455 css-posts-slider elementor-widget elementor-widget-jet-posts\" data-id=\"5ea3a455\" data-element_type=\"widget\" data-settings=\"{&quot;columns&quot;:&quot;3&quot;,&quot;columns_tablet&quot;:&quot;3&quot;,&quot;columns_mobile&quot;:&quot;1&quot;,&quot;slides_to_scroll&quot;:&quot;1&quot;}\" data-widget_type=\"jet-posts.default\">\n\t\t\t\t<div class=\"elementor-widget-container\">\n\t\t\t<div class=\"elementor-jet-posts jet-elements\"><div class=\"jet-posts col-row  jet-equal-cols\"><div class=\"jet-posts__item\">\n\t<!--  -->\n\t<a class=\"custom_link\" href=\"https:\/\/gracialive.be\/fr\/agenda\/bad-gyal-2024\/\">\n\t<!--  -->\n\t\t<div class=\"jet-posts__inner-box d-none d-md-block\" style=\"background-image: url('https:\/\/gracialive.be\/wp-content\/uploads\/2024\/03\/1920x1080.jpg'); background-repeat: no-repeat; background-size: cover; background-position: center center;\"><div class=\"jet-posts__inner-content\"><h4 class=\"entry-title\"><a href=\"https:\/\/gracialive.be\/fr\/agenda\/bad-gyal-2024\/\">Bad Gyal<\/a><\/h4><div class=\"post-meta\"><span class=\"post__modified_date post-meta__item\"><\/span>\n                <div class=\"relationship_post_info\">\n                                    <span class=\"post_info\">Couleur Caf\u00e9<\/span>\n                            <\/div>\n        \n    <\/div><\/div><\/div>\n\t\t\n\t\t<div data-id=\"https:\/\/gracialive.be\/wp-content\/uploads\/2024\/03\/790x300.jpg\" class=\"jet-posts__inner-box d-md-none\" style=\"background-image: url('https:\/\/gracialive.be\/wp-content\/uploads\/2024\/03\/790x300.jpg'); background-repeat: no-repeat; aspect-ratio:79\/30; background-size: cover; background-position: center center;\"><div class=\"jet-posts__inner-content\"><h4 class=\"entry-title\"><a href=\"https:\/\/gracialive.be\/fr\/agenda\/bad-gyal-2024\/\">Bad Gyal<\/a><\/h4><div class=\"post-meta\"><span class=\"post__modified_date post-meta__item\"><\/span>\n                <div class=\"relationship_post_info\">\n                                    <span class=\"post_info\">Couleur Caf\u00e9<\/span>\n                            <\/div>\n        \n    <\/div><\/div><\/div>\n\t<!--  -->\n\t<\/a>\n\t<!--  -->\n<\/div>\n<\/div>\n<\/div>\t\t<\/div>\n\t\t\t\t<\/div>\n\t\t\t\t\t<\/div>\n\t\t<\/div>\n\t\t\t\t\t<\/div>\n\t\t<\/section>\n\t\t\t\t<\/div>\n\t\t","protected":false},"featured_media":32011,"template":"elementor_header_footer","meta":[],"categories":[285],"location":[259,264,263],"related_event":[],"yoast_head":"<!-- This site is optimized with the Yoast SEO Premium plugin v21.5 (Yoast SEO v21.5) - https:\/\/yoast.com\/wordpress\/plugins\/seo\/ -->\n<title>Baby Gang - Gracia Live<\/title>\n<meta name=\"robots\" content=\"index, follow, max-snippet:-1, max-image-preview:large, max-video-preview:-1\" \/>\n<link rel=\"canonical\" href=\"https:\/\/gracialive.be\/agenda\/baby-gang-2024\/\" \/>\n<meta property=\"og:locale\" content=\"fr_FR\" \/>\n<meta property=\"og:type\" content=\"article\" \/>\n<meta property=\"og:title\" content=\"Baby Gang\" \/>\n<meta property=\"og:description\" content=\"Praktisch Bekijk hieronder alle data Baby Gang (Zaccaria Mouhib) est n\u00e9 le 26 juin 2001 au Maroc, fils d&#8217;immigr\u00e9s. \u00c0 l&#8217;\u00e2ge de 11 ans, il a quitt\u00e9 sa famille pour ne pas compliquer leur situation financi\u00e8re difficile. Mais il s&#8217;est aussi heurt\u00e9 aux forts pr\u00e9jug\u00e9s de la soci\u00e9t\u00e9 actuelle \u00e0 l&#8217;\u00e9gard de ses origines. Grandir &hellip; Continuer la lecture \u00ab\u00a0Bad Gyal\u00a0\u00bb\" \/>\n<meta property=\"og:url\" content=\"https:\/\/gracialive.be\/agenda\/baby-gang-2024\/\" \/>\n<meta property=\"og:site_name\" content=\"Gracia Live\" \/>\n<meta property=\"article:publisher\" content=\"https:\/\/www.facebook.com\/gracialivebelgium\" \/>\n<meta property=\"article:modified_time\" content=\"2024-11-10T16:15:51+00:00\" \/>\n<meta property=\"og:image\" content=\"https:\/\/gracialive.be\/wp-content\/uploads\/2024\/09\/Baby-Gang-Website_Visuals_1920x1080.jpg\" \/>\n\t<meta property=\"og:image:width\" content=\"1920\" \/>\n\t<meta property=\"og:image:height\" content=\"1080\" \/>\n\t<meta property=\"og:image:type\" content=\"image\/jpeg\" \/>\n<meta name=\"twitter:card\" content=\"summary_large_image\" \/>\n<meta name=\"twitter:site\" content=\"@GRACIALIVEBEL\" \/>\n<meta name=\"twitter:label1\" content=\"Dur\u00e9e de lecture estim\u00e9e\" \/>\n\t<meta name=\"twitter:data1\" content=\"3 minutes\" \/>\n<script type=\"application\/ld+json\" class=\"yoast-schema-graph\">{\"@context\":\"https:\/\/schema.org\",\"@graph\":[{\"@type\":\"WebPage\",\"@id\":\"https:\/\/gracialive.be\/agenda\/baby-gang-2024\/\",\"url\":\"https:\/\/gracialive.be\/agenda\/baby-gang-2024\/\",\"name\":\"Baby Gang - Gracia Live\",\"isPartOf\":{\"@id\":\"https:\/\/gracialive.be\/#website\"},\"datePublished\":\"2024-09-06T13:07:19+00:00\",\"dateModified\":\"2024-11-10T16:15:51+00:00\",\"breadcrumb\":{\"@id\":\"https:\/\/gracialive.be\/agenda\/baby-gang-2024\/#breadcrumb\"},\"inLanguage\":\"fr-FR\",\"potentialAction\":[{\"@type\":\"ReadAction\",\"target\":[\"https:\/\/gracialive.be\/agenda\/baby-gang-2024\/\"]}]},{\"@type\":\"BreadcrumbList\",\"@id\":\"https:\/\/gracialive.be\/agenda\/baby-gang-2024\/#breadcrumb\",\"itemListElement\":[{\"@type\":\"ListItem\",\"position\":1,\"name\":\"Home\",\"item\":\"https:\/\/gracialive.be\/fr\/\"},{\"@type\":\"ListItem\",\"position\":2,\"name\":\"Events\",\"item\":\"https:\/\/gracialive.be\/archief\/\"},{\"@type\":\"ListItem\",\"position\":3,\"name\":\"Baby Gang\"}]},{\"@type\":\"WebSite\",\"@id\":\"https:\/\/gracialive.be\/#website\",\"url\":\"https:\/\/gracialive.be\/\",\"name\":\"Gracia Live\",\"description\":\"Concert en Event Promotor Belgium\",\"publisher\":{\"@id\":\"https:\/\/gracialive.be\/#organization\"},\"potentialAction\":[{\"@type\":\"SearchAction\",\"target\":{\"@type\":\"EntryPoint\",\"urlTemplate\":\"https:\/\/gracialive.be\/?s={search_term_string}\"},\"query-input\":\"required name=search_term_string\"}],\"inLanguage\":\"fr-FR\"},{\"@type\":\"Organization\",\"@id\":\"https:\/\/gracialive.be\/#organization\",\"name\":\"Gracia Live\",\"url\":\"https:\/\/gracialive.be\/\",\"logo\":{\"@type\":\"ImageObject\",\"inLanguage\":\"fr-FR\",\"@id\":\"https:\/\/gracialive.be\/#\/schema\/logo\/image\/\",\"url\":\"https:\/\/gracialive.be\/wp-content\/uploads\/2022\/01\/cropped-GL-500x300_zwart.png\",\"contentUrl\":\"https:\/\/gracialive.be\/wp-content\/uploads\/2022\/01\/cropped-GL-500x300_zwart.png\",\"width\":512,\"height\":512,\"caption\":\"Gracia Live\"},\"image\":{\"@id\":\"https:\/\/gracialive.be\/#\/schema\/logo\/image\/\"},\"sameAs\":[\"https:\/\/www.facebook.com\/gracialivebelgium\",\"https:\/\/twitter.com\/GRACIALIVEBEL\",\"https:\/\/www.instagram.com\/gracialive_belgium\/\"]}]}<\/script>\n<!-- \/ Yoast SEO Premium plugin. -->","yoast_head_json":{"title":"Baby Gang - Gracia Live","robots":{"index":"index","follow":"follow","max-snippet":"max-snippet:-1","max-image-preview":"max-image-preview:large","max-video-preview":"max-video-preview:-1"},"canonical":"https:\/\/gracialive.be\/agenda\/baby-gang-2024\/","og_locale":"fr_FR","og_type":"article","og_title":"Baby Gang","og_description":"Praktisch Bekijk hieronder alle data Baby Gang (Zaccaria Mouhib) est n\u00e9 le 26 juin 2001 au Maroc, fils d&#8217;immigr\u00e9s. \u00c0 l&#8217;\u00e2ge de 11 ans, il a quitt\u00e9 sa famille pour ne pas compliquer leur situation financi\u00e8re difficile. Mais il s&#8217;est aussi heurt\u00e9 aux forts pr\u00e9jug\u00e9s de la soci\u00e9t\u00e9 actuelle \u00e0 l&#8217;\u00e9gard de ses origines. Grandir &hellip; Continuer la lecture \u00ab\u00a0Bad Gyal\u00a0\u00bb","og_url":"https:\/\/gracialive.be\/agenda\/baby-gang-2024\/","og_site_name":"Gracia Live","article_publisher":"https:\/\/www.facebook.com\/gracialivebelgium","article_modified_time":"2024-11-10T16:15:51+00:00","og_image":[{"width":1920,"height":1080,"url":"https:\/\/gracialive.be\/wp-content\/uploads\/2024\/09\/Baby-Gang-Website_Visuals_1920x1080.jpg","type":"image\/jpeg"}],"twitter_card":"summary_large_image","twitter_site":"@GRACIALIVEBEL","twitter_misc":{"Dur\u00e9e de lecture estim\u00e9e":"3 minutes"},"schema":{"@context":"https:\/\/schema.org","@graph":[{"@type":"WebPage","@id":"https:\/\/gracialive.be\/agenda\/baby-gang-2024\/","url":"https:\/\/gracialive.be\/agenda\/baby-gang-2024\/","name":"Baby Gang - Gracia Live","isPartOf":{"@id":"https:\/\/gracialive.be\/#website"},"datePublished":"2024-09-06T13:07:19+00:00","dateModified":"2024-11-10T16:15:51+00:00","breadcrumb":{"@id":"https:\/\/gracialive.be\/agenda\/baby-gang-2024\/#breadcrumb"},"inLanguage":"fr-FR","potentialAction":[{"@type":"ReadAction","target":["https:\/\/gracialive.be\/agenda\/baby-gang-2024\/"]}]},{"@type":"BreadcrumbList","@id":"https:\/\/gracialive.be\/agenda\/baby-gang-2024\/#breadcrumb","itemListElement":[{"@type":"ListItem","position":1,"name":"Home","item":"https:\/\/gracialive.be\/fr\/"},{"@type":"ListItem","position":2,"name":"Events","item":"https:\/\/gracialive.be\/archief\/"},{"@type":"ListItem","position":3,"name":"Baby Gang"}]},{"@type":"WebSite","@id":"https:\/\/gracialive.be\/#website","url":"https:\/\/gracialive.be\/","name":"Gracia Live","description":"Concert en Event Promotor Belgium","publisher":{"@id":"https:\/\/gracialive.be\/#organization"},"potentialAction":[{"@type":"SearchAction","target":{"@type":"EntryPoint","urlTemplate":"https:\/\/gracialive.be\/?s={search_term_string}"},"query-input":"required name=search_term_string"}],"inLanguage":"fr-FR"},{"@type":"Organization","@id":"https:\/\/gracialive.be\/#organization","name":"Gracia Live","url":"https:\/\/gracialive.be\/","logo":{"@type":"ImageObject","inLanguage":"fr-FR","@id":"https:\/\/gracialive.be\/#\/schema\/logo\/image\/","url":"https:\/\/gracialive.be\/wp-content\/uploads\/2022\/01\/cropped-GL-500x300_zwart.png","contentUrl":"https:\/\/gracialive.be\/wp-content\/uploads\/2022\/01\/cropped-GL-500x300_zwart.png","width":512,"height":512,"caption":"Gracia Live"},"image":{"@id":"https:\/\/gracialive.be\/#\/schema\/logo\/image\/"},"sameAs":["https:\/\/www.facebook.com\/gracialivebelgium","https:\/\/twitter.com\/GRACIALIVEBEL","https:\/\/www.instagram.com\/gracialive_belgium\/"]}]}},"acf":{"event_date_mention":"04 - 06.11.2024","event_venue":[{"ID":7117,"post_author":"17","post_date":"2022-04-28 09:36:46","post_date_gmt":"2022-04-28 09:36:46","post_content":"<a href=\"https:\/\/gracialive.be\/\" rel=\"home\" title=\"Home\">Home<\/a>\n\t\t<p>Le Cirque Royal nai\u0302t de l\u2019ame\u0301nagement du quartier de Notre-Dame-des-Neiges par la Socie\u0301te\u0301 anonyme du me\u0302me nom, a\u0300 partir de 1876<\/p><p>Depuis sa cre\u0301ation, le Cirque Royal a non seulement pre\u0301sente\u0301 de nombreux spectacles e\u0301questres et de cirque (le Cirque de Moscou, Bouglione, Holiday on Ice et autres), mais aussi de ce\u0301le\u0300bres artistes comme Midnight Oil, Thievery Corporation, Tom Rosenthal, Larkin Poe, de clown Popov, Louis Armstrong\u00a0ou encore Maurice Be\u0301jart et le B\u00e9jart Ballet Lausanne.<\/p>\t\t\n\t\t\t<h4>Pratique<\/h4>\t\t\n\t\t\t<a role=\"button\">\n\t\t\t\t\t\tDescription de la route\n\t\t\t\t\t<\/a>\n\t\t\t<h4>Acc\u00e8s<\/h4>\t\t\n\t\t<p>Le Royal Circus est un lieu tr\u00e8s facile d'acc\u00e8s. Nous vous expliquons ci-dessous quelques-unes des possibilit\u00e9s.<\/p>\t\t\n\t\t\t\t\t\t\t\t\t\t\t\t<a href=\"\">Transport publics<\/a>\n\t\t\t\t\t<p>M\u00a01\u00a05\u00a0Park<br style=\"color: #333333; font-family: 'Roboto Condensed', sans-serif; font-size: 14px;\" \/>M\u00a02\u00a06\u00a0Madou<br style=\"color: #333333; font-family: 'Roboto Condensed', sans-serif; font-size: 14px;\" \/>T\u00a092\u00a093\u00a0Park<br style=\"color: #333333; font-family: 'Roboto Condensed', sans-serif; font-size: 14px;\" \/>B\u00a029\u00a063\u00a065\u00a066\u00a0Madou<\/p>\n\t\t\t\t\t\t\t\t\t\t\t\t<a href=\"\">En voiture<\/a>\n\t\t\t\t\t<p>Le Parking Royal enti\u00e8rement s\u00e9curis\u00e9 se trouve \u00e0 seulement 4 minutes \u00e0 pied du Cirque Royal. L\u2019entr\u00e9e en voiture du parking se fait par la Rue de la Ligne, 27. La sortie pi\u00e9tons est directement dans la Rue Royale, 128. Le Parking Royal offre un tarif de soir\u00e9e tr\u00e8s avantageux. Le tarif est de \u20ac7,00 de 19:00 \u00e0 23:59\u00a0 sur: <a href=\"https:\/\/www.parking-royal.be\/\" target=\"_blank\" rel=\"noopener\">https:\/\/www.parking-royal.be\/<\/a><\/p>\n\t\t\t<h4>PERSONNES \u00c0 MOBILIT\u00c9 R\u00c9DUITE<\/h4>\t\t\n\t\t<p>Juste en face de l'entr\u00e9e principale, vous trouverez un endroit r\u00e9serv\u00e9 pour d\u00e9poser les spectateurs. Dans la salle, plusieurs places sont r\u00e9serv\u00e9es pour les personnes se d\u00e9pla\u00e7ant en chaise roulante ainsi que pour leur \u00e9ventuel accompagnant.\u00a0La zone r\u00e9serv\u00e9e\u00a0aux personnes \u00e0 mobilit\u00e9 r\u00e9duite se trouve au 1er \u00e9tage, au niveau du\u00a0parterre. Cette zone est facilement accessible en ascenseur depuis le hall d\u2019entr\u00e9e.<\/p><p>Pour obtenir des tickets PMR, merci d\u2019\u00e9crire un mail \u00e0\u00a0<a href=\"mailto:info@cirqueroyalbruxelles.be\">info@cirqueroyalbruxelles.be<\/a><\/p>\t\t\n\t\t\t<h4>Plan de salle<\/h4>\t\t\n\t\t\t\t\t\t\t\t\t\t\t\t\t\t\t\t<a href=\"https:\/\/gracialive.be\/wp-content\/uploads\/2022\/03\/Zaalplan_CirqueRoyal-min-scaled.jpg\" data-elementor-open-lightbox=\"yes\" data-elementor-lightbox-title=\"Zaalplan_CirqueRoyal-min\" data-e-action-hash=\"#elementor-action%3Aaction%3Dlightbox%26settings%3DeyJpZCI6NDE4MiwidXJsIjoiaHR0cHM6XC9cL3N0YWdpbmcyLmdyYWNpYWxpdmUuYmVcL3dwLWNvbnRlbnRcL3VwbG9hZHNcLzIwMjJcLzAzXC9aYWFscGxhbl9DaXJxdWVSb3lhbC1taW4tc2NhbGVkLmpwZyJ9\">\n\t\t\t\t\t\t\t<img width=\"640\" height=\"449\" src=\"https:\/\/gracialive.be\/wp-content\/uploads\/2022\/03\/Zaalplan_CirqueRoyal-min-1024x719.jpg\" alt=\"\" loading=\"lazy\" srcset=\"https:\/\/gracialive.be\/wp-content\/uploads\/2022\/03\/Zaalplan_CirqueRoyal-min-1024x719.jpg 1024w, https:\/\/gracialive.be\/wp-content\/uploads\/2022\/03\/Zaalplan_CirqueRoyal-min-300x211.jpg 300w, https:\/\/gracialive.be\/wp-content\/uploads\/2022\/03\/Zaalplan_CirqueRoyal-min-768x539.jpg 768w, https:\/\/gracialive.be\/wp-content\/uploads\/2022\/03\/Zaalplan_CirqueRoyal-min-1536x1078.jpg 1536w, https:\/\/gracialive.be\/wp-content\/uploads\/2022\/03\/Zaalplan_CirqueRoyal-min-2048x1437.jpg 2048w, https:\/\/gracialive.be\/wp-content\/uploads\/2022\/03\/Zaalplan_CirqueRoyal-min-1568x1100.jpg 1568w\" sizes=\"(max-width: 640px) 100vw, 640px\" \/>\t\t\t\t\t\t\t\t<\/a>\n\t\t\t<h1>Concert agenda<\/h1>\t\t\n\t\t<p style=\"text-align: center;\">Vous trouverez ci-dessous l'agenda de tous nos futurs concerts ici.<\/p>[show_events_list_venue]\t\t\n\t\t\t<a href=\"\/agenda\/\" role=\"button\">\n\t\t\t\t\t\tVoir l'agenda complet\n\t\t\t\t\t<\/a>","post_title":"Cirque Royal","post_excerpt":"","post_status":"publish","comment_status":"closed","ping_status":"closed","post_password":"","post_name":"cirque-royal","to_ping":"","pinged":"","post_modified":"2023-09-05 09:03:02","post_modified_gmt":"2023-09-05 09:03:02","post_content_filtered":"","post_parent":0,"guid":"https:\/\/gracialive.be\/venue\/koninklijk-circus\/","menu_order":0,"post_type":"venue","post_mime_type":"","comment_count":"0","filter":"raw"}],"event_feature_image_m":"https:\/\/gracialive.be\/wp-content\/uploads\/2024\/09\/Baby-Gang-Website_Visuals_790x300.jpg","event_related_events":"","multiple_events":[{"sub_event_date":"04.11.2024","sub_event_venue":[{"ID":7117,"post_author":"17","post_date":"2022-04-28 09:36:46","post_date_gmt":"2022-04-28 09:36:46","post_content":"<a href=\"https:\/\/gracialive.be\/\" rel=\"home\" title=\"Home\">Home<\/a>\n\t\t<p>Le Cirque Royal nai\u0302t de l\u2019ame\u0301nagement du quartier de Notre-Dame-des-Neiges par la Socie\u0301te\u0301 anonyme du me\u0302me nom, a\u0300 partir de 1876<\/p><p>Depuis sa cre\u0301ation, le Cirque Royal a non seulement pre\u0301sente\u0301 de nombreux spectacles e\u0301questres et de cirque (le Cirque de Moscou, Bouglione, Holiday on Ice et autres), mais aussi de ce\u0301le\u0300bres artistes comme Midnight Oil, Thievery Corporation, Tom Rosenthal, Larkin Poe, de clown Popov, Louis Armstrong\u00a0ou encore Maurice Be\u0301jart et le B\u00e9jart Ballet Lausanne.<\/p>\t\t\n\t\t\t<h4>Pratique<\/h4>\t\t\n\t\t\t<a role=\"button\">\n\t\t\t\t\t\tDescription de la route\n\t\t\t\t\t<\/a>\n\t\t\t<h4>Acc\u00e8s<\/h4>\t\t\n\t\t<p>Le Royal Circus est un lieu tr\u00e8s facile d'acc\u00e8s. Nous vous expliquons ci-dessous quelques-unes des possibilit\u00e9s.<\/p>\t\t\n\t\t\t\t\t\t\t\t\t\t\t\t<a href=\"\">Transport publics<\/a>\n\t\t\t\t\t<p>M\u00a01\u00a05\u00a0Park<br style=\"color: #333333; font-family: 'Roboto Condensed', sans-serif; font-size: 14px;\" \/>M\u00a02\u00a06\u00a0Madou<br style=\"color: #333333; font-family: 'Roboto Condensed', sans-serif; font-size: 14px;\" \/>T\u00a092\u00a093\u00a0Park<br style=\"color: #333333; font-family: 'Roboto Condensed', sans-serif; font-size: 14px;\" \/>B\u00a029\u00a063\u00a065\u00a066\u00a0Madou<\/p>\n\t\t\t\t\t\t\t\t\t\t\t\t<a href=\"\">En voiture<\/a>\n\t\t\t\t\t<p>Le Parking Royal enti\u00e8rement s\u00e9curis\u00e9 se trouve \u00e0 seulement 4 minutes \u00e0 pied du Cirque Royal. L\u2019entr\u00e9e en voiture du parking se fait par la Rue de la Ligne, 27. La sortie pi\u00e9tons est directement dans la Rue Royale, 128. Le Parking Royal offre un tarif de soir\u00e9e tr\u00e8s avantageux. Le tarif est de \u20ac7,00 de 19:00 \u00e0 23:59\u00a0 sur: <a href=\"https:\/\/www.parking-royal.be\/\" target=\"_blank\" rel=\"noopener\">https:\/\/www.parking-royal.be\/<\/a><\/p>\n\t\t\t<h4>PERSONNES \u00c0 MOBILIT\u00c9 R\u00c9DUITE<\/h4>\t\t\n\t\t<p>Juste en face de l'entr\u00e9e principale, vous trouverez un endroit r\u00e9serv\u00e9 pour d\u00e9poser les spectateurs. Dans la salle, plusieurs places sont r\u00e9serv\u00e9es pour les personnes se d\u00e9pla\u00e7ant en chaise roulante ainsi que pour leur \u00e9ventuel accompagnant.\u00a0La zone r\u00e9serv\u00e9e\u00a0aux personnes \u00e0 mobilit\u00e9 r\u00e9duite se trouve au 1er \u00e9tage, au niveau du\u00a0parterre. Cette zone est facilement accessible en ascenseur depuis le hall d\u2019entr\u00e9e.<\/p><p>Pour obtenir des tickets PMR, merci d\u2019\u00e9crire un mail \u00e0\u00a0<a href=\"mailto:info@cirqueroyalbruxelles.be\">info@cirqueroyalbruxelles.be<\/a><\/p>\t\t\n\t\t\t<h4>Plan de salle<\/h4>\t\t\n\t\t\t\t\t\t\t\t\t\t\t\t\t\t\t\t<a href=\"https:\/\/gracialive.be\/wp-content\/uploads\/2022\/03\/Zaalplan_CirqueRoyal-min-scaled.jpg\" data-elementor-open-lightbox=\"yes\" data-elementor-lightbox-title=\"Zaalplan_CirqueRoyal-min\" data-e-action-hash=\"#elementor-action%3Aaction%3Dlightbox%26settings%3DeyJpZCI6NDE4MiwidXJsIjoiaHR0cHM6XC9cL3N0YWdpbmcyLmdyYWNpYWxpdmUuYmVcL3dwLWNvbnRlbnRcL3VwbG9hZHNcLzIwMjJcLzAzXC9aYWFscGxhbl9DaXJxdWVSb3lhbC1taW4tc2NhbGVkLmpwZyJ9\">\n\t\t\t\t\t\t\t<img width=\"640\" height=\"449\" src=\"https:\/\/gracialive.be\/wp-content\/uploads\/2022\/03\/Zaalplan_CirqueRoyal-min-1024x719.jpg\" alt=\"\" loading=\"lazy\" srcset=\"https:\/\/gracialive.be\/wp-content\/uploads\/2022\/03\/Zaalplan_CirqueRoyal-min-1024x719.jpg 1024w, https:\/\/gracialive.be\/wp-content\/uploads\/2022\/03\/Zaalplan_CirqueRoyal-min-300x211.jpg 300w, https:\/\/gracialive.be\/wp-content\/uploads\/2022\/03\/Zaalplan_CirqueRoyal-min-768x539.jpg 768w, https:\/\/gracialive.be\/wp-content\/uploads\/2022\/03\/Zaalplan_CirqueRoyal-min-1536x1078.jpg 1536w, https:\/\/gracialive.be\/wp-content\/uploads\/2022\/03\/Zaalplan_CirqueRoyal-min-2048x1437.jpg 2048w, https:\/\/gracialive.be\/wp-content\/uploads\/2022\/03\/Zaalplan_CirqueRoyal-min-1568x1100.jpg 1568w\" sizes=\"(max-width: 640px) 100vw, 640px\" \/>\t\t\t\t\t\t\t\t<\/a>\n\t\t\t<h1>Concert agenda<\/h1>\t\t\n\t\t<p style=\"text-align: center;\">Vous trouverez ci-dessous l'agenda de tous nos futurs concerts ici.<\/p>[show_events_list_venue]\t\t\n\t\t\t<a href=\"\/agenda\/\" role=\"button\">\n\t\t\t\t\t\tVoir l'agenda complet\n\t\t\t\t\t<\/a>","post_title":"Cirque Royal","post_excerpt":"","post_status":"publish","comment_status":"closed","ping_status":"closed","post_password":"","post_name":"cirque-royal","to_ping":"","pinged":"","post_modified":"2023-09-05 09:03:02","post_modified_gmt":"2023-09-05 09:03:02","post_content_filtered":"","post_parent":0,"guid":"https:\/\/gracialive.be\/venue\/koninklijk-circus\/","menu_order":0,"post_type":"venue","post_mime_type":"","comment_count":"0","filter":"raw"}],"sub_event_location":{"term_id":9,"name":"Brussel","slug":"brussel","term_group":0,"term_taxonomy_id":9,"taxonomy":"location","description":"","parent":0,"count":43,"filter":"raw"},"sub_event_notes":"","sub_event_ticket_link":"https:\/\/www.ticketmaster.be\/event\/64227","sub_event_status":"Tickets beschikbaar","sub_custom_event_status":""},{"sub_event_date":"05.11.2024","sub_event_venue":[{"ID":7143,"post_author":"17","post_date":"2022-04-22 10:03:57","post_date_gmt":"2022-04-22 10:03:57","post_content":"<a title=\"Home\" href=\"https:\/\/gracialive.be\/\" rel=\"home\">Home<\/a>\r\n\r\nLe Bataclan a \u00e9t\u00e9 construit en 1864 par Charles Duval. \u00c0 l'\u00e9poque, il s'appelait \"Le grand Caf\u00e9 Chinois-Th\u00e9\u00e2tre Ba-ta-clan\".\r\n\r\nLa fa\u00e7ade ressemblait alors \u00e0 une pagode chinoise avec de grandes et fi\u00e8res statues de bouddhas et de dragons sur les corniches. Bien que l'image principale et les couleurs originales aient \u00e9t\u00e9 pr\u00e9serv\u00e9es, les statues ont disparu au fil du temps.\r\n\r\nEn 155 ans d'existence, le Bataclan a travers\u00e9 plusieurs p\u00e9riodes de succ\u00e8s et de crise. \u00c0 chaque fois, le lieu s'est redress\u00e9, gr\u00e2ce \u00e0 des passionn\u00e9s et port\u00e9 par un engagement et un enthousiasme forts pour les cultures populaires.\r\n<h4>Pratique<\/h4>\r\n<a role=\"button\">\r\nDescription de la route\r\n<\/a>\r\n<h4>Bereikbaarheid<\/h4>\r\n<a>Met de fiets<\/a>\r\n\r\nWoont u dichtbij Bataclan? Dan kan u perfect de concertzaal makkelijk bereiken te voet of met de fiets. Indien u gebruik wilt maken van de V\u00e9lib fietsen, kan u deze makkelijk parkeren bij volgende stalplaatsen:\r\n<ul>\r\n \t<li>Parkeren op 104 Boulevard Richard Lenoir<\/li>\r\n \t<li>Station aan 1 rue du Grand Prieur\u00e9<\/li>\r\n<\/ul>\r\n<a>Openbaar vervoer<\/a>\r\n\r\nVerschillende vervoersmiddelen rijden naar de Bataclan. U kan er gemakkelijk geraken met de metro, bus of trein. Welke lijnen juist tot de Bataclan rijden, kan u het best terugvinden op de <a href=\"https:\/\/www.bataclan.fr\/en\/how-to-come\/\" target=\"_blank\" rel=\"noopener\">website<\/a>\u00a0van Bataclan of hieronder opgesomd:\r\n\r\n<strong>Metro<\/strong>\r\n\r\nOberkampf, lignes 5 et 9\r\nFilles du Calvaire ligne 8\r\n\r\n<strong>Bus<\/strong>\r\nOberkampf-Richard Lenoir, ligne 56 et 96\r\n\r\n<strong>Trein<\/strong>\r\n\r\nHet dichtstbijzijnde treinstation is Gare de Lyon. Om uw reis te plannen, kunt u kiezen uit:\r\n\r\n<a style=\"background-color: #ffffff;\" href=\"https:\/\/www.sncf.com\/en\" target=\"_blank\" rel=\"noopener\">La SNCF<\/a>\r\n<a style=\"background-color: #ffffff;\" href=\"https:\/\/www.thetrainline.com\/\" target=\"_blank\" rel=\"noopener\">Trainline<\/a>\r\n\r\n<a>Parking<\/a>\r\n\r\nBataclan is ook makkelijk te bereiken met de auto. De theaterzaal beschikt ook over twee parkingplaatsen:\r\n<ul>\r\n \t<li>Parking Trois Bornes, 11 rue Trois Bornes;<\/li>\r\n \t<li>Parking Alhambra, 50 rue de Malte.<\/li>\r\n<\/ul>\r\n<h4>Extra informatie<\/h4>\r\n<p style=\"caret-color: #000000; color: #000000;\">Er is een garderobe beschikbaar bij de ingang van de locatie. Het is verplicht de helmen achter te laten bij de garderobe. Jassen en tassen zijn toegestaan binnen redelijke grenzen van de beschikbare plaatsen.\u00a0Grote voorwerpen (grote tassen, koffers...) zijn niet toegelaten in Le Bataclan en worden niet aanvaard aan de vestiaire.\u00a0U betaalt 3\u20ac per voorwerp dat u achterlaat bij de garderobe en 5\u20ac voor een tas.<\/p>\r\n<p style=\"caret-color: #000000; color: #000000;\">Rugzakken van meer dan 15 liter zijn niet toegestaan in de zaal en moeten in de garderobe worden achtergelaten.<\/p>\r\n<p style=\"caret-color: #000000; color: #000000;\">Meer informatie vindt u terug op hun <a href=\"https:\/\/www.bataclan.fr\/en\/faq\/\" target=\"_blank\" rel=\"noopener\">FAQ<\/a> pagina<\/p>\r\n\r\n<h4>Zaalplan<\/h4>\r\n<a href=\"https:\/\/gracialive.be\/wp-content\/plugins\/elementor\/assets\/images\/placeholder.png\" data-elementor-open-lightbox=\"yes\" data-e-action-hash=\"#elementor-action%3Aaction%3Dlightbox%26settings%3DW10%3D\">\r\n<img title=\"\" src=\"https:\/\/gracialive.be\/wp-content\/plugins\/elementor\/assets\/images\/placeholder.png\" alt=\"\" \/> <\/a>\r\n<h1>Concert agenda<\/h1>\r\n<p style=\"text-align: center;\">Vous trouverez ci-dessous l'agenda de tous nos futurs concerts ici.<\/p>\r\n[show_events_list_venue]\r\n<a role=\"button\" href=\"\/agenda\/\">\r\nVoir l'agenda complet\r\n<\/a>","post_title":"Bataclan","post_excerpt":"","post_status":"publish","comment_status":"closed","ping_status":"closed","post_password":"","post_name":"bataclan","to_ping":"","pinged":"","post_modified":"2023-09-04 14:15:34","post_modified_gmt":"2023-09-04 14:15:34","post_content_filtered":"","post_parent":0,"guid":"https:\/\/gracialive.be\/venue\/bataclan\/","menu_order":0,"post_type":"venue","post_mime_type":"","comment_count":"0","filter":"raw"}],"sub_event_location":{"term_id":35,"name":"Parijs","slug":"parijs","term_group":0,"term_taxonomy_id":35,"taxonomy":"location","description":"","parent":0,"count":2,"filter":"raw"},"sub_event_notes":"","sub_event_ticket_link":"https:\/\/bit.ly\/BabyGang_Paris24","sub_event_status":"Tickets beschikbaar","sub_custom_event_status":""},{"sub_event_date":"06.11.2024","sub_event_venue":[{"ID":7132,"post_author":"17","post_date":"2022-04-22 12:59:55","post_date_gmt":"2022-04-22 12:59:55","post_content":"<a title=\"Home\" href=\"https:\/\/gracialive.be\/\" rel=\"home\">Home<\/a>\r\n\r\nLa Rockhal est une salle de concert situ\u00e9e \u00e0 Esch-sur-Alzette, dans le sud du Luxembourg. La salle a \u00e9t\u00e9 inaugur\u00e9e le 23 septembre 2005 et peut accueillir jusqu'\u00e0 6 500 personnes. Il est situ\u00e9 sur l'ancienne zone industrielle de Belval, \u00e0 l'ouest d'Esch.\r\n<h4>Pratique<\/h4>\r\n<a role=\"button\">\r\nDescription de la route\r\n<\/a>\r\n<h4>Bereikbaarheid<\/h4>\r\n<a>Met het openbaar vervoer<\/a>\r\n\r\nHet openbaar vervoer in Luxemburg is gratis! Maak hier gebruik van, want het helpt om files voor en na de voorstelling te voorkomen.\u00a0De Rockhal raadt aan om met de trein te komen via lijn 60: Luxemburg-Bettembourg-Esch-P\u00e9tange. Het treinstation Belval Universit\u00e9 ligt direct bij de Rockhal.\r\n\r\n3 TICE-buslijnen rijden dagelijks van en naar de Rockhal (lijn 3, 4 en 15). Belangrijke bestemmingen zijn Esch, Kayl, Schifflange en Clemency. Bezoek de website van TICE voor informatie over de dienstregeling.\r\n\r\n<a>Met de auto<\/a>\r\n\r\nLet op: de parkeergarage bij de Rockhal heeft maar een beperkt aantal plaatsen. Maak dus gebruik van het openbaar vervoer, dat gratis is als u een concertticket heeft voor een voorstelling in de Rockhal.\r\n\r\n<strong>Waar mag je jouw auto niet parkeren?<\/strong>\r\n\r\nHet is niet toegestaan om je auto op de stoepen van de wegen in Belval te parkeren. Je riskeert een bekeuring of erger nog, dat je auto in beslag wordt genomen door de politie.\r\n\r\n<strong>Parkeren CFL<\/strong>\r\n\r\nWat de parkeermogelijkheden bij Belval betreft, raden zij aan gebruik te maken van de CFL parking die zich direct aan het treinstation Belval Universit\u00e9 bevindt en op slechts 2 minuten te voet van de Rockhal verwijderd is. De toegang tot deze parking voor en na de grote shows is gemakkelijker en sneller.\r\n<h4>Toegankelijkheid<\/h4>\r\nRockhal is een volledig toegankelijke zaal. Zo bieden ze bezoekers een beperkte mobiliteit en rolstoelinfrastructuur die bij hun behoeften past en kunnen ze onbeperkt genieten van onze concerten.\r\n\r\nZij beschikken over de volgende voorzieningen:\r\n<ul>\r\n \t<li>gehandicaptenparkeerplaatsen;<\/li>\r\n \t<li>bruikbare toiletten;<\/li>\r\n \t<li>aparte ingangen voor rolstoelgebruikers en mensen met beperkte mobiliteit;<\/li>\r\n \t<li>gereserveerde plaatsen voor rolstoelgebruikers in genummerde voorstellingen;<\/li>\r\n \t<li>een verhoogd platform in het auditorium dat het best mogelijke zicht op het podium biedt voor mensen in een rolstoel en mensen met beperkte mobiliteit die een zitplaats nodig hebben (voor voorstellingen zonder zitplaats).<\/li>\r\n<\/ul>\r\n<h4>Zaalplan<\/h4>\r\n<a href=\"https:\/\/gracialive.be\/wp-content\/plugins\/elementor\/assets\/images\/placeholder.png\" data-elementor-open-lightbox=\"yes\" data-e-action-hash=\"#elementor-action%3Aaction%3Dlightbox%26settings%3DW10%3D\">\r\n<img title=\"\" src=\"https:\/\/gracialive.be\/wp-content\/plugins\/elementor\/assets\/images\/placeholder.png\" alt=\"\" \/> <\/a>\r\n<h1>Concert agenda<\/h1>\r\n<p style=\"text-align: center;\">Vous trouverez ci-dessous l'agenda de tous nos futurs concerts ici.<\/p>\r\n[show_events_list_venue]\r\n<a role=\"button\" href=\"\/agenda\/\">\r\nVoir l'agenda complet\r\n<\/a>","post_title":"Rockhal","post_excerpt":"","post_status":"publish","comment_status":"closed","ping_status":"closed","post_password":"","post_name":"rockhal","to_ping":"","pinged":"","post_modified":"2023-09-04 14:28:47","post_modified_gmt":"2023-09-04 14:28:47","post_content_filtered":"","post_parent":0,"guid":"https:\/\/gracialive.be\/venue\/rockhal\/","menu_order":0,"post_type":"venue","post_mime_type":"","comment_count":"0","filter":"raw"}],"sub_event_location":{"term_id":36,"name":"Luxemburg","slug":"luxemburg","term_group":0,"term_taxonomy_id":36,"taxonomy":"location","description":"","parent":0,"count":3,"filter":"raw"},"sub_event_notes":"","sub_event_ticket_link":"https:\/\/rockhal.lu\/shows\/baby-gang-2024\/","sub_event_status":"Tickets beschikbaar","sub_custom_event_status":""}],"event_notes":"","event_description":"Le rappeur italien Baby Gang sera \u00e0 Bruxelles, Paris et Luxembourg en novembre avec sa tourn\u00e9e europ\u00e9enne \u00ab The End Of The World \u00bb. Les fans peuvent s'attendre \u00e0 un concert inoubliable c\u00e9l\u00e9brant son parcours musical.","select_event_type":false,"event_date":"04.11.2024","event_location":[{"term_id":259,"name":"Bruxelles","slug":"brussel-fr","term_group":0,"term_taxonomy_id":259,"taxonomy":"location","description":"","parent":0,"count":45,"filter":"raw"},{"term_id":263,"name":"Paris","slug":"parijs-fr","term_group":0,"term_taxonomy_id":263,"taxonomy":"location","description":"","parent":0,"count":2,"filter":"raw"},{"term_id":264,"name":"Luxembourg","slug":"luxemburg-fr","term_group":0,"term_taxonomy_id":264,"taxonomy":"location","description":"","parent":0,"count":3,"filter":"raw"}],"event_status":"Afgelopen"},"_links":{"self":[{"href":"https:\/\/gracialive.be\/fr\/wp-json\/wp\/v2\/agenda\/32018"}],"collection":[{"href":"https:\/\/gracialive.be\/fr\/wp-json\/wp\/v2\/agenda"}],"about":[{"href":"https:\/\/gracialive.be\/fr\/wp-json\/wp\/v2\/types\/agenda"}],"version-history":[{"count":7,"href":"https:\/\/gracialive.be\/fr\/wp-json\/wp\/v2\/agenda\/32018\/revisions"}],"predecessor-version":[{"id":32911,"href":"https:\/\/gracialive.be\/fr\/wp-json\/wp\/v2\/agenda\/32018\/revisions\/32911"}],"wp:featuredmedia":[{"embeddable":true,"href":"https:\/\/gracialive.be\/fr\/wp-json\/wp\/v2\/media\/32011"}],"wp:attachment":[{"href":"https:\/\/gracialive.be\/fr\/wp-json\/wp\/v2\/media?parent=32018"}],"wp:term":[{"taxonomy":"category","embeddable":true,"href":"https:\/\/gracialive.be\/fr\/wp-json\/wp\/v2\/categories?post=32018"},{"taxonomy":"location","embeddable":true,"href":"https:\/\/gracialive.be\/fr\/wp-json\/wp\/v2\/location?post=32018"},{"taxonomy":"related_event","embeddable":true,"href":"https:\/\/gracialive.be\/fr\/wp-json\/wp\/v2\/related_event?post=32018"}],"curies":[{"name":"wp","href":"https:\/\/api.w.org\/{rel}","templated":true}]}}