{"id":30602,"date":"2024-06-03T12:38:08","date_gmt":"2024-06-03T11:38:08","guid":{"rendered":"https:\/\/gracialive.be\/?post_type=agenda&#038;p=30602"},"modified":"2025-05-25T18:15:47","modified_gmt":"2025-05-25T16:15:47","slug":"karen-damen-zaalshows","status":"archive","type":"agenda","link":"https:\/\/gracialive.be\/fr\/agenda\/karen-damen-zaalshows\/","title":{"rendered":"Karen Damen"},"content":{"rendered":"\t\t<div data-elementor-type=\"wp-post\" data-elementor-id=\"30602\" class=\"elementor elementor-30602\" data-elementor-post-type=\"agenda\">\n\t\t\t\t\t\t<section class=\"has_eae_slider elementor-section elementor-top-section elementor-element elementor-element-54f4af45 elementor-section-boxed elementor-section-height-default elementor-section-height-default\" data-id=\"54f4af45\" data-element_type=\"section\" data-settings=\"{&quot;jet_parallax_layout_list&quot;:[],&quot;background_background&quot;:&quot;classic&quot;}\">\n\t\t\t\t\t\t<div class=\"elementor-container elementor-column-gap-default\">\n\t\t\t\t\t<div class=\"has_eae_slider elementor-column elementor-col-50 elementor-top-column elementor-element elementor-element-42fa0e17\" data-id=\"42fa0e17\" data-element_type=\"column\">\n\t\t\t<div class=\"elementor-widget-wrap elementor-element-populated\">\n\t\t\t\t\t\t<div class=\"elementor-element elementor-element-3e62ac35 breadcrumb_css elementor-hidden-desktop elementor-hidden-tablet elementor-hidden-mobile elementor-widget elementor-widget-wp-widget-bcn_widget\" data-id=\"3e62ac35\" data-element_type=\"widget\" data-widget_type=\"wp-widget-bcn_widget.default\">\n\t\t\t\t<div class=\"elementor-widget-container\">\n\t\t\t<div class=\"breadcrumbs\" vocab=\"https:\/\/schema.org\/\" typeof=\"BreadcrumbList\"><!-- Breadcrumb NavXT 7.0.2 -->\n<span property=\"itemListElement\" typeof=\"ListItem\"><a property=\"item\" typeof=\"WebPage\" title=\"Go to Gracia Live.\" href=\"https:\/\/gracialive.be\/fr\/\" class=\"home\" aria-current=\"page\"><span property=\"name\">Home<\/span><\/a><meta property=\"position\" content=\"1\"><\/span><\/div>\t\t<\/div>\n\t\t\t\t<\/div>\n\t\t\t\t<div class=\"elementor-element elementor-element-67936ada elementor-widget elementor-widget-theme-post-title elementor-page-title elementor-widget-heading\" data-id=\"67936ada\" data-element_type=\"widget\" data-widget_type=\"theme-post-title.default\">\n\t\t\t\t<div class=\"elementor-widget-container\">\n\t\t\t<style>\/*! elementor - v3.22.0 - 17-06-2024 *\/\n.elementor-heading-title{padding:0;margin:0;line-height:1}.elementor-widget-heading .elementor-heading-title[class*=elementor-size-]>a{color:inherit;font-size:inherit;line-height:inherit}.elementor-widget-heading .elementor-heading-title.elementor-size-small{font-size:15px}.elementor-widget-heading .elementor-heading-title.elementor-size-medium{font-size:19px}.elementor-widget-heading .elementor-heading-title.elementor-size-large{font-size:29px}.elementor-widget-heading .elementor-heading-title.elementor-size-xl{font-size:39px}.elementor-widget-heading .elementor-heading-title.elementor-size-xxl{font-size:59px}<\/style><h1 class=\"elementor-heading-title elementor-size-default\">Karen Damen<\/h1>\t\t<\/div>\n\t\t\t\t<\/div>\n\t\t\t\t<div class=\"elementor-element elementor-element-29f060f elementor-widget elementor-widget-heading\" data-id=\"29f060f\" data-element_type=\"widget\" data-widget_type=\"heading.default\">\n\t\t\t\t<div class=\"elementor-widget-container\">\n\t\t\t<h2 class=\"elementor-heading-title elementor-size-default\">One Woman Show<\/h2>\t\t<\/div>\n\t\t\t\t<\/div>\n\t\t\t\t<div class=\"elementor-element elementor-element-3e9678a4 elementor-widget elementor-widget-shortcode\" data-id=\"3e9678a4\" data-element_type=\"widget\" data-widget_type=\"shortcode.default\">\n\t\t\t\t<div class=\"elementor-widget-container\">\n\t\t\t\t\t<div class=\"elementor-shortcode\">Karen Damen is helemaal klaar om Vlaanderen te veroveren met haar humoristische \u2018One Woman Show'. Met haar komische improvisatietalent en unieke flair voor het vertellen van verhalen, belooft het een onvergetelijke avond te worden waarbij je ongetwijfeld met een glimlach naar buiten zult gaan!<\/div>\n\t\t\t\t<\/div>\n\t\t\t\t<\/div>\n\t\t\t\t<div class=\"elementor-element elementor-element-111a3013 elementor-hidden-desktop elementor-hidden-tablet elementor-hidden-mobile elementor-widget elementor-widget-heading\" data-id=\"111a3013\" data-element_type=\"widget\" data-widget_type=\"heading.default\">\n\t\t\t\t<div class=\"elementor-widget-container\">\n\t\t\t<h4 class=\"elementor-heading-title elementor-size-default\">Praktisch<\/h4>\t\t<\/div>\n\t\t\t\t<\/div>\n\t\t\t\t<div class=\"elementor-element elementor-element-19dc1246 elementor-hidden-desktop elementor-hidden-tablet elementor-hidden-mobile elementor-widget elementor-widget-text-editor\" data-id=\"19dc1246\" data-element_type=\"widget\" data-widget_type=\"text-editor.default\">\n\t\t\t\t<div class=\"elementor-widget-container\">\n\t\t\t<style>\/*! elementor - v3.22.0 - 17-06-2024 *\/\n.elementor-widget-text-editor.elementor-drop-cap-view-stacked .elementor-drop-cap{background-color:#69727d;color:#fff}.elementor-widget-text-editor.elementor-drop-cap-view-framed .elementor-drop-cap{color:#69727d;border:3px solid;background-color:transparent}.elementor-widget-text-editor:not(.elementor-drop-cap-view-default) .elementor-drop-cap{margin-top:8px}.elementor-widget-text-editor:not(.elementor-drop-cap-view-default) .elementor-drop-cap-letter{width:1em;height:1em}.elementor-widget-text-editor .elementor-drop-cap{float:left;text-align:center;line-height:1;font-size:50px}.elementor-widget-text-editor .elementor-drop-cap-letter{display:inline-block}<\/style>\t\t\t\t<p>Bekijk hieronder alle data\u00a0<\/p>\t\t\t\t\t\t<\/div>\n\t\t\t\t<\/div>\n\t\t\t\t<div class=\"elementor-element elementor-element-1e92a865 elementor-hidden-desktop elementor-hidden-tablet elementor-hidden-mobile elementor-widget elementor-widget-post-info\" data-id=\"1e92a865\" data-element_type=\"widget\" data-widget_type=\"post-info.default\">\n\t\t\t\t<div class=\"elementor-widget-container\">\n\t\t\t<link rel=\"stylesheet\" href=\"https:\/\/gracialive.be\/wp-content\/plugins\/elementor\/assets\/css\/widget-icon-list.min.css\"><link rel=\"stylesheet\" href=\"https:\/\/gracialive.be\/wp-content\/plugins\/elementor-pro\/assets\/css\/widget-theme-elements.min.css\">\t\t<ul class=\"elementor-icon-list-items elementor-post-info\">\n\t\t\t\t\t\t\t\t<li class=\"elementor-icon-list-item elementor-repeater-item-bc12b72\">\n\t\t\t\t\t\t\t\t\t\t<span class=\"elementor-icon-list-icon\">\n\t\t\t\t\t\t\t\t<svg xmlns=\"http:\/\/www.w3.org\/2000\/svg\" width=\"19.5\" height=\"21.5\" viewBox=\"0 0 19.5 21.5\"><g id=\"Iconly_Light_Calendar\" data-name=\"Iconly\/Light\/Calendar\" transform=\"translate(0.75 0.75)\"><g id=\"Calendar\" transform=\"translate(0 0)\"><path id=\"Line_200\" d=\"M0,.473H17.824\" transform=\"translate(0.093 6.931)\" fill=\"none\" stroke=\"#51acf0\" stroke-linecap=\"round\" stroke-linejoin=\"round\" stroke-miterlimit=\"10\" stroke-width=\"1.5\"><\/path><path id=\"Line_201\" d=\"M.459.473H.468\" transform=\"translate(12.984 10.837)\" fill=\"none\" stroke=\"#51acf0\" stroke-linecap=\"round\" stroke-linejoin=\"round\" stroke-miterlimit=\"10\" stroke-width=\"1.5\"><\/path><path id=\"Line_202\" d=\"M.459.473H.468\" transform=\"translate(8.546 10.837)\" fill=\"none\" stroke=\"#51acf0\" stroke-linecap=\"round\" stroke-linejoin=\"round\" stroke-miterlimit=\"10\" stroke-width=\"1.5\"><\/path><path id=\"Line_203\" d=\"M.459.473H.468\" transform=\"translate(4.099 10.837)\" fill=\"none\" stroke=\"#51acf0\" stroke-linecap=\"round\" stroke-linejoin=\"round\" stroke-miterlimit=\"10\" stroke-width=\"1.5\"><\/path><path id=\"Line_204\" d=\"M.459.473H.468\" transform=\"translate(12.984 14.723)\" fill=\"none\" stroke=\"#51acf0\" stroke-linecap=\"round\" stroke-linejoin=\"round\" stroke-miterlimit=\"10\" stroke-width=\"1.5\"><\/path><path id=\"Line_205\" d=\"M.459.473H.468\" transform=\"translate(8.546 14.723)\" fill=\"none\" stroke=\"#51acf0\" stroke-linecap=\"round\" stroke-linejoin=\"round\" stroke-miterlimit=\"10\" stroke-width=\"1.5\"><\/path><path id=\"Line_206\" d=\"M.459.473H.468\" transform=\"translate(4.099 14.723)\" fill=\"none\" stroke=\"#51acf0\" stroke-linecap=\"round\" stroke-linejoin=\"round\" stroke-miterlimit=\"10\" stroke-width=\"1.5\"><\/path><path id=\"Line_207\" d=\"M.463,0V3.291\" transform=\"translate(12.581 0)\" fill=\"none\" stroke=\"#51acf0\" stroke-linecap=\"round\" stroke-linejoin=\"round\" stroke-miterlimit=\"10\" stroke-width=\"1.5\"><\/path><path id=\"Line_208\" d=\"M.463,0V3.291\" transform=\"translate(4.502 0)\" fill=\"none\" stroke=\"#51acf0\" stroke-linecap=\"round\" stroke-linejoin=\"round\" stroke-miterlimit=\"10\" stroke-width=\"1.5\"><\/path><path id=\"Path\" d=\"M13.238,0H4.771C1.834,0,0,1.636,0,4.643v9.05c0,3.054,1.834,4.728,4.771,4.728h8.458c2.946,0,4.771-1.645,4.771-4.652V4.643C18.009,1.636,16.184,0,13.238,0Z\" transform=\"translate(0 1.579)\" fill=\"none\" stroke=\"#51acf0\" stroke-linecap=\"round\" stroke-linejoin=\"round\" stroke-miterlimit=\"10\" stroke-width=\"1.5\"><\/path><\/g><\/g><\/svg>\t\t\t\t\t\t\t<\/span>\n\t\t\t\t\t\t\t\t\t<span class=\"elementor-icon-list-text elementor-post-info__item elementor-post-info__item--type-custom\">\n\t\t\t\t\t\t\t\t\t\t 13.09.2024 - 21.05.2025\t\t\t\t\t<\/span>\n\t\t\t\t\t\t\t\t<\/li>\n\t\t\t\t<li class=\"elementor-icon-list-item elementor-repeater-item-9961ff0\">\n\t\t\t\t\t\t\t\t\t\t<span class=\"elementor-icon-list-icon\">\n\t\t\t\t\t\t\t\t<svg xmlns=\"http:\/\/www.w3.org\/2000\/svg\" width=\"16.857\" height=\"19.836\" viewBox=\"0 0 16.857 19.836\"><g id=\"Iconly_Light_Location\" data-name=\"Iconly\/Light\/Location\" transform=\"translate(0.75 0.75)\"><g id=\"Location\" transform=\"translate(-0.739 -0.739)\"><path id=\"Path_33958\" d=\"M0,7.652A7.678,7.678,0,1,1,15.357,7.7v.087a11.338,11.338,0,0,1-3.478,7.3,20.183,20.183,0,0,1-3.591,2.957.93.93,0,0,1-1.217,0,19.817,19.817,0,0,1-5.052-4.73A9.826,9.826,0,0,1,0,7.678Z\" transform=\"translate(0.739 0.739)\" fill=\"none\" stroke=\"#51acf0\" stroke-linecap=\"round\" stroke-linejoin=\"round\" stroke-miterlimit=\"10\" stroke-width=\"1.5\"><\/path><circle id=\"Ellipse_740\" cx=\"2.461\" cy=\"2.461\" r=\"2.461\" transform=\"translate(5.957 6.078)\" fill=\"none\" stroke=\"#51acf0\" stroke-linecap=\"round\" stroke-linejoin=\"round\" stroke-miterlimit=\"10\" stroke-width=\"1.5\"><\/circle><\/g><\/g><\/svg>\t\t\t\t\t\t\t<\/span>\n\t\t\t\t\t\t\t\t\t<span class=\"elementor-icon-list-text elementor-post-info__item elementor-post-info__item--type-custom\">\n\t\t\t\t\t\t\t\t\t\t<a href='https:\/\/gracialive.be\/fr\/?post_type=venue&amp;p=30612'>Kaleidoscoop<\/a>, Gent, Stabroek, Kontich, Boom, Waregem, Pelt, Merksem, Heusden-Zolder, Oosterzele, Antwerpen, Hasselt, Leuven, Middelkerke, Turnhout, Mortsel, Zemst, Menen, Bornem, Zele, Wuustwezel, Sint-Lievens-Houtem, Lebbeke, Vilvoorde, Koksijde, Ieper, Tielt, Roeselare\t\t\t\t\t<\/span>\n\t\t\t\t\t\t\t\t<\/li>\n\t\t\t\t<\/ul>\n\t\t\t\t<\/div>\n\t\t\t\t<\/div>\n\t\t\t\t<div class=\"elementor-element elementor-element-3dae8b1e elementor-widget elementor-widget-shortcode\" data-id=\"3dae8b1e\" data-element_type=\"widget\" data-widget_type=\"shortcode.default\">\n\t\t\t\t<div class=\"elementor-widget-container\">\n\t\t\t\t\t<div class=\"elementor-shortcode\"><\/div>\n\t\t\t\t<\/div>\n\t\t\t\t<\/div>\n\t\t\t\t\t<\/div>\n\t\t<\/div>\n\t\t\t\t<div class=\"has_eae_slider elementor-column elementor-col-50 elementor-top-column elementor-element elementor-element-319c4cfe\" data-id=\"319c4cfe\" data-element_type=\"column\">\n\t\t\t<div class=\"elementor-widget-wrap elementor-element-populated\">\n\t\t\t\t\t\t<div class=\"elementor-element elementor-element-415af5c6 elementor-widget elementor-widget-image\" data-id=\"415af5c6\" data-element_type=\"widget\" data-widget_type=\"image.default\">\n\t\t\t\t<div class=\"elementor-widget-container\">\n\t\t\t<style>\/*! elementor - v3.22.0 - 17-06-2024 *\/\n.elementor-widget-image{text-align:center}.elementor-widget-image a{display:inline-block}.elementor-widget-image a img[src$=\".svg\"]{width:48px}.elementor-widget-image img{vertical-align:middle;display:inline-block}<\/style>\t\t\t\t\t\t\t\t\t\t<img fetchpriority=\"high\" decoding=\"async\" width=\"1920\" height=\"1080\" src=\"https:\/\/gracialive.be\/wp-content\/uploads\/2023\/09\/kd-1920x1080-1.jpg\" class=\"attachment-full size-full wp-image-24583\" alt=\"Karen Damen\" srcset=\"https:\/\/gracialive.be\/wp-content\/uploads\/2023\/09\/kd-1920x1080-1.jpg 1920w, https:\/\/gracialive.be\/wp-content\/uploads\/2023\/09\/kd-1920x1080-1-300x169.jpg 300w, https:\/\/gracialive.be\/wp-content\/uploads\/2023\/09\/kd-1920x1080-1-1024x576.jpg 1024w, https:\/\/gracialive.be\/wp-content\/uploads\/2023\/09\/kd-1920x1080-1-768x432.jpg 768w, https:\/\/gracialive.be\/wp-content\/uploads\/2023\/09\/kd-1920x1080-1-1536x864.jpg 1536w, https:\/\/gracialive.be\/wp-content\/uploads\/2023\/09\/kd-1920x1080-1-1568x882.jpg 1568w\" sizes=\"(max-width: 34.9rem) calc(100vw - 2rem), (max-width: 53rem) calc(8 * (100vw \/ 12)), (min-width: 53rem) calc(6 * (100vw \/ 12)), 100vw\" \/>\t\t\t\t\t\t\t\t\t\t\t\t\t<\/div>\n\t\t\t\t<\/div>\n\t\t\t\t\t<\/div>\n\t\t<\/div>\n\t\t\t\t\t<\/div>\n\t\t<\/section>\n\t\t\t\t<section class=\"has_eae_slider elementor-section elementor-top-section elementor-element elementor-element-6a32f90b elementor-section-full_width elementor-section-height-default elementor-section-height-default\" data-id=\"6a32f90b\" data-element_type=\"section\" data-settings=\"{&quot;jet_parallax_layout_list&quot;:[]}\">\n\t\t\t\t\t\t<div class=\"elementor-container elementor-column-gap-no\">\n\t\t\t\t\t<div class=\"has_eae_slider elementor-column elementor-col-100 elementor-top-column elementor-element elementor-element-2059a26\" data-id=\"2059a26\" data-element_type=\"column\" data-settings=\"{&quot;background_background&quot;:&quot;classic&quot;}\">\n\t\t\t<div class=\"elementor-widget-wrap elementor-element-populated\">\n\t\t\t\t\t\t<div class=\"elementor-element elementor-element-405dd420 border_heading_vacatures elementor-widget elementor-widget-heading\" data-id=\"405dd420\" data-element_type=\"widget\" data-widget_type=\"heading.default\">\n\t\t\t\t<div class=\"elementor-widget-container\">\n\t\t\t<h1 class=\"elementor-heading-title elementor-size-default\">Pratique<\/h1>\t\t<\/div>\n\t\t\t\t<\/div>\n\t\t\t\t<div class=\"elementor-element elementor-element-1369eb78 custom_repeater elementor-widget elementor-widget-shortcode\" data-id=\"1369eb78\" data-element_type=\"widget\" data-widget_type=\"shortcode.default\">\n\t\t\t\t<div class=\"elementor-widget-container\">\n\t\t\t\t\t<div class=\"elementor-shortcode\"><section class=\"elementor-section elementor-section-boxed custom_repeater\"><div class=\"sub-events-cols elementor-container elementor-column-gap-default\"><div class=\"sub-event-col elementor-column elementor-col-14\" data-link=\"https:\/\/kaleidoscoop.be\/programma\/one-woman-show\/\"><div class=\"elementor-widget-wrap\"><div class=\"sub-event-content\"><h4 class=\"sub-event-date elementor-element elementor-widget\">13 \/ 09<br\/><small>2024<\/small><\/h4><div class=\"sub-event-title elementor-element elementor-widget\">Kaleidoscoop<\/div><div class=\"sub-event-location elementor-element elementor-widget\">Mortsel<\/div><div class=\"sub-event-notes elementor-element elementor-widget\"><\/div><\/div><div class=\"sub-event-ticket-link elementor-element elementor-widget\"><a href=\"#\" style=\"background-color:#19354B;\">Complet<\/a><\/div><\/div><\/div><div class=\"sub-event-col elementor-column elementor-col-14\" data-link=\"https:\/\/www.stabroek.be\/agenda\/e\/karen-damen-one-woman-show\/edd9ba99-ed79-4c85-b36b-ea1cddd18eb7\"><div class=\"elementor-widget-wrap\"><div class=\"sub-event-content\"><h4 class=\"sub-event-date elementor-element elementor-widget\">27 \/ 09<br\/><small>2024<\/small><\/h4><div class=\"sub-event-title elementor-element elementor-widget\">Zaal Moorland<\/div><div class=\"sub-event-location elementor-element elementor-widget\">Stabroek<\/div><div class=\"sub-event-notes elementor-element elementor-widget\"><\/div><\/div><div class=\"sub-event-ticket-link elementor-element elementor-widget\"><a href=\"#\" style=\"background-color:#ecf7ff;color:black;\">Termin\u00e9<\/a><\/div><\/div><\/div><div class=\"sub-event-col elementor-column elementor-col-14\" data-link=\"https:\/\/www.gcdemelkerij.be\/detail\/275\/karen-damen-one-woman-show\"><div class=\"elementor-widget-wrap\"><div class=\"sub-event-content\"><h4 class=\"sub-event-date elementor-element elementor-widget\">07 \/ 11<br\/><small>2024<\/small><\/h4><div class=\"sub-event-title elementor-element elementor-widget\">De Melkerij<\/div><div class=\"sub-event-location elementor-element elementor-widget\">Zemst<\/div><div class=\"sub-event-notes elementor-element elementor-widget\"><\/div><\/div><div class=\"sub-event-ticket-link elementor-element elementor-widget\"><a href=\"#\" style=\"background-color:#ecf7ff;color:black;\">Termin\u00e9<\/a><\/div><\/div><\/div><div class=\"sub-event-col elementor-column elementor-col-14\" data-link=\"https:\/\/www.ccdesteiger.be\/nl\/event\/karen-damen\"><div class=\"elementor-widget-wrap\"><div class=\"sub-event-content\"><h4 class=\"sub-event-date elementor-element elementor-widget\">28 \/ 11<br\/><small>2024<\/small><\/h4><div class=\"sub-event-title elementor-element elementor-widget\">CC De Steiger<\/div><div class=\"sub-event-location elementor-element elementor-widget\">Menen<\/div><div class=\"sub-event-notes elementor-element elementor-widget\"><\/div><\/div><div class=\"sub-event-ticket-link elementor-element elementor-widget\"><a href=\"#\" style=\"background-color:#ecf7ff;color:black;\">Termin\u00e9<\/a><\/div><\/div><\/div><div class=\"sub-event-col elementor-column elementor-col-14\" data-link=\"https:\/\/www.terdilft.be\/activiteiten\/one-woman-show\"><div class=\"elementor-widget-wrap\"><div class=\"sub-event-content\"><h4 class=\"sub-event-date elementor-element elementor-widget\">14 \/ 12<br\/><small>2024<\/small><\/h4><div class=\"sub-event-title elementor-element elementor-widget\">CC Ter Dilft<\/div><div class=\"sub-event-location elementor-element elementor-widget\">Bornem<\/div><div class=\"sub-event-notes elementor-element elementor-widget\"><\/div><\/div><div class=\"sub-event-ticket-link elementor-element elementor-widget\"><a href=\"#\" style=\"background-color:#ecf7ff;color:black;\">Termin\u00e9<\/a><\/div><\/div><\/div><div class=\"sub-event-col elementor-column elementor-col-14\" data-link=\"https:\/\/www.dewiek.be\/e859\/one-woman-show\"><div class=\"elementor-widget-wrap\"><div class=\"sub-event-content\"><h4 class=\"sub-event-date elementor-element elementor-widget\">24 \/ 01<br\/><small>2025<\/small><\/h4><div class=\"sub-event-title elementor-element elementor-widget\">GC De Wiek<\/div><div class=\"sub-event-location elementor-element elementor-widget\">Zele<\/div><div class=\"sub-event-notes elementor-element elementor-widget\"><\/div><\/div><div class=\"sub-event-ticket-link elementor-element elementor-widget\"><a href=\"#\" style=\"background-color:#ecf7ff;color:black;\">Termin\u00e9<\/a><\/div><\/div><\/div><div class=\"sub-event-col elementor-column elementor-col-14\" data-link=\"https:\/\/www.curieus-wuustwezel.be\/evenement\/vertelling-humor-muziek-karen-damen\/\"><div class=\"elementor-widget-wrap\"><div class=\"sub-event-content\"><h4 class=\"sub-event-date elementor-element elementor-widget\">25 \/ 01<br\/><small>2025<\/small><\/h4><div class=\"sub-event-title elementor-element elementor-widget\">GC Kadans<\/div><div class=\"sub-event-location elementor-element elementor-widget\">Wuustwezel<\/div><div class=\"sub-event-notes elementor-element elementor-widget\"><\/div><\/div><div class=\"sub-event-ticket-link elementor-element elementor-widget\"><a href=\"#\" style=\"background-color:#19354B;\">Complet<\/a><\/div><\/div><\/div><div class=\"sub-event-col elementor-column elementor-col-14\" data-link=\"https:\/\/www.sint-lievens-houtem.be\/activiteiten\/detail\/774\/karen-damen-one-woman-show\"><div class=\"elementor-widget-wrap\"><div class=\"sub-event-content\"><h4 class=\"sub-event-date elementor-element elementor-widget\">01 \/ 02<br\/><small>2025<\/small><\/h4><div class=\"sub-event-title elementor-element elementor-widget\">CC De Fabriek<\/div><div class=\"sub-event-location elementor-element elementor-widget\">Sint-Lievens-Houtem<\/div><div class=\"sub-event-notes elementor-element elementor-widget\"><\/div><\/div><div class=\"sub-event-ticket-link elementor-element elementor-widget\"><a href=\"#\" style=\"background-color:#ecf7ff;color:black;\">Termin\u00e9<\/a><\/div><\/div><\/div><div class=\"sub-event-col elementor-column elementor-col-14\" data-link=\"https:\/\/www.ccdebiekorf.be\/karen-damen\"><div class=\"elementor-widget-wrap\"><div class=\"sub-event-content\"><h4 class=\"sub-event-date elementor-element elementor-widget\">15 \/ 02<br\/><small>2025<\/small><\/h4><div class=\"sub-event-title elementor-element elementor-widget\">CC De Biekorf<\/div><div class=\"sub-event-location elementor-element elementor-widget\">Lebbeke<\/div><div class=\"sub-event-notes elementor-element elementor-widget\"><\/div><\/div><div class=\"sub-event-ticket-link elementor-element elementor-widget\"><a href=\"#\" style=\"background-color:#ecf7ff;color:black;\">Termin\u00e9<\/a><\/div><\/div><\/div><div class=\"sub-event-col elementor-column elementor-col-14\" data-link=\"https:\/\/www.palethe.be\/karen-damen-one-woman-show\"><div class=\"elementor-widget-wrap\"><div class=\"sub-event-content\"><h4 class=\"sub-event-date elementor-element elementor-widget\">06 \/ 03<br\/><small>2025<\/small><\/h4><div class=\"sub-event-title elementor-element elementor-widget\">CC Palethe<\/div><div class=\"sub-event-location elementor-element elementor-widget\">Pelt<\/div><div class=\"sub-event-notes elementor-element elementor-widget\"><\/div><\/div><div class=\"sub-event-ticket-link elementor-element elementor-widget\"><a href=\"#\" style=\"background-color:#ecf7ff;color:black;\">Termin\u00e9<\/a><\/div><\/div><\/div><div class=\"sub-event-col elementor-column elementor-col-14\" data-link=\"https:\/\/www.hetbolwerk.be\/programma\/podium\/karen-damen-one-woman-show\"><div class=\"elementor-widget-wrap\"><div class=\"sub-event-content\"><h4 class=\"sub-event-date elementor-element elementor-widget\">08 \/ 03<br\/><small>2025<\/small><\/h4><div class=\"sub-event-title elementor-element elementor-widget\">CC Het Bolwerk<\/div><div class=\"sub-event-location elementor-element elementor-widget\">Vilvoorde<\/div><div class=\"sub-event-notes elementor-element elementor-widget\"><\/div><\/div><div class=\"sub-event-ticket-link elementor-element elementor-widget\"><a href=\"#\" style=\"background-color:#ecf7ff;color:black;\">Termin\u00e9<\/a><\/div><\/div><\/div><div class=\"sub-event-col elementor-column elementor-col-14\" data-link=\"https:\/\/webshopkontich.recreatex.be\/Tickets\/Detail?ID=DF3FEBF4-7545-426E-9944-EBDFFA856135\"><div class=\"elementor-widget-wrap\"><div class=\"sub-event-content\"><h4 class=\"sub-event-date elementor-element elementor-widget\">11 \/ 03<br\/><small>2025<\/small><\/h4><div class=\"sub-event-title elementor-element elementor-widget\">Altena<\/div><div class=\"sub-event-location elementor-element elementor-widget\">Kontich<\/div><div class=\"sub-event-notes elementor-element elementor-widget\"><\/div><\/div><div class=\"sub-event-ticket-link elementor-element elementor-widget\"><a href=\"#\" style=\"background-color:#19354B;\">Complet<\/a><\/div><\/div><\/div><div class=\"sub-event-col elementor-column elementor-col-14\" data-link=\"https:\/\/www.beat-tickets.be\/evenement\/karen-damen-e9c0770a\"><div class=\"elementor-widget-wrap\"><div class=\"sub-event-content\"><h4 class=\"sub-event-date elementor-element elementor-widget\">20 \/ 03<br\/><small>2025<\/small><\/h4><div class=\"sub-event-title elementor-element elementor-widget\">Capitole<\/div><div class=\"sub-event-location elementor-element elementor-widget\">Gent<\/div><div class=\"sub-event-notes elementor-element elementor-widget\"><\/div><\/div><div class=\"sub-event-ticket-link elementor-element elementor-widget\"><a href=\"#\" style=\"background-color:#ecf7ff;color:black;\">Termin\u00e9<\/a><\/div><\/div><\/div><div class=\"sub-event-col elementor-column elementor-col-14\" data-link=\"https:\/\/www.hetperron.be\/karendamen\"><div class=\"elementor-widget-wrap\"><div class=\"sub-event-content\"><h4 class=\"sub-event-date elementor-element elementor-widget\">22 \/ 03<br\/><small>2025<\/small><\/h4><div class=\"sub-event-title elementor-element elementor-widget\">CC Het Perron<\/div><div class=\"sub-event-location elementor-element elementor-widget\">Ieper<\/div><div class=\"sub-event-notes elementor-element elementor-widget\"><\/div><\/div><div class=\"sub-event-ticket-link elementor-element elementor-widget\"><a href=\"#\" style=\"background-color:#ecf7ff;color:black;\">Termin\u00e9<\/a><\/div><\/div><\/div><div class=\"sub-event-col elementor-column elementor-col-14\" data-link=\"https:\/\/www.schouwburgnoord.be\/nl\/event\/karen-damen\"><div class=\"elementor-widget-wrap\"><div class=\"sub-event-content\"><h4 class=\"sub-event-date elementor-element elementor-widget\">28 \/ 03<br\/><small>2025<\/small><\/h4><div class=\"sub-event-title elementor-element elementor-widget\">Schouwburg Noord<\/div><div class=\"sub-event-location elementor-element elementor-widget\">Merksem<\/div><div class=\"sub-event-notes elementor-element elementor-widget\"><\/div><\/div><div class=\"sub-event-ticket-link elementor-element elementor-widget\"><a href=\"#\" style=\"background-color:#ecf7ff;color:black;\">Termin\u00e9<\/a><\/div><\/div><\/div><div class=\"sub-event-col elementor-column elementor-col-14\" data-link=\"https:\/\/www.desteigerboom.be\/karen-damen\"><div class=\"elementor-widget-wrap\"><div class=\"sub-event-content\"><h4 class=\"sub-event-date elementor-element elementor-widget\">03 \/ 04<br\/><small>2025<\/small><\/h4><div class=\"sub-event-title elementor-element elementor-widget\">CC De Steiger<\/div><div class=\"sub-event-location elementor-element elementor-widget\">Boom<\/div><div class=\"sub-event-notes elementor-element elementor-widget\"><\/div><\/div><div class=\"sub-event-ticket-link elementor-element elementor-widget\"><a href=\"#\" style=\"background-color:#ecf7ff;color:black;\">Termin\u00e9<\/a><\/div><\/div><\/div><div class=\"sub-event-col elementor-column elementor-col-14\" data-link=\"https:\/\/www.muze.be\/2025-04-04.html\"><div class=\"elementor-widget-wrap\"><div class=\"sub-event-content\"><h4 class=\"sub-event-date elementor-element elementor-widget\">04 \/ 04<br\/><small>2025<\/small><\/h4><div class=\"sub-event-title elementor-element elementor-widget\">CC MUZE<\/div><div class=\"sub-event-location elementor-element elementor-widget\">Heusden-Zolder<\/div><div class=\"sub-event-notes elementor-element elementor-widget\"><\/div><\/div><div class=\"sub-event-ticket-link elementor-element elementor-widget\"><a href=\"#\" style=\"background-color:#ecf7ff;color:black;\">Termin\u00e9<\/a><\/div><\/div><\/div><div class=\"sub-event-col elementor-column elementor-col-14\" data-link=\"https:\/\/www.ccdeschakel.be\/voorstellingen\/1946\/one-woman-show\/karen-damen\"><div class=\"elementor-widget-wrap\"><div class=\"sub-event-content\"><h4 class=\"sub-event-date elementor-element elementor-widget\">24 \/ 04<br\/><small>2025<\/small><\/h4><div class=\"sub-event-title elementor-element elementor-widget\">CC De Schakel<\/div><div class=\"sub-event-location elementor-element elementor-widget\">Waregem<\/div><div class=\"sub-event-notes elementor-element elementor-widget\"><\/div><\/div><div class=\"sub-event-ticket-link elementor-element elementor-widget\"><a href=\"#\" style=\"background-color:#ecf7ff;color:black;\">Termin\u00e9<\/a><\/div><\/div><\/div><div class=\"sub-event-col elementor-column elementor-col-14\" data-link=\"https:\/\/gcdekluize.be\/voorstelling\/one-woman-show\/\"><div class=\"elementor-widget-wrap\"><div class=\"sub-event-content\"><h4 class=\"sub-event-date elementor-element elementor-widget\">25 \/ 04<br\/><small>2025<\/small><\/h4><div class=\"sub-event-title elementor-element elementor-widget\">GC De Kluize<\/div><div class=\"sub-event-location elementor-element elementor-widget\">Oosterzele<\/div><div class=\"sub-event-notes elementor-element elementor-widget\"><\/div><\/div><div class=\"sub-event-ticket-link elementor-element elementor-widget\"><a href=\"#\" style=\"background-color:#ecf7ff;color:black;\">Termin\u00e9<\/a><\/div><\/div><\/div><div class=\"sub-event-col elementor-column elementor-col-14\" data-link=\"https:\/\/www.warande.be\/programma\/8429\/te-gast-karen-damen\/one-woman-show\"><div class=\"elementor-widget-wrap\"><div class=\"sub-event-content\"><h4 class=\"sub-event-date elementor-element elementor-widget\">08 \/ 05<br\/><small>2025<\/small><\/h4><div class=\"sub-event-title elementor-element elementor-widget\">De Warande<\/div><div class=\"sub-event-location elementor-element elementor-widget\">Turnhout<\/div><div class=\"sub-event-notes elementor-element elementor-widget\"><\/div><\/div><div class=\"sub-event-ticket-link elementor-element elementor-widget\"><a href=\"#\" style=\"background-color:#ecf7ff;color:black;\">Termin\u00e9<\/a><\/div><\/div><\/div><div class=\"sub-event-col elementor-column elementor-col-14\" data-link=\"https:\/\/www.ccha.be\/programma\/5296\/karen-damen\/one-woman-show\"><div class=\"elementor-widget-wrap\"><div class=\"sub-event-content\"><h4 class=\"sub-event-date elementor-element elementor-widget\">14 \/ 05<br\/><small>2025<\/small><\/h4><div class=\"sub-event-title elementor-element elementor-widget\">CCHA<\/div><div class=\"sub-event-location elementor-element elementor-widget\">Hasselt<\/div><div class=\"sub-event-notes elementor-element elementor-widget\"><\/div><\/div><div class=\"sub-event-ticket-link elementor-element elementor-widget\"><a href=\"#\" style=\"background-color:#ecf7ff;color:black;\">Termin\u00e9<\/a><\/div><\/div><\/div><div class=\"sub-event-col elementor-column elementor-col-14\" data-link=\"https:\/\/www.hetdepot.be\/concert\/gracia-live-presents-karen-damen\"><div class=\"elementor-widget-wrap\"><div class=\"sub-event-content\"><h4 class=\"sub-event-date elementor-element elementor-widget\">16 \/ 05<br\/><small>2025<\/small><\/h4><div class=\"sub-event-title elementor-element elementor-widget\">Het Depot<\/div><div class=\"sub-event-location elementor-element elementor-widget\">Leuven<\/div><div class=\"sub-event-notes elementor-element elementor-widget\"><\/div><\/div><div class=\"sub-event-ticket-link elementor-element elementor-widget\"><a href=\"#\" style=\"background-color:#ecf7ff;color:black;\">Termin\u00e9<\/a><\/div><\/div><\/div><div class=\"sub-event-col elementor-column elementor-col-14\" data-link=\"https:\/\/www.arenberg.be\/nl\/programma\/karen-damen\/a0NP50000043KcbMAE\"><div class=\"elementor-widget-wrap\"><div class=\"sub-event-content\"><h4 class=\"sub-event-date elementor-element elementor-widget\">21 \/ 05<br\/><small>2025<\/small><\/h4><div class=\"sub-event-title elementor-element elementor-widget\">Arenberg<\/div><div class=\"sub-event-location elementor-element elementor-widget\">Antwerpen<\/div><div class=\"sub-event-notes elementor-element elementor-widget\"><\/div><\/div><div class=\"sub-event-ticket-link elementor-element elementor-widget\"><a href=\"#\" style=\"background-color:#ecf7ff;color:black;\">Termin\u00e9<\/a><\/div><\/div><\/div><\/div><section><\/div>\n\t\t\t\t<\/div>\n\t\t\t\t<\/div>\n\t\t\t\t\t<\/div>\n\t\t<\/div>\n\t\t\t\t\t<\/div>\n\t\t<\/section>\n\t\t\t\t<section class=\"has_eae_slider elementor-section elementor-top-section elementor-element elementor-element-6ac7acc5 elementor-section-boxed elementor-section-height-default elementor-section-height-default\" data-id=\"6ac7acc5\" data-element_type=\"section\" data-settings=\"{&quot;jet_parallax_layout_list&quot;:[]}\">\n\t\t\t\t\t\t<div class=\"elementor-container elementor-column-gap-default\">\n\t\t\t\t\t<div class=\"has_eae_slider elementor-column elementor-col-50 elementor-top-column elementor-element elementor-element-d8af1e1\" data-id=\"d8af1e1\" data-element_type=\"column\">\n\t\t\t<div class=\"elementor-widget-wrap elementor-element-populated\">\n\t\t\t\t\t\t<div class=\"elementor-element elementor-element-2c2ba2ec elementor-widget elementor-widget-image\" data-id=\"2c2ba2ec\" data-element_type=\"widget\" data-widget_type=\"image.default\">\n\t\t\t\t<div class=\"elementor-widget-container\">\n\t\t\t\t\t\t\t\t\t\t<figure class=\"wp-caption\">\n\t\t\t\t\t\t\t\t\t\t<img decoding=\"async\" width=\"1080\" height=\"1350\" src=\"https:\/\/gracialive.be\/wp-content\/uploads\/2024\/05\/1.jpg\" class=\"attachment-full size-full wp-image-30662\" alt=\"\" srcset=\"https:\/\/gracialive.be\/wp-content\/uploads\/2024\/05\/1.jpg 1080w, https:\/\/gracialive.be\/wp-content\/uploads\/2024\/05\/1-240x300.jpg 240w, https:\/\/gracialive.be\/wp-content\/uploads\/2024\/05\/1-819x1024.jpg 819w, https:\/\/gracialive.be\/wp-content\/uploads\/2024\/05\/1-768x960.jpg 768w\" sizes=\"(max-width: 34.9rem) calc(100vw - 2rem), (max-width: 53rem) calc(8 * (100vw \/ 12)), (min-width: 53rem) calc(6 * (100vw \/ 12)), 100vw\" \/>\t\t\t\t\t\t\t\t\t\t\t<figcaption class=\"widget-image-caption wp-caption-text\"><\/figcaption>\n\t\t\t\t\t\t\t\t\t\t<\/figure>\n\t\t\t\t\t\t\t<\/div>\n\t\t\t\t<\/div>\n\t\t\t\t\t<\/div>\n\t\t<\/div>\n\t\t\t\t<div class=\"has_eae_slider elementor-column elementor-col-50 elementor-top-column elementor-element elementor-element-785ac281\" data-id=\"785ac281\" data-element_type=\"column\">\n\t\t\t<div class=\"elementor-widget-wrap elementor-element-populated\">\n\t\t\t\t\t\t<div class=\"elementor-element elementor-element-1441f569 border_heading_vacatures elementor-widget elementor-widget-heading\" data-id=\"1441f569\" data-element_type=\"widget\" data-widget_type=\"heading.default\">\n\t\t\t\t<div class=\"elementor-widget-container\">\n\t\t\t<h1 class=\"elementor-heading-title elementor-size-default\">Information<\/h1>\t\t<\/div>\n\t\t\t\t<\/div>\n\t\t\t\t<div class=\"elementor-element elementor-element-18b3d7aa elementor-widget elementor-widget-text-editor\" data-id=\"18b3d7aa\" data-element_type=\"widget\" data-widget_type=\"text-editor.default\">\n\t\t\t\t<div class=\"elementor-widget-container\">\n\t\t\t\t\t\t\t<p>Karen Damen\u00a0behoeft weinig woorden: flapuit, spraakwaterval, emotioneel, hart op de juiste plaats \u00e9n vooral op de tong. Dat bewees ze in het verleden in tal van succesvolle televisieprogramma\u2019s (<em>Perfect, Camping Karen &amp; James, The Masked Singer,<\/em> \u2026).\u2018De rosse van K3\u2019 staat garant voor veel lach maar af en toe ook een traan en met haar nieuwe \u2018One Woman Show\u2019 waagt ze zich nu ook op het podium van de Vlaamse theaterzalen.<\/p><p>Gewapend met een stevige portie ongedwongen humor en \u00e9\u00e9n pianist, neemt Karen haar fans mee op een humoristische reis door haar leven, afgewisseld met muzikale intermezzo\u2019s waarbij ze zorgt voor een komische noot in eigen spreektaal. Van grappige anekdotes uit haar priv\u00e9leven tot ludieke gebeurtenissen gedurende haar carri\u00e8re bij K3, tijdens haar show gaat Karen geen onderwerp uit de weg geeft ze het publiek een verrassende inkijk in haar leven.<\/p><p><strong><em>Met haar charmerende mix van humor en muzikaliteit garandeert deze voorstelling een avond vol entertainment die je niet wilt missen. Voor zij die dachten dat ze alles al wisten over Karen Damen, wordt deze show een heuse eyeopener!<\/em><\/strong><\/p>\t\t\t\t\t\t<\/div>\n\t\t\t\t<\/div>\n\t\t\t\t<div class=\"elementor-element elementor-element-92621c4 elementor-widget elementor-widget-text-editor\" data-id=\"92621c4\" data-element_type=\"widget\" data-widget_type=\"text-editor.default\">\n\t\t\t\t<div class=\"elementor-widget-container\">\n\t\t\t\t\t\t\t<p><em><strong>Info &amp; tickets: www.gracialive.be<\/strong><\/em><\/p>\t\t\t\t\t\t<\/div>\n\t\t\t\t<\/div>\n\t\t\t\t\t<\/div>\n\t\t<\/div>\n\t\t\t\t\t<\/div>\n\t\t<\/section>\n\t\t\t\t<section class=\"has_eae_slider elementor-section elementor-top-section elementor-element elementor-element-43184841 elementor-section-boxed elementor-section-height-default elementor-section-height-default\" data-id=\"43184841\" data-element_type=\"section\" data-settings=\"{&quot;jet_parallax_layout_list&quot;:[{&quot;jet_parallax_layout_image&quot;:{&quot;url&quot;:&quot;&quot;,&quot;id&quot;:&quot;&quot;,&quot;size&quot;:&quot;&quot;},&quot;_id&quot;:&quot;d5ed3cd&quot;,&quot;jet_parallax_layout_image_tablet&quot;:{&quot;url&quot;:&quot;&quot;,&quot;id&quot;:&quot;&quot;,&quot;size&quot;:&quot;&quot;},&quot;jet_parallax_layout_image_mobile&quot;:{&quot;url&quot;:&quot;&quot;,&quot;id&quot;:&quot;&quot;,&quot;size&quot;:&quot;&quot;},&quot;jet_parallax_layout_speed&quot;:{&quot;unit&quot;:&quot;%&quot;,&quot;size&quot;:50,&quot;sizes&quot;:[]},&quot;jet_parallax_layout_type&quot;:&quot;scroll&quot;,&quot;jet_parallax_layout_direction&quot;:null,&quot;jet_parallax_layout_fx_direction&quot;:null,&quot;jet_parallax_layout_z_index&quot;:&quot;&quot;,&quot;jet_parallax_layout_bg_x&quot;:50,&quot;jet_parallax_layout_bg_x_tablet&quot;:&quot;&quot;,&quot;jet_parallax_layout_bg_x_mobile&quot;:&quot;&quot;,&quot;jet_parallax_layout_bg_y&quot;:50,&quot;jet_parallax_layout_bg_y_tablet&quot;:&quot;&quot;,&quot;jet_parallax_layout_bg_y_mobile&quot;:&quot;&quot;,&quot;jet_parallax_layout_bg_size&quot;:&quot;auto&quot;,&quot;jet_parallax_layout_bg_size_tablet&quot;:&quot;&quot;,&quot;jet_parallax_layout_bg_size_mobile&quot;:&quot;&quot;,&quot;jet_parallax_layout_animation_prop&quot;:&quot;transform&quot;,&quot;jet_parallax_layout_on&quot;:[&quot;desktop&quot;,&quot;tablet&quot;]}],&quot;background_background&quot;:&quot;classic&quot;}\">\n\t\t\t\t\t\t<div class=\"elementor-container elementor-column-gap-default\">\n\t\t\t\t\t<div class=\"has_eae_slider elementor-column elementor-col-100 elementor-top-column elementor-element elementor-element-3afd6dcd\" data-id=\"3afd6dcd\" data-element_type=\"column\">\n\t\t\t<div class=\"elementor-widget-wrap elementor-element-populated\">\n\t\t\t\t\t\t<div class=\"elementor-element elementor-element-1ffd4744 border_heading_vacatures elementor-widget elementor-widget-heading\" data-id=\"1ffd4744\" data-element_type=\"widget\" data-widget_type=\"heading.default\">\n\t\t\t\t<div class=\"elementor-widget-container\">\n\t\t\t<h1 class=\"elementor-heading-title elementor-size-default\">Regardez et D\u00e9couvrez\u200b<\/h1>\t\t<\/div>\n\t\t\t\t<\/div>\n\t\t\t\t<section class=\"has_eae_slider elementor-section elementor-inner-section elementor-element elementor-element-7e64a035 elementor-section-boxed elementor-section-height-default elementor-section-height-default\" data-id=\"7e64a035\" data-element_type=\"section\" data-settings=\"{&quot;jet_parallax_layout_list&quot;:[]}\">\n\t\t\t\t\t\t<div class=\"elementor-container elementor-column-gap-default\">\n\t\t\t\t\t<div class=\"has_eae_slider elementor-column elementor-col-50 elementor-inner-column elementor-element elementor-element-4f5de4c5\" data-id=\"4f5de4c5\" data-element_type=\"column\">\n\t\t\t<div class=\"elementor-widget-wrap elementor-element-populated\">\n\t\t\t\t\t\t<div class=\"elementor-element elementor-element-6246108a elementor-widget elementor-widget-jet-video\" data-id=\"6246108a\" data-element_type=\"widget\" data-widget_type=\"jet-video.default\">\n\t\t\t\t<div class=\"elementor-widget-container\">\n\t\t\t<div class=\"elementor-jet-video jet-elements\">\n<div class=\"jet-video jet-video--fa5-compat jet-video-aspect-ratio jet-video-aspect-ratio--16-9\" data-settings=\"{&quot;lightbox&quot;:false,&quot;autoplay&quot;:false}\"><iframe class=\"jet-video-iframe\" allowfullscreen allow=\"autoplay;encrypted-media\" title=\"Lecteur vid\u00e9o youtube\" data-lazy-load=\"https:\/\/www.youtube.com\/embed\/Mc4Z3EoKp7M?feature=oembed&amp;start&amp;end&amp;wmode=opaque&amp;autoplay=0&amp;loop=0&amp;controls=1&amp;mute=0&amp;rel=0&amp;modestbranding=0\"><\/iframe>\n<div class=\"jet-video__overlay jet-video__overlay--custom-bg\" style=\"background-image: url(https:\/\/i.ytimg.com\/vi\/Mc4Z3EoKp7M\/maxresdefault.jpg);\"><\/div>\n<\/div>\n<\/div>\t\t<\/div>\n\t\t\t\t<\/div>\n\t\t\t\t\t<\/div>\n\t\t<\/div>\n\t\t\t\t<div class=\"has_eae_slider elementor-column elementor-col-50 elementor-inner-column elementor-element elementor-element-5131f83b\" data-id=\"5131f83b\" data-element_type=\"column\">\n\t\t\t<div class=\"elementor-widget-wrap elementor-element-populated\">\n\t\t\t\t\t\t<div class=\"elementor-element elementor-element-64fc2fc5 elementor-widget elementor-widget-shortcode\" data-id=\"64fc2fc5\" data-element_type=\"widget\" data-widget_type=\"shortcode.default\">\n\t\t\t\t<div class=\"elementor-widget-container\">\n\t\t\t\t\t<div class=\"elementor-shortcode\"><iframe style=\"border-radius:12px\" src=\"https:\/\/open.spotify.com\/embed\/artist\/4WXQNfOny7YzVMZnVd7WrE?utm_source=generator\" width=\"100%\" height=\"352\" frameBorder=\"0\" allowfullscreen=\"\" allow=\"autoplay; clipboard-write; encrypted-media; fullscreen; picture-in-picture\" loading=\"lazy\"><\/iframe><\/div>\n\t\t\t\t<\/div>\n\t\t\t\t<\/div>\n\t\t\t\t\t<\/div>\n\t\t<\/div>\n\t\t\t\t\t<\/div>\n\t\t<\/section>\n\t\t\t\t\t<\/div>\n\t\t<\/div>\n\t\t\t\t\t<\/div>\n\t\t<\/section>\n\t\t\t\t<section class=\"has_eae_slider elementor-section elementor-top-section elementor-element elementor-element-7cc1a818 elementor-section-boxed elementor-section-height-default elementor-section-height-default\" data-id=\"7cc1a818\" data-element_type=\"section\" data-settings=\"{&quot;jet_parallax_layout_list&quot;:[{&quot;jet_parallax_layout_image&quot;:{&quot;url&quot;:&quot;&quot;,&quot;id&quot;:&quot;&quot;,&quot;size&quot;:&quot;&quot;},&quot;_id&quot;:&quot;d5ed3cd&quot;,&quot;jet_parallax_layout_image_tablet&quot;:{&quot;url&quot;:&quot;&quot;,&quot;id&quot;:&quot;&quot;,&quot;size&quot;:&quot;&quot;},&quot;jet_parallax_layout_image_mobile&quot;:{&quot;url&quot;:&quot;&quot;,&quot;id&quot;:&quot;&quot;,&quot;size&quot;:&quot;&quot;},&quot;jet_parallax_layout_speed&quot;:{&quot;unit&quot;:&quot;%&quot;,&quot;size&quot;:50,&quot;sizes&quot;:[]},&quot;jet_parallax_layout_type&quot;:&quot;scroll&quot;,&quot;jet_parallax_layout_direction&quot;:null,&quot;jet_parallax_layout_fx_direction&quot;:null,&quot;jet_parallax_layout_z_index&quot;:&quot;&quot;,&quot;jet_parallax_layout_bg_x&quot;:50,&quot;jet_parallax_layout_bg_x_tablet&quot;:&quot;&quot;,&quot;jet_parallax_layout_bg_x_mobile&quot;:&quot;&quot;,&quot;jet_parallax_layout_bg_y&quot;:50,&quot;jet_parallax_layout_bg_y_tablet&quot;:&quot;&quot;,&quot;jet_parallax_layout_bg_y_mobile&quot;:&quot;&quot;,&quot;jet_parallax_layout_bg_size&quot;:&quot;auto&quot;,&quot;jet_parallax_layout_bg_size_tablet&quot;:&quot;&quot;,&quot;jet_parallax_layout_bg_size_mobile&quot;:&quot;&quot;,&quot;jet_parallax_layout_animation_prop&quot;:&quot;transform&quot;,&quot;jet_parallax_layout_on&quot;:[&quot;desktop&quot;,&quot;tablet&quot;]}]}\">\n\t\t\t\t\t\t<div class=\"elementor-container elementor-column-gap-default\">\n\t\t\t\t\t<div class=\"has_eae_slider elementor-column elementor-col-100 elementor-top-column elementor-element elementor-element-20e31dbe\" data-id=\"20e31dbe\" data-element_type=\"column\">\n\t\t\t<div class=\"elementor-widget-wrap elementor-element-populated\">\n\t\t\t\t\t\t<div class=\"elementor-element elementor-element-55868661 border_heading_vacatures elementor-widget elementor-widget-heading\" data-id=\"55868661\" data-element_type=\"widget\" data-widget_type=\"heading.default\">\n\t\t\t\t<div class=\"elementor-widget-container\">\n\t\t\t<h1 class=\"elementor-heading-title elementor-size-default\">\u00c9v\u00e9nements similaires\u200b<\/h1>\t\t<\/div>\n\t\t\t\t<\/div>\n\t\t\t\t<div class=\"elementor-element elementor-element-6b26bd39 css-posts-slider elementor-widget elementor-widget-jet-posts\" data-id=\"6b26bd39\" data-element_type=\"widget\" data-settings=\"{&quot;columns&quot;:&quot;3&quot;,&quot;columns_tablet&quot;:&quot;3&quot;,&quot;columns_mobile&quot;:&quot;1&quot;,&quot;slides_to_scroll&quot;:&quot;1&quot;}\" data-widget_type=\"jet-posts.default\">\n\t\t\t\t<div class=\"elementor-widget-container\">\n\t\t\t<div class=\"elementor-jet-posts jet-elements\"><div class=\"jet-posts col-row  jet-equal-cols\"><div class=\"jet-posts__item\">\n\t<!--  -->\n\t<a class=\"custom_link\" href=\"https:\/\/gracialive.be\/fr\/agenda\/helmut-lotti-goes-classic-2025\/\">\n\t<!--  -->\n\t\t<div class=\"jet-posts__inner-box d-none d-md-block\" style=\"background-image: url('https:\/\/gracialive.be\/wp-content\/uploads\/2025\/05\/hc-1920x1080-1.jpg'); background-repeat: no-repeat; background-size: cover; background-position: center center;\"><div class=\"jet-posts__inner-content\"><h4 class=\"entry-title\"><a href=\"https:\/\/gracialive.be\/fr\/agenda\/helmut-lotti-goes-classic-2025\/\">Helmut Lotti Goes Classic<\/a><\/h4><div class=\"post-meta\"><span class=\"post__modified_date post-meta__item\">10.11.2025<\/span>\n                <div class=\"relationship_post_info\">\n                                    <span class=\"post_info\">La Salle Reine Elisabeth<\/span>\n                            <\/div>\n        \n    <\/div><\/div><\/div>\n\t\t\n\t\t<div data-id=\"https:\/\/gracialive.be\/wp-content\/uploads\/2025\/05\/hc-790x300-1.jpg\" class=\"jet-posts__inner-box d-md-none\" style=\"background-image: url('https:\/\/gracialive.be\/wp-content\/uploads\/2025\/05\/hc-790x300-1.jpg'); background-repeat: no-repeat; aspect-ratio:79\/30; background-size: cover; background-position: center center;\"><div class=\"jet-posts__inner-content\"><h4 class=\"entry-title\"><a href=\"https:\/\/gracialive.be\/fr\/agenda\/helmut-lotti-goes-classic-2025\/\">Helmut Lotti Goes Classic<\/a><\/h4><div class=\"post-meta\"><span class=\"post__modified_date post-meta__item\">10.11.2025<\/span>\n                <div class=\"relationship_post_info\">\n                                    <span class=\"post_info\">La Salle Reine Elisabeth<\/span>\n                            <\/div>\n        \n    <\/div><\/div><\/div>\n\t<!--  -->\n\t<\/a>\n\t<!--  -->\n<\/div>\n<div class=\"jet-posts__item\">\n\t<!--  -->\n\t<a class=\"custom_link\" href=\"https:\/\/gracialive.be\/fr\/agenda\/bad-gyal-2024\/\">\n\t<!--  -->\n\t\t<div class=\"jet-posts__inner-box d-none d-md-block\" style=\"background-image: url('https:\/\/gracialive.be\/wp-content\/uploads\/2024\/03\/1920x1080.jpg'); background-repeat: no-repeat; background-size: cover; background-position: center center;\"><div class=\"jet-posts__inner-content\"><h4 class=\"entry-title\"><a href=\"https:\/\/gracialive.be\/fr\/agenda\/bad-gyal-2024\/\">Bad Gyal<\/a><\/h4><div class=\"post-meta\"><span class=\"post__modified_date post-meta__item\"><\/span>\n                <div class=\"relationship_post_info\">\n                                    <span class=\"post_info\">Couleur Caf\u00e9<\/span>\n                            <\/div>\n        \n    <\/div><\/div><\/div>\n\t\t\n\t\t<div data-id=\"https:\/\/gracialive.be\/wp-content\/uploads\/2024\/03\/790x300.jpg\" class=\"jet-posts__inner-box d-md-none\" style=\"background-image: url('https:\/\/gracialive.be\/wp-content\/uploads\/2024\/03\/790x300.jpg'); background-repeat: no-repeat; aspect-ratio:79\/30; background-size: cover; background-position: center center;\"><div class=\"jet-posts__inner-content\"><h4 class=\"entry-title\"><a href=\"https:\/\/gracialive.be\/fr\/agenda\/bad-gyal-2024\/\">Bad Gyal<\/a><\/h4><div class=\"post-meta\"><span class=\"post__modified_date post-meta__item\"><\/span>\n                <div class=\"relationship_post_info\">\n                                    <span class=\"post_info\">Couleur Caf\u00e9<\/span>\n                            <\/div>\n        \n    <\/div><\/div><\/div>\n\t<!--  -->\n\t<\/a>\n\t<!--  -->\n<\/div>\n<\/div>\n<\/div>\t\t<\/div>\n\t\t\t\t<\/div>\n\t\t\t\t\t<\/div>\n\t\t<\/div>\n\t\t\t\t\t<\/div>\n\t\t<\/section>\n\t\t\t\t<\/div>\n\t\t","protected":false},"featured_media":24583,"template":"elementor_header_footer","meta":[],"categories":[285,292],"location":[13,349,330,10,42,343,337,336,348,334,43,329,341,45,327,342,344,339,333,346,338,317,335,350,332,331,328],"related_event":[],"yoast_head":"<!-- This site is optimized with the Yoast SEO Premium plugin v21.5 (Yoast SEO v21.5) - https:\/\/yoast.com\/wordpress\/plugins\/seo\/ -->\n<title>Karen Damen - Gracia Live<\/title>\n<meta name=\"robots\" content=\"index, follow, max-snippet:-1, max-image-preview:large, max-video-preview:-1\" \/>\n<link rel=\"canonical\" href=\"https:\/\/gracialive.be\/agenda\/karen-damen-zaalshows\/\" \/>\n<meta property=\"og:locale\" content=\"fr_FR\" \/>\n<meta property=\"og:type\" content=\"article\" \/>\n<meta property=\"og:title\" content=\"Karen Damen\" \/>\n<meta property=\"og:description\" content=\"One Woman Show Praktisch Bekijk hieronder alle data Karen Damen\u00a0behoeft weinig woorden: flapuit, spraakwaterval, emotioneel, hart op de juiste plaats \u00e9n vooral op de tong. Dat bewees ze in het verleden in tal van succesvolle televisieprogramma\u2019s (Perfect, Camping Karen &amp; James, The Masked Singer, \u2026).\u2018De rosse van K3\u2019 staat garant voor veel lach maar af &hellip; Continuer la lecture \u00ab\u00a0Bad Gyal\u00a0\u00bb\" \/>\n<meta property=\"og:url\" content=\"https:\/\/gracialive.be\/agenda\/karen-damen-zaalshows\/\" \/>\n<meta property=\"og:site_name\" content=\"Gracia Live\" \/>\n<meta property=\"article:publisher\" content=\"https:\/\/www.facebook.com\/gracialivebelgium\" \/>\n<meta property=\"article:modified_time\" content=\"2025-05-25T16:15:47+00:00\" \/>\n<meta property=\"og:image\" content=\"https:\/\/gracialive.be\/wp-content\/uploads\/2023\/09\/kd-1920x1080-1.jpg\" \/>\n\t<meta property=\"og:image:width\" content=\"1920\" \/>\n\t<meta property=\"og:image:height\" content=\"1080\" \/>\n\t<meta property=\"og:image:type\" content=\"image\/jpeg\" \/>\n<meta name=\"twitter:card\" content=\"summary_large_image\" \/>\n<meta name=\"twitter:site\" content=\"@GRACIALIVEBEL\" \/>\n<meta name=\"twitter:label1\" content=\"Dur\u00e9e de lecture estim\u00e9e\" \/>\n\t<meta name=\"twitter:data1\" content=\"2 minutes\" \/>\n<script type=\"application\/ld+json\" class=\"yoast-schema-graph\">{\"@context\":\"https:\/\/schema.org\",\"@graph\":[{\"@type\":\"WebPage\",\"@id\":\"https:\/\/gracialive.be\/agenda\/karen-damen-zaalshows\/\",\"url\":\"https:\/\/gracialive.be\/agenda\/karen-damen-zaalshows\/\",\"name\":\"Karen Damen - Gracia Live\",\"isPartOf\":{\"@id\":\"https:\/\/gracialive.be\/#website\"},\"datePublished\":\"2024-06-03T11:38:08+00:00\",\"dateModified\":\"2025-05-25T16:15:47+00:00\",\"breadcrumb\":{\"@id\":\"https:\/\/gracialive.be\/agenda\/karen-damen-zaalshows\/#breadcrumb\"},\"inLanguage\":\"fr-FR\",\"potentialAction\":[{\"@type\":\"ReadAction\",\"target\":[\"https:\/\/gracialive.be\/agenda\/karen-damen-zaalshows\/\"]}]},{\"@type\":\"BreadcrumbList\",\"@id\":\"https:\/\/gracialive.be\/agenda\/karen-damen-zaalshows\/#breadcrumb\",\"itemListElement\":[{\"@type\":\"ListItem\",\"position\":1,\"name\":\"Home\",\"item\":\"https:\/\/gracialive.be\/fr\/\"},{\"@type\":\"ListItem\",\"position\":2,\"name\":\"Events\",\"item\":\"https:\/\/gracialive.be\/archief\/\"},{\"@type\":\"ListItem\",\"position\":3,\"name\":\"Karen Damen\"}]},{\"@type\":\"WebSite\",\"@id\":\"https:\/\/gracialive.be\/#website\",\"url\":\"https:\/\/gracialive.be\/\",\"name\":\"Gracia Live\",\"description\":\"Concert en Event Promotor Belgium\",\"publisher\":{\"@id\":\"https:\/\/gracialive.be\/#organization\"},\"potentialAction\":[{\"@type\":\"SearchAction\",\"target\":{\"@type\":\"EntryPoint\",\"urlTemplate\":\"https:\/\/gracialive.be\/?s={search_term_string}\"},\"query-input\":\"required name=search_term_string\"}],\"inLanguage\":\"fr-FR\"},{\"@type\":\"Organization\",\"@id\":\"https:\/\/gracialive.be\/#organization\",\"name\":\"Gracia Live\",\"url\":\"https:\/\/gracialive.be\/\",\"logo\":{\"@type\":\"ImageObject\",\"inLanguage\":\"fr-FR\",\"@id\":\"https:\/\/gracialive.be\/#\/schema\/logo\/image\/\",\"url\":\"https:\/\/gracialive.be\/wp-content\/uploads\/2022\/01\/cropped-GL-500x300_zwart.png\",\"contentUrl\":\"https:\/\/gracialive.be\/wp-content\/uploads\/2022\/01\/cropped-GL-500x300_zwart.png\",\"width\":512,\"height\":512,\"caption\":\"Gracia Live\"},\"image\":{\"@id\":\"https:\/\/gracialive.be\/#\/schema\/logo\/image\/\"},\"sameAs\":[\"https:\/\/www.facebook.com\/gracialivebelgium\",\"https:\/\/twitter.com\/GRACIALIVEBEL\",\"https:\/\/www.instagram.com\/gracialive_belgium\/\"]}]}<\/script>\n<!-- \/ Yoast SEO Premium plugin. -->","yoast_head_json":{"title":"Karen Damen - Gracia Live","robots":{"index":"index","follow":"follow","max-snippet":"max-snippet:-1","max-image-preview":"max-image-preview:large","max-video-preview":"max-video-preview:-1"},"canonical":"https:\/\/gracialive.be\/agenda\/karen-damen-zaalshows\/","og_locale":"fr_FR","og_type":"article","og_title":"Karen Damen","og_description":"One Woman Show Praktisch Bekijk hieronder alle data Karen Damen\u00a0behoeft weinig woorden: flapuit, spraakwaterval, emotioneel, hart op de juiste plaats \u00e9n vooral op de tong. Dat bewees ze in het verleden in tal van succesvolle televisieprogramma\u2019s (Perfect, Camping Karen &amp; James, The Masked Singer, \u2026).\u2018De rosse van K3\u2019 staat garant voor veel lach maar af &hellip; Continuer la lecture \u00ab\u00a0Bad Gyal\u00a0\u00bb","og_url":"https:\/\/gracialive.be\/agenda\/karen-damen-zaalshows\/","og_site_name":"Gracia Live","article_publisher":"https:\/\/www.facebook.com\/gracialivebelgium","article_modified_time":"2025-05-25T16:15:47+00:00","og_image":[{"width":1920,"height":1080,"url":"https:\/\/gracialive.be\/wp-content\/uploads\/2023\/09\/kd-1920x1080-1.jpg","type":"image\/jpeg"}],"twitter_card":"summary_large_image","twitter_site":"@GRACIALIVEBEL","twitter_misc":{"Dur\u00e9e de lecture estim\u00e9e":"2 minutes"},"schema":{"@context":"https:\/\/schema.org","@graph":[{"@type":"WebPage","@id":"https:\/\/gracialive.be\/agenda\/karen-damen-zaalshows\/","url":"https:\/\/gracialive.be\/agenda\/karen-damen-zaalshows\/","name":"Karen Damen - Gracia Live","isPartOf":{"@id":"https:\/\/gracialive.be\/#website"},"datePublished":"2024-06-03T11:38:08+00:00","dateModified":"2025-05-25T16:15:47+00:00","breadcrumb":{"@id":"https:\/\/gracialive.be\/agenda\/karen-damen-zaalshows\/#breadcrumb"},"inLanguage":"fr-FR","potentialAction":[{"@type":"ReadAction","target":["https:\/\/gracialive.be\/agenda\/karen-damen-zaalshows\/"]}]},{"@type":"BreadcrumbList","@id":"https:\/\/gracialive.be\/agenda\/karen-damen-zaalshows\/#breadcrumb","itemListElement":[{"@type":"ListItem","position":1,"name":"Home","item":"https:\/\/gracialive.be\/fr\/"},{"@type":"ListItem","position":2,"name":"Events","item":"https:\/\/gracialive.be\/archief\/"},{"@type":"ListItem","position":3,"name":"Karen Damen"}]},{"@type":"WebSite","@id":"https:\/\/gracialive.be\/#website","url":"https:\/\/gracialive.be\/","name":"Gracia Live","description":"Concert en Event Promotor Belgium","publisher":{"@id":"https:\/\/gracialive.be\/#organization"},"potentialAction":[{"@type":"SearchAction","target":{"@type":"EntryPoint","urlTemplate":"https:\/\/gracialive.be\/?s={search_term_string}"},"query-input":"required name=search_term_string"}],"inLanguage":"fr-FR"},{"@type":"Organization","@id":"https:\/\/gracialive.be\/#organization","name":"Gracia Live","url":"https:\/\/gracialive.be\/","logo":{"@type":"ImageObject","inLanguage":"fr-FR","@id":"https:\/\/gracialive.be\/#\/schema\/logo\/image\/","url":"https:\/\/gracialive.be\/wp-content\/uploads\/2022\/01\/cropped-GL-500x300_zwart.png","contentUrl":"https:\/\/gracialive.be\/wp-content\/uploads\/2022\/01\/cropped-GL-500x300_zwart.png","width":512,"height":512,"caption":"Gracia Live"},"image":{"@id":"https:\/\/gracialive.be\/#\/schema\/logo\/image\/"},"sameAs":["https:\/\/www.facebook.com\/gracialivebelgium","https:\/\/twitter.com\/GRACIALIVEBEL","https:\/\/www.instagram.com\/gracialive_belgium\/"]}]}},"acf":{"select_event_type":false,"event_date":"13.09.2024","event_date_mention":"13.09.2024 - 21.05.2025","event_location":[{"term_id":10,"name":"Gent","slug":"gent","term_group":0,"term_taxonomy_id":10,"taxonomy":"location","description":"","parent":0,"count":2,"filter":"raw"},{"term_id":346,"name":"Stabroek","slug":"stabroek","term_group":0,"term_taxonomy_id":346,"taxonomy":"location","description":"","parent":0,"count":0,"filter":"raw"},{"term_id":348,"name":"Kontich","slug":"kontich","term_group":0,"term_taxonomy_id":348,"taxonomy":"location","description":"","parent":0,"count":0,"filter":"raw"},{"term_id":349,"name":"Boom","slug":"boom","term_group":0,"term_taxonomy_id":349,"taxonomy":"location","description":"","parent":0,"count":0,"filter":"raw"},{"term_id":350,"name":"Waregem","slug":"waregem","term_group":0,"term_taxonomy_id":350,"taxonomy":"location","description":"","parent":0,"count":0,"filter":"raw"},{"term_id":344,"name":"Pelt","slug":"pelt","term_group":0,"term_taxonomy_id":344,"taxonomy":"location","description":"","parent":0,"count":0,"filter":"raw"},{"term_id":341,"name":"Merksem","slug":"mersem","term_group":0,"term_taxonomy_id":341,"taxonomy":"location","description":"","parent":0,"count":0,"filter":"raw"},{"term_id":343,"name":"Heusden-Zolder","slug":"heusden-zolder","term_group":0,"term_taxonomy_id":343,"taxonomy":"location","description":"","parent":0,"count":1,"filter":"raw"},{"term_id":342,"name":"Oosterzele","slug":"oosterzele","term_group":0,"term_taxonomy_id":342,"taxonomy":"location","description":"","parent":0,"count":0,"filter":"raw"},{"term_id":13,"name":"Antwerpen","slug":"antwerpen","term_group":0,"term_taxonomy_id":13,"taxonomy":"location","description":"","parent":0,"count":14,"filter":"raw"},{"term_id":42,"name":"Hasselt","slug":"hasselt","term_group":0,"term_taxonomy_id":42,"taxonomy":"location","description":"","parent":0,"count":3,"filter":"raw"},{"term_id":43,"name":"Leuven","slug":"leuven","term_group":0,"term_taxonomy_id":43,"taxonomy":"location","description":"","parent":0,"count":0,"filter":"raw"},{"term_id":45,"name":"Middelkerke","slug":"middelkerke","term_group":0,"term_taxonomy_id":45,"taxonomy":"location","description":"","parent":0,"count":0,"filter":"raw"},{"term_id":317,"name":"Turnhout","slug":"turnhout","term_group":0,"term_taxonomy_id":317,"taxonomy":"location","description":"","parent":0,"count":1,"filter":"raw"},{"term_id":327,"name":"Mortsel","slug":"mortsel","term_group":0,"term_taxonomy_id":327,"taxonomy":"location","description":"","parent":0,"count":0,"filter":"raw"},{"term_id":328,"name":"Zemst","slug":"zemst","term_group":0,"term_taxonomy_id":328,"taxonomy":"location","description":"","parent":0,"count":0,"filter":"raw"},{"term_id":329,"name":"Menen","slug":"menen","term_group":0,"term_taxonomy_id":329,"taxonomy":"location","description":"","parent":0,"count":0,"filter":"raw"},{"term_id":330,"name":"Bornem","slug":"bornem","term_group":0,"term_taxonomy_id":330,"taxonomy":"location","description":"","parent":0,"count":1,"filter":"raw"},{"term_id":331,"name":"Zele","slug":"zele","term_group":0,"term_taxonomy_id":331,"taxonomy":"location","description":"","parent":0,"count":0,"filter":"raw"},{"term_id":332,"name":"Wuustwezel","slug":"wuustwezel","term_group":0,"term_taxonomy_id":332,"taxonomy":"location","description":"","parent":0,"count":0,"filter":"raw"},{"term_id":333,"name":"Sint-Lievens-Houtem","slug":"sint-lievens-houtem","term_group":0,"term_taxonomy_id":333,"taxonomy":"location","description":"","parent":0,"count":0,"filter":"raw"},{"term_id":334,"name":"Lebbeke","slug":"lebbeke","term_group":0,"term_taxonomy_id":334,"taxonomy":"location","description":"","parent":0,"count":0,"filter":"raw"},{"term_id":335,"name":"Vilvoorde","slug":"vilvoorde","term_group":0,"term_taxonomy_id":335,"taxonomy":"location","description":"","parent":0,"count":1,"filter":"raw"},{"term_id":336,"name":"Koksijde","slug":"koksijde","term_group":0,"term_taxonomy_id":336,"taxonomy":"location","description":"","parent":0,"count":0,"filter":"raw"},{"term_id":337,"name":"Ieper","slug":"ieper","term_group":0,"term_taxonomy_id":337,"taxonomy":"location","description":"","parent":0,"count":1,"filter":"raw"},{"term_id":338,"name":"Tielt","slug":"tielt","term_group":0,"term_taxonomy_id":338,"taxonomy":"location","description":"","parent":0,"count":0,"filter":"raw"},{"term_id":339,"name":"Roeselare","slug":"roeselare","term_group":0,"term_taxonomy_id":339,"taxonomy":"location","description":"","parent":0,"count":1,"filter":"raw"}],"event_status":"Afgelopen","event_venue":[{"ID":30612,"post_author":"20","post_date":"2024-05-30 08:34:14","post_date_gmt":"0000-00-00 00:00:00","post_content":"","post_title":"Kaleidoscoop","post_excerpt":"","post_status":"draft","comment_status":"closed","ping_status":"closed","post_password":"","post_name":"","to_ping":"","pinged":"","post_modified":"2024-05-30 08:34:14","post_modified_gmt":"2024-05-30 07:34:14","post_content_filtered":"","post_parent":0,"guid":"https:\/\/gracialive.be\/?post_type=venue&#038;p=30612","menu_order":0,"post_type":"venue","post_mime_type":"","comment_count":"0","filter":"raw"}],"event_feature_image_m":"https:\/\/gracialive.be\/wp-content\/uploads\/2023\/09\/kd-790x300-1.jpg","event_related_events":"","multiple_events":[{"sub_event_date":"13.09.2024","sub_event_venue":[{"ID":30612,"post_author":"20","post_date":"2024-05-30 08:34:14","post_date_gmt":"0000-00-00 00:00:00","post_content":"","post_title":"Kaleidoscoop","post_excerpt":"","post_status":"draft","comment_status":"closed","ping_status":"closed","post_password":"","post_name":"","to_ping":"","pinged":"","post_modified":"2024-05-30 08:34:14","post_modified_gmt":"2024-05-30 07:34:14","post_content_filtered":"","post_parent":0,"guid":"https:\/\/gracialive.be\/?post_type=venue&#038;p=30612","menu_order":0,"post_type":"venue","post_mime_type":"","comment_count":"0","filter":"raw"}],"sub_event_location":[{"term_id":327,"name":"Mortsel","slug":"mortsel","term_group":0,"term_taxonomy_id":327,"taxonomy":"location","description":"","parent":0,"count":0,"filter":"raw"}],"sub_event_notes":"","sub_event_ticket_link":"https:\/\/kaleidoscoop.be\/programma\/one-woman-show\/","sub_event_status":"Uitverkocht","sub_custom_event_status":""},{"sub_event_date":"27.09.2024","sub_event_venue":[{"ID":31113,"post_author":"20","post_date":"2024-06-19 14:57:57","post_date_gmt":"0000-00-00 00:00:00","post_content":"","post_title":"Zaal Moorland","post_excerpt":"","post_status":"draft","comment_status":"closed","ping_status":"closed","post_password":"","post_name":"","to_ping":"","pinged":"","post_modified":"2024-06-19 14:57:57","post_modified_gmt":"2024-06-19 13:57:57","post_content_filtered":"","post_parent":0,"guid":"https:\/\/gracialive.be\/?post_type=venue&#038;p=31113","menu_order":0,"post_type":"venue","post_mime_type":"","comment_count":"0","filter":"raw"}],"sub_event_location":[{"term_id":346,"name":"Stabroek","slug":"stabroek","term_group":0,"term_taxonomy_id":346,"taxonomy":"location","description":"","parent":0,"count":0,"filter":"raw"}],"sub_event_notes":"","sub_event_ticket_link":"https:\/\/www.stabroek.be\/agenda\/e\/karen-damen-one-woman-show\/edd9ba99-ed79-4c85-b36b-ea1cddd18eb7","sub_event_status":"Tickets beschikbaar","sub_custom_event_status":""},{"sub_event_date":"07.11.2024","sub_event_venue":[{"ID":30620,"post_author":"20","post_date":"2024-05-30 08:41:36","post_date_gmt":"0000-00-00 00:00:00","post_content":"","post_title":"De Melkerij","post_excerpt":"","post_status":"draft","comment_status":"closed","ping_status":"closed","post_password":"","post_name":"","to_ping":"","pinged":"","post_modified":"2024-05-30 08:41:36","post_modified_gmt":"2024-05-30 07:41:36","post_content_filtered":"","post_parent":0,"guid":"https:\/\/gracialive.be\/?post_type=venue&#038;p=30620","menu_order":0,"post_type":"venue","post_mime_type":"","comment_count":"0","filter":"raw"}],"sub_event_location":[{"term_id":328,"name":"Zemst","slug":"zemst","term_group":0,"term_taxonomy_id":328,"taxonomy":"location","description":"","parent":0,"count":0,"filter":"raw"}],"sub_event_notes":"","sub_event_ticket_link":"https:\/\/www.gcdemelkerij.be\/detail\/275\/karen-damen-one-woman-show","sub_event_status":"Tickets beschikbaar","sub_custom_event_status":""},{"sub_event_date":"28.11.2024","sub_event_venue":[{"ID":30622,"post_author":"20","post_date":"2024-05-30 08:42:08","post_date_gmt":"0000-00-00 00:00:00","post_content":"","post_title":"CC De Steiger","post_excerpt":"","post_status":"draft","comment_status":"closed","ping_status":"closed","post_password":"","post_name":"","to_ping":"","pinged":"","post_modified":"2024-05-30 08:42:08","post_modified_gmt":"2024-05-30 07:42:08","post_content_filtered":"","post_parent":0,"guid":"https:\/\/gracialive.be\/?post_type=venue&#038;p=30622","menu_order":0,"post_type":"venue","post_mime_type":"","comment_count":"0","filter":"raw"}],"sub_event_location":[{"term_id":329,"name":"Menen","slug":"menen","term_group":0,"term_taxonomy_id":329,"taxonomy":"location","description":"","parent":0,"count":0,"filter":"raw"}],"sub_event_notes":"","sub_event_ticket_link":"https:\/\/www.ccdesteiger.be\/nl\/event\/karen-damen","sub_event_status":"Tickets beschikbaar","sub_custom_event_status":""},{"sub_event_date":"14.12.2024","sub_event_venue":[{"ID":30624,"post_author":"20","post_date":"2024-05-30 08:42:38","post_date_gmt":"0000-00-00 00:00:00","post_content":"","post_title":"CC Ter Dilft","post_excerpt":"","post_status":"draft","comment_status":"closed","ping_status":"closed","post_password":"","post_name":"","to_ping":"","pinged":"","post_modified":"2024-05-30 08:42:38","post_modified_gmt":"2024-05-30 07:42:38","post_content_filtered":"","post_parent":0,"guid":"https:\/\/gracialive.be\/?post_type=venue&#038;p=30624","menu_order":0,"post_type":"venue","post_mime_type":"","comment_count":"0","filter":"raw"}],"sub_event_location":[{"term_id":330,"name":"Bornem","slug":"bornem","term_group":0,"term_taxonomy_id":330,"taxonomy":"location","description":"","parent":0,"count":1,"filter":"raw"}],"sub_event_notes":"","sub_event_ticket_link":"https:\/\/www.terdilft.be\/activiteiten\/one-woman-show","sub_event_status":"Tickets beschikbaar","sub_custom_event_status":""},{"sub_event_date":"24.01.2025","sub_event_venue":[{"ID":31115,"post_author":"20","post_date":"2024-06-19 14:59:08","post_date_gmt":"0000-00-00 00:00:00","post_content":"","post_title":"GC De Wiek","post_excerpt":"","post_status":"draft","comment_status":"closed","ping_status":"closed","post_password":"","post_name":"","to_ping":"","pinged":"","post_modified":"2024-06-19 14:59:08","post_modified_gmt":"2024-06-19 13:59:08","post_content_filtered":"","post_parent":0,"guid":"https:\/\/gracialive.be\/?post_type=venue&#038;p=31115","menu_order":0,"post_type":"venue","post_mime_type":"","comment_count":"0","filter":"raw"}],"sub_event_location":[{"term_id":331,"name":"Zele","slug":"zele","term_group":0,"term_taxonomy_id":331,"taxonomy":"location","description":"","parent":0,"count":0,"filter":"raw"}],"sub_event_notes":"","sub_event_ticket_link":"https:\/\/www.dewiek.be\/e859\/one-woman-show","sub_event_status":"Tickets beschikbaar","sub_custom_event_status":""},{"sub_event_date":"25.01.2025","sub_event_venue":[{"ID":30630,"post_author":"20","post_date":"2024-05-30 08:47:47","post_date_gmt":"0000-00-00 00:00:00","post_content":"","post_title":"GC Kadans","post_excerpt":"","post_status":"draft","comment_status":"closed","ping_status":"closed","post_password":"","post_name":"","to_ping":"","pinged":"","post_modified":"2024-05-30 08:47:47","post_modified_gmt":"2024-05-30 07:47:47","post_content_filtered":"","post_parent":0,"guid":"https:\/\/gracialive.be\/?post_type=venue&#038;p=30630","menu_order":0,"post_type":"venue","post_mime_type":"","comment_count":"0","filter":"raw"}],"sub_event_location":[{"term_id":332,"name":"Wuustwezel","slug":"wuustwezel","term_group":0,"term_taxonomy_id":332,"taxonomy":"location","description":"","parent":0,"count":0,"filter":"raw"}],"sub_event_notes":"","sub_event_ticket_link":"https:\/\/www.curieus-wuustwezel.be\/evenement\/vertelling-humor-muziek-karen-damen\/","sub_event_status":"Uitverkocht","sub_custom_event_status":""},{"sub_event_date":"01.02.2025","sub_event_venue":[{"ID":30632,"post_author":"20","post_date":"2024-05-30 08:51:08","post_date_gmt":"0000-00-00 00:00:00","post_content":"","post_title":"CC De Fabriek","post_excerpt":"","post_status":"draft","comment_status":"closed","ping_status":"closed","post_password":"","post_name":"","to_ping":"","pinged":"","post_modified":"2024-05-30 08:51:08","post_modified_gmt":"2024-05-30 07:51:08","post_content_filtered":"","post_parent":0,"guid":"https:\/\/gracialive.be\/?post_type=venue&#038;p=30632","menu_order":0,"post_type":"venue","post_mime_type":"","comment_count":"0","filter":"raw"}],"sub_event_location":[{"term_id":333,"name":"Sint-Lievens-Houtem","slug":"sint-lievens-houtem","term_group":0,"term_taxonomy_id":333,"taxonomy":"location","description":"","parent":0,"count":0,"filter":"raw"}],"sub_event_notes":"","sub_event_ticket_link":"https:\/\/www.sint-lievens-houtem.be\/activiteiten\/detail\/774\/karen-damen-one-woman-show","sub_event_status":"Tickets beschikbaar","sub_custom_event_status":""},{"sub_event_date":"15.02.2025","sub_event_venue":[{"ID":30634,"post_author":"20","post_date":"2024-05-30 08:51:55","post_date_gmt":"0000-00-00 00:00:00","post_content":"","post_title":"CC De Biekorf","post_excerpt":"","post_status":"draft","comment_status":"closed","ping_status":"closed","post_password":"","post_name":"","to_ping":"","pinged":"","post_modified":"2024-05-30 08:51:55","post_modified_gmt":"2024-05-30 07:51:55","post_content_filtered":"","post_parent":0,"guid":"https:\/\/gracialive.be\/?post_type=venue&#038;p=30634","menu_order":0,"post_type":"venue","post_mime_type":"","comment_count":"0","filter":"raw"}],"sub_event_location":[{"term_id":334,"name":"Lebbeke","slug":"lebbeke","term_group":0,"term_taxonomy_id":334,"taxonomy":"location","description":"","parent":0,"count":0,"filter":"raw"}],"sub_event_notes":"","sub_event_ticket_link":"https:\/\/www.ccdebiekorf.be\/karen-damen","sub_event_status":"Tickets beschikbaar","sub_custom_event_status":""},{"sub_event_date":"06.03.2025","sub_event_venue":[{"ID":30732,"post_author":"17","post_date":"2024-06-05 09:54:33","post_date_gmt":"0000-00-00 00:00:00","post_content":"","post_title":"CC Palethe","post_excerpt":"","post_status":"draft","comment_status":"closed","ping_status":"closed","post_password":"","post_name":"","to_ping":"","pinged":"","post_modified":"2024-06-05 09:54:33","post_modified_gmt":"2024-06-05 08:54:33","post_content_filtered":"","post_parent":0,"guid":"https:\/\/gracialive.be\/?post_type=venue&#038;p=30732","menu_order":0,"post_type":"venue","post_mime_type":"","comment_count":"0","filter":"raw"}],"sub_event_location":[{"term_id":344,"name":"Pelt","slug":"pelt","term_group":0,"term_taxonomy_id":344,"taxonomy":"location","description":"","parent":0,"count":0,"filter":"raw"}],"sub_event_notes":"","sub_event_ticket_link":"https:\/\/www.palethe.be\/karen-damen-one-woman-show","sub_event_status":"Tickets beschikbaar","sub_custom_event_status":""},{"sub_event_date":"08.03.2025","sub_event_venue":[{"ID":30636,"post_author":"20","post_date":"2024-05-30 08:52:43","post_date_gmt":"0000-00-00 00:00:00","post_content":"","post_title":"CC Het Bolwerk","post_excerpt":"","post_status":"draft","comment_status":"closed","ping_status":"closed","post_password":"","post_name":"","to_ping":"","pinged":"","post_modified":"2024-05-30 08:52:43","post_modified_gmt":"2024-05-30 07:52:43","post_content_filtered":"","post_parent":0,"guid":"https:\/\/gracialive.be\/?post_type=venue&#038;p=30636","menu_order":0,"post_type":"venue","post_mime_type":"","comment_count":"0","filter":"raw"}],"sub_event_location":[{"term_id":335,"name":"Vilvoorde","slug":"vilvoorde","term_group":0,"term_taxonomy_id":335,"taxonomy":"location","description":"","parent":0,"count":1,"filter":"raw"}],"sub_event_notes":"","sub_event_ticket_link":"https:\/\/www.hetbolwerk.be\/programma\/podium\/karen-damen-one-woman-show","sub_event_status":"Tickets beschikbaar","sub_custom_event_status":""},{"sub_event_date":"11.03.2025","sub_event_venue":[{"ID":31117,"post_author":"20","post_date":"2024-06-19 15:00:54","post_date_gmt":"0000-00-00 00:00:00","post_content":"","post_title":"Altena","post_excerpt":"","post_status":"draft","comment_status":"closed","ping_status":"closed","post_password":"","post_name":"","to_ping":"","pinged":"","post_modified":"2024-06-19 15:00:54","post_modified_gmt":"2024-06-19 14:00:54","post_content_filtered":"","post_parent":0,"guid":"https:\/\/gracialive.be\/?post_type=venue&#038;p=31117","menu_order":0,"post_type":"venue","post_mime_type":"","comment_count":"0","filter":"raw"}],"sub_event_location":[{"term_id":348,"name":"Kontich","slug":"kontich","term_group":0,"term_taxonomy_id":348,"taxonomy":"location","description":"","parent":0,"count":0,"filter":"raw"}],"sub_event_notes":"","sub_event_ticket_link":"https:\/\/webshopkontich.recreatex.be\/Tickets\/Detail?ID=DF3FEBF4-7545-426E-9944-EBDFFA856135","sub_event_status":"Uitverkocht","sub_custom_event_status":""},{"sub_event_date":"20.03.2025","sub_event_venue":[{"ID":6578,"post_author":"17","post_date":"2022-04-29 12:40:30","post_date_gmt":"2022-04-29 12:40:30","post_content":"<a href=\"https:\/\/gracialive.be\/fr\/\" rel=\"home\" title=\"Home\">Home<\/a>\n\t\t<p>Le Capitole est un th\u00e9\u00e2tre et une salle de spectacles \u00e0 Gand. C'est un b\u00e2timent de 1 600 places qui se trouve sur la Graaf van Vlaanderenplein.<\/p><p>Le Capitole de Gand fait partie du groupe Sportpaleis.\u00a0Leur initiative la plus r\u00e9cente est le lancement de la Proximus Pop-Up Arena \u00e0 Middelkerk. D'autres salles de concert bien connues, comme le Sportpaleis, le Vost Nationaal et le Lotto Arena, font \u00e9galement partie de ce groupe.<\/p>\t\t\n\t\t\t<h4>Pratique<\/h4>\t\t\n\t\t\t<a role=\"button\">\n\t\t\t\t\t\tDescription de la route\n\t\t\t\t\t<\/a>\n\t\t\t<h4>Accessibilit\u00e9<br><\/h4>\t\t\n\t\t<p>Vous voulez plus d'informations sur la mani\u00e8re la plus simple de rejoindre le Capitole ? Vous pouvez visiter leur <a href=\"https:\/\/www.capitole-gent.be\/fr\/home\"><u>site web<\/u><\/a> avec toutes vos questions.<\/p><p>Habitez-vous o\u00f9 travaillez-vous \u00e0 distance de marche ? Le moyen le plus facile de se rendre au Capitole Gent est donc \u00e0 pied. Pas d'embouteillages, pas de probl\u00e8mes de stationnement !<\/p>\t\t\n\t\t\t\t\t\t\t\t\t\t\t\t<a href=\"\">A v\u00e9lo<\/a>\n\t\t\t\t\t<p>Capitole Gent ne dispose pas de son propre parking \u00e0 v\u00e9los, mais il y a plusieurs parkings \u00e0 v\u00e9los dans le quartier o\u00f9 vous pouvez garer votre v\u00e9lo. Le plus proche se trouve \u00e0 300 m\u00e8tres, \u00e0 Miriam Makebaplein 3.<\/p><p>Les services cyclistes de Gand ont \u00e9t\u00e9 regroup\u00e9s dans <a href=\"https:\/\/fietsambassade.gent.be\/fr\"><u>De Fietsambassade Gent<\/u><\/a>.<\/p>\n\t\t\t\t\t\t\t\t\t\t\t\t<a href=\"\">En tram, bus ou train<\/a>\n\t\t\t\t\t<p>Capitole Gent est situ\u00e9 \u00e0 c\u00f4t\u00e9 de la Woodrow Wilsonplein, o\u00f9 s&#8217;arr\u00eatent un grand nombre de trams et de bus.\u00a0Vous voulez savoir quels trams et bus s&#8217;arr\u00eatent devant Capitole Gent et quels sont leurs horaires ? Utilisez le planificateur d&#8217;itin\u00e9raire de <a href=\"https:\/\/www.delijn.be\/fr\/routeplanner\/\"><u>De Lijn<\/u><\/a>.<\/p><p>Capitole Gent est facilement accessible en train. Vous pouvez choisir entre deux gares : Gent-Dampoort et Gent Sint-Pieters. Gent-Dampoort est la plus proche, \u00e0 environ 1,5 kilom\u00e8tre du Capitole Gent. Gent Sint-Pieters est \u00e0 2,5 km du Capitole Gent.<\/p><p>Attention : gardez \u00e0 l&#8217;esprit qu&#8217;il n&#8217;y a souvent pas de trajet en train pour rentrer chez soi apr\u00e8s les \u00e9v\u00e9nements du soir. V\u00e9rifiez \u00e0 l&#8217;avance aupr\u00e8s du <a href=\"https:\/\/www.belgiantrain.be\/fr\"><u>planificateur d&#8217;itin\u00e9raire de la SNCB<\/u><\/a> si un retour sans encombre est possible.<br \/><\/p><p>\u00a0<\/p>\n\t\t\t\t\t\t\t\t\t\t\t\t<a href=\"\">En voiture<\/a>\n\t\t\t\t\t<p>ZONE DES BASSES EMISSIONS !<\/p><p>L&#8217;ensemble du centre-ville de Gand, c&#8217;est-\u00e0-dire la zone situ\u00e9e \u00e0 l&#8217;int\u00e9rieur de l&#8217;anneau urbain (R40), est une zone faiblesde basses \u00e9missions. Cela signifie qu&#8217;il nest plus possible d&#8217;entrer dans cette zone avec une voiture polluante. Capitole Gent se trouve \u00e9galement dans la zone de basses \u00e9missions. Prenez la pr\u00e9caution de <a href=\"https:\/\/lez.stad.gent\/fr\/flows\/controleertoegang\"><u>v\u00e9rifier \u00e0 l&#8217;avance si votre v\u00e9hicule est autoris\u00e9 \u00e0 entrer \u00e0 Gand<\/u><\/a>. Ou encore mieux : garez votre voiture dans <a href=\"https:\/\/www.capitole-gent.be\/fr\/mobility\/park-and-ride\"><u>un Park &amp; Ride (P+R)<\/u><\/a> et faites le reste de votre trajet en transports en commun.<\/p><p>Plusieurs parkings payants se trouvent \u00e0 proximit\u00e9 du Capitole Gent.<\/p><ul><li>Interparking Zuid:\u00a0Zuidparklaan, 9000 Gand<\/li><li>Interparking Kouter: Kouter 31, 9000 Gand<\/li><li>Interparking Center Parking: Korte Meer 22b, 9000 Gand<\/li><\/ul>\n\t\t\t<h4>Acc\u00e8s<\/h4>\t\t\n\t\t<p>Si vous avez besoin d'une assistance suppl\u00e9mentaire ou si vous \u00eates en fauteuil roulant, veuillez vous rendre sur place au moins 40 minutes avant le d\u00e9but de l'\u00e9v\u00e9nement. Ainsi, nous pourrons vous aider de la meilleure fa\u00e7on possible.<\/p>\n<p>Capitole Gent dispose des places r\u00e9serv\u00e9es aux personnes en chaise roulante et \u00e0 leur accompagnateur. Ces lieux, comme ceux de toutes les autres cat\u00e9gories de prix, sont en nombre limit\u00e9. Donc \u00eatre rapide est toujours le message. Il y a de la place pour un accompagnateur par personne en chaise roulante.&nbsp;<\/p>\n<p>Tele Ticket Service se fera un plaisir de v\u00e9rifier si des exceptions sont possibles, par exemple pour placer des familles ensemble, mais malheureusement (et certainement pour des groupes plus importants) ce n\u2019est pas toujours possible.<\/p>\n<p><\/p>\t\t\n\t\t\t<h4>Plan de salle<\/h4>\t\t\n\t\t\t\t\t\t\t\t\t\t\t\t\t\t\t\t<a href=\"https:\/\/gracialive.be\/wp-content\/uploads\/2022\/04\/zaalplan-capitolegent-NL.jpg\" data-elementor-open-lightbox=\"yes\" data-elementor-lightbox-title=\"zaalplan-capitolegent-NL\" data-e-action-hash=\"#elementor-action%3Aaction%3Dlightbox%26settings%3DeyJpZCI6NTI0OSwidXJsIjoiaHR0cHM6XC9cL3N0YWdpbmcyLmdyYWNpYWxpdmUuYmVcL3dwLWNvbnRlbnRcL3VwbG9hZHNcLzIwMjJcLzA0XC96YWFscGxhbi1jYXBpdG9sZWdlbnQtTkwuanBnIn0%3D\">\n\t\t\t\t\t\t\t<img width=\"640\" height=\"558\" src=\"https:\/\/gracialive.be\/wp-content\/uploads\/2022\/04\/zaalplan-capitolegent-NL.jpg\" alt=\"\" loading=\"lazy\" srcset=\"https:\/\/gracialive.be\/wp-content\/uploads\/2022\/04\/zaalplan-capitolegent-NL.jpg 720w, https:\/\/gracialive.be\/wp-content\/uploads\/2022\/04\/zaalplan-capitolegent-NL-300x262.jpg 300w\" sizes=\"(max-width: 640px) 100vw, 640px\" \/>\t\t\t\t\t\t\t\t<\/a>\n\t\t\t<h1>Concert agenda<\/h1>\t\t\n\t\t<p style=\"text-align: center;\">Vous trouverez ci-dessous l'agenda de tous nos futurs concerts ici.<\/p>[show_events_list_venue]\t\t\n\t\t\t<a href=\"https:\/\/gracialive.be\/fr\/agenda\/\" role=\"button\">\n\t\t\t\t\t\tVoir l'agenda complet\n\t\t\t\t\t<\/a>","post_title":"Capitole","post_excerpt":"","post_status":"publish","comment_status":"closed","ping_status":"closed","post_password":"","post_name":"capitole","to_ping":"","pinged":"","post_modified":"2023-09-05 08:51:17","post_modified_gmt":"2023-09-05 08:51:17","post_content_filtered":"","post_parent":0,"guid":"https:\/\/gracialive.be\/venue\/capitole-2\/","menu_order":0,"post_type":"venue","post_mime_type":"","comment_count":"0","filter":"raw"}],"sub_event_location":[{"term_id":10,"name":"Gent","slug":"gent","term_group":0,"term_taxonomy_id":10,"taxonomy":"location","description":"","parent":0,"count":2,"filter":"raw"}],"sub_event_notes":"","sub_event_ticket_link":"https:\/\/www.beat-tickets.be\/evenement\/karen-damen-e9c0770a","sub_event_status":"Tickets beschikbaar","sub_custom_event_status":""},{"sub_event_date":"22.03.2025","sub_event_venue":[{"ID":30640,"post_author":"20","post_date":"2024-06-03 09:35:41","post_date_gmt":"0000-00-00 00:00:00","post_content":"","post_title":"CC Het Perron","post_excerpt":"","post_status":"draft","comment_status":"closed","ping_status":"closed","post_password":"","post_name":"","to_ping":"","pinged":"","post_modified":"2024-06-03 09:35:41","post_modified_gmt":"2024-06-03 08:35:41","post_content_filtered":"","post_parent":0,"guid":"https:\/\/gracialive.be\/?post_type=venue&#038;p=30640","menu_order":0,"post_type":"venue","post_mime_type":"","comment_count":"0","filter":"raw"}],"sub_event_location":[{"term_id":337,"name":"Ieper","slug":"ieper","term_group":0,"term_taxonomy_id":337,"taxonomy":"location","description":"","parent":0,"count":1,"filter":"raw"}],"sub_event_notes":"","sub_event_ticket_link":"https:\/\/www.hetperron.be\/karendamen","sub_event_status":"Tickets beschikbaar","sub_custom_event_status":""},{"sub_event_date":"28.03.2025","sub_event_venue":[{"ID":30677,"post_author":"20","post_date":"2024-06-03 09:09:29","post_date_gmt":"0000-00-00 00:00:00","post_content":"","post_title":"Schouwburg Noord","post_excerpt":"","post_status":"draft","comment_status":"closed","ping_status":"closed","post_password":"","post_name":"","to_ping":"","pinged":"","post_modified":"2024-06-03 09:09:29","post_modified_gmt":"2024-06-03 08:09:29","post_content_filtered":"","post_parent":0,"guid":"https:\/\/gracialive.be\/?post_type=venue&#038;p=30677","menu_order":0,"post_type":"venue","post_mime_type":"","comment_count":"0","filter":"raw"}],"sub_event_location":[{"term_id":341,"name":"Merksem","slug":"mersem","term_group":0,"term_taxonomy_id":341,"taxonomy":"location","description":"","parent":0,"count":0,"filter":"raw"}],"sub_event_notes":"","sub_event_ticket_link":"https:\/\/www.schouwburgnoord.be\/nl\/event\/karen-damen","sub_event_status":"Tickets beschikbaar","sub_custom_event_status":""},{"sub_event_date":"03.04.2025","sub_event_venue":[{"ID":30622,"post_author":"20","post_date":"2024-05-30 08:42:08","post_date_gmt":"0000-00-00 00:00:00","post_content":"","post_title":"CC De Steiger","post_excerpt":"","post_status":"draft","comment_status":"closed","ping_status":"closed","post_password":"","post_name":"","to_ping":"","pinged":"","post_modified":"2024-05-30 08:42:08","post_modified_gmt":"2024-05-30 07:42:08","post_content_filtered":"","post_parent":0,"guid":"https:\/\/gracialive.be\/?post_type=venue&#038;p=30622","menu_order":0,"post_type":"venue","post_mime_type":"","comment_count":"0","filter":"raw"}],"sub_event_location":[{"term_id":349,"name":"Boom","slug":"boom","term_group":0,"term_taxonomy_id":349,"taxonomy":"location","description":"","parent":0,"count":0,"filter":"raw"}],"sub_event_notes":"","sub_event_ticket_link":"https:\/\/www.desteigerboom.be\/karen-damen","sub_event_status":"Tickets beschikbaar","sub_custom_event_status":""},{"sub_event_date":"04.04.2025","sub_event_venue":[{"ID":30682,"post_author":"20","post_date":"2024-06-03 09:21:23","post_date_gmt":"0000-00-00 00:00:00","post_content":"","post_title":"CC MUZE","post_excerpt":"","post_status":"draft","comment_status":"closed","ping_status":"closed","post_password":"","post_name":"","to_ping":"","pinged":"","post_modified":"2024-06-03 09:21:23","post_modified_gmt":"2024-06-03 08:21:23","post_content_filtered":"","post_parent":0,"guid":"https:\/\/gracialive.be\/?post_type=venue&#038;p=30682","menu_order":0,"post_type":"venue","post_mime_type":"","comment_count":"0","filter":"raw"}],"sub_event_location":[{"term_id":343,"name":"Heusden-Zolder","slug":"heusden-zolder","term_group":0,"term_taxonomy_id":343,"taxonomy":"location","description":"","parent":0,"count":1,"filter":"raw"}],"sub_event_notes":"","sub_event_ticket_link":"https:\/\/www.muze.be\/2025-04-04.html","sub_event_status":"Tickets beschikbaar","sub_custom_event_status":""},{"sub_event_date":"24.04.2025","sub_event_venue":[{"ID":31121,"post_author":"20","post_date":"2024-06-19 15:01:43","post_date_gmt":"0000-00-00 00:00:00","post_content":"","post_title":"CC De Schakel","post_excerpt":"","post_status":"draft","comment_status":"closed","ping_status":"closed","post_password":"","post_name":"","to_ping":"","pinged":"","post_modified":"2024-06-19 15:01:43","post_modified_gmt":"2024-06-19 14:01:43","post_content_filtered":"","post_parent":0,"guid":"https:\/\/gracialive.be\/?post_type=venue&#038;p=31121","menu_order":0,"post_type":"venue","post_mime_type":"","comment_count":"0","filter":"raw"}],"sub_event_location":[{"term_id":350,"name":"Waregem","slug":"waregem","term_group":0,"term_taxonomy_id":350,"taxonomy":"location","description":"","parent":0,"count":0,"filter":"raw"}],"sub_event_notes":"","sub_event_ticket_link":"https:\/\/www.ccdeschakel.be\/voorstellingen\/1946\/one-woman-show\/karen-damen","sub_event_status":"Tickets beschikbaar","sub_custom_event_status":""},{"sub_event_date":"25.04.2025","sub_event_venue":[{"ID":30679,"post_author":"20","post_date":"2024-06-03 09:09:49","post_date_gmt":"0000-00-00 00:00:00","post_content":"","post_title":"GC De Kluize","post_excerpt":"","post_status":"draft","comment_status":"closed","ping_status":"closed","post_password":"","post_name":"","to_ping":"","pinged":"","post_modified":"2024-06-03 09:09:49","post_modified_gmt":"2024-06-03 08:09:49","post_content_filtered":"","post_parent":0,"guid":"https:\/\/gracialive.be\/?post_type=venue&#038;p=30679","menu_order":0,"post_type":"venue","post_mime_type":"","comment_count":"0","filter":"raw"}],"sub_event_location":[{"term_id":342,"name":"Oosterzele","slug":"oosterzele","term_group":0,"term_taxonomy_id":342,"taxonomy":"location","description":"","parent":0,"count":0,"filter":"raw"}],"sub_event_notes":"","sub_event_ticket_link":"https:\/\/gcdekluize.be\/voorstelling\/one-woman-show\/","sub_event_status":"Tickets beschikbaar","sub_custom_event_status":""},{"sub_event_date":"08.05.2025","sub_event_venue":[{"ID":31123,"post_author":"20","post_date":"2024-06-19 15:02:49","post_date_gmt":"0000-00-00 00:00:00","post_content":"","post_title":"De Warande","post_excerpt":"","post_status":"draft","comment_status":"closed","ping_status":"closed","post_password":"","post_name":"","to_ping":"","pinged":"","post_modified":"2024-06-19 15:02:49","post_modified_gmt":"2024-06-19 14:02:49","post_content_filtered":"","post_parent":0,"guid":"https:\/\/gracialive.be\/?post_type=venue&#038;p=31123","menu_order":0,"post_type":"venue","post_mime_type":"","comment_count":"0","filter":"raw"}],"sub_event_location":[{"term_id":317,"name":"Turnhout","slug":"turnhout","term_group":0,"term_taxonomy_id":317,"taxonomy":"location","description":"","parent":0,"count":1,"filter":"raw"}],"sub_event_notes":"","sub_event_ticket_link":"https:\/\/www.warande.be\/programma\/8429\/te-gast-karen-damen\/one-woman-show","sub_event_status":"Tickets beschikbaar","sub_custom_event_status":""},{"sub_event_date":"14.05.2025","sub_event_venue":[{"ID":24324,"post_author":"17","post_date":"2023-09-13 15:19:29","post_date_gmt":"2023-09-13 15:19:29","post_content":"<a href=\"https:\/\/gracialive.be\/\" rel=\"home\" title=\"Home\">Home<\/a>\n\t\t<p>De Ancienne Belgique is een complex van twee concertzalen gelegen in het centrum van Brussel, aan de Anspachlaan. Het biedt onderdak aan muziekgroepen van verschillende stijlen. De Ancienne Belgique is een culturele instelling van de Vlaamse Gemeenschap.<\/p>\t\t\n\t\t\t<h4>Pratique<\/h4>\t\t\n\t\t\t<a role=\"button\">\n\t\t\t\t\t\tDescription de la route\n\t\t\t\t\t<\/a>\n\t\t\t<h4>Bereikbaarheid<\/h4>\t\t\n\t\t<p>AB ligt midden in de voetgangerszone op de Anspachlaan 110, in Brussel, op amper 10 minuten stappen van het centraal station. Je kan ons makkelijk bereiken met het openbaar vervoer of de auto (al raden we dat niet aan). Klik <a href=\"https:\/\/www.abconcerts.be\/nl\/bezoekersinfo\/mobiliteit\">hier<\/a> om je route uit te stippelen.<\/p>\t\t\n\t\t\t\t\t\t\t\t\t\t\t\t<a href=\"\">Met de trein (aan de helft van de prijs)<\/a>\n\t\t\t\t\t<p>AB ligt op amper 10 minuutjes stappen van het station Brussel-Centraal. Met een Bravo! Ticket AB reis je zonder parkeerstress heen en terug aan de helft van de prijs. De kortingscode voor dit ticket vind je terug op je concertticket.<\/p><ul><li><b>Heen<\/b>: van elk Belgisch station naar Brussel-Centraal, op de dag van je concert.<\/li><li><b>Terug<\/b>: van Brussel-Centraal naar je vertrekstation, op de dag van je concert of de dag nadien. (De meeste concerten stoppen om 22u30, dus waarschijnlijk haal je de laatste trein nog.- )<\/li><\/ul>Meer info vind je op <a href=\"https:\/\/www.belgiantrain.be\/nl\/leisure\/music-events\/bravo-ticket\/bravo-ancienne-belgique\"><u>nmbs.be\/bravo!<\/u><\/a><p>\u00a0<\/p>\n\t\t\t\t\t\t\t\t\t\t\t\t<a href=\"\">Met de bus, tram of metro<\/a>\n\t\t\t\t\t<p>Op je AB-concertticket vind je een Event Pass (QR-)code, waarmee je een Event Pass kan opvragen.\u00a0Deze geeft je recht op \u00e9\u00e9n gratis heen- en terugrit op het tram-, bus- en metronetwerk van de MIVB, op de dag van je concert en de dag nadien. De dichtstbijzijnde MIVB-haltes zijn &#8216;Beurs&#8217; en &#8216;De Brouck\u00e8re\u2019.<\/p><p>Meer info vind je op <a href=\"https:\/\/www.stib-mivb.be\/article.html?l=nl&amp;_guid=30fa3e16-098e-3410-a38a-c8fdc3647d64\"><u>MIVB.be<\/u><\/a>.\u00a0<br \/><\/p>\n\t\t\t\t\t\t\t\t\t\t\t\t<a href=\"\">Met de auto<\/a>\n\t\t\t\t\t<p>AB ligt midden in de voetgangerszone op de Anspachlaan. Je kan je auto parkeren in een van de betalende ondergrondse parkings in de buurt of in een van de gratis parkings in de rand van Brussel vanwaar je makkelijk een bus, tram of metro kan nemen. Meer info vind je op <a href=\"https:\/\/www.brussel.be\/parkings?_ga=2.202424281.977485069.1606144582-712700428.1606144582\"><u>www.brussel.be\/parkings<\/u><\/a>.<\/p><p>Het Brussels Hoofdstedelijk Gewest is een<b> Lage-emissiezone (LEZ<\/b>).\u00a0 Controleer op <a href=\"https:\/\/lez.brussels\/mytax\/nl\/automatic-simulation\"><u>lez.brussels<\/u><\/a> of uw voertuig er mag rondrijden als u met de wagen of bestelwagen komt.<br \/><\/p><ul><li>Q-Parks op vijf minuten wandelen van AB: Dansaert en Lepage<\/li><li>Q-Park waar je met een busje voor rolstoelgebruikers kan parkeren op tien minuten van AB: Albertina<\/li><\/ul>\n\t\t\t<h4>Toegankelijkheid<\/h4>\t\t\n\t\t<p>AB doet er alles aan om toegankelijk te zijn voor iedereen. <a href=\"https:\/\/www.abconcerts.be\/nl\/bezoekersinfo\/toegankelijkheid\">Meer<\/a> over onze voorzieningen.<\/p><p>Heb je een (tijdelijke) beperking, slecht te been, ben je zwanger of lijd je aan een angststoornis? Dan kan je na de aankoop van je concertticket (of bevestiging van je plaats op de gastenlijst) zonder problemen <a href=\"https:\/\/www.abconcerts.be\/nl\/jouw-aanvraag-tot-assistentie\">een zitplaats of assistentie aanvragen<\/a>.<br \/><\/p>\t\t\n\t\t\t<h4>Zaalplan<\/h4>\t\t\n\t\t\t\t\t\t\t\t\t\t\t\t\t\t\t\t<a href=\"https:\/\/gracialive.be\/wp-content\/plugins\/elementor\/assets\/images\/placeholder.png\" data-elementor-open-lightbox=\"yes\" data-e-action-hash=\"#elementor-action%3Aaction%3Dlightbox%26settings%3DW10%3D\">\n\t\t\t\t\t\t\t<img src=\"https:\/\/gracialive.be\/wp-content\/plugins\/elementor\/assets\/images\/placeholder.png\" title=\"\" alt=\"\" loading=\"lazy\" \/>\t\t\t\t\t\t\t\t<\/a>\n\t\t\t<h1>Concert agenda<\/h1>\t\t\n\t\t<p style=\"text-align: center;\">Hieronder kan u de concert agenda van al onze toekomstige concerten terugvinden.\u00a0<\/p>[show_events_list_venue]\t\t\n\t\t\t<a href=\"\/agenda\/\" role=\"button\">\n\t\t\t\t\t\tBekijk volledige agenda\n\t\t\t\t\t<\/a>","post_title":"CCHA","post_excerpt":"","post_status":"publish","comment_status":"closed","ping_status":"closed","post_password":"","post_name":"ccha","to_ping":"","pinged":"","post_modified":"2023-09-13 15:27:32","post_modified_gmt":"2023-09-13 15:27:32","post_content_filtered":"","post_parent":0,"guid":"https:\/\/gracialive.be\/venue\/ccha\/","menu_order":0,"post_type":"venue","post_mime_type":"","comment_count":"0","filter":"raw"}],"sub_event_location":[{"term_id":42,"name":"Hasselt","slug":"hasselt","term_group":0,"term_taxonomy_id":42,"taxonomy":"location","description":"","parent":0,"count":3,"filter":"raw"}],"sub_event_notes":"","sub_event_ticket_link":"https:\/\/www.ccha.be\/programma\/5296\/karen-damen\/one-woman-show","sub_event_status":"Tickets beschikbaar","sub_custom_event_status":""},{"sub_event_date":"16.05.2025","sub_event_venue":[{"ID":6811,"post_author":"17","post_date":"2022-04-28 14:26:23","post_date_gmt":"2022-04-28 14:26:23","post_content":"<a title=\"Home\" href=\"https:\/\/gracialive.be\/\" rel=\"home\">Home<\/a>\r\n\r\nHet Depot est une salle de concert et un centre musical \u00e0 Louvain, situ\u00e9 sur la Martelarenplein. La salle de concert a une capacit\u00e9 maximale de 960 personnes, soit 290 si\u00e8ges et 670 places debout. Le foyer peut accueillir 150 personnes.\r\n\r\nIl y a aussi le Lounge, un espace multifonctionnel d'une capacit\u00e9 maximale de 50 personnes. En outre, plusieurs salles peuvent \u00eatre utilis\u00e9es pour les r\u00e9p\u00e9titions et les pr\u00e9-productions.\r\n<h4>Pratique<\/h4>\r\n<a role=\"button\">\r\nDescription de la route\r\n<\/a>\r\n<h4>Bereikbaarheid<\/h4>\r\nWil je meer informatie over hoe je het makkelijkst de Koningin Elisabethzaal kan bereiken? Je kan met al jouw vragen terecht bij hun\u00a0<a href=\"https:\/\/www.hetdepot.be\/\" target=\"_blank\" rel=\"noopener\">website<\/a>.\r\n\r\n<a>Met de fiets<\/a>\r\n\r\nHet Depot beschikt over geen fietsenstalling.\r\n\r\n<a>Met het openbaar vervoer<\/a>\r\n\r\nBen je van plan om met het openbaar vervoer te komen? Plan je reis in met behulp van de website van <a href=\"https:\/\/www.delijn.be\/en\/\" target=\"_blank\" rel=\"noopener\">De Lijn<\/a> Of <a href=\"https:\/\/www.belgiantrain.be\/nl\" target=\"_blank\" rel=\"noopener\">NMBS<\/a>\r\n\r\nDe volgende lijnen hebben routes die langs Het Depot komen:\r\n<ul>\r\n \t<li>Bus: <a style=\"background-color: #ffffff;\" href=\"https:\/\/moovitapp.com\/belgium-1682\/lines\/18\/14547664\/4115086\/nl?ref=1&amp;poiType=site&amp;customerId=4908\" rel=\"nofollow\" data-automation=\"line-in-faq-answer\">18<\/a>, <a style=\"background-color: #ffffff;\" href=\"https:\/\/moovitapp.com\/belgium-1682\/lines\/285\/324547\/5722214\/nl?ref=1&amp;poiType=site&amp;customerId=4908\" rel=\"nofollow\" data-automation=\"line-in-faq-answer\">285<\/a>, <a style=\"background-color: #ffffff;\" href=\"https:\/\/moovitapp.com\/belgium-1682\/lines\/306\/324563\/5724007\/nl?ref=1&amp;poiType=site&amp;customerId=4908\" rel=\"nofollow\" data-automation=\"line-in-faq-answer\">306<\/a>, <a style=\"background-color: #ffffff;\" href=\"https:\/\/moovitapp.com\/belgium-1682\/lines\/395\/324619\/5723253\/nl?ref=1&amp;poiType=site&amp;customerId=4908\" rel=\"nofollow\" data-automation=\"line-in-faq-answer\">395<\/a>, <a style=\"background-color: #ffffff;\" href=\"https:\/\/moovitapp.com\/belgium-1682\/lines\/410\/324628\/1015779\/nl?ref=1&amp;poiType=site&amp;customerId=4908\" rel=\"nofollow\" data-automation=\"line-in-faq-answer\">410<\/a>, <a style=\"background-color: #ffffff;\" href=\"https:\/\/moovitapp.com\/belgium-1682\/lines\/652\/324753\/1016027\/nl?ref=1&amp;poiType=site&amp;customerId=4908\" rel=\"nofollow\" data-automation=\"line-in-faq-answer\">652<\/a>, <a style=\"background-color: #ffffff;\" href=\"https:\/\/moovitapp.com\/belgium-1682\/lines\/658\/475404\/1701833\/nl?ref=1&amp;poiType=site&amp;customerId=4908\" rel=\"nofollow\" data-automation=\"line-in-faq-answer\">658<\/a><\/li>\r\n<\/ul>\r\n<a>Met de auto<\/a>\r\n\r\nBen je van plan om met de auto te gaan en zoek je een plaats om te parkeren? Er is de betaalparking \u2018De Bond\u2019 onder het station van Leuven, vlakbij hun concertzaal. Deze parking is 24\/7 open. Tussen 19:00 en 07:00 betaal je maar slechts 3 euro.\r\n<h4>Toegankelijkheid<\/h4>\r\nMensen met een beperking kunnen perfect binnen bij het Depot.\u00a0Indien je in het bezit bent van een begeleiderspas van de provincie, kan je je vijftien minuten voor het openen van de deuren aanmelden aan het onthaal van Het Depot. Daar begeleiden de medewerkers van Het Depot u naar de plateaulift zodat u rustig de zaal kan betreden\r\n<h4>Zaalplan<\/h4>\r\n<a href=\"https:\/\/gracialive.be\/wp-content\/plugins\/elementor\/assets\/images\/placeholder.png\" data-elementor-open-lightbox=\"yes\" data-e-action-hash=\"#elementor-action%3Aaction%3Dlightbox%26settings%3DW10%3D\">\r\n<img title=\"\" src=\"https:\/\/gracialive.be\/wp-content\/plugins\/elementor\/assets\/images\/placeholder.png\" alt=\"\" \/> <\/a>\r\n<h1>Concert agenda<\/h1>\r\n<p style=\"text-align: center;\">Vous trouverez ci-dessous l'agenda de tous nos futurs concerts ici.<\/p>\r\n[show_events_list_venue]\r\n<a role=\"button\" href=\"\/agenda\/\">\r\nVoir l'agenda complet\r\n<\/a>","post_title":"Het Depot","post_excerpt":"","post_status":"publish","comment_status":"closed","ping_status":"closed","post_password":"","post_name":"het-depot","to_ping":"","pinged":"","post_modified":"2023-09-04 14:23:57","post_modified_gmt":"2023-09-04 14:23:57","post_content_filtered":"","post_parent":0,"guid":"https:\/\/gracialive.be\/venue\/het-depot\/","menu_order":0,"post_type":"venue","post_mime_type":"","comment_count":"0","filter":"raw"}],"sub_event_location":[{"term_id":43,"name":"Leuven","slug":"leuven","term_group":0,"term_taxonomy_id":43,"taxonomy":"location","description":"","parent":0,"count":0,"filter":"raw"}],"sub_event_notes":"","sub_event_ticket_link":"https:\/\/www.hetdepot.be\/concert\/gracia-live-presents-karen-damen","sub_event_status":"Tickets beschikbaar","sub_custom_event_status":""},{"sub_event_date":"21.05.2025","sub_event_venue":[{"ID":25618,"post_author":"17","post_date":"2023-10-06 12:45:30","post_date_gmt":"0000-00-00 00:00:00","post_content":"","post_title":"Arenberg","post_excerpt":"","post_status":"draft","comment_status":"closed","ping_status":"closed","post_password":"","post_name":"","to_ping":"","pinged":"","post_modified":"2023-10-06 12:45:30","post_modified_gmt":"2023-10-06 12:45:30","post_content_filtered":"","post_parent":0,"guid":"https:\/\/gracialive.be\/?post_type=venue&#038;p=25618","menu_order":0,"post_type":"venue","post_mime_type":"","comment_count":"0","filter":"raw"}],"sub_event_location":[{"term_id":13,"name":"Antwerpen","slug":"antwerpen","term_group":0,"term_taxonomy_id":13,"taxonomy":"location","description":"","parent":0,"count":14,"filter":"raw"}],"sub_event_notes":"","sub_event_ticket_link":"https:\/\/www.arenberg.be\/nl\/programma\/karen-damen\/a0NP50000043KcbMAE","sub_event_status":"Tickets beschikbaar","sub_custom_event_status":""}],"event_notes":"","event_description":"Karen Damen is helemaal klaar om Vlaanderen te veroveren met haar humoristische \u2018One Woman Show'. Met haar komische improvisatietalent en unieke flair voor het vertellen van verhalen, belooft het een onvergetelijke avond te worden waarbij je ongetwijfeld met een glimlach naar buiten zult gaan!"},"_links":{"self":[{"href":"https:\/\/gracialive.be\/fr\/wp-json\/wp\/v2\/agenda\/30602"}],"collection":[{"href":"https:\/\/gracialive.be\/fr\/wp-json\/wp\/v2\/agenda"}],"about":[{"href":"https:\/\/gracialive.be\/fr\/wp-json\/wp\/v2\/types\/agenda"}],"version-history":[{"count":45,"href":"https:\/\/gracialive.be\/fr\/wp-json\/wp\/v2\/agenda\/30602\/revisions"}],"predecessor-version":[{"id":38356,"href":"https:\/\/gracialive.be\/fr\/wp-json\/wp\/v2\/agenda\/30602\/revisions\/38356"}],"wp:featuredmedia":[{"embeddable":true,"href":"https:\/\/gracialive.be\/fr\/wp-json\/wp\/v2\/media\/24583"}],"wp:attachment":[{"href":"https:\/\/gracialive.be\/fr\/wp-json\/wp\/v2\/media?parent=30602"}],"wp:term":[{"taxonomy":"category","embeddable":true,"href":"https:\/\/gracialive.be\/fr\/wp-json\/wp\/v2\/categories?post=30602"},{"taxonomy":"location","embeddable":true,"href":"https:\/\/gracialive.be\/fr\/wp-json\/wp\/v2\/location?post=30602"},{"taxonomy":"related_event","embeddable":true,"href":"https:\/\/gracialive.be\/fr\/wp-json\/wp\/v2\/related_event?post=30602"}],"curies":[{"name":"wp","href":"https:\/\/api.w.org\/{rel}","templated":true}]}}