{"id":29529,"date":"2024-03-21T19:45:52","date_gmt":"2024-03-21T18:45:52","guid":{"rendered":"https:\/\/gracialive.be\/?post_type=agenda&#038;p=29529"},"modified":"2026-02-24T14:54:05","modified_gmt":"2026-02-24T12:54:05","slug":"bejart-ballet-lausanne-2026","status":"publish","type":"agenda","link":"https:\/\/gracialive.be\/fr\/agenda\/bejart-ballet-lausanne-2026\/","title":{"rendered":"B\u00e9jart Ballet Lausanne"},"content":{"rendered":"\t\t<div data-elementor-type=\"wp-post\" data-elementor-id=\"29529\" class=\"elementor elementor-29529 elementor-29518\" data-elementor-post-type=\"agenda\">\n\t\t\t\t\t\t<section class=\"has_eae_slider elementor-section elementor-top-section elementor-element elementor-element-10a6a042 elementor-section-boxed elementor-section-height-default elementor-section-height-default\" data-id=\"10a6a042\" data-element_type=\"section\" data-settings=\"{&quot;jet_parallax_layout_list&quot;:[],&quot;background_background&quot;:&quot;classic&quot;}\">\n\t\t\t\t\t\t<div class=\"elementor-container elementor-column-gap-default\">\n\t\t\t\t\t<div class=\"has_eae_slider elementor-column elementor-col-50 elementor-top-column elementor-element elementor-element-5efc7f5c\" data-id=\"5efc7f5c\" data-element_type=\"column\">\n\t\t\t<div class=\"elementor-widget-wrap elementor-element-populated\">\n\t\t\t\t\t\t<div class=\"elementor-element elementor-element-5305173f breadcrumb_css elementor-hidden-desktop elementor-hidden-tablet elementor-hidden-mobile elementor-widget elementor-widget-wp-widget-bcn_widget\" data-id=\"5305173f\" data-element_type=\"widget\" data-widget_type=\"wp-widget-bcn_widget.default\">\n\t\t\t\t<div class=\"elementor-widget-container\">\n\t\t\t<div class=\"breadcrumbs\" vocab=\"https:\/\/schema.org\/\" typeof=\"BreadcrumbList\"><!-- Breadcrumb NavXT 7.0.2 -->\n<span property=\"itemListElement\" typeof=\"ListItem\"><a property=\"item\" typeof=\"WebPage\" title=\"Go to Gracia Live.\" href=\"https:\/\/gracialive.be\/fr\/\" class=\"home\" aria-current=\"page\"><span property=\"name\">Home<\/span><\/a><meta property=\"position\" content=\"1\"><\/span><\/div>\t\t<\/div>\n\t\t\t\t<\/div>\n\t\t\t\t<div class=\"elementor-element elementor-element-558e6fee elementor-widget elementor-widget-theme-post-title elementor-page-title elementor-widget-heading\" data-id=\"558e6fee\" data-element_type=\"widget\" data-widget_type=\"theme-post-title.default\">\n\t\t\t\t<div class=\"elementor-widget-container\">\n\t\t\t<style>\/*! elementor - v3.22.0 - 17-06-2024 *\/\n.elementor-heading-title{padding:0;margin:0;line-height:1}.elementor-widget-heading .elementor-heading-title[class*=elementor-size-]>a{color:inherit;font-size:inherit;line-height:inherit}.elementor-widget-heading .elementor-heading-title.elementor-size-small{font-size:15px}.elementor-widget-heading .elementor-heading-title.elementor-size-medium{font-size:19px}.elementor-widget-heading .elementor-heading-title.elementor-size-large{font-size:29px}.elementor-widget-heading .elementor-heading-title.elementor-size-xl{font-size:39px}.elementor-widget-heading .elementor-heading-title.elementor-size-xxl{font-size:59px}<\/style><h1 class=\"elementor-heading-title elementor-size-default\">B\u00e9jart Ballet Lausanne<\/h1>\t\t<\/div>\n\t\t\t\t<\/div>\n\t\t\t\t<div class=\"elementor-element elementor-element-18414cb9 elementor-widget elementor-widget-shortcode\" data-id=\"18414cb9\" data-element_type=\"widget\" data-widget_type=\"shortcode.default\">\n\t\t\t\t<div class=\"elementor-widget-container\">\n\t\t\t\t\t<div class=\"elementor-shortcode\">Pour la 30e fois, le B\u00e9jart Ballet Lausanne retrouvera la sc\u00e8ne du Cirque Royal de Bruxelles \u2013 un rendez-vous artistique fort dans une salle charg\u00e9e d\u2019histoire: du 7 au 10 mai 2026 !\r\n<\/div>\n\t\t\t\t<\/div>\n\t\t\t\t<\/div>\n\t\t\t\t<div class=\"elementor-element elementor-element-17752e15 elementor-hidden-desktop elementor-hidden-tablet elementor-hidden-mobile elementor-widget elementor-widget-heading\" data-id=\"17752e15\" data-element_type=\"widget\" data-widget_type=\"heading.default\">\n\t\t\t\t<div class=\"elementor-widget-container\">\n\t\t\t<h4 class=\"elementor-heading-title elementor-size-default\">Praktisch<\/h4>\t\t<\/div>\n\t\t\t\t<\/div>\n\t\t\t\t<div class=\"elementor-element elementor-element-459414a7 elementor-hidden-desktop elementor-hidden-tablet elementor-hidden-mobile elementor-widget elementor-widget-text-editor\" data-id=\"459414a7\" data-element_type=\"widget\" data-widget_type=\"text-editor.default\">\n\t\t\t\t<div class=\"elementor-widget-container\">\n\t\t\t<style>\/*! elementor - v3.22.0 - 17-06-2024 *\/\n.elementor-widget-text-editor.elementor-drop-cap-view-stacked .elementor-drop-cap{background-color:#69727d;color:#fff}.elementor-widget-text-editor.elementor-drop-cap-view-framed .elementor-drop-cap{color:#69727d;border:3px solid;background-color:transparent}.elementor-widget-text-editor:not(.elementor-drop-cap-view-default) .elementor-drop-cap{margin-top:8px}.elementor-widget-text-editor:not(.elementor-drop-cap-view-default) .elementor-drop-cap-letter{width:1em;height:1em}.elementor-widget-text-editor .elementor-drop-cap{float:left;text-align:center;line-height:1;font-size:50px}.elementor-widget-text-editor .elementor-drop-cap-letter{display:inline-block}<\/style>\t\t\t\t<p>Bekijk hieronder alle data\u00a0<\/p>\n\t\t\t\t\t\t<\/div>\n\t\t\t\t<\/div>\n\t\t\t\t<div class=\"elementor-element elementor-element-6717af4b elementor-hidden-desktop elementor-hidden-tablet elementor-hidden-mobile elementor-widget elementor-widget-post-info\" data-id=\"6717af4b\" data-element_type=\"widget\" data-widget_type=\"post-info.default\">\n\t\t\t\t<div class=\"elementor-widget-container\">\n\t\t\t<link rel=\"stylesheet\" href=\"https:\/\/gracialive.be\/wp-content\/plugins\/elementor\/assets\/css\/widget-icon-list.min.css\"><link rel=\"stylesheet\" href=\"https:\/\/gracialive.be\/wp-content\/plugins\/elementor-pro\/assets\/css\/widget-theme-elements.min.css\">\t\t<ul class=\"elementor-icon-list-items elementor-post-info\">\n\t\t\t\t\t\t\t\t<li class=\"elementor-icon-list-item elementor-repeater-item-bc12b72\">\n\t\t\t\t\t\t\t\t\t\t<span class=\"elementor-icon-list-icon\">\n\t\t\t\t\t\t\t\t<svg xmlns=\"http:\/\/www.w3.org\/2000\/svg\" width=\"19.5\" height=\"21.5\" viewBox=\"0 0 19.5 21.5\"><g id=\"Iconly_Light_Calendar\" data-name=\"Iconly\/Light\/Calendar\" transform=\"translate(0.75 0.75)\"><g id=\"Calendar\" transform=\"translate(0 0)\"><path id=\"Line_200\" d=\"M0,.473H17.824\" transform=\"translate(0.093 6.931)\" fill=\"none\" stroke=\"#51acf0\" stroke-linecap=\"round\" stroke-linejoin=\"round\" stroke-miterlimit=\"10\" stroke-width=\"1.5\"><\/path><path id=\"Line_201\" d=\"M.459.473H.468\" transform=\"translate(12.984 10.837)\" fill=\"none\" stroke=\"#51acf0\" stroke-linecap=\"round\" stroke-linejoin=\"round\" stroke-miterlimit=\"10\" stroke-width=\"1.5\"><\/path><path id=\"Line_202\" d=\"M.459.473H.468\" transform=\"translate(8.546 10.837)\" fill=\"none\" stroke=\"#51acf0\" stroke-linecap=\"round\" stroke-linejoin=\"round\" stroke-miterlimit=\"10\" stroke-width=\"1.5\"><\/path><path id=\"Line_203\" d=\"M.459.473H.468\" transform=\"translate(4.099 10.837)\" fill=\"none\" stroke=\"#51acf0\" stroke-linecap=\"round\" stroke-linejoin=\"round\" stroke-miterlimit=\"10\" stroke-width=\"1.5\"><\/path><path id=\"Line_204\" d=\"M.459.473H.468\" transform=\"translate(12.984 14.723)\" fill=\"none\" stroke=\"#51acf0\" stroke-linecap=\"round\" stroke-linejoin=\"round\" stroke-miterlimit=\"10\" stroke-width=\"1.5\"><\/path><path id=\"Line_205\" d=\"M.459.473H.468\" transform=\"translate(8.546 14.723)\" fill=\"none\" stroke=\"#51acf0\" stroke-linecap=\"round\" stroke-linejoin=\"round\" stroke-miterlimit=\"10\" stroke-width=\"1.5\"><\/path><path id=\"Line_206\" d=\"M.459.473H.468\" transform=\"translate(4.099 14.723)\" fill=\"none\" stroke=\"#51acf0\" stroke-linecap=\"round\" stroke-linejoin=\"round\" stroke-miterlimit=\"10\" stroke-width=\"1.5\"><\/path><path id=\"Line_207\" d=\"M.463,0V3.291\" transform=\"translate(12.581 0)\" fill=\"none\" stroke=\"#51acf0\" stroke-linecap=\"round\" stroke-linejoin=\"round\" stroke-miterlimit=\"10\" stroke-width=\"1.5\"><\/path><path id=\"Line_208\" d=\"M.463,0V3.291\" transform=\"translate(4.502 0)\" fill=\"none\" stroke=\"#51acf0\" stroke-linecap=\"round\" stroke-linejoin=\"round\" stroke-miterlimit=\"10\" stroke-width=\"1.5\"><\/path><path id=\"Path\" d=\"M13.238,0H4.771C1.834,0,0,1.636,0,4.643v9.05c0,3.054,1.834,4.728,4.771,4.728h8.458c2.946,0,4.771-1.645,4.771-4.652V4.643C18.009,1.636,16.184,0,13.238,0Z\" transform=\"translate(0 1.579)\" fill=\"none\" stroke=\"#51acf0\" stroke-linecap=\"round\" stroke-linejoin=\"round\" stroke-miterlimit=\"10\" stroke-width=\"1.5\"><\/path><\/g><\/g><\/svg>\t\t\t\t\t\t\t<\/span>\n\t\t\t\t\t\t\t\t\t<span class=\"elementor-icon-list-text elementor-post-info__item elementor-post-info__item--type-custom\">\n\t\t\t\t\t\t\t\t\t\t 07 - 10 mei 2026\t\t\t\t\t<\/span>\n\t\t\t\t\t\t\t\t<\/li>\n\t\t\t\t<li class=\"elementor-icon-list-item elementor-repeater-item-9961ff0\">\n\t\t\t\t\t\t\t\t\t\t<span class=\"elementor-icon-list-icon\">\n\t\t\t\t\t\t\t\t<svg xmlns=\"http:\/\/www.w3.org\/2000\/svg\" width=\"16.857\" height=\"19.836\" viewBox=\"0 0 16.857 19.836\"><g id=\"Iconly_Light_Location\" data-name=\"Iconly\/Light\/Location\" transform=\"translate(0.75 0.75)\"><g id=\"Location\" transform=\"translate(-0.739 -0.739)\"><path id=\"Path_33958\" d=\"M0,7.652A7.678,7.678,0,1,1,15.357,7.7v.087a11.338,11.338,0,0,1-3.478,7.3,20.183,20.183,0,0,1-3.591,2.957.93.93,0,0,1-1.217,0,19.817,19.817,0,0,1-5.052-4.73A9.826,9.826,0,0,1,0,7.678Z\" transform=\"translate(0.739 0.739)\" fill=\"none\" stroke=\"#51acf0\" stroke-linecap=\"round\" stroke-linejoin=\"round\" stroke-miterlimit=\"10\" stroke-width=\"1.5\"><\/path><circle id=\"Ellipse_740\" cx=\"2.461\" cy=\"2.461\" r=\"2.461\" transform=\"translate(5.957 6.078)\" fill=\"none\" stroke=\"#51acf0\" stroke-linecap=\"round\" stroke-linejoin=\"round\" stroke-miterlimit=\"10\" stroke-width=\"1.5\"><\/circle><\/g><\/g><\/svg>\t\t\t\t\t\t\t<\/span>\n\t\t\t\t\t\t\t\t\t<span class=\"elementor-icon-list-text elementor-post-info__item elementor-post-info__item--type-custom\">\n\t\t\t\t\t\t\t\t\t\t<a href='https:\/\/gracialive.be\/fr\/venue\/cirque-royal\/'>Cirque Royal<\/a>, Bruxelles\t\t\t\t\t<\/span>\n\t\t\t\t\t\t\t\t<\/li>\n\t\t\t\t<\/ul>\n\t\t\t\t<\/div>\n\t\t\t\t<\/div>\n\t\t\t\t<div class=\"elementor-element elementor-element-12ca4b28 elementor-widget elementor-widget-shortcode\" data-id=\"12ca4b28\" data-element_type=\"widget\" data-widget_type=\"shortcode.default\">\n\t\t\t\t<div class=\"elementor-widget-container\">\n\t\t\t\t\t<div class=\"elementor-shortcode\"><\/div>\n\t\t\t\t<\/div>\n\t\t\t\t<\/div>\n\t\t\t\t\t<\/div>\n\t\t<\/div>\n\t\t\t\t<div class=\"has_eae_slider elementor-column elementor-col-50 elementor-top-column elementor-element elementor-element-782d2d18\" data-id=\"782d2d18\" data-element_type=\"column\">\n\t\t\t<div class=\"elementor-widget-wrap elementor-element-populated\">\n\t\t\t\t\t\t<div class=\"elementor-element elementor-element-311c7651 elementor-widget elementor-widget-image\" data-id=\"311c7651\" data-element_type=\"widget\" data-widget_type=\"image.default\">\n\t\t\t\t<div class=\"elementor-widget-container\">\n\t\t\t<style>\/*! elementor - v3.22.0 - 17-06-2024 *\/\n.elementor-widget-image{text-align:center}.elementor-widget-image a{display:inline-block}.elementor-widget-image a img[src$=\".svg\"]{width:48px}.elementor-widget-image img{vertical-align:middle;display:inline-block}<\/style>\t\t\t\t\t\t\t\t\t\t<img fetchpriority=\"high\" decoding=\"async\" width=\"1920\" height=\"1080\" src=\"https:\/\/gracialive.be\/wp-content\/uploads\/2024\/03\/bbl26-programme-1920x1080-1.png\" class=\"attachment-full size-full wp-image-38157\" alt=\"\" srcset=\"https:\/\/gracialive.be\/wp-content\/uploads\/2024\/03\/bbl26-programme-1920x1080-1.png 1920w, https:\/\/gracialive.be\/wp-content\/uploads\/2024\/03\/bbl26-programme-1920x1080-1-300x169.png 300w, https:\/\/gracialive.be\/wp-content\/uploads\/2024\/03\/bbl26-programme-1920x1080-1-1024x576.png 1024w, https:\/\/gracialive.be\/wp-content\/uploads\/2024\/03\/bbl26-programme-1920x1080-1-768x432.png 768w, https:\/\/gracialive.be\/wp-content\/uploads\/2024\/03\/bbl26-programme-1920x1080-1-1536x864.png 1536w, https:\/\/gracialive.be\/wp-content\/uploads\/2024\/03\/bbl26-programme-1920x1080-1-1568x882.png 1568w\" sizes=\"(max-width: 34.9rem) calc(100vw - 2rem), (max-width: 53rem) calc(8 * (100vw \/ 12)), (min-width: 53rem) calc(6 * (100vw \/ 12)), 100vw\" \/>\t\t\t\t\t\t\t\t\t\t\t\t\t<\/div>\n\t\t\t\t<\/div>\n\t\t\t\t\t<\/div>\n\t\t<\/div>\n\t\t\t\t\t<\/div>\n\t\t<\/section>\n\t\t\t\t<section class=\"has_eae_slider elementor-section elementor-top-section elementor-element elementor-element-52008e7 elementor-section-full_width elementor-section-height-default elementor-section-height-default\" data-id=\"52008e7\" data-element_type=\"section\" data-settings=\"{&quot;jet_parallax_layout_list&quot;:[]}\">\n\t\t\t\t\t\t<div class=\"elementor-container elementor-column-gap-no\">\n\t\t\t\t\t<div class=\"has_eae_slider elementor-column elementor-col-100 elementor-top-column elementor-element elementor-element-66fd8324\" data-id=\"66fd8324\" data-element_type=\"column\" data-settings=\"{&quot;background_background&quot;:&quot;classic&quot;}\">\n\t\t\t<div class=\"elementor-widget-wrap elementor-element-populated\">\n\t\t\t\t\t\t<div class=\"elementor-element elementor-element-62116122 border_heading_vacatures elementor-widget elementor-widget-heading\" data-id=\"62116122\" data-element_type=\"widget\" data-widget_type=\"heading.default\">\n\t\t\t\t<div class=\"elementor-widget-container\">\n\t\t\t<h1 class=\"elementor-heading-title elementor-size-default\">Billets pour B\u00e9jart Ballet Lausanne 2026<\/h1>\t\t<\/div>\n\t\t\t\t<\/div>\n\t\t\t\t<div class=\"elementor-element elementor-element-ebc94d1 custom_repeater elementor-widget elementor-widget-shortcode\" data-id=\"ebc94d1\" data-element_type=\"widget\" data-widget_type=\"shortcode.default\">\n\t\t\t\t<div class=\"elementor-widget-container\">\n\t\t\t\t\t<div class=\"elementor-shortcode\"><section class=\"elementor-section elementor-section-boxed custom_repeater\"><div class=\"sub-events-cols elementor-container elementor-column-gap-default\"><div class=\"sub-event-col elementor-column elementor-col-14\" data-link=\"https:\/\/www.ticketmaster.be\/event\/61245?language=fr-be\"><div class=\"elementor-widget-wrap\"><div class=\"sub-event-content\"><h4 class=\"sub-event-date elementor-element elementor-widget\">07 \/ 05<\/h4><div class=\"sub-event-title elementor-element elementor-widget\">Cirque Royal<\/div><div class=\"sub-event-location elementor-element elementor-widget\">Brussel<\/div><div class=\"sub-event-notes elementor-element elementor-widget\">20h00<\/div><\/div><div class=\"sub-event-ticket-link elementor-element elementor-widget\"><a class=\"sub-event-col-link\" target=\"_blank\" href=\"https:\/\/www.ticketmaster.be\/event\/61245?language=fr-be\">Achter des billets<\/a><\/div><\/div><\/div><div class=\"sub-event-col elementor-column elementor-col-14\" data-link=\"https:\/\/www.ticketmaster.be\/event\/61247?language=fr-be\"><div class=\"elementor-widget-wrap\"><div class=\"sub-event-content\"><h4 class=\"sub-event-date elementor-element elementor-widget\">08 \/ 05<\/h4><div class=\"sub-event-title elementor-element elementor-widget\">Cirque Royal<\/div><div class=\"sub-event-location elementor-element elementor-widget\">Brussel<\/div><div class=\"sub-event-notes elementor-element elementor-widget\">20h00<\/div><\/div><div class=\"sub-event-ticket-link elementor-element elementor-widget\"><a class=\"sub-event-col-link\" target=\"_blank\" href=\"https:\/\/www.ticketmaster.be\/event\/61247?language=fr-be\">Achter des billets<\/a><\/div><\/div><\/div><div class=\"sub-event-col elementor-column elementor-col-14\" data-link=\"https:\/\/www.ticketmaster.be\/event\/2056220616\"><div class=\"elementor-widget-wrap\"><div class=\"sub-event-content\"><h4 class=\"sub-event-date elementor-element elementor-widget\">09 \/ 05<\/h4><div class=\"sub-event-title elementor-element elementor-widget\">Cirque Royal<\/div><div class=\"sub-event-location elementor-element elementor-widget\">Bruxelles<\/div><div class=\"sub-event-notes elementor-element elementor-widget\">15h00<\/div><\/div><div class=\"sub-event-ticket-link elementor-element elementor-widget\"><a class=\"sub-event-col-link\" target=\"_blank\" href=\"https:\/\/www.ticketmaster.be\/event\/2056220616\">Achter des billets<\/a><\/div><\/div><\/div><div class=\"sub-event-col elementor-column elementor-col-14\" data-link=\"https:\/\/www.ticketmaster.be\/event\/61249?language=fr-be\"><div class=\"elementor-widget-wrap\"><div class=\"sub-event-content\"><h4 class=\"sub-event-date elementor-element elementor-widget\">09 \/ 05<\/h4><div class=\"sub-event-title elementor-element elementor-widget\">Cirque Royal<\/div><div class=\"sub-event-location elementor-element elementor-widget\">Brussel<\/div><div class=\"sub-event-notes elementor-element elementor-widget\">20h00<\/div><\/div><div class=\"sub-event-ticket-link elementor-element elementor-widget\"><a class=\"sub-event-col-link\" target=\"_blank\" href=\"https:\/\/www.ticketmaster.be\/event\/61249?language=fr-be\">Achter des billets<\/a><\/div><\/div><\/div><div class=\"sub-event-col elementor-column elementor-col-14\" data-link=\"https:\/\/www.ticketmaster.be\/event\/61251\"><div class=\"elementor-widget-wrap\"><div class=\"sub-event-content\"><h4 class=\"sub-event-date elementor-element elementor-widget\">10 \/ 05<\/h4><div class=\"sub-event-title elementor-element elementor-widget\">Cirque Royal<\/div><div class=\"sub-event-location elementor-element elementor-widget\">Brussel<\/div><div class=\"sub-event-notes elementor-element elementor-widget\">14h30<\/div><\/div><div class=\"sub-event-ticket-link elementor-element elementor-widget\"><a class=\"sub-event-col-link\" target=\"_blank\" href=\"https:\/\/www.ticketmaster.be\/event\/61251\">Achter des billets<\/a><\/div><\/div><\/div><div class=\"sub-event-col elementor-column elementor-col-14\" data-link=\"https:\/\/www.ticketmaster.be\/event\/bejart-ballet-lausanne-tickets\/531534289?language=fr-be\"><div class=\"elementor-widget-wrap\"><div class=\"sub-event-content\"><h4 class=\"sub-event-date elementor-element elementor-widget\">10 \/ 05<\/h4><div class=\"sub-event-title elementor-element elementor-widget\">Cirque Royal<\/div><div class=\"sub-event-location elementor-element elementor-widget\">Brussel<\/div><div class=\"sub-event-notes elementor-element elementor-widget\">19h00<\/div><\/div><div class=\"sub-event-ticket-link elementor-element elementor-widget\"><a class=\"sub-event-col-link\" target=\"_blank\" href=\"https:\/\/www.ticketmaster.be\/event\/bejart-ballet-lausanne-tickets\/531534289?language=fr-be\">Achter des billets<\/a><\/div><\/div><\/div><\/div><section><\/div>\n\t\t\t\t<\/div>\n\t\t\t\t<\/div>\n\t\t\t\t\t<\/div>\n\t\t<\/div>\n\t\t\t\t\t<\/div>\n\t\t<\/section>\n\t\t\t\t<section class=\"has_eae_slider elementor-section elementor-top-section elementor-element elementor-element-5a03a88b elementor-section-boxed elementor-section-height-default elementor-section-height-default\" data-id=\"5a03a88b\" data-element_type=\"section\" data-settings=\"{&quot;jet_parallax_layout_list&quot;:[]}\">\n\t\t\t\t\t\t<div class=\"elementor-container elementor-column-gap-default\">\n\t\t\t\t\t<div class=\"has_eae_slider elementor-column elementor-col-50 elementor-top-column elementor-element elementor-element-75ad9af3\" data-id=\"75ad9af3\" data-element_type=\"column\">\n\t\t\t<div class=\"elementor-widget-wrap elementor-element-populated\">\n\t\t\t\t\t\t<div class=\"elementor-element elementor-element-6c400769 elementor-widget elementor-widget-image\" data-id=\"6c400769\" data-element_type=\"widget\" data-widget_type=\"image.default\">\n\t\t\t\t<div class=\"elementor-widget-container\">\n\t\t\t\t\t\t\t\t\t\t<figure class=\"wp-caption\">\n\t\t\t\t\t\t\t\t\t\t<img decoding=\"async\" width=\"1080\" height=\"1350\" src=\"https:\/\/gracialive.be\/wp-content\/uploads\/2024\/03\/BBL_2026.jpg\" class=\"attachment-full size-full wp-image-38160\" alt=\"\" srcset=\"https:\/\/gracialive.be\/wp-content\/uploads\/2024\/03\/BBL_2026.jpg 1080w, https:\/\/gracialive.be\/wp-content\/uploads\/2024\/03\/BBL_2026-240x300.jpg 240w, https:\/\/gracialive.be\/wp-content\/uploads\/2024\/03\/BBL_2026-819x1024.jpg 819w, https:\/\/gracialive.be\/wp-content\/uploads\/2024\/03\/BBL_2026-768x960.jpg 768w\" sizes=\"(max-width: 34.9rem) calc(100vw - 2rem), (max-width: 53rem) calc(8 * (100vw \/ 12)), (min-width: 53rem) calc(6 * (100vw \/ 12)), 100vw\" \/>\t\t\t\t\t\t\t\t\t\t\t<figcaption class=\"widget-image-caption wp-caption-text\"><\/figcaption>\n\t\t\t\t\t\t\t\t\t\t<\/figure>\n\t\t\t\t\t\t\t<\/div>\n\t\t\t\t<\/div>\n\t\t\t\t\t<\/div>\n\t\t<\/div>\n\t\t\t\t<div class=\"has_eae_slider elementor-column elementor-col-50 elementor-top-column elementor-element elementor-element-410efc0e\" data-id=\"410efc0e\" data-element_type=\"column\">\n\t\t\t<div class=\"elementor-widget-wrap elementor-element-populated\">\n\t\t\t\t\t\t<div class=\"elementor-element elementor-element-16ca9304 border_heading_vacatures elementor-widget elementor-widget-heading\" data-id=\"16ca9304\" data-element_type=\"widget\" data-widget_type=\"heading.default\">\n\t\t\t\t<div class=\"elementor-widget-container\">\n\t\t\t<h1 class=\"elementor-heading-title elementor-size-default\">Information<\/h1>\t\t<\/div>\n\t\t\t\t<\/div>\n\t\t\t\t<div class=\"elementor-element elementor-element-dbe8866 elementor-widget elementor-widget-text-editor\" data-id=\"dbe8866\" data-element_type=\"widget\" data-widget_type=\"text-editor.default\">\n\t\t\t\t<div class=\"elementor-widget-container\">\n\t\t\t\t\t\t\t<p>Du 7 au 10 mai 2026, le B\u00e9jart Ballet Lausanne proposera <strong>un programme intense, sensible et r\u00e9solument ancr\u00e9 dans notre \u00e9poque<\/strong>. Deux \u0153uvres puissantes, entre introspection contemporaine et c\u00e9l\u00e9bration des racines, se partageront la sc\u00e8ne.<br class=\"html-br\" \/>\u200b<br class=\"html-br\" \/>En ouverture, \u201c<strong>Bye bye baby blackbird<\/strong>\u201c, du <strong>chor\u00e9graphe n\u00e9erlandais Joost Vrouenraets<\/strong>, artiste invit\u00e9 de la compagnie, explore frontalement la question de la perte, inspir\u00e9e par la voix singuli\u00e8re de<strong> Johnny Cash<\/strong>.<br class=\"html-br\" \/>\u200b<br class=\"html-br\" \/>Avec une danse intense et sans d\u00e9tour, cette cr\u00e9ation plonge dans les \u00e9motions brutes li\u00e9es \u00e0 l\u2019absence, \u00e0 travers une narration non lin\u00e9aire et une tension constante entre lumi\u00e8re et obscurit\u00e9.<br class=\"html-br\" \/>\u200b<br class=\"html-br\" \/>En seconde partie, \u201c<strong>Dionysos (Suite)<\/strong>\u201c, ballet mythique <strong>cr\u00e9\u00e9 par Maurice B\u00e9jart en 1984<\/strong>, nous entra\u00eene dans <strong>une c\u00e9l\u00e9bration du corps et de ses m\u00e9tamorphoses<\/strong>.<br class=\"html-br\" \/>\u200b<br class=\"html-br\" \/>Pens\u00e9e comme une \u00e9vocation de Dionysos, dieu du th\u00e9\u00e2tre, de l\u2019ivresse et du chaos cr\u00e9atif, cette suite puise dans des rythmes percussifs, une \u00e9nergie tribale et une tension dramatique. Une fresque envo\u00fbtante, \u00e0 la crois\u00e9e du sacr\u00e9 et du sauvage. <strong>Un voyage visc\u00e9ral au c\u0153ur des pulsions humaines, port\u00e9 par la puissance collective de la compagnie<\/strong>.<br class=\"html-br\" \/>\u200b<br class=\"html-br\" \/>Ces ballets sont un dialogue entre cr\u00e9ation contemporaine et h\u00e9ritage chor\u00e9graphique, port\u00e9 par la puissance du collectif, et fid\u00e8le \u00e0 la vision de<strong> Julien Favreau<\/strong>, directeur artistique du BBL, <strong>qui souhaite mettre en lumi\u00e8re l\u2019h\u00e9ritage de Maurice B\u00e9jart tout en ouvrant la sc\u00e8ne \u00e0 des cr\u00e9ations contemporaines actuelles et fortes<\/strong>.<\/p><p><strong><em>Ne manquez pas le retour du B\u00e9jart Ballet Lausanne: du 7 au 10 mai 2026 au Cirque Royal \u00e0 Bruxelles ! Les billets sont en vente maintenant sur <\/em><\/strong><a href=\"http:\/\/www.gracialive.be\"><strong><em>www.gracialive.be<\/em><\/strong><\/a><strong><em>. <\/em><\/strong><\/p>\t\t\t\t\t\t<\/div>\n\t\t\t\t<\/div>\n\t\t\t\t\t<\/div>\n\t\t<\/div>\n\t\t\t\t\t<\/div>\n\t\t<\/section>\n\t\t\t\t<section class=\"has_eae_slider elementor-section elementor-top-section elementor-element elementor-element-6d35a311 elementor-section-boxed elementor-section-height-default elementor-section-height-default\" data-id=\"6d35a311\" data-element_type=\"section\" data-settings=\"{&quot;jet_parallax_layout_list&quot;:[{&quot;jet_parallax_layout_image&quot;:{&quot;url&quot;:&quot;&quot;,&quot;id&quot;:&quot;&quot;,&quot;size&quot;:&quot;&quot;},&quot;_id&quot;:&quot;d5ed3cd&quot;,&quot;jet_parallax_layout_image_tablet&quot;:{&quot;url&quot;:&quot;&quot;,&quot;id&quot;:&quot;&quot;,&quot;size&quot;:&quot;&quot;},&quot;jet_parallax_layout_image_mobile&quot;:{&quot;url&quot;:&quot;&quot;,&quot;id&quot;:&quot;&quot;,&quot;size&quot;:&quot;&quot;},&quot;jet_parallax_layout_speed&quot;:{&quot;unit&quot;:&quot;%&quot;,&quot;size&quot;:50,&quot;sizes&quot;:[]},&quot;jet_parallax_layout_type&quot;:&quot;scroll&quot;,&quot;jet_parallax_layout_direction&quot;:null,&quot;jet_parallax_layout_fx_direction&quot;:null,&quot;jet_parallax_layout_z_index&quot;:&quot;&quot;,&quot;jet_parallax_layout_bg_x&quot;:50,&quot;jet_parallax_layout_bg_x_tablet&quot;:&quot;&quot;,&quot;jet_parallax_layout_bg_x_mobile&quot;:&quot;&quot;,&quot;jet_parallax_layout_bg_y&quot;:50,&quot;jet_parallax_layout_bg_y_tablet&quot;:&quot;&quot;,&quot;jet_parallax_layout_bg_y_mobile&quot;:&quot;&quot;,&quot;jet_parallax_layout_bg_size&quot;:&quot;auto&quot;,&quot;jet_parallax_layout_bg_size_tablet&quot;:&quot;&quot;,&quot;jet_parallax_layout_bg_size_mobile&quot;:&quot;&quot;,&quot;jet_parallax_layout_animation_prop&quot;:&quot;transform&quot;,&quot;jet_parallax_layout_on&quot;:[&quot;desktop&quot;,&quot;tablet&quot;]}],&quot;background_background&quot;:&quot;classic&quot;}\">\n\t\t\t\t\t\t<div class=\"elementor-container elementor-column-gap-default\">\n\t\t\t\t\t<div class=\"has_eae_slider elementor-column elementor-col-100 elementor-top-column elementor-element elementor-element-287568b8\" data-id=\"287568b8\" data-element_type=\"column\">\n\t\t\t<div class=\"elementor-widget-wrap elementor-element-populated\">\n\t\t\t\t\t\t<div class=\"elementor-element elementor-element-715d80ff border_heading_vacatures elementor-widget elementor-widget-heading\" data-id=\"715d80ff\" data-element_type=\"widget\" data-widget_type=\"heading.default\">\n\t\t\t\t<div class=\"elementor-widget-container\">\n\t\t\t<h1 class=\"elementor-heading-title elementor-size-default\">Regardez et D\u00e9couvrez\u200b<\/h1>\t\t<\/div>\n\t\t\t\t<\/div>\n\t\t\t\t<section class=\"has_eae_slider elementor-section elementor-inner-section elementor-element elementor-element-47eb6593 elementor-section-boxed elementor-section-height-default elementor-section-height-default\" data-id=\"47eb6593\" data-element_type=\"section\" data-settings=\"{&quot;jet_parallax_layout_list&quot;:[]}\">\n\t\t\t\t\t\t<div class=\"elementor-container elementor-column-gap-default\">\n\t\t\t\t\t<div class=\"has_eae_slider elementor-column elementor-col-50 elementor-inner-column elementor-element elementor-element-78fcd830\" data-id=\"78fcd830\" data-element_type=\"column\">\n\t\t\t<div class=\"elementor-widget-wrap elementor-element-populated\">\n\t\t\t\t\t\t<div class=\"elementor-element elementor-element-13a0098b elementor-widget elementor-widget-jet-video\" data-id=\"13a0098b\" data-element_type=\"widget\" data-widget_type=\"jet-video.default\">\n\t\t\t\t<div class=\"elementor-widget-container\">\n\t\t\t<div class=\"elementor-jet-video jet-elements\">\n<div class=\"jet-video jet-video--fa5-compat jet-video-aspect-ratio jet-video-aspect-ratio--16-9\" data-settings=\"{&quot;lightbox&quot;:false,&quot;autoplay&quot;:false}\"><iframe class=\"jet-video-iframe\" allowfullscreen allow=\"autoplay;encrypted-media\" title=\"Lecteur vid\u00e9o youtube\" data-lazy-load=\"https:\/\/www.youtube.com\/embed\/jJXtTj8h-BQ?feature=oembed&amp;start&amp;end&amp;wmode=opaque&amp;autoplay=0&amp;loop=0&amp;controls=1&amp;mute=0&amp;rel=0&amp;modestbranding=0\"><\/iframe>\n<div class=\"jet-video__overlay jet-video__overlay--custom-bg\" style=\"background-image: url(https:\/\/i.ytimg.com\/vi\/jJXtTj8h-BQ\/maxresdefault.jpg);\"><\/div>\n<\/div>\n<\/div>\t\t<\/div>\n\t\t\t\t<\/div>\n\t\t\t\t\t<\/div>\n\t\t<\/div>\n\t\t\t\t<div class=\"has_eae_slider elementor-column elementor-col-50 elementor-inner-column elementor-element elementor-element-3b514364\" data-id=\"3b514364\" data-element_type=\"column\">\n\t\t\t<div class=\"elementor-widget-wrap elementor-element-populated\">\n\t\t\t\t\t\t<div class=\"elementor-element elementor-element-362a254 elementor-widget elementor-widget-video\" data-id=\"362a254\" data-element_type=\"widget\" data-settings=\"{&quot;youtube_url&quot;:&quot;https:\\\/\\\/youtu.be\\\/CAPojEKCTv8?si=PlVn5WDg8T4HxBwZ&quot;,&quot;video_type&quot;:&quot;youtube&quot;,&quot;controls&quot;:&quot;yes&quot;}\" data-widget_type=\"video.default\">\n\t\t\t\t<div class=\"elementor-widget-container\">\n\t\t\t<style>\/*! elementor - v3.22.0 - 17-06-2024 *\/\n.elementor-widget-video .elementor-widget-container{overflow:hidden;transform:translateZ(0)}.elementor-widget-video .elementor-wrapper{aspect-ratio:var(--video-aspect-ratio)}.elementor-widget-video .elementor-wrapper iframe,.elementor-widget-video .elementor-wrapper video{height:100%;width:100%;display:flex;border:none;background-color:#000}@supports not (aspect-ratio:1\/1){.elementor-widget-video .elementor-wrapper{position:relative;overflow:hidden;height:0;padding-bottom:calc(100% \/ var(--video-aspect-ratio))}.elementor-widget-video .elementor-wrapper iframe,.elementor-widget-video .elementor-wrapper video{position:absolute;top:0;right:0;bottom:0;left:0}}.elementor-widget-video .elementor-open-inline .elementor-custom-embed-image-overlay{position:absolute;top:0;right:0;bottom:0;left:0;background-size:cover;background-position:50%}.elementor-widget-video .elementor-custom-embed-image-overlay{cursor:pointer;text-align:center}.elementor-widget-video .elementor-custom-embed-image-overlay:hover .elementor-custom-embed-play i{opacity:1}.elementor-widget-video .elementor-custom-embed-image-overlay img{display:block;width:100%;aspect-ratio:var(--video-aspect-ratio);-o-object-fit:cover;object-fit:cover;-o-object-position:center center;object-position:center center}@supports not (aspect-ratio:1\/1){.elementor-widget-video .elementor-custom-embed-image-overlay{position:relative;overflow:hidden;height:0;padding-bottom:calc(100% \/ var(--video-aspect-ratio))}.elementor-widget-video .elementor-custom-embed-image-overlay img{position:absolute;top:0;right:0;bottom:0;left:0}}.elementor-widget-video .e-hosted-video .elementor-video{-o-object-fit:cover;object-fit:cover}.e-con-inner>.elementor-widget-video,.e-con>.elementor-widget-video{width:var(--container-widget-width);--flex-grow:var(--container-widget-flex-grow)}<\/style>\t\t<div class=\"elementor-wrapper elementor-open-inline\">\n\t\t\t<div class=\"elementor-video\"><\/div>\t\t<\/div>\n\t\t\t\t<\/div>\n\t\t\t\t<\/div>\n\t\t\t\t\t<\/div>\n\t\t<\/div>\n\t\t\t\t\t<\/div>\n\t\t<\/section>\n\t\t\t\t\t<\/div>\n\t\t<\/div>\n\t\t\t\t\t<\/div>\n\t\t<\/section>\n\t\t\t\t<section class=\"has_eae_slider elementor-section elementor-top-section elementor-element elementor-element-3aea6860 elementor-section-boxed elementor-section-height-default elementor-section-height-default\" data-id=\"3aea6860\" data-element_type=\"section\" data-settings=\"{&quot;jet_parallax_layout_list&quot;:[{&quot;jet_parallax_layout_image&quot;:{&quot;url&quot;:&quot;&quot;,&quot;id&quot;:&quot;&quot;,&quot;size&quot;:&quot;&quot;},&quot;_id&quot;:&quot;d5ed3cd&quot;,&quot;jet_parallax_layout_image_tablet&quot;:{&quot;url&quot;:&quot;&quot;,&quot;id&quot;:&quot;&quot;,&quot;size&quot;:&quot;&quot;},&quot;jet_parallax_layout_image_mobile&quot;:{&quot;url&quot;:&quot;&quot;,&quot;id&quot;:&quot;&quot;,&quot;size&quot;:&quot;&quot;},&quot;jet_parallax_layout_speed&quot;:{&quot;unit&quot;:&quot;%&quot;,&quot;size&quot;:50,&quot;sizes&quot;:[]},&quot;jet_parallax_layout_type&quot;:&quot;scroll&quot;,&quot;jet_parallax_layout_direction&quot;:null,&quot;jet_parallax_layout_fx_direction&quot;:null,&quot;jet_parallax_layout_z_index&quot;:&quot;&quot;,&quot;jet_parallax_layout_bg_x&quot;:50,&quot;jet_parallax_layout_bg_x_tablet&quot;:&quot;&quot;,&quot;jet_parallax_layout_bg_x_mobile&quot;:&quot;&quot;,&quot;jet_parallax_layout_bg_y&quot;:50,&quot;jet_parallax_layout_bg_y_tablet&quot;:&quot;&quot;,&quot;jet_parallax_layout_bg_y_mobile&quot;:&quot;&quot;,&quot;jet_parallax_layout_bg_size&quot;:&quot;auto&quot;,&quot;jet_parallax_layout_bg_size_tablet&quot;:&quot;&quot;,&quot;jet_parallax_layout_bg_size_mobile&quot;:&quot;&quot;,&quot;jet_parallax_layout_animation_prop&quot;:&quot;transform&quot;,&quot;jet_parallax_layout_on&quot;:[&quot;desktop&quot;,&quot;tablet&quot;]}]}\">\n\t\t\t\t\t\t<div class=\"elementor-container elementor-column-gap-default\">\n\t\t\t\t\t<div class=\"has_eae_slider elementor-column elementor-col-100 elementor-top-column elementor-element elementor-element-280f5ea3\" data-id=\"280f5ea3\" data-element_type=\"column\">\n\t\t\t<div class=\"elementor-widget-wrap elementor-element-populated\">\n\t\t\t\t\t\t<div class=\"elementor-element elementor-element-79282eaa border_heading_vacatures elementor-widget elementor-widget-heading\" data-id=\"79282eaa\" data-element_type=\"widget\" data-widget_type=\"heading.default\">\n\t\t\t\t<div class=\"elementor-widget-container\">\n\t\t\t<h1 class=\"elementor-heading-title elementor-size-default\">\u00c9v\u00e9nements similaires\u200b<\/h1>\t\t<\/div>\n\t\t\t\t<\/div>\n\t\t\t\t<div class=\"elementor-element elementor-element-588505b0 css-posts-slider elementor-widget elementor-widget-jet-posts\" data-id=\"588505b0\" data-element_type=\"widget\" data-settings=\"{&quot;columns&quot;:&quot;3&quot;,&quot;columns_tablet&quot;:&quot;3&quot;,&quot;columns_mobile&quot;:&quot;1&quot;,&quot;slides_to_scroll&quot;:&quot;1&quot;}\" data-widget_type=\"jet-posts.default\">\n\t\t\t\t<div class=\"elementor-widget-container\">\n\t\t\t<div class=\"elementor-jet-posts jet-elements\"><div class=\"jet-posts col-row  jet-equal-cols\"><div class=\"jet-posts__item\">\n\t<!--  -->\n\t<a class=\"custom_link\" href=\"https:\/\/gracialive.be\/fr\/agenda\/lilyisthatyou-2026\/\">\n\t<!--  -->\n\t\t<div class=\"jet-posts__inner-box d-none d-md-block\" style=\"background-image: url('https:\/\/gracialive.be\/wp-content\/uploads\/2026\/04\/l-1920x1080-1.jpg'); background-repeat: no-repeat; background-size: cover; background-position: center center;\"><div class=\"jet-posts__inner-content\"><h4 class=\"entry-title\"><a href=\"https:\/\/gracialive.be\/fr\/agenda\/lilyisthatyou-2026\/\">Lilyisthatyou<\/a><\/h4><div class=\"post-meta\"><span class=\"post__modified_date post-meta__item\">26.09.2026<\/span>\n                <div class=\"relationship_post_info\">\n                                    <span class=\"post_info\">Cirque Royal Club<\/span>\n                            <\/div>\n        \n    <\/div><\/div><\/div>\n\t\t\n\t\t<div data-id=\"https:\/\/gracialive.be\/wp-content\/uploads\/2026\/04\/l-790x300-1.png\" class=\"jet-posts__inner-box d-md-none\" style=\"background-image: url('https:\/\/gracialive.be\/wp-content\/uploads\/2026\/04\/l-790x300-1.png'); background-repeat: no-repeat; aspect-ratio:79\/30; background-size: cover; background-position: center center;\"><div class=\"jet-posts__inner-content\"><h4 class=\"entry-title\"><a href=\"https:\/\/gracialive.be\/fr\/agenda\/lilyisthatyou-2026\/\">Lilyisthatyou<\/a><\/h4><div class=\"post-meta\"><span class=\"post__modified_date post-meta__item\">26.09.2026<\/span>\n                <div class=\"relationship_post_info\">\n                                    <span class=\"post_info\">Cirque Royal Club<\/span>\n                            <\/div>\n        \n    <\/div><\/div><\/div>\n\t<!--  -->\n\t<\/a>\n\t<!--  -->\n<\/div>\n<div class=\"jet-posts__item\">\n\t<!--  -->\n\t<a class=\"custom_link\" href=\"https:\/\/gracialive.be\/fr\/agenda\/asco-2026\/\">\n\t<!--  -->\n\t\t<div class=\"jet-posts__inner-box d-none d-md-block\" style=\"background-image: url('https:\/\/gracialive.be\/wp-content\/uploads\/2026\/04\/ASCO-featuredimage.png'); background-repeat: no-repeat; background-size: cover; background-position: center center;\"><div class=\"jet-posts__inner-content\"><h4 class=\"entry-title\"><a href=\"https:\/\/gracialive.be\/fr\/agenda\/asco-2026\/\">ASCO<\/a><\/h4><div class=\"post-meta\"><span class=\"post__modified_date post-meta__item\">07.10.2026<\/span>\n                <div class=\"relationship_post_info\">\n                                    <span class=\"post_info\">Cirque Royal Club<\/span>\n                            <\/div>\n        \n    <\/div><\/div><\/div>\n\t\t\n\t\t<div data-id=\"https:\/\/gracialive.be\/wp-content\/uploads\/2026\/04\/ASCO-mobileimage.png\" class=\"jet-posts__inner-box d-md-none\" style=\"background-image: url('https:\/\/gracialive.be\/wp-content\/uploads\/2026\/04\/ASCO-mobileimage.png'); background-repeat: no-repeat; aspect-ratio:79\/30; background-size: cover; background-position: center center;\"><div class=\"jet-posts__inner-content\"><h4 class=\"entry-title\"><a href=\"https:\/\/gracialive.be\/fr\/agenda\/asco-2026\/\">ASCO<\/a><\/h4><div class=\"post-meta\"><span class=\"post__modified_date post-meta__item\">07.10.2026<\/span>\n                <div class=\"relationship_post_info\">\n                                    <span class=\"post_info\">Cirque Royal Club<\/span>\n                            <\/div>\n        \n    <\/div><\/div><\/div>\n\t<!--  -->\n\t<\/a>\n\t<!--  -->\n<\/div>\n<div class=\"jet-posts__item\">\n\t<!--  -->\n\t<a class=\"custom_link\" href=\"https:\/\/gracialive.be\/fr\/agenda\/ruel-2026\/\">\n\t<!--  -->\n\t\t<div class=\"jet-posts__inner-box d-none d-md-block\" style=\"background-image: url('https:\/\/gracialive.be\/wp-content\/uploads\/2026\/04\/RUEL-featuredimage.png'); background-repeat: no-repeat; background-size: cover; background-position: center center;\"><div class=\"jet-posts__inner-content\"><h4 class=\"entry-title\"><a href=\"https:\/\/gracialive.be\/fr\/agenda\/ruel-2026\/\">Ruel<\/a><\/h4><div class=\"post-meta\"><span class=\"post__modified_date post-meta__item\">16.10.2026<\/span>\n                <div class=\"relationship_post_info\">\n                                    <span class=\"post_info\">La Madeleine<\/span>\n                            <\/div>\n        \n    <\/div><\/div><\/div>\n\t\t\n\t\t<div data-id=\"https:\/\/gracialive.be\/wp-content\/uploads\/2026\/04\/RUEL-mobileimage.png\" class=\"jet-posts__inner-box d-md-none\" style=\"background-image: url('https:\/\/gracialive.be\/wp-content\/uploads\/2026\/04\/RUEL-mobileimage.png'); background-repeat: no-repeat; aspect-ratio:79\/30; background-size: cover; background-position: center center;\"><div class=\"jet-posts__inner-content\"><h4 class=\"entry-title\"><a href=\"https:\/\/gracialive.be\/fr\/agenda\/ruel-2026\/\">Ruel<\/a><\/h4><div class=\"post-meta\"><span class=\"post__modified_date post-meta__item\">16.10.2026<\/span>\n                <div class=\"relationship_post_info\">\n                                    <span class=\"post_info\">La Madeleine<\/span>\n                            <\/div>\n        \n    <\/div><\/div><\/div>\n\t<!--  -->\n\t<\/a>\n\t<!--  -->\n<\/div>\n<\/div>\n<\/div>\t\t<\/div>\n\t\t\t\t<\/div>\n\t\t\t\t\t<\/div>\n\t\t<\/div>\n\t\t\t\t\t<\/div>\n\t\t<\/section>\n\t\t\t\t<\/div>\n\t\t","protected":false},"featured_media":38157,"template":"elementor_header_footer","meta":[],"categories":[308],"location":[259],"related_event":[],"yoast_head":"<!-- This site is optimized with the Yoast SEO Premium plugin v21.5 (Yoast SEO v21.5) - https:\/\/yoast.com\/wordpress\/plugins\/seo\/ -->\n<title>Gracia Live | B\u00e9jart Ballet Lausanne 2026 info &amp; billets<\/title>\n<meta name=\"description\" content=\"Le B\u00e9jart Ballet Lausanne revient \u00e0 Bruxelles en 2026 : du 7 au 10 mai au Cirque Royal ! Ne manquez pas le retour du B\u00e9jart Ballet Lausanne !\" \/>\n<meta name=\"robots\" content=\"index, follow, max-snippet:-1, max-image-preview:large, max-video-preview:-1\" \/>\n<link rel=\"canonical\" href=\"https:\/\/gracialive.be\/fr\/agenda\/bejart-ballet-lausanne-2026\/\" \/>\n<meta property=\"og:locale\" content=\"fr_FR\" \/>\n<meta property=\"og:type\" content=\"article\" \/>\n<meta property=\"og:title\" content=\"B\u00e9jart Ballet Lausanne\" \/>\n<meta property=\"og:description\" content=\"Le B\u00e9jart Ballet Lausanne revient \u00e0 Bruxelles en 2026 : du 7 au 10 mai au Cirque Royal ! Ne manquez pas le retour du B\u00e9jart Ballet Lausanne !\" \/>\n<meta property=\"og:url\" content=\"https:\/\/gracialive.be\/fr\/agenda\/bejart-ballet-lausanne-2026\/\" \/>\n<meta property=\"og:site_name\" content=\"Gracia Live\" \/>\n<meta property=\"article:publisher\" content=\"https:\/\/www.facebook.com\/gracialivebelgium\" \/>\n<meta property=\"article:modified_time\" content=\"2026-02-24T12:54:05+00:00\" \/>\n<meta property=\"og:image\" content=\"https:\/\/gracialive.be\/wp-content\/uploads\/2024\/03\/bbl26-programme-1920x1080-1.png\" \/>\n\t<meta property=\"og:image:width\" content=\"1920\" \/>\n\t<meta property=\"og:image:height\" content=\"1080\" \/>\n\t<meta property=\"og:image:type\" content=\"image\/png\" \/>\n<meta name=\"twitter:card\" content=\"summary_large_image\" \/>\n<meta name=\"twitter:site\" content=\"@GRACIALIVEBEL\" \/>\n<meta name=\"twitter:label1\" content=\"Dur\u00e9e de lecture estim\u00e9e\" \/>\n\t<meta name=\"twitter:data1\" content=\"2 minutes\" \/>\n<script type=\"application\/ld+json\" class=\"yoast-schema-graph\">{\"@context\":\"https:\/\/schema.org\",\"@graph\":[{\"@type\":\"WebPage\",\"@id\":\"https:\/\/gracialive.be\/fr\/agenda\/bejart-ballet-lausanne-2026\/\",\"url\":\"https:\/\/gracialive.be\/fr\/agenda\/bejart-ballet-lausanne-2026\/\",\"name\":\"Gracia Live | B\u00e9jart Ballet Lausanne 2026 info & billets\",\"isPartOf\":{\"@id\":\"https:\/\/gracialive.be\/#website\"},\"datePublished\":\"2024-03-21T18:45:52+00:00\",\"dateModified\":\"2026-02-24T12:54:05+00:00\",\"description\":\"Le B\u00e9jart Ballet Lausanne revient \u00e0 Bruxelles en 2026 : du 7 au 10 mai au Cirque Royal ! Ne manquez pas le retour du B\u00e9jart Ballet Lausanne !\",\"breadcrumb\":{\"@id\":\"https:\/\/gracialive.be\/fr\/agenda\/bejart-ballet-lausanne-2026\/#breadcrumb\"},\"inLanguage\":\"fr-FR\",\"potentialAction\":[{\"@type\":\"ReadAction\",\"target\":[\"https:\/\/gracialive.be\/fr\/agenda\/bejart-ballet-lausanne-2026\/\"]}]},{\"@type\":\"BreadcrumbList\",\"@id\":\"https:\/\/gracialive.be\/fr\/agenda\/bejart-ballet-lausanne-2026\/#breadcrumb\",\"itemListElement\":[{\"@type\":\"ListItem\",\"position\":1,\"name\":\"Home\",\"item\":\"https:\/\/gracialive.be\/fr\/\"},{\"@type\":\"ListItem\",\"position\":2,\"name\":\"Events\",\"item\":\"https:\/\/gracialive.be\/archief\/\"},{\"@type\":\"ListItem\",\"position\":3,\"name\":\"B\u00e9jart Ballet Lausanne\"}]},{\"@type\":\"WebSite\",\"@id\":\"https:\/\/gracialive.be\/#website\",\"url\":\"https:\/\/gracialive.be\/\",\"name\":\"Gracia Live\",\"description\":\"Concert en Event Promotor Belgium\",\"publisher\":{\"@id\":\"https:\/\/gracialive.be\/#organization\"},\"potentialAction\":[{\"@type\":\"SearchAction\",\"target\":{\"@type\":\"EntryPoint\",\"urlTemplate\":\"https:\/\/gracialive.be\/?s={search_term_string}\"},\"query-input\":\"required name=search_term_string\"}],\"inLanguage\":\"fr-FR\"},{\"@type\":\"Organization\",\"@id\":\"https:\/\/gracialive.be\/#organization\",\"name\":\"Gracia Live\",\"url\":\"https:\/\/gracialive.be\/\",\"logo\":{\"@type\":\"ImageObject\",\"inLanguage\":\"fr-FR\",\"@id\":\"https:\/\/gracialive.be\/#\/schema\/logo\/image\/\",\"url\":\"https:\/\/gracialive.be\/wp-content\/uploads\/2022\/01\/cropped-GL-500x300_zwart.png\",\"contentUrl\":\"https:\/\/gracialive.be\/wp-content\/uploads\/2022\/01\/cropped-GL-500x300_zwart.png\",\"width\":512,\"height\":512,\"caption\":\"Gracia Live\"},\"image\":{\"@id\":\"https:\/\/gracialive.be\/#\/schema\/logo\/image\/\"},\"sameAs\":[\"https:\/\/www.facebook.com\/gracialivebelgium\",\"https:\/\/twitter.com\/GRACIALIVEBEL\",\"https:\/\/www.instagram.com\/gracialive_belgium\/\"]}]}<\/script>\n<!-- \/ Yoast SEO Premium plugin. -->","yoast_head_json":{"title":"Gracia Live | B\u00e9jart Ballet Lausanne 2026 info & billets","description":"Le B\u00e9jart Ballet Lausanne revient \u00e0 Bruxelles en 2026 : du 7 au 10 mai au Cirque Royal ! Ne manquez pas le retour du B\u00e9jart Ballet Lausanne !","robots":{"index":"index","follow":"follow","max-snippet":"max-snippet:-1","max-image-preview":"max-image-preview:large","max-video-preview":"max-video-preview:-1"},"canonical":"https:\/\/gracialive.be\/fr\/agenda\/bejart-ballet-lausanne-2026\/","og_locale":"fr_FR","og_type":"article","og_title":"B\u00e9jart Ballet Lausanne","og_description":"Le B\u00e9jart Ballet Lausanne revient \u00e0 Bruxelles en 2026 : du 7 au 10 mai au Cirque Royal ! Ne manquez pas le retour du B\u00e9jart Ballet Lausanne !","og_url":"https:\/\/gracialive.be\/fr\/agenda\/bejart-ballet-lausanne-2026\/","og_site_name":"Gracia Live","article_publisher":"https:\/\/www.facebook.com\/gracialivebelgium","article_modified_time":"2026-02-24T12:54:05+00:00","og_image":[{"width":1920,"height":1080,"url":"https:\/\/gracialive.be\/wp-content\/uploads\/2024\/03\/bbl26-programme-1920x1080-1.png","type":"image\/png"}],"twitter_card":"summary_large_image","twitter_site":"@GRACIALIVEBEL","twitter_misc":{"Dur\u00e9e de lecture estim\u00e9e":"2 minutes"},"schema":{"@context":"https:\/\/schema.org","@graph":[{"@type":"WebPage","@id":"https:\/\/gracialive.be\/fr\/agenda\/bejart-ballet-lausanne-2026\/","url":"https:\/\/gracialive.be\/fr\/agenda\/bejart-ballet-lausanne-2026\/","name":"Gracia Live | B\u00e9jart Ballet Lausanne 2026 info & billets","isPartOf":{"@id":"https:\/\/gracialive.be\/#website"},"datePublished":"2024-03-21T18:45:52+00:00","dateModified":"2026-02-24T12:54:05+00:00","description":"Le B\u00e9jart Ballet Lausanne revient \u00e0 Bruxelles en 2026 : du 7 au 10 mai au Cirque Royal ! Ne manquez pas le retour du B\u00e9jart Ballet Lausanne !","breadcrumb":{"@id":"https:\/\/gracialive.be\/fr\/agenda\/bejart-ballet-lausanne-2026\/#breadcrumb"},"inLanguage":"fr-FR","potentialAction":[{"@type":"ReadAction","target":["https:\/\/gracialive.be\/fr\/agenda\/bejart-ballet-lausanne-2026\/"]}]},{"@type":"BreadcrumbList","@id":"https:\/\/gracialive.be\/fr\/agenda\/bejart-ballet-lausanne-2026\/#breadcrumb","itemListElement":[{"@type":"ListItem","position":1,"name":"Home","item":"https:\/\/gracialive.be\/fr\/"},{"@type":"ListItem","position":2,"name":"Events","item":"https:\/\/gracialive.be\/archief\/"},{"@type":"ListItem","position":3,"name":"B\u00e9jart Ballet Lausanne"}]},{"@type":"WebSite","@id":"https:\/\/gracialive.be\/#website","url":"https:\/\/gracialive.be\/","name":"Gracia Live","description":"Concert en Event Promotor Belgium","publisher":{"@id":"https:\/\/gracialive.be\/#organization"},"potentialAction":[{"@type":"SearchAction","target":{"@type":"EntryPoint","urlTemplate":"https:\/\/gracialive.be\/?s={search_term_string}"},"query-input":"required name=search_term_string"}],"inLanguage":"fr-FR"},{"@type":"Organization","@id":"https:\/\/gracialive.be\/#organization","name":"Gracia Live","url":"https:\/\/gracialive.be\/","logo":{"@type":"ImageObject","inLanguage":"fr-FR","@id":"https:\/\/gracialive.be\/#\/schema\/logo\/image\/","url":"https:\/\/gracialive.be\/wp-content\/uploads\/2022\/01\/cropped-GL-500x300_zwart.png","contentUrl":"https:\/\/gracialive.be\/wp-content\/uploads\/2022\/01\/cropped-GL-500x300_zwart.png","width":512,"height":512,"caption":"Gracia Live"},"image":{"@id":"https:\/\/gracialive.be\/#\/schema\/logo\/image\/"},"sameAs":["https:\/\/www.facebook.com\/gracialivebelgium","https:\/\/twitter.com\/GRACIALIVEBEL","https:\/\/www.instagram.com\/gracialive_belgium\/"]}]}},"acf":{"event_date_mention":"07 - 10 mei 2026","custom_event_status":"27 mars \u00e0 10 heures","event_venue":[{"ID":7117,"post_author":"17","post_date":"2022-04-28 09:36:46","post_date_gmt":"2022-04-28 09:36:46","post_content":"<a href=\"https:\/\/gracialive.be\/\" rel=\"home\" title=\"Home\">Home<\/a>\n\t\t<p>Le Cirque Royal nai\u0302t de l\u2019ame\u0301nagement du quartier de Notre-Dame-des-Neiges par la Socie\u0301te\u0301 anonyme du me\u0302me nom, a\u0300 partir de 1876<\/p><p>Depuis sa cre\u0301ation, le Cirque Royal a non seulement pre\u0301sente\u0301 de nombreux spectacles e\u0301questres et de cirque (le Cirque de Moscou, Bouglione, Holiday on Ice et autres), mais aussi de ce\u0301le\u0300bres artistes comme Midnight Oil, Thievery Corporation, Tom Rosenthal, Larkin Poe, de clown Popov, Louis Armstrong\u00a0ou encore Maurice Be\u0301jart et le B\u00e9jart Ballet Lausanne.<\/p>\t\t\n\t\t\t<h4>Pratique<\/h4>\t\t\n\t\t\t<a role=\"button\">\n\t\t\t\t\t\tDescription de la route\n\t\t\t\t\t<\/a>\n\t\t\t<h4>Acc\u00e8s<\/h4>\t\t\n\t\t<p>Le Royal Circus est un lieu tr\u00e8s facile d'acc\u00e8s. Nous vous expliquons ci-dessous quelques-unes des possibilit\u00e9s.<\/p>\t\t\n\t\t\t\t\t\t\t\t\t\t\t\t<a href=\"\">Transport publics<\/a>\n\t\t\t\t\t<p>M\u00a01\u00a05\u00a0Park<br style=\"color: #333333; font-family: 'Roboto Condensed', sans-serif; font-size: 14px;\" \/>M\u00a02\u00a06\u00a0Madou<br style=\"color: #333333; font-family: 'Roboto Condensed', sans-serif; font-size: 14px;\" \/>T\u00a092\u00a093\u00a0Park<br style=\"color: #333333; font-family: 'Roboto Condensed', sans-serif; font-size: 14px;\" \/>B\u00a029\u00a063\u00a065\u00a066\u00a0Madou<\/p>\n\t\t\t\t\t\t\t\t\t\t\t\t<a href=\"\">En voiture<\/a>\n\t\t\t\t\t<p>Le Parking Royal enti\u00e8rement s\u00e9curis\u00e9 se trouve \u00e0 seulement 4 minutes \u00e0 pied du Cirque Royal. L\u2019entr\u00e9e en voiture du parking se fait par la Rue de la Ligne, 27. La sortie pi\u00e9tons est directement dans la Rue Royale, 128. Le Parking Royal offre un tarif de soir\u00e9e tr\u00e8s avantageux. Le tarif est de \u20ac7,00 de 19:00 \u00e0 23:59\u00a0 sur: <a href=\"https:\/\/www.parking-royal.be\/\" target=\"_blank\" rel=\"noopener\">https:\/\/www.parking-royal.be\/<\/a><\/p>\n\t\t\t<h4>PERSONNES \u00c0 MOBILIT\u00c9 R\u00c9DUITE<\/h4>\t\t\n\t\t<p>Juste en face de l'entr\u00e9e principale, vous trouverez un endroit r\u00e9serv\u00e9 pour d\u00e9poser les spectateurs. Dans la salle, plusieurs places sont r\u00e9serv\u00e9es pour les personnes se d\u00e9pla\u00e7ant en chaise roulante ainsi que pour leur \u00e9ventuel accompagnant.\u00a0La zone r\u00e9serv\u00e9e\u00a0aux personnes \u00e0 mobilit\u00e9 r\u00e9duite se trouve au 1er \u00e9tage, au niveau du\u00a0parterre. Cette zone est facilement accessible en ascenseur depuis le hall d\u2019entr\u00e9e.<\/p><p>Pour obtenir des tickets PMR, merci d\u2019\u00e9crire un mail \u00e0\u00a0<a href=\"mailto:info@cirqueroyalbruxelles.be\">info@cirqueroyalbruxelles.be<\/a><\/p>\t\t\n\t\t\t<h4>Plan de salle<\/h4>\t\t\n\t\t\t\t\t\t\t\t\t\t\t\t\t\t\t\t<a href=\"https:\/\/gracialive.be\/wp-content\/uploads\/2022\/03\/Zaalplan_CirqueRoyal-min-scaled.jpg\" data-elementor-open-lightbox=\"yes\" data-elementor-lightbox-title=\"Zaalplan_CirqueRoyal-min\" data-e-action-hash=\"#elementor-action%3Aaction%3Dlightbox%26settings%3DeyJpZCI6NDE4MiwidXJsIjoiaHR0cHM6XC9cL3N0YWdpbmcyLmdyYWNpYWxpdmUuYmVcL3dwLWNvbnRlbnRcL3VwbG9hZHNcLzIwMjJcLzAzXC9aYWFscGxhbl9DaXJxdWVSb3lhbC1taW4tc2NhbGVkLmpwZyJ9\">\n\t\t\t\t\t\t\t<img width=\"640\" height=\"449\" src=\"https:\/\/gracialive.be\/wp-content\/uploads\/2022\/03\/Zaalplan_CirqueRoyal-min-1024x719.jpg\" alt=\"\" loading=\"lazy\" srcset=\"https:\/\/gracialive.be\/wp-content\/uploads\/2022\/03\/Zaalplan_CirqueRoyal-min-1024x719.jpg 1024w, https:\/\/gracialive.be\/wp-content\/uploads\/2022\/03\/Zaalplan_CirqueRoyal-min-300x211.jpg 300w, https:\/\/gracialive.be\/wp-content\/uploads\/2022\/03\/Zaalplan_CirqueRoyal-min-768x539.jpg 768w, https:\/\/gracialive.be\/wp-content\/uploads\/2022\/03\/Zaalplan_CirqueRoyal-min-1536x1078.jpg 1536w, https:\/\/gracialive.be\/wp-content\/uploads\/2022\/03\/Zaalplan_CirqueRoyal-min-2048x1437.jpg 2048w, https:\/\/gracialive.be\/wp-content\/uploads\/2022\/03\/Zaalplan_CirqueRoyal-min-1568x1100.jpg 1568w\" sizes=\"(max-width: 640px) 100vw, 640px\" \/>\t\t\t\t\t\t\t\t<\/a>\n\t\t\t<h1>Concert agenda<\/h1>\t\t\n\t\t<p style=\"text-align: center;\">Vous trouverez ci-dessous l'agenda de tous nos futurs concerts ici.<\/p>[show_events_list_venue]\t\t\n\t\t\t<a href=\"\/agenda\/\" role=\"button\">\n\t\t\t\t\t\tVoir l'agenda complet\n\t\t\t\t\t<\/a>","post_title":"Cirque Royal","post_excerpt":"","post_status":"publish","comment_status":"closed","ping_status":"closed","post_password":"","post_name":"cirque-royal","to_ping":"","pinged":"","post_modified":"2023-09-05 09:03:02","post_modified_gmt":"2023-09-05 09:03:02","post_content_filtered":"","post_parent":0,"guid":"https:\/\/gracialive.be\/venue\/koninklijk-circus\/","menu_order":0,"post_type":"venue","post_mime_type":"","comment_count":"0","filter":"raw"}],"event_feature_image_m":"https:\/\/gracialive.be\/wp-content\/uploads\/2024\/03\/bbl26-programme-790x300-1.png","event_related_events":"","multiple_events":[{"sub_event_date":"07.05.2026","sub_event_venue":[{"ID":7117,"post_author":"17","post_date":"2022-04-28 09:36:46","post_date_gmt":"2022-04-28 09:36:46","post_content":"<a href=\"https:\/\/gracialive.be\/\" rel=\"home\" title=\"Home\">Home<\/a>\n\t\t<p>Le Cirque Royal nai\u0302t de l\u2019ame\u0301nagement du quartier de Notre-Dame-des-Neiges par la Socie\u0301te\u0301 anonyme du me\u0302me nom, a\u0300 partir de 1876<\/p><p>Depuis sa cre\u0301ation, le Cirque Royal a non seulement pre\u0301sente\u0301 de nombreux spectacles e\u0301questres et de cirque (le Cirque de Moscou, Bouglione, Holiday on Ice et autres), mais aussi de ce\u0301le\u0300bres artistes comme Midnight Oil, Thievery Corporation, Tom Rosenthal, Larkin Poe, de clown Popov, Louis Armstrong\u00a0ou encore Maurice Be\u0301jart et le B\u00e9jart Ballet Lausanne.<\/p>\t\t\n\t\t\t<h4>Pratique<\/h4>\t\t\n\t\t\t<a role=\"button\">\n\t\t\t\t\t\tDescription de la route\n\t\t\t\t\t<\/a>\n\t\t\t<h4>Acc\u00e8s<\/h4>\t\t\n\t\t<p>Le Royal Circus est un lieu tr\u00e8s facile d'acc\u00e8s. Nous vous expliquons ci-dessous quelques-unes des possibilit\u00e9s.<\/p>\t\t\n\t\t\t\t\t\t\t\t\t\t\t\t<a href=\"\">Transport publics<\/a>\n\t\t\t\t\t<p>M\u00a01\u00a05\u00a0Park<br style=\"color: #333333; font-family: 'Roboto Condensed', sans-serif; font-size: 14px;\" \/>M\u00a02\u00a06\u00a0Madou<br style=\"color: #333333; font-family: 'Roboto Condensed', sans-serif; font-size: 14px;\" \/>T\u00a092\u00a093\u00a0Park<br style=\"color: #333333; font-family: 'Roboto Condensed', sans-serif; font-size: 14px;\" \/>B\u00a029\u00a063\u00a065\u00a066\u00a0Madou<\/p>\n\t\t\t\t\t\t\t\t\t\t\t\t<a href=\"\">En voiture<\/a>\n\t\t\t\t\t<p>Le Parking Royal enti\u00e8rement s\u00e9curis\u00e9 se trouve \u00e0 seulement 4 minutes \u00e0 pied du Cirque Royal. L\u2019entr\u00e9e en voiture du parking se fait par la Rue de la Ligne, 27. La sortie pi\u00e9tons est directement dans la Rue Royale, 128. Le Parking Royal offre un tarif de soir\u00e9e tr\u00e8s avantageux. Le tarif est de \u20ac7,00 de 19:00 \u00e0 23:59\u00a0 sur: <a href=\"https:\/\/www.parking-royal.be\/\" target=\"_blank\" rel=\"noopener\">https:\/\/www.parking-royal.be\/<\/a><\/p>\n\t\t\t<h4>PERSONNES \u00c0 MOBILIT\u00c9 R\u00c9DUITE<\/h4>\t\t\n\t\t<p>Juste en face de l'entr\u00e9e principale, vous trouverez un endroit r\u00e9serv\u00e9 pour d\u00e9poser les spectateurs. Dans la salle, plusieurs places sont r\u00e9serv\u00e9es pour les personnes se d\u00e9pla\u00e7ant en chaise roulante ainsi que pour leur \u00e9ventuel accompagnant.\u00a0La zone r\u00e9serv\u00e9e\u00a0aux personnes \u00e0 mobilit\u00e9 r\u00e9duite se trouve au 1er \u00e9tage, au niveau du\u00a0parterre. Cette zone est facilement accessible en ascenseur depuis le hall d\u2019entr\u00e9e.<\/p><p>Pour obtenir des tickets PMR, merci d\u2019\u00e9crire un mail \u00e0\u00a0<a href=\"mailto:info@cirqueroyalbruxelles.be\">info@cirqueroyalbruxelles.be<\/a><\/p>\t\t\n\t\t\t<h4>Plan de salle<\/h4>\t\t\n\t\t\t\t\t\t\t\t\t\t\t\t\t\t\t\t<a href=\"https:\/\/gracialive.be\/wp-content\/uploads\/2022\/03\/Zaalplan_CirqueRoyal-min-scaled.jpg\" data-elementor-open-lightbox=\"yes\" data-elementor-lightbox-title=\"Zaalplan_CirqueRoyal-min\" data-e-action-hash=\"#elementor-action%3Aaction%3Dlightbox%26settings%3DeyJpZCI6NDE4MiwidXJsIjoiaHR0cHM6XC9cL3N0YWdpbmcyLmdyYWNpYWxpdmUuYmVcL3dwLWNvbnRlbnRcL3VwbG9hZHNcLzIwMjJcLzAzXC9aYWFscGxhbl9DaXJxdWVSb3lhbC1taW4tc2NhbGVkLmpwZyJ9\">\n\t\t\t\t\t\t\t<img width=\"640\" height=\"449\" src=\"https:\/\/gracialive.be\/wp-content\/uploads\/2022\/03\/Zaalplan_CirqueRoyal-min-1024x719.jpg\" alt=\"\" loading=\"lazy\" srcset=\"https:\/\/gracialive.be\/wp-content\/uploads\/2022\/03\/Zaalplan_CirqueRoyal-min-1024x719.jpg 1024w, https:\/\/gracialive.be\/wp-content\/uploads\/2022\/03\/Zaalplan_CirqueRoyal-min-300x211.jpg 300w, https:\/\/gracialive.be\/wp-content\/uploads\/2022\/03\/Zaalplan_CirqueRoyal-min-768x539.jpg 768w, https:\/\/gracialive.be\/wp-content\/uploads\/2022\/03\/Zaalplan_CirqueRoyal-min-1536x1078.jpg 1536w, https:\/\/gracialive.be\/wp-content\/uploads\/2022\/03\/Zaalplan_CirqueRoyal-min-2048x1437.jpg 2048w, https:\/\/gracialive.be\/wp-content\/uploads\/2022\/03\/Zaalplan_CirqueRoyal-min-1568x1100.jpg 1568w\" sizes=\"(max-width: 640px) 100vw, 640px\" \/>\t\t\t\t\t\t\t\t<\/a>\n\t\t\t<h1>Concert agenda<\/h1>\t\t\n\t\t<p style=\"text-align: center;\">Vous trouverez ci-dessous l'agenda de tous nos futurs concerts ici.<\/p>[show_events_list_venue]\t\t\n\t\t\t<a href=\"\/agenda\/\" role=\"button\">\n\t\t\t\t\t\tVoir l'agenda complet\n\t\t\t\t\t<\/a>","post_title":"Cirque Royal","post_excerpt":"","post_status":"publish","comment_status":"closed","ping_status":"closed","post_password":"","post_name":"cirque-royal","to_ping":"","pinged":"","post_modified":"2023-09-05 09:03:02","post_modified_gmt":"2023-09-05 09:03:02","post_content_filtered":"","post_parent":0,"guid":"https:\/\/gracialive.be\/venue\/koninklijk-circus\/","menu_order":0,"post_type":"venue","post_mime_type":"","comment_count":"0","filter":"raw"}],"sub_event_location":{"term_id":9,"name":"Brussel","slug":"brussel","term_group":0,"term_taxonomy_id":9,"taxonomy":"location","description":"","parent":0,"count":45,"filter":"raw"},"sub_event_notes":"20h00","sub_event_ticket_link":"https:\/\/www.ticketmaster.be\/event\/61245?language=fr-be","sub_event_status":"Tickets beschikbaar","sub_custom_event_status":""},{"sub_event_date":"08.05.2026","sub_event_venue":[{"ID":7117,"post_author":"17","post_date":"2022-04-28 09:36:46","post_date_gmt":"2022-04-28 09:36:46","post_content":"<a href=\"https:\/\/gracialive.be\/\" rel=\"home\" title=\"Home\">Home<\/a>\n\t\t<p>Le Cirque Royal nai\u0302t de l\u2019ame\u0301nagement du quartier de Notre-Dame-des-Neiges par la Socie\u0301te\u0301 anonyme du me\u0302me nom, a\u0300 partir de 1876<\/p><p>Depuis sa cre\u0301ation, le Cirque Royal a non seulement pre\u0301sente\u0301 de nombreux spectacles e\u0301questres et de cirque (le Cirque de Moscou, Bouglione, Holiday on Ice et autres), mais aussi de ce\u0301le\u0300bres artistes comme Midnight Oil, Thievery Corporation, Tom Rosenthal, Larkin Poe, de clown Popov, Louis Armstrong\u00a0ou encore Maurice Be\u0301jart et le B\u00e9jart Ballet Lausanne.<\/p>\t\t\n\t\t\t<h4>Pratique<\/h4>\t\t\n\t\t\t<a role=\"button\">\n\t\t\t\t\t\tDescription de la route\n\t\t\t\t\t<\/a>\n\t\t\t<h4>Acc\u00e8s<\/h4>\t\t\n\t\t<p>Le Royal Circus est un lieu tr\u00e8s facile d'acc\u00e8s. Nous vous expliquons ci-dessous quelques-unes des possibilit\u00e9s.<\/p>\t\t\n\t\t\t\t\t\t\t\t\t\t\t\t<a href=\"\">Transport publics<\/a>\n\t\t\t\t\t<p>M\u00a01\u00a05\u00a0Park<br style=\"color: #333333; font-family: 'Roboto Condensed', sans-serif; font-size: 14px;\" \/>M\u00a02\u00a06\u00a0Madou<br style=\"color: #333333; font-family: 'Roboto Condensed', sans-serif; font-size: 14px;\" \/>T\u00a092\u00a093\u00a0Park<br style=\"color: #333333; font-family: 'Roboto Condensed', sans-serif; font-size: 14px;\" \/>B\u00a029\u00a063\u00a065\u00a066\u00a0Madou<\/p>\n\t\t\t\t\t\t\t\t\t\t\t\t<a href=\"\">En voiture<\/a>\n\t\t\t\t\t<p>Le Parking Royal enti\u00e8rement s\u00e9curis\u00e9 se trouve \u00e0 seulement 4 minutes \u00e0 pied du Cirque Royal. L\u2019entr\u00e9e en voiture du parking se fait par la Rue de la Ligne, 27. La sortie pi\u00e9tons est directement dans la Rue Royale, 128. Le Parking Royal offre un tarif de soir\u00e9e tr\u00e8s avantageux. Le tarif est de \u20ac7,00 de 19:00 \u00e0 23:59\u00a0 sur: <a href=\"https:\/\/www.parking-royal.be\/\" target=\"_blank\" rel=\"noopener\">https:\/\/www.parking-royal.be\/<\/a><\/p>\n\t\t\t<h4>PERSONNES \u00c0 MOBILIT\u00c9 R\u00c9DUITE<\/h4>\t\t\n\t\t<p>Juste en face de l'entr\u00e9e principale, vous trouverez un endroit r\u00e9serv\u00e9 pour d\u00e9poser les spectateurs. Dans la salle, plusieurs places sont r\u00e9serv\u00e9es pour les personnes se d\u00e9pla\u00e7ant en chaise roulante ainsi que pour leur \u00e9ventuel accompagnant.\u00a0La zone r\u00e9serv\u00e9e\u00a0aux personnes \u00e0 mobilit\u00e9 r\u00e9duite se trouve au 1er \u00e9tage, au niveau du\u00a0parterre. Cette zone est facilement accessible en ascenseur depuis le hall d\u2019entr\u00e9e.<\/p><p>Pour obtenir des tickets PMR, merci d\u2019\u00e9crire un mail \u00e0\u00a0<a href=\"mailto:info@cirqueroyalbruxelles.be\">info@cirqueroyalbruxelles.be<\/a><\/p>\t\t\n\t\t\t<h4>Plan de salle<\/h4>\t\t\n\t\t\t\t\t\t\t\t\t\t\t\t\t\t\t\t<a href=\"https:\/\/gracialive.be\/wp-content\/uploads\/2022\/03\/Zaalplan_CirqueRoyal-min-scaled.jpg\" data-elementor-open-lightbox=\"yes\" data-elementor-lightbox-title=\"Zaalplan_CirqueRoyal-min\" data-e-action-hash=\"#elementor-action%3Aaction%3Dlightbox%26settings%3DeyJpZCI6NDE4MiwidXJsIjoiaHR0cHM6XC9cL3N0YWdpbmcyLmdyYWNpYWxpdmUuYmVcL3dwLWNvbnRlbnRcL3VwbG9hZHNcLzIwMjJcLzAzXC9aYWFscGxhbl9DaXJxdWVSb3lhbC1taW4tc2NhbGVkLmpwZyJ9\">\n\t\t\t\t\t\t\t<img width=\"640\" height=\"449\" src=\"https:\/\/gracialive.be\/wp-content\/uploads\/2022\/03\/Zaalplan_CirqueRoyal-min-1024x719.jpg\" alt=\"\" loading=\"lazy\" srcset=\"https:\/\/gracialive.be\/wp-content\/uploads\/2022\/03\/Zaalplan_CirqueRoyal-min-1024x719.jpg 1024w, https:\/\/gracialive.be\/wp-content\/uploads\/2022\/03\/Zaalplan_CirqueRoyal-min-300x211.jpg 300w, https:\/\/gracialive.be\/wp-content\/uploads\/2022\/03\/Zaalplan_CirqueRoyal-min-768x539.jpg 768w, https:\/\/gracialive.be\/wp-content\/uploads\/2022\/03\/Zaalplan_CirqueRoyal-min-1536x1078.jpg 1536w, https:\/\/gracialive.be\/wp-content\/uploads\/2022\/03\/Zaalplan_CirqueRoyal-min-2048x1437.jpg 2048w, https:\/\/gracialive.be\/wp-content\/uploads\/2022\/03\/Zaalplan_CirqueRoyal-min-1568x1100.jpg 1568w\" sizes=\"(max-width: 640px) 100vw, 640px\" \/>\t\t\t\t\t\t\t\t<\/a>\n\t\t\t<h1>Concert agenda<\/h1>\t\t\n\t\t<p style=\"text-align: center;\">Vous trouverez ci-dessous l'agenda de tous nos futurs concerts ici.<\/p>[show_events_list_venue]\t\t\n\t\t\t<a href=\"\/agenda\/\" role=\"button\">\n\t\t\t\t\t\tVoir l'agenda complet\n\t\t\t\t\t<\/a>","post_title":"Cirque Royal","post_excerpt":"","post_status":"publish","comment_status":"closed","ping_status":"closed","post_password":"","post_name":"cirque-royal","to_ping":"","pinged":"","post_modified":"2023-09-05 09:03:02","post_modified_gmt":"2023-09-05 09:03:02","post_content_filtered":"","post_parent":0,"guid":"https:\/\/gracialive.be\/venue\/koninklijk-circus\/","menu_order":0,"post_type":"venue","post_mime_type":"","comment_count":"0","filter":"raw"}],"sub_event_location":{"term_id":9,"name":"Brussel","slug":"brussel","term_group":0,"term_taxonomy_id":9,"taxonomy":"location","description":"","parent":0,"count":45,"filter":"raw"},"sub_event_notes":"20h00","sub_event_ticket_link":"https:\/\/www.ticketmaster.be\/event\/61247?language=fr-be","sub_event_status":"Tickets beschikbaar","sub_custom_event_status":""},{"sub_event_date":"09.05.2026","sub_event_venue":[{"ID":7117,"post_author":"17","post_date":"2022-04-28 09:36:46","post_date_gmt":"2022-04-28 09:36:46","post_content":"<a href=\"https:\/\/gracialive.be\/\" rel=\"home\" title=\"Home\">Home<\/a>\n\t\t<p>Le Cirque Royal nai\u0302t de l\u2019ame\u0301nagement du quartier de Notre-Dame-des-Neiges par la Socie\u0301te\u0301 anonyme du me\u0302me nom, a\u0300 partir de 1876<\/p><p>Depuis sa cre\u0301ation, le Cirque Royal a non seulement pre\u0301sente\u0301 de nombreux spectacles e\u0301questres et de cirque (le Cirque de Moscou, Bouglione, Holiday on Ice et autres), mais aussi de ce\u0301le\u0300bres artistes comme Midnight Oil, Thievery Corporation, Tom Rosenthal, Larkin Poe, de clown Popov, Louis Armstrong\u00a0ou encore Maurice Be\u0301jart et le B\u00e9jart Ballet Lausanne.<\/p>\t\t\n\t\t\t<h4>Pratique<\/h4>\t\t\n\t\t\t<a role=\"button\">\n\t\t\t\t\t\tDescription de la route\n\t\t\t\t\t<\/a>\n\t\t\t<h4>Acc\u00e8s<\/h4>\t\t\n\t\t<p>Le Royal Circus est un lieu tr\u00e8s facile d'acc\u00e8s. Nous vous expliquons ci-dessous quelques-unes des possibilit\u00e9s.<\/p>\t\t\n\t\t\t\t\t\t\t\t\t\t\t\t<a href=\"\">Transport publics<\/a>\n\t\t\t\t\t<p>M\u00a01\u00a05\u00a0Park<br style=\"color: #333333; font-family: 'Roboto Condensed', sans-serif; font-size: 14px;\" \/>M\u00a02\u00a06\u00a0Madou<br style=\"color: #333333; font-family: 'Roboto Condensed', sans-serif; font-size: 14px;\" \/>T\u00a092\u00a093\u00a0Park<br style=\"color: #333333; font-family: 'Roboto Condensed', sans-serif; font-size: 14px;\" \/>B\u00a029\u00a063\u00a065\u00a066\u00a0Madou<\/p>\n\t\t\t\t\t\t\t\t\t\t\t\t<a href=\"\">En voiture<\/a>\n\t\t\t\t\t<p>Le Parking Royal enti\u00e8rement s\u00e9curis\u00e9 se trouve \u00e0 seulement 4 minutes \u00e0 pied du Cirque Royal. L\u2019entr\u00e9e en voiture du parking se fait par la Rue de la Ligne, 27. La sortie pi\u00e9tons est directement dans la Rue Royale, 128. Le Parking Royal offre un tarif de soir\u00e9e tr\u00e8s avantageux. Le tarif est de \u20ac7,00 de 19:00 \u00e0 23:59\u00a0 sur: <a href=\"https:\/\/www.parking-royal.be\/\" target=\"_blank\" rel=\"noopener\">https:\/\/www.parking-royal.be\/<\/a><\/p>\n\t\t\t<h4>PERSONNES \u00c0 MOBILIT\u00c9 R\u00c9DUITE<\/h4>\t\t\n\t\t<p>Juste en face de l'entr\u00e9e principale, vous trouverez un endroit r\u00e9serv\u00e9 pour d\u00e9poser les spectateurs. Dans la salle, plusieurs places sont r\u00e9serv\u00e9es pour les personnes se d\u00e9pla\u00e7ant en chaise roulante ainsi que pour leur \u00e9ventuel accompagnant.\u00a0La zone r\u00e9serv\u00e9e\u00a0aux personnes \u00e0 mobilit\u00e9 r\u00e9duite se trouve au 1er \u00e9tage, au niveau du\u00a0parterre. Cette zone est facilement accessible en ascenseur depuis le hall d\u2019entr\u00e9e.<\/p><p>Pour obtenir des tickets PMR, merci d\u2019\u00e9crire un mail \u00e0\u00a0<a href=\"mailto:info@cirqueroyalbruxelles.be\">info@cirqueroyalbruxelles.be<\/a><\/p>\t\t\n\t\t\t<h4>Plan de salle<\/h4>\t\t\n\t\t\t\t\t\t\t\t\t\t\t\t\t\t\t\t<a href=\"https:\/\/gracialive.be\/wp-content\/uploads\/2022\/03\/Zaalplan_CirqueRoyal-min-scaled.jpg\" data-elementor-open-lightbox=\"yes\" data-elementor-lightbox-title=\"Zaalplan_CirqueRoyal-min\" data-e-action-hash=\"#elementor-action%3Aaction%3Dlightbox%26settings%3DeyJpZCI6NDE4MiwidXJsIjoiaHR0cHM6XC9cL3N0YWdpbmcyLmdyYWNpYWxpdmUuYmVcL3dwLWNvbnRlbnRcL3VwbG9hZHNcLzIwMjJcLzAzXC9aYWFscGxhbl9DaXJxdWVSb3lhbC1taW4tc2NhbGVkLmpwZyJ9\">\n\t\t\t\t\t\t\t<img width=\"640\" height=\"449\" src=\"https:\/\/gracialive.be\/wp-content\/uploads\/2022\/03\/Zaalplan_CirqueRoyal-min-1024x719.jpg\" alt=\"\" loading=\"lazy\" srcset=\"https:\/\/gracialive.be\/wp-content\/uploads\/2022\/03\/Zaalplan_CirqueRoyal-min-1024x719.jpg 1024w, https:\/\/gracialive.be\/wp-content\/uploads\/2022\/03\/Zaalplan_CirqueRoyal-min-300x211.jpg 300w, https:\/\/gracialive.be\/wp-content\/uploads\/2022\/03\/Zaalplan_CirqueRoyal-min-768x539.jpg 768w, https:\/\/gracialive.be\/wp-content\/uploads\/2022\/03\/Zaalplan_CirqueRoyal-min-1536x1078.jpg 1536w, https:\/\/gracialive.be\/wp-content\/uploads\/2022\/03\/Zaalplan_CirqueRoyal-min-2048x1437.jpg 2048w, https:\/\/gracialive.be\/wp-content\/uploads\/2022\/03\/Zaalplan_CirqueRoyal-min-1568x1100.jpg 1568w\" sizes=\"(max-width: 640px) 100vw, 640px\" \/>\t\t\t\t\t\t\t\t<\/a>\n\t\t\t<h1>Concert agenda<\/h1>\t\t\n\t\t<p style=\"text-align: center;\">Vous trouverez ci-dessous l'agenda de tous nos futurs concerts ici.<\/p>[show_events_list_venue]\t\t\n\t\t\t<a href=\"\/agenda\/\" role=\"button\">\n\t\t\t\t\t\tVoir l'agenda complet\n\t\t\t\t\t<\/a>","post_title":"Cirque Royal","post_excerpt":"","post_status":"publish","comment_status":"closed","ping_status":"closed","post_password":"","post_name":"cirque-royal","to_ping":"","pinged":"","post_modified":"2023-09-05 09:03:02","post_modified_gmt":"2023-09-05 09:03:02","post_content_filtered":"","post_parent":0,"guid":"https:\/\/gracialive.be\/venue\/koninklijk-circus\/","menu_order":0,"post_type":"venue","post_mime_type":"","comment_count":"0","filter":"raw"}],"sub_event_location":{"term_id":259,"name":"Bruxelles","slug":"brussel-fr","term_group":0,"term_taxonomy_id":259,"taxonomy":"location","description":"","parent":0,"count":46,"filter":"raw"},"sub_event_notes":"15h00","sub_event_ticket_link":"https:\/\/www.ticketmaster.be\/event\/2056220616","sub_event_status":"Tickets beschikbaar","sub_custom_event_status":""},{"sub_event_date":"09.05.2026","sub_event_venue":[{"ID":7117,"post_author":"17","post_date":"2022-04-28 09:36:46","post_date_gmt":"2022-04-28 09:36:46","post_content":"<a href=\"https:\/\/gracialive.be\/\" rel=\"home\" title=\"Home\">Home<\/a>\n\t\t<p>Le Cirque Royal nai\u0302t de l\u2019ame\u0301nagement du quartier de Notre-Dame-des-Neiges par la Socie\u0301te\u0301 anonyme du me\u0302me nom, a\u0300 partir de 1876<\/p><p>Depuis sa cre\u0301ation, le Cirque Royal a non seulement pre\u0301sente\u0301 de nombreux spectacles e\u0301questres et de cirque (le Cirque de Moscou, Bouglione, Holiday on Ice et autres), mais aussi de ce\u0301le\u0300bres artistes comme Midnight Oil, Thievery Corporation, Tom Rosenthal, Larkin Poe, de clown Popov, Louis Armstrong\u00a0ou encore Maurice Be\u0301jart et le B\u00e9jart Ballet Lausanne.<\/p>\t\t\n\t\t\t<h4>Pratique<\/h4>\t\t\n\t\t\t<a role=\"button\">\n\t\t\t\t\t\tDescription de la route\n\t\t\t\t\t<\/a>\n\t\t\t<h4>Acc\u00e8s<\/h4>\t\t\n\t\t<p>Le Royal Circus est un lieu tr\u00e8s facile d'acc\u00e8s. Nous vous expliquons ci-dessous quelques-unes des possibilit\u00e9s.<\/p>\t\t\n\t\t\t\t\t\t\t\t\t\t\t\t<a href=\"\">Transport publics<\/a>\n\t\t\t\t\t<p>M\u00a01\u00a05\u00a0Park<br style=\"color: #333333; font-family: 'Roboto Condensed', sans-serif; font-size: 14px;\" \/>M\u00a02\u00a06\u00a0Madou<br style=\"color: #333333; font-family: 'Roboto Condensed', sans-serif; font-size: 14px;\" \/>T\u00a092\u00a093\u00a0Park<br style=\"color: #333333; font-family: 'Roboto Condensed', sans-serif; font-size: 14px;\" \/>B\u00a029\u00a063\u00a065\u00a066\u00a0Madou<\/p>\n\t\t\t\t\t\t\t\t\t\t\t\t<a href=\"\">En voiture<\/a>\n\t\t\t\t\t<p>Le Parking Royal enti\u00e8rement s\u00e9curis\u00e9 se trouve \u00e0 seulement 4 minutes \u00e0 pied du Cirque Royal. L\u2019entr\u00e9e en voiture du parking se fait par la Rue de la Ligne, 27. La sortie pi\u00e9tons est directement dans la Rue Royale, 128. Le Parking Royal offre un tarif de soir\u00e9e tr\u00e8s avantageux. Le tarif est de \u20ac7,00 de 19:00 \u00e0 23:59\u00a0 sur: <a href=\"https:\/\/www.parking-royal.be\/\" target=\"_blank\" rel=\"noopener\">https:\/\/www.parking-royal.be\/<\/a><\/p>\n\t\t\t<h4>PERSONNES \u00c0 MOBILIT\u00c9 R\u00c9DUITE<\/h4>\t\t\n\t\t<p>Juste en face de l'entr\u00e9e principale, vous trouverez un endroit r\u00e9serv\u00e9 pour d\u00e9poser les spectateurs. Dans la salle, plusieurs places sont r\u00e9serv\u00e9es pour les personnes se d\u00e9pla\u00e7ant en chaise roulante ainsi que pour leur \u00e9ventuel accompagnant.\u00a0La zone r\u00e9serv\u00e9e\u00a0aux personnes \u00e0 mobilit\u00e9 r\u00e9duite se trouve au 1er \u00e9tage, au niveau du\u00a0parterre. Cette zone est facilement accessible en ascenseur depuis le hall d\u2019entr\u00e9e.<\/p><p>Pour obtenir des tickets PMR, merci d\u2019\u00e9crire un mail \u00e0\u00a0<a href=\"mailto:info@cirqueroyalbruxelles.be\">info@cirqueroyalbruxelles.be<\/a><\/p>\t\t\n\t\t\t<h4>Plan de salle<\/h4>\t\t\n\t\t\t\t\t\t\t\t\t\t\t\t\t\t\t\t<a href=\"https:\/\/gracialive.be\/wp-content\/uploads\/2022\/03\/Zaalplan_CirqueRoyal-min-scaled.jpg\" data-elementor-open-lightbox=\"yes\" data-elementor-lightbox-title=\"Zaalplan_CirqueRoyal-min\" data-e-action-hash=\"#elementor-action%3Aaction%3Dlightbox%26settings%3DeyJpZCI6NDE4MiwidXJsIjoiaHR0cHM6XC9cL3N0YWdpbmcyLmdyYWNpYWxpdmUuYmVcL3dwLWNvbnRlbnRcL3VwbG9hZHNcLzIwMjJcLzAzXC9aYWFscGxhbl9DaXJxdWVSb3lhbC1taW4tc2NhbGVkLmpwZyJ9\">\n\t\t\t\t\t\t\t<img width=\"640\" height=\"449\" src=\"https:\/\/gracialive.be\/wp-content\/uploads\/2022\/03\/Zaalplan_CirqueRoyal-min-1024x719.jpg\" alt=\"\" loading=\"lazy\" srcset=\"https:\/\/gracialive.be\/wp-content\/uploads\/2022\/03\/Zaalplan_CirqueRoyal-min-1024x719.jpg 1024w, https:\/\/gracialive.be\/wp-content\/uploads\/2022\/03\/Zaalplan_CirqueRoyal-min-300x211.jpg 300w, https:\/\/gracialive.be\/wp-content\/uploads\/2022\/03\/Zaalplan_CirqueRoyal-min-768x539.jpg 768w, https:\/\/gracialive.be\/wp-content\/uploads\/2022\/03\/Zaalplan_CirqueRoyal-min-1536x1078.jpg 1536w, https:\/\/gracialive.be\/wp-content\/uploads\/2022\/03\/Zaalplan_CirqueRoyal-min-2048x1437.jpg 2048w, https:\/\/gracialive.be\/wp-content\/uploads\/2022\/03\/Zaalplan_CirqueRoyal-min-1568x1100.jpg 1568w\" sizes=\"(max-width: 640px) 100vw, 640px\" \/>\t\t\t\t\t\t\t\t<\/a>\n\t\t\t<h1>Concert agenda<\/h1>\t\t\n\t\t<p style=\"text-align: center;\">Vous trouverez ci-dessous l'agenda de tous nos futurs concerts ici.<\/p>[show_events_list_venue]\t\t\n\t\t\t<a href=\"\/agenda\/\" role=\"button\">\n\t\t\t\t\t\tVoir l'agenda complet\n\t\t\t\t\t<\/a>","post_title":"Cirque Royal","post_excerpt":"","post_status":"publish","comment_status":"closed","ping_status":"closed","post_password":"","post_name":"cirque-royal","to_ping":"","pinged":"","post_modified":"2023-09-05 09:03:02","post_modified_gmt":"2023-09-05 09:03:02","post_content_filtered":"","post_parent":0,"guid":"https:\/\/gracialive.be\/venue\/koninklijk-circus\/","menu_order":0,"post_type":"venue","post_mime_type":"","comment_count":"0","filter":"raw"}],"sub_event_location":{"term_id":9,"name":"Brussel","slug":"brussel","term_group":0,"term_taxonomy_id":9,"taxonomy":"location","description":"","parent":0,"count":45,"filter":"raw"},"sub_event_notes":"20h00","sub_event_ticket_link":"https:\/\/www.ticketmaster.be\/event\/61249?language=fr-be","sub_event_status":"Tickets beschikbaar","sub_custom_event_status":""},{"sub_event_date":"10.05.2026","sub_event_venue":[{"ID":7117,"post_author":"17","post_date":"2022-04-28 09:36:46","post_date_gmt":"2022-04-28 09:36:46","post_content":"<a href=\"https:\/\/gracialive.be\/\" rel=\"home\" title=\"Home\">Home<\/a>\n\t\t<p>Le Cirque Royal nai\u0302t de l\u2019ame\u0301nagement du quartier de Notre-Dame-des-Neiges par la Socie\u0301te\u0301 anonyme du me\u0302me nom, a\u0300 partir de 1876<\/p><p>Depuis sa cre\u0301ation, le Cirque Royal a non seulement pre\u0301sente\u0301 de nombreux spectacles e\u0301questres et de cirque (le Cirque de Moscou, Bouglione, Holiday on Ice et autres), mais aussi de ce\u0301le\u0300bres artistes comme Midnight Oil, Thievery Corporation, Tom Rosenthal, Larkin Poe, de clown Popov, Louis Armstrong\u00a0ou encore Maurice Be\u0301jart et le B\u00e9jart Ballet Lausanne.<\/p>\t\t\n\t\t\t<h4>Pratique<\/h4>\t\t\n\t\t\t<a role=\"button\">\n\t\t\t\t\t\tDescription de la route\n\t\t\t\t\t<\/a>\n\t\t\t<h4>Acc\u00e8s<\/h4>\t\t\n\t\t<p>Le Royal Circus est un lieu tr\u00e8s facile d'acc\u00e8s. Nous vous expliquons ci-dessous quelques-unes des possibilit\u00e9s.<\/p>\t\t\n\t\t\t\t\t\t\t\t\t\t\t\t<a href=\"\">Transport publics<\/a>\n\t\t\t\t\t<p>M\u00a01\u00a05\u00a0Park<br style=\"color: #333333; font-family: 'Roboto Condensed', sans-serif; font-size: 14px;\" \/>M\u00a02\u00a06\u00a0Madou<br style=\"color: #333333; font-family: 'Roboto Condensed', sans-serif; font-size: 14px;\" \/>T\u00a092\u00a093\u00a0Park<br style=\"color: #333333; font-family: 'Roboto Condensed', sans-serif; font-size: 14px;\" \/>B\u00a029\u00a063\u00a065\u00a066\u00a0Madou<\/p>\n\t\t\t\t\t\t\t\t\t\t\t\t<a href=\"\">En voiture<\/a>\n\t\t\t\t\t<p>Le Parking Royal enti\u00e8rement s\u00e9curis\u00e9 se trouve \u00e0 seulement 4 minutes \u00e0 pied du Cirque Royal. L\u2019entr\u00e9e en voiture du parking se fait par la Rue de la Ligne, 27. La sortie pi\u00e9tons est directement dans la Rue Royale, 128. Le Parking Royal offre un tarif de soir\u00e9e tr\u00e8s avantageux. Le tarif est de \u20ac7,00 de 19:00 \u00e0 23:59\u00a0 sur: <a href=\"https:\/\/www.parking-royal.be\/\" target=\"_blank\" rel=\"noopener\">https:\/\/www.parking-royal.be\/<\/a><\/p>\n\t\t\t<h4>PERSONNES \u00c0 MOBILIT\u00c9 R\u00c9DUITE<\/h4>\t\t\n\t\t<p>Juste en face de l'entr\u00e9e principale, vous trouverez un endroit r\u00e9serv\u00e9 pour d\u00e9poser les spectateurs. Dans la salle, plusieurs places sont r\u00e9serv\u00e9es pour les personnes se d\u00e9pla\u00e7ant en chaise roulante ainsi que pour leur \u00e9ventuel accompagnant.\u00a0La zone r\u00e9serv\u00e9e\u00a0aux personnes \u00e0 mobilit\u00e9 r\u00e9duite se trouve au 1er \u00e9tage, au niveau du\u00a0parterre. Cette zone est facilement accessible en ascenseur depuis le hall d\u2019entr\u00e9e.<\/p><p>Pour obtenir des tickets PMR, merci d\u2019\u00e9crire un mail \u00e0\u00a0<a href=\"mailto:info@cirqueroyalbruxelles.be\">info@cirqueroyalbruxelles.be<\/a><\/p>\t\t\n\t\t\t<h4>Plan de salle<\/h4>\t\t\n\t\t\t\t\t\t\t\t\t\t\t\t\t\t\t\t<a href=\"https:\/\/gracialive.be\/wp-content\/uploads\/2022\/03\/Zaalplan_CirqueRoyal-min-scaled.jpg\" data-elementor-open-lightbox=\"yes\" data-elementor-lightbox-title=\"Zaalplan_CirqueRoyal-min\" data-e-action-hash=\"#elementor-action%3Aaction%3Dlightbox%26settings%3DeyJpZCI6NDE4MiwidXJsIjoiaHR0cHM6XC9cL3N0YWdpbmcyLmdyYWNpYWxpdmUuYmVcL3dwLWNvbnRlbnRcL3VwbG9hZHNcLzIwMjJcLzAzXC9aYWFscGxhbl9DaXJxdWVSb3lhbC1taW4tc2NhbGVkLmpwZyJ9\">\n\t\t\t\t\t\t\t<img width=\"640\" height=\"449\" src=\"https:\/\/gracialive.be\/wp-content\/uploads\/2022\/03\/Zaalplan_CirqueRoyal-min-1024x719.jpg\" alt=\"\" loading=\"lazy\" srcset=\"https:\/\/gracialive.be\/wp-content\/uploads\/2022\/03\/Zaalplan_CirqueRoyal-min-1024x719.jpg 1024w, https:\/\/gracialive.be\/wp-content\/uploads\/2022\/03\/Zaalplan_CirqueRoyal-min-300x211.jpg 300w, https:\/\/gracialive.be\/wp-content\/uploads\/2022\/03\/Zaalplan_CirqueRoyal-min-768x539.jpg 768w, https:\/\/gracialive.be\/wp-content\/uploads\/2022\/03\/Zaalplan_CirqueRoyal-min-1536x1078.jpg 1536w, https:\/\/gracialive.be\/wp-content\/uploads\/2022\/03\/Zaalplan_CirqueRoyal-min-2048x1437.jpg 2048w, https:\/\/gracialive.be\/wp-content\/uploads\/2022\/03\/Zaalplan_CirqueRoyal-min-1568x1100.jpg 1568w\" sizes=\"(max-width: 640px) 100vw, 640px\" \/>\t\t\t\t\t\t\t\t<\/a>\n\t\t\t<h1>Concert agenda<\/h1>\t\t\n\t\t<p style=\"text-align: center;\">Vous trouverez ci-dessous l'agenda de tous nos futurs concerts ici.<\/p>[show_events_list_venue]\t\t\n\t\t\t<a href=\"\/agenda\/\" role=\"button\">\n\t\t\t\t\t\tVoir l'agenda complet\n\t\t\t\t\t<\/a>","post_title":"Cirque Royal","post_excerpt":"","post_status":"publish","comment_status":"closed","ping_status":"closed","post_password":"","post_name":"cirque-royal","to_ping":"","pinged":"","post_modified":"2023-09-05 09:03:02","post_modified_gmt":"2023-09-05 09:03:02","post_content_filtered":"","post_parent":0,"guid":"https:\/\/gracialive.be\/venue\/koninklijk-circus\/","menu_order":0,"post_type":"venue","post_mime_type":"","comment_count":"0","filter":"raw"}],"sub_event_location":{"term_id":9,"name":"Brussel","slug":"brussel","term_group":0,"term_taxonomy_id":9,"taxonomy":"location","description":"","parent":0,"count":45,"filter":"raw"},"sub_event_notes":"14h30","sub_event_ticket_link":"https:\/\/www.ticketmaster.be\/event\/61251","sub_event_status":"Tickets beschikbaar","sub_custom_event_status":""},{"sub_event_date":"10.05.2026","sub_event_venue":[{"ID":7117,"post_author":"17","post_date":"2022-04-28 09:36:46","post_date_gmt":"2022-04-28 09:36:46","post_content":"<a href=\"https:\/\/gracialive.be\/\" rel=\"home\" title=\"Home\">Home<\/a>\n\t\t<p>Le Cirque Royal nai\u0302t de l\u2019ame\u0301nagement du quartier de Notre-Dame-des-Neiges par la Socie\u0301te\u0301 anonyme du me\u0302me nom, a\u0300 partir de 1876<\/p><p>Depuis sa cre\u0301ation, le Cirque Royal a non seulement pre\u0301sente\u0301 de nombreux spectacles e\u0301questres et de cirque (le Cirque de Moscou, Bouglione, Holiday on Ice et autres), mais aussi de ce\u0301le\u0300bres artistes comme Midnight Oil, Thievery Corporation, Tom Rosenthal, Larkin Poe, de clown Popov, Louis Armstrong\u00a0ou encore Maurice Be\u0301jart et le B\u00e9jart Ballet Lausanne.<\/p>\t\t\n\t\t\t<h4>Pratique<\/h4>\t\t\n\t\t\t<a role=\"button\">\n\t\t\t\t\t\tDescription de la route\n\t\t\t\t\t<\/a>\n\t\t\t<h4>Acc\u00e8s<\/h4>\t\t\n\t\t<p>Le Royal Circus est un lieu tr\u00e8s facile d'acc\u00e8s. Nous vous expliquons ci-dessous quelques-unes des possibilit\u00e9s.<\/p>\t\t\n\t\t\t\t\t\t\t\t\t\t\t\t<a href=\"\">Transport publics<\/a>\n\t\t\t\t\t<p>M\u00a01\u00a05\u00a0Park<br style=\"color: #333333; font-family: 'Roboto Condensed', sans-serif; font-size: 14px;\" \/>M\u00a02\u00a06\u00a0Madou<br style=\"color: #333333; font-family: 'Roboto Condensed', sans-serif; font-size: 14px;\" \/>T\u00a092\u00a093\u00a0Park<br style=\"color: #333333; font-family: 'Roboto Condensed', sans-serif; font-size: 14px;\" \/>B\u00a029\u00a063\u00a065\u00a066\u00a0Madou<\/p>\n\t\t\t\t\t\t\t\t\t\t\t\t<a href=\"\">En voiture<\/a>\n\t\t\t\t\t<p>Le Parking Royal enti\u00e8rement s\u00e9curis\u00e9 se trouve \u00e0 seulement 4 minutes \u00e0 pied du Cirque Royal. L\u2019entr\u00e9e en voiture du parking se fait par la Rue de la Ligne, 27. La sortie pi\u00e9tons est directement dans la Rue Royale, 128. Le Parking Royal offre un tarif de soir\u00e9e tr\u00e8s avantageux. Le tarif est de \u20ac7,00 de 19:00 \u00e0 23:59\u00a0 sur: <a href=\"https:\/\/www.parking-royal.be\/\" target=\"_blank\" rel=\"noopener\">https:\/\/www.parking-royal.be\/<\/a><\/p>\n\t\t\t<h4>PERSONNES \u00c0 MOBILIT\u00c9 R\u00c9DUITE<\/h4>\t\t\n\t\t<p>Juste en face de l'entr\u00e9e principale, vous trouverez un endroit r\u00e9serv\u00e9 pour d\u00e9poser les spectateurs. Dans la salle, plusieurs places sont r\u00e9serv\u00e9es pour les personnes se d\u00e9pla\u00e7ant en chaise roulante ainsi que pour leur \u00e9ventuel accompagnant.\u00a0La zone r\u00e9serv\u00e9e\u00a0aux personnes \u00e0 mobilit\u00e9 r\u00e9duite se trouve au 1er \u00e9tage, au niveau du\u00a0parterre. Cette zone est facilement accessible en ascenseur depuis le hall d\u2019entr\u00e9e.<\/p><p>Pour obtenir des tickets PMR, merci d\u2019\u00e9crire un mail \u00e0\u00a0<a href=\"mailto:info@cirqueroyalbruxelles.be\">info@cirqueroyalbruxelles.be<\/a><\/p>\t\t\n\t\t\t<h4>Plan de salle<\/h4>\t\t\n\t\t\t\t\t\t\t\t\t\t\t\t\t\t\t\t<a href=\"https:\/\/gracialive.be\/wp-content\/uploads\/2022\/03\/Zaalplan_CirqueRoyal-min-scaled.jpg\" data-elementor-open-lightbox=\"yes\" data-elementor-lightbox-title=\"Zaalplan_CirqueRoyal-min\" data-e-action-hash=\"#elementor-action%3Aaction%3Dlightbox%26settings%3DeyJpZCI6NDE4MiwidXJsIjoiaHR0cHM6XC9cL3N0YWdpbmcyLmdyYWNpYWxpdmUuYmVcL3dwLWNvbnRlbnRcL3VwbG9hZHNcLzIwMjJcLzAzXC9aYWFscGxhbl9DaXJxdWVSb3lhbC1taW4tc2NhbGVkLmpwZyJ9\">\n\t\t\t\t\t\t\t<img width=\"640\" height=\"449\" src=\"https:\/\/gracialive.be\/wp-content\/uploads\/2022\/03\/Zaalplan_CirqueRoyal-min-1024x719.jpg\" alt=\"\" loading=\"lazy\" srcset=\"https:\/\/gracialive.be\/wp-content\/uploads\/2022\/03\/Zaalplan_CirqueRoyal-min-1024x719.jpg 1024w, https:\/\/gracialive.be\/wp-content\/uploads\/2022\/03\/Zaalplan_CirqueRoyal-min-300x211.jpg 300w, https:\/\/gracialive.be\/wp-content\/uploads\/2022\/03\/Zaalplan_CirqueRoyal-min-768x539.jpg 768w, https:\/\/gracialive.be\/wp-content\/uploads\/2022\/03\/Zaalplan_CirqueRoyal-min-1536x1078.jpg 1536w, https:\/\/gracialive.be\/wp-content\/uploads\/2022\/03\/Zaalplan_CirqueRoyal-min-2048x1437.jpg 2048w, https:\/\/gracialive.be\/wp-content\/uploads\/2022\/03\/Zaalplan_CirqueRoyal-min-1568x1100.jpg 1568w\" sizes=\"(max-width: 640px) 100vw, 640px\" \/>\t\t\t\t\t\t\t\t<\/a>\n\t\t\t<h1>Concert agenda<\/h1>\t\t\n\t\t<p style=\"text-align: center;\">Vous trouverez ci-dessous l'agenda de tous nos futurs concerts ici.<\/p>[show_events_list_venue]\t\t\n\t\t\t<a href=\"\/agenda\/\" role=\"button\">\n\t\t\t\t\t\tVoir l'agenda complet\n\t\t\t\t\t<\/a>","post_title":"Cirque Royal","post_excerpt":"","post_status":"publish","comment_status":"closed","ping_status":"closed","post_password":"","post_name":"cirque-royal","to_ping":"","pinged":"","post_modified":"2023-09-05 09:03:02","post_modified_gmt":"2023-09-05 09:03:02","post_content_filtered":"","post_parent":0,"guid":"https:\/\/gracialive.be\/venue\/koninklijk-circus\/","menu_order":0,"post_type":"venue","post_mime_type":"","comment_count":"0","filter":"raw"}],"sub_event_location":{"term_id":288,"name":"Brussel","slug":"brussel-fr-2","term_group":0,"term_taxonomy_id":288,"taxonomy":"location","description":"","parent":0,"count":1,"filter":"raw"},"sub_event_notes":"19h00","sub_event_ticket_link":"https:\/\/www.ticketmaster.be\/event\/bejart-ballet-lausanne-tickets\/531534289?language=fr-be","sub_event_status":"Tickets beschikbaar","sub_custom_event_status":""}],"event_notes":"","event_description":"Pour la 30e fois, le B\u00e9jart Ballet Lausanne retrouvera la sc\u00e8ne du Cirque Royal de Bruxelles \u2013 un rendez-vous artistique fort dans une salle charg\u00e9e d\u2019histoire: du 7 au 10 mai 2026 !\r\n","select_event_type":false,"event_date":"07.05.2026","event_location":[{"term_id":259,"name":"Bruxelles","slug":"brussel-fr","term_group":0,"term_taxonomy_id":259,"taxonomy":"location","description":"","parent":0,"count":46,"filter":"raw"}],"event_status":"Afgelopen"},"_links":{"self":[{"href":"https:\/\/gracialive.be\/fr\/wp-json\/wp\/v2\/agenda\/29529"}],"collection":[{"href":"https:\/\/gracialive.be\/fr\/wp-json\/wp\/v2\/agenda"}],"about":[{"href":"https:\/\/gracialive.be\/fr\/wp-json\/wp\/v2\/types\/agenda"}],"version-history":[{"count":20,"href":"https:\/\/gracialive.be\/fr\/wp-json\/wp\/v2\/agenda\/29529\/revisions"}],"predecessor-version":[{"id":129486,"href":"https:\/\/gracialive.be\/fr\/wp-json\/wp\/v2\/agenda\/29529\/revisions\/129486"}],"wp:featuredmedia":[{"embeddable":true,"href":"https:\/\/gracialive.be\/fr\/wp-json\/wp\/v2\/media\/38157"}],"wp:attachment":[{"href":"https:\/\/gracialive.be\/fr\/wp-json\/wp\/v2\/media?parent=29529"}],"wp:term":[{"taxonomy":"category","embeddable":true,"href":"https:\/\/gracialive.be\/fr\/wp-json\/wp\/v2\/categories?post=29529"},{"taxonomy":"location","embeddable":true,"href":"https:\/\/gracialive.be\/fr\/wp-json\/wp\/v2\/location?post=29529"},{"taxonomy":"related_event","embeddable":true,"href":"https:\/\/gracialive.be\/fr\/wp-json\/wp\/v2\/related_event?post=29529"}],"curies":[{"name":"wp","href":"https:\/\/api.w.org\/{rel}","templated":true}]}}