{"id":27284,"date":"2023-12-09T11:45:58","date_gmt":"2023-12-09T10:45:58","guid":{"rendered":"https:\/\/gracialive.be\/?post_type=agenda&#038;p=27284"},"modified":"2024-12-26T18:17:35","modified_gmt":"2024-12-26T16:17:35","slug":"murmuration-2024","status":"archive","type":"agenda","link":"https:\/\/gracialive.be\/fr\/agenda\/murmuration-2024\/","title":{"rendered":"Murmuration"},"content":{"rendered":"\t\t<div data-elementor-type=\"wp-post\" data-elementor-id=\"27284\" class=\"elementor elementor-27284 elementor-27263\" data-elementor-post-type=\"agenda\">\n\t\t\t\t\t\t<section class=\"has_eae_slider elementor-section elementor-top-section elementor-element elementor-element-1f44f596 elementor-section-boxed elementor-section-height-default elementor-section-height-default\" data-id=\"1f44f596\" data-element_type=\"section\" data-settings=\"{&quot;jet_parallax_layout_list&quot;:[],&quot;background_background&quot;:&quot;classic&quot;}\">\n\t\t\t\t\t\t<div class=\"elementor-container elementor-column-gap-default\">\n\t\t\t\t\t<div class=\"has_eae_slider elementor-column elementor-col-50 elementor-top-column elementor-element elementor-element-99d9830\" data-id=\"99d9830\" data-element_type=\"column\">\n\t\t\t<div class=\"elementor-widget-wrap elementor-element-populated\">\n\t\t\t\t\t\t<div class=\"elementor-element elementor-element-c3eeb08 breadcrumb_css elementor-hidden-desktop elementor-hidden-tablet elementor-hidden-mobile elementor-widget elementor-widget-wp-widget-bcn_widget\" data-id=\"c3eeb08\" data-element_type=\"widget\" data-widget_type=\"wp-widget-bcn_widget.default\">\n\t\t\t\t<div class=\"elementor-widget-container\">\n\t\t\t<div class=\"breadcrumbs\" vocab=\"https:\/\/schema.org\/\" typeof=\"BreadcrumbList\"><!-- Breadcrumb NavXT 7.0.2 -->\n<span property=\"itemListElement\" typeof=\"ListItem\"><a property=\"item\" typeof=\"WebPage\" title=\"Go to Gracia Live.\" href=\"https:\/\/gracialive.be\/fr\/\" class=\"home\" aria-current=\"page\"><span property=\"name\">Home<\/span><\/a><meta property=\"position\" content=\"1\"><\/span><\/div>\t\t<\/div>\n\t\t\t\t<\/div>\n\t\t\t\t<div class=\"elementor-element elementor-element-2d5725f6 elementor-widget elementor-widget-theme-post-title elementor-page-title elementor-widget-heading\" data-id=\"2d5725f6\" data-element_type=\"widget\" data-widget_type=\"theme-post-title.default\">\n\t\t\t\t<div class=\"elementor-widget-container\">\n\t\t\t<style>\/*! elementor - v3.22.0 - 17-06-2024 *\/\n.elementor-heading-title{padding:0;margin:0;line-height:1}.elementor-widget-heading .elementor-heading-title[class*=elementor-size-]>a{color:inherit;font-size:inherit;line-height:inherit}.elementor-widget-heading .elementor-heading-title.elementor-size-small{font-size:15px}.elementor-widget-heading .elementor-heading-title.elementor-size-medium{font-size:19px}.elementor-widget-heading .elementor-heading-title.elementor-size-large{font-size:29px}.elementor-widget-heading .elementor-heading-title.elementor-size-xl{font-size:39px}.elementor-widget-heading .elementor-heading-title.elementor-size-xxl{font-size:59px}<\/style><h1 class=\"elementor-heading-title elementor-size-default\">Murmuration<\/h1>\t\t<\/div>\n\t\t\t\t<\/div>\n\t\t\t\t<div class=\"elementor-element elementor-element-bbbe0ec elementor-widget elementor-widget-shortcode\" data-id=\"bbbe0ec\" data-element_type=\"widget\" data-widget_type=\"shortcode.default\">\n\t\t\t\t<div class=\"elementor-widget-container\">\n\t\t\t\t\t<div class=\"elementor-shortcode\">Le spectacle de danse impressionnant de Sadeck Berrabah, \"Murmuration\", revient en Belgique et au Luxembourg en 2024, avec des spectacles suppl\u00e9mentaires, en raison du grand succ\u00e8s. \u00c0 ne pas manquer ! <\/div>\n\t\t\t\t<\/div>\n\t\t\t\t<\/div>\n\t\t\t\t<div class=\"elementor-element elementor-element-a68048b elementor-hidden-desktop elementor-hidden-tablet elementor-hidden-mobile elementor-widget elementor-widget-heading\" data-id=\"a68048b\" data-element_type=\"widget\" data-widget_type=\"heading.default\">\n\t\t\t\t<div class=\"elementor-widget-container\">\n\t\t\t<h4 class=\"elementor-heading-title elementor-size-default\">Praktisch<\/h4>\t\t<\/div>\n\t\t\t\t<\/div>\n\t\t\t\t<div class=\"elementor-element elementor-element-d829ae9 elementor-hidden-desktop elementor-hidden-tablet elementor-hidden-mobile elementor-widget elementor-widget-text-editor\" data-id=\"d829ae9\" data-element_type=\"widget\" data-widget_type=\"text-editor.default\">\n\t\t\t\t<div class=\"elementor-widget-container\">\n\t\t\t<style>\/*! elementor - v3.22.0 - 17-06-2024 *\/\n.elementor-widget-text-editor.elementor-drop-cap-view-stacked .elementor-drop-cap{background-color:#69727d;color:#fff}.elementor-widget-text-editor.elementor-drop-cap-view-framed .elementor-drop-cap{color:#69727d;border:3px solid;background-color:transparent}.elementor-widget-text-editor:not(.elementor-drop-cap-view-default) .elementor-drop-cap{margin-top:8px}.elementor-widget-text-editor:not(.elementor-drop-cap-view-default) .elementor-drop-cap-letter{width:1em;height:1em}.elementor-widget-text-editor .elementor-drop-cap{float:left;text-align:center;line-height:1;font-size:50px}.elementor-widget-text-editor .elementor-drop-cap-letter{display:inline-block}<\/style>\t\t\t\t<p>Bekijk hieronder alle data\u00a0<\/p>\t\t\t\t\t\t<\/div>\n\t\t\t\t<\/div>\n\t\t\t\t<div class=\"elementor-element elementor-element-2a5a53ed elementor-hidden-desktop elementor-hidden-tablet elementor-hidden-mobile elementor-widget elementor-widget-post-info\" data-id=\"2a5a53ed\" data-element_type=\"widget\" data-widget_type=\"post-info.default\">\n\t\t\t\t<div class=\"elementor-widget-container\">\n\t\t\t<link rel=\"stylesheet\" href=\"https:\/\/gracialive.be\/wp-content\/plugins\/elementor\/assets\/css\/widget-icon-list.min.css\"><link rel=\"stylesheet\" href=\"https:\/\/gracialive.be\/wp-content\/plugins\/elementor-pro\/assets\/css\/widget-theme-elements.min.css\">\t\t<ul class=\"elementor-icon-list-items elementor-post-info\">\n\t\t\t\t\t\t\t\t<li class=\"elementor-icon-list-item elementor-repeater-item-bc12b72\">\n\t\t\t\t\t\t\t\t\t\t<span class=\"elementor-icon-list-icon\">\n\t\t\t\t\t\t\t\t<svg xmlns=\"http:\/\/www.w3.org\/2000\/svg\" width=\"19.5\" height=\"21.5\" viewBox=\"0 0 19.5 21.5\"><g id=\"Iconly_Light_Calendar\" data-name=\"Iconly\/Light\/Calendar\" transform=\"translate(0.75 0.75)\"><g id=\"Calendar\" transform=\"translate(0 0)\"><path id=\"Line_200\" d=\"M0,.473H17.824\" transform=\"translate(0.093 6.931)\" fill=\"none\" stroke=\"#51acf0\" stroke-linecap=\"round\" stroke-linejoin=\"round\" stroke-miterlimit=\"10\" stroke-width=\"1.5\"><\/path><path id=\"Line_201\" d=\"M.459.473H.468\" transform=\"translate(12.984 10.837)\" fill=\"none\" stroke=\"#51acf0\" stroke-linecap=\"round\" stroke-linejoin=\"round\" stroke-miterlimit=\"10\" stroke-width=\"1.5\"><\/path><path id=\"Line_202\" d=\"M.459.473H.468\" transform=\"translate(8.546 10.837)\" fill=\"none\" stroke=\"#51acf0\" stroke-linecap=\"round\" stroke-linejoin=\"round\" stroke-miterlimit=\"10\" stroke-width=\"1.5\"><\/path><path id=\"Line_203\" d=\"M.459.473H.468\" transform=\"translate(4.099 10.837)\" fill=\"none\" stroke=\"#51acf0\" stroke-linecap=\"round\" stroke-linejoin=\"round\" stroke-miterlimit=\"10\" stroke-width=\"1.5\"><\/path><path id=\"Line_204\" d=\"M.459.473H.468\" transform=\"translate(12.984 14.723)\" fill=\"none\" stroke=\"#51acf0\" stroke-linecap=\"round\" stroke-linejoin=\"round\" stroke-miterlimit=\"10\" stroke-width=\"1.5\"><\/path><path id=\"Line_205\" d=\"M.459.473H.468\" transform=\"translate(8.546 14.723)\" fill=\"none\" stroke=\"#51acf0\" stroke-linecap=\"round\" stroke-linejoin=\"round\" stroke-miterlimit=\"10\" stroke-width=\"1.5\"><\/path><path id=\"Line_206\" d=\"M.459.473H.468\" transform=\"translate(4.099 14.723)\" fill=\"none\" stroke=\"#51acf0\" stroke-linecap=\"round\" stroke-linejoin=\"round\" stroke-miterlimit=\"10\" stroke-width=\"1.5\"><\/path><path id=\"Line_207\" d=\"M.463,0V3.291\" transform=\"translate(12.581 0)\" fill=\"none\" stroke=\"#51acf0\" stroke-linecap=\"round\" stroke-linejoin=\"round\" stroke-miterlimit=\"10\" stroke-width=\"1.5\"><\/path><path id=\"Line_208\" d=\"M.463,0V3.291\" transform=\"translate(4.502 0)\" fill=\"none\" stroke=\"#51acf0\" stroke-linecap=\"round\" stroke-linejoin=\"round\" stroke-miterlimit=\"10\" stroke-width=\"1.5\"><\/path><path id=\"Path\" d=\"M13.238,0H4.771C1.834,0,0,1.636,0,4.643v9.05c0,3.054,1.834,4.728,4.771,4.728h8.458c2.946,0,4.771-1.645,4.771-4.652V4.643C18.009,1.636,16.184,0,13.238,0Z\" transform=\"translate(0 1.579)\" fill=\"none\" stroke=\"#51acf0\" stroke-linecap=\"round\" stroke-linejoin=\"round\" stroke-miterlimit=\"10\" stroke-width=\"1.5\"><\/path><\/g><\/g><\/svg>\t\t\t\t\t\t\t<\/span>\n\t\t\t\t\t\t\t\t\t<span class=\"elementor-icon-list-text elementor-post-info__item elementor-post-info__item--type-custom\">\n\t\t\t\t\t\t\t\t\t\t 21.12.2024 - 22.12.2024\t\t\t\t\t<\/span>\n\t\t\t\t\t\t\t\t<\/li>\n\t\t\t\t<li class=\"elementor-icon-list-item elementor-repeater-item-9961ff0\">\n\t\t\t\t\t\t\t\t\t\t<span class=\"elementor-icon-list-icon\">\n\t\t\t\t\t\t\t\t<svg xmlns=\"http:\/\/www.w3.org\/2000\/svg\" width=\"16.857\" height=\"19.836\" viewBox=\"0 0 16.857 19.836\"><g id=\"Iconly_Light_Location\" data-name=\"Iconly\/Light\/Location\" transform=\"translate(0.75 0.75)\"><g id=\"Location\" transform=\"translate(-0.739 -0.739)\"><path id=\"Path_33958\" d=\"M0,7.652A7.678,7.678,0,1,1,15.357,7.7v.087a11.338,11.338,0,0,1-3.478,7.3,20.183,20.183,0,0,1-3.591,2.957.93.93,0,0,1-1.217,0,19.817,19.817,0,0,1-5.052-4.73A9.826,9.826,0,0,1,0,7.678Z\" transform=\"translate(0.739 0.739)\" fill=\"none\" stroke=\"#51acf0\" stroke-linecap=\"round\" stroke-linejoin=\"round\" stroke-miterlimit=\"10\" stroke-width=\"1.5\"><\/path><circle id=\"Ellipse_740\" cx=\"2.461\" cy=\"2.461\" r=\"2.461\" transform=\"translate(5.957 6.078)\" fill=\"none\" stroke=\"#51acf0\" stroke-linecap=\"round\" stroke-linejoin=\"round\" stroke-miterlimit=\"10\" stroke-width=\"1.5\"><\/circle><\/g><\/g><\/svg>\t\t\t\t\t\t\t<\/span>\n\t\t\t\t\t\t\t\t\t<span class=\"elementor-icon-list-text elementor-post-info__item elementor-post-info__item--type-custom\">\n\t\t\t\t\t\t\t\t\t\t<a href='https:\/\/gracialive.be\/fr\/venue\/ing-arena\/'>ING Arena<\/a>, Bruxelles, Bergen\t\t\t\t\t<\/span>\n\t\t\t\t\t\t\t\t<\/li>\n\t\t\t\t<\/ul>\n\t\t\t\t<\/div>\n\t\t\t\t<\/div>\n\t\t\t\t<div class=\"elementor-element elementor-element-b67f894 elementor-widget elementor-widget-shortcode\" data-id=\"b67f894\" data-element_type=\"widget\" data-widget_type=\"shortcode.default\">\n\t\t\t\t<div class=\"elementor-widget-container\">\n\t\t\t\t\t<div class=\"elementor-shortcode\"><\/div>\n\t\t\t\t<\/div>\n\t\t\t\t<\/div>\n\t\t\t\t\t<\/div>\n\t\t<\/div>\n\t\t\t\t<div class=\"has_eae_slider elementor-column elementor-col-50 elementor-top-column elementor-element elementor-element-2d333653\" data-id=\"2d333653\" data-element_type=\"column\">\n\t\t\t<div class=\"elementor-widget-wrap elementor-element-populated\">\n\t\t\t\t\t\t<div class=\"elementor-element elementor-element-50375c6e elementor-widget elementor-widget-image\" data-id=\"50375c6e\" data-element_type=\"widget\" data-widget_type=\"image.default\">\n\t\t\t\t<div class=\"elementor-widget-container\">\n\t\t\t<style>\/*! elementor - v3.22.0 - 17-06-2024 *\/\n.elementor-widget-image{text-align:center}.elementor-widget-image a{display:inline-block}.elementor-widget-image a img[src$=\".svg\"]{width:48px}.elementor-widget-image img{vertical-align:middle;display:inline-block}<\/style>\t\t\t\t\t\t\t\t\t\t<img fetchpriority=\"high\" decoding=\"async\" width=\"1920\" height=\"1080\" src=\"https:\/\/gracialive.be\/wp-content\/uploads\/2023\/09\/sb-1920x1080-1.jpg\" class=\"attachment-full size-full wp-image-25288\" alt=\"\" srcset=\"https:\/\/gracialive.be\/wp-content\/uploads\/2023\/09\/sb-1920x1080-1.jpg 1920w, https:\/\/gracialive.be\/wp-content\/uploads\/2023\/09\/sb-1920x1080-1-300x169.jpg 300w, https:\/\/gracialive.be\/wp-content\/uploads\/2023\/09\/sb-1920x1080-1-1024x576.jpg 1024w, https:\/\/gracialive.be\/wp-content\/uploads\/2023\/09\/sb-1920x1080-1-768x432.jpg 768w, https:\/\/gracialive.be\/wp-content\/uploads\/2023\/09\/sb-1920x1080-1-1536x864.jpg 1536w, https:\/\/gracialive.be\/wp-content\/uploads\/2023\/09\/sb-1920x1080-1-1568x882.jpg 1568w\" sizes=\"(max-width: 34.9rem) calc(100vw - 2rem), (max-width: 53rem) calc(8 * (100vw \/ 12)), (min-width: 53rem) calc(6 * (100vw \/ 12)), 100vw\" \/>\t\t\t\t\t\t\t\t\t\t\t\t\t<\/div>\n\t\t\t\t<\/div>\n\t\t\t\t\t<\/div>\n\t\t<\/div>\n\t\t\t\t\t<\/div>\n\t\t<\/section>\n\t\t\t\t<section class=\"has_eae_slider elementor-section elementor-top-section elementor-element elementor-element-46841322 elementor-section-full_width elementor-section-height-default elementor-section-height-default\" data-id=\"46841322\" data-element_type=\"section\" data-settings=\"{&quot;jet_parallax_layout_list&quot;:[]}\">\n\t\t\t\t\t\t<div class=\"elementor-container elementor-column-gap-no\">\n\t\t\t\t\t<div class=\"has_eae_slider elementor-column elementor-col-100 elementor-top-column elementor-element elementor-element-1f913f87\" data-id=\"1f913f87\" data-element_type=\"column\" data-settings=\"{&quot;background_background&quot;:&quot;classic&quot;}\">\n\t\t\t<div class=\"elementor-widget-wrap elementor-element-populated\">\n\t\t\t\t\t\t<div class=\"elementor-element elementor-element-32ba1fb1 border_heading_vacatures elementor-widget elementor-widget-heading\" data-id=\"32ba1fb1\" data-element_type=\"widget\" data-widget_type=\"heading.default\">\n\t\t\t\t<div class=\"elementor-widget-container\">\n\t\t\t<h1 class=\"elementor-heading-title elementor-size-default\">Pratique<\/h1>\t\t<\/div>\n\t\t\t\t<\/div>\n\t\t\t\t<div class=\"elementor-element elementor-element-4e8fdb35 custom_repeater elementor-widget elementor-widget-shortcode\" data-id=\"4e8fdb35\" data-element_type=\"widget\" data-widget_type=\"shortcode.default\">\n\t\t\t\t<div class=\"elementor-widget-container\">\n\t\t\t\t\t<div class=\"elementor-shortcode\"><section class=\"elementor-section elementor-section-boxed custom_repeater\"><div class=\"sub-events-cols elementor-container elementor-column-gap-default\"><div class=\"sub-event-col elementor-column elementor-col-14\" data-link=\"https:\/\/apps.ticketmatic.com\/widgets\/rockhal\/addtickets?event=10939&skinid=10000&contactid=&flow=basketwithcheckout&edit=yes&ticketinfo=name&returnurl=https%3A%2F%2Frockhal.lu&l=en&accesskey=4528f4e37549c2433e6bd4a7&signature=cbf29205190e741147b9f8561f4a99947436d3dbe26a5a8d9f6d180d5dba0b60&_ga=2.120975552.99319861.1702043122-647638822.1702043122#!\/addtickets\"><div class=\"elementor-widget-wrap\"><div class=\"sub-event-content\"><h4 class=\"sub-event-date elementor-element elementor-widget\">30 \/ 09<br\/><small>2024<\/small><\/h4><div class=\"sub-event-title elementor-element elementor-widget\">Rockhal<\/div><div class=\"sub-event-location elementor-element elementor-widget\">Luxemburg<\/div><div class=\"sub-event-notes elementor-element elementor-widget\"><\/div><\/div><div class=\"sub-event-ticket-link elementor-element elementor-widget\"><a href=\"#\" style=\"background-color:#ecf7ff;color:black;\">Termin\u00e9<\/a><\/div><\/div><\/div><div class=\"sub-event-col elementor-column elementor-col-14\" data-link=\"https:\/\/www.ticketmaster.be\/event\/murmuration-sadeck-berrabah-tickets\/59681?language=fr-be\"><div class=\"elementor-widget-wrap\"><div class=\"sub-event-content\"><h4 class=\"sub-event-date elementor-element elementor-widget\">01 \/ 10<br\/><small>2024<\/small><\/h4><div class=\"sub-event-title elementor-element elementor-widget\">Capitole<\/div><div class=\"sub-event-location elementor-element elementor-widget\">Gent<\/div><div class=\"sub-event-notes elementor-element elementor-widget\"><\/div><\/div><div class=\"sub-event-ticket-link elementor-element elementor-widget\"><a href=\"#\" style=\"background-color:#ecf7ff;color:black;\">Termin\u00e9<\/a><\/div><\/div><\/div><div class=\"sub-event-col elementor-column elementor-col-14\" data-link=\"https:\/\/www.ticketmaster.be\/event\/murmuration-sadeck-berrabah-tickets\/59683?language=fr-be\"><div class=\"elementor-widget-wrap\"><div class=\"sub-event-content\"><h4 class=\"sub-event-date elementor-element elementor-widget\">02 \/ 10<br\/><small>2024<\/small><\/h4><div class=\"sub-event-title elementor-element elementor-widget\">Stadsschouwburg<\/div><div class=\"sub-event-location elementor-element elementor-widget\">Antwerpen<\/div><div class=\"sub-event-notes elementor-element elementor-widget\"><\/div><\/div><div class=\"sub-event-ticket-link elementor-element elementor-widget\"><a href=\"#\" style=\"background-color:#ecf7ff;color:black;\">Termin\u00e9<\/a><\/div><\/div><\/div><div class=\"sub-event-col elementor-column elementor-col-14\" data-link=\"https:\/\/shop.utick.net\/?pos=LEFORUM&module=ACTIVITYSERIEDETAILS&s=F0413C70-23BD-BE76-9614-AA47F0968AB0&d=6C7B89AB-2187-56B8-2CA0-4109536FF154\"><div class=\"elementor-widget-wrap\"><div class=\"sub-event-content\"><h4 class=\"sub-event-date elementor-element elementor-widget\">03 \/ 10<br\/><small>2024<\/small><\/h4><div class=\"sub-event-title elementor-element elementor-widget\">Le Forum<\/div><div class=\"sub-event-location elementor-element elementor-widget\">Luik<\/div><div class=\"sub-event-notes elementor-element elementor-widget\"><\/div><\/div><div class=\"sub-event-ticket-link elementor-element elementor-widget\"><a href=\"#\" style=\"background-color:#ecf7ff;color:black;\">Termin\u00e9<\/a><\/div><\/div><\/div><div class=\"sub-event-col elementor-column elementor-col-14\" data-link=\"https:\/\/www.ticketmaster.be\/event\/61097?fbclid=IwAR3HeTs11nWUik5GrNHx1zqBS592VUxakrh3rvf_FpniFbUgzhAZ8XVYGAs&language=fr-be\"><div class=\"elementor-widget-wrap\"><div class=\"sub-event-content\"><h4 class=\"sub-event-date elementor-element elementor-widget\">04 \/ 10<br\/><small>2024<\/small><\/h4><div class=\"sub-event-title elementor-element elementor-widget\">TRM<\/div><div class=\"sub-event-location elementor-element elementor-widget\">Mons<\/div><div class=\"sub-event-notes elementor-element elementor-widget\"><\/div><\/div><div class=\"sub-event-ticket-link elementor-element elementor-widget\"><a href=\"#\" style=\"background-color:#ecf7ff;color:black;\">Termin\u00e9<\/a><\/div><\/div><\/div><div class=\"sub-event-col elementor-column elementor-col-14\" data-link=\"https:\/\/www.ticketmaster.be\/event\/murmuration-sadeck-berrabah-tickets\/62499?language=fr-be\"><div class=\"elementor-widget-wrap\"><div class=\"sub-event-content\"><h4 class=\"sub-event-date elementor-element elementor-widget\">05 \/ 10<br\/><small>2024<\/small><\/h4><div class=\"sub-event-title elementor-element elementor-widget\">TRIXXO Theater<\/div><div class=\"sub-event-location elementor-element elementor-widget\">Hasselt<\/div><div class=\"sub-event-notes elementor-element elementor-widget\"><\/div><\/div><div class=\"sub-event-ticket-link elementor-element elementor-widget\"><a href=\"#\" style=\"background-color:#ecf7ff;color:black;\">Termin\u00e9<\/a><\/div><\/div><\/div><div class=\"sub-event-col elementor-column elementor-col-14\" data-link=\"https:\/\/www.ticketmaster.be\/event\/59691?language=fr-be\"><div class=\"elementor-widget-wrap\"><div class=\"sub-event-content\"><h4 class=\"sub-event-date elementor-element elementor-widget\">21 \/ 12<br\/><small>2024<\/small><\/h4><div class=\"sub-event-title elementor-element elementor-widget\">ING Arena<\/div><div class=\"sub-event-location elementor-element elementor-widget\">Brussel<\/div><div class=\"sub-event-notes elementor-element elementor-widget\"><\/div><\/div><div class=\"sub-event-ticket-link elementor-element elementor-widget\"><a href=\"#\" style=\"background-color:#ecf7ff;color:black;\">Termin\u00e9<\/a><\/div><\/div><\/div><div class=\"sub-event-col elementor-column elementor-col-14\" data-link=\"https:\/\/www.ticketmaster.be\/event\/59703?language=fr-be\"><div class=\"elementor-widget-wrap\"><div class=\"sub-event-content\"><h4 class=\"sub-event-date elementor-element elementor-widget\">22 \/ 12<br\/><small>2024<\/small><\/h4><div class=\"sub-event-title elementor-element elementor-widget\">ING Arena<\/div><div class=\"sub-event-location elementor-element elementor-widget\">Brussel<\/div><div class=\"sub-event-notes elementor-element elementor-widget\"><\/div><\/div><div class=\"sub-event-ticket-link elementor-element elementor-widget\"><a href=\"#\" style=\"background-color:#ecf7ff;color:black;\">Termin\u00e9<\/a><\/div><\/div><\/div><\/div><section><\/div>\n\t\t\t\t<\/div>\n\t\t\t\t<\/div>\n\t\t\t\t\t<\/div>\n\t\t<\/div>\n\t\t\t\t\t<\/div>\n\t\t<\/section>\n\t\t\t\t<section class=\"has_eae_slider elementor-section elementor-top-section elementor-element elementor-element-25b495b2 elementor-section-boxed elementor-section-height-default elementor-section-height-default\" data-id=\"25b495b2\" data-element_type=\"section\" data-settings=\"{&quot;jet_parallax_layout_list&quot;:[]}\">\n\t\t\t\t\t\t<div class=\"elementor-container elementor-column-gap-default\">\n\t\t\t\t\t<div class=\"has_eae_slider elementor-column elementor-col-50 elementor-top-column elementor-element elementor-element-69a4fa20\" data-id=\"69a4fa20\" data-element_type=\"column\">\n\t\t\t<div class=\"elementor-widget-wrap elementor-element-populated\">\n\t\t\t\t\t\t<div class=\"elementor-element elementor-element-1a555c86 elementor-widget elementor-widget-image\" data-id=\"1a555c86\" data-element_type=\"widget\" data-widget_type=\"image.default\">\n\t\t\t\t<div class=\"elementor-widget-container\">\n\t\t\t\t\t\t\t\t\t\t<figure class=\"wp-caption\">\n\t\t\t\t\t\t\t\t\t\t<img decoding=\"async\" width=\"562\" height=\"397\" src=\"https:\/\/gracialive.be\/wp-content\/uploads\/2023\/09\/murmuration-sadeck-berrabah-\u00a9-theatre-le-13e-art-secondary4.jpg\" class=\"attachment-full size-full wp-image-25293\" alt=\"\" srcset=\"https:\/\/gracialive.be\/wp-content\/uploads\/2023\/09\/murmuration-sadeck-berrabah-\u00a9-theatre-le-13e-art-secondary4.jpg 562w, https:\/\/gracialive.be\/wp-content\/uploads\/2023\/09\/murmuration-sadeck-berrabah-\u00a9-theatre-le-13e-art-secondary4-300x212.jpg 300w\" sizes=\"(max-width: 34.9rem) calc(100vw - 2rem), (max-width: 53rem) calc(8 * (100vw \/ 12)), (min-width: 53rem) calc(6 * (100vw \/ 12)), 100vw\" \/>\t\t\t\t\t\t\t\t\t\t\t<figcaption class=\"widget-image-caption wp-caption-text\"><\/figcaption>\n\t\t\t\t\t\t\t\t\t\t<\/figure>\n\t\t\t\t\t\t\t<\/div>\n\t\t\t\t<\/div>\n\t\t\t\t<div class=\"elementor-element elementor-element-40ad0ae elementor-widget elementor-widget-image\" data-id=\"40ad0ae\" data-element_type=\"widget\" data-widget_type=\"image.default\">\n\t\t\t\t<div class=\"elementor-widget-container\">\n\t\t\t\t\t\t\t\t\t\t\t\t\t<img decoding=\"async\" width=\"640\" height=\"403\" src=\"https:\/\/gracialive.be\/wp-content\/uploads\/2023\/09\/Murmuration-P1047856-1024x644-1.jpg\" class=\"attachment-large size-large wp-image-25295\" alt=\"\" srcset=\"https:\/\/gracialive.be\/wp-content\/uploads\/2023\/09\/Murmuration-P1047856-1024x644-1.jpg 1024w, https:\/\/gracialive.be\/wp-content\/uploads\/2023\/09\/Murmuration-P1047856-1024x644-1-300x189.jpg 300w, https:\/\/gracialive.be\/wp-content\/uploads\/2023\/09\/Murmuration-P1047856-1024x644-1-768x483.jpg 768w\" sizes=\"(max-width: 34.9rem) calc(100vw - 2rem), (max-width: 53rem) calc(8 * (100vw \/ 12)), (min-width: 53rem) calc(6 * (100vw \/ 12)), 100vw\" \/>\t\t\t\t\t\t\t\t\t\t\t\t\t<\/div>\n\t\t\t\t<\/div>\n\t\t\t\t\t<\/div>\n\t\t<\/div>\n\t\t\t\t<div class=\"has_eae_slider elementor-column elementor-col-50 elementor-top-column elementor-element elementor-element-719554f9\" data-id=\"719554f9\" data-element_type=\"column\">\n\t\t\t<div class=\"elementor-widget-wrap elementor-element-populated\">\n\t\t\t\t\t\t<div class=\"elementor-element elementor-element-83eb1d1 border_heading_vacatures elementor-widget elementor-widget-heading\" data-id=\"83eb1d1\" data-element_type=\"widget\" data-widget_type=\"heading.default\">\n\t\t\t\t<div class=\"elementor-widget-container\">\n\t\t\t<h1 class=\"elementor-heading-title elementor-size-default\">Information<\/h1>\t\t<\/div>\n\t\t\t\t<\/div>\n\t\t\t\t<div class=\"elementor-element elementor-element-537c497a elementor-widget elementor-widget-text-editor\" data-id=\"537c497a\" data-element_type=\"widget\" data-widget_type=\"text-editor.default\">\n\t\t\t\t<div class=\"elementor-widget-container\">\n\t\t\t\t\t\t\t<p><strong>C\u2019est d\u00e9sormais un succ\u00e8s qui se transforme en triomphe. Apr\u00e8s avoir \u00e9t\u00e9 r\u00e9compens\u00e9 par un raz de mar\u00e9e d\u2019applaudissements lors de ses deux premi\u00e8res repr\u00e9sentation jou\u00e9es \u00e0 guichets ferm\u00e9s en d\u00e9cembre \u00e0 Bruxelles, Sadeck Berrabah, le danseur et chor\u00e9graphe fran\u00e7ais aux millions de vues, annonce son retour en Belgique avec son spectacle\u00a0<em>Murmuration<\/em>. <\/strong><\/p><p><strong>Vu le succ\u00e8s fou provoqu\u00e9 par un bouche-\u00e0-oreille qui s\u2019est r\u00e9pandu comme une tra\u00een\u00e9e de poudre, ce spectacle \u00e9poustouflant, mettant en sc\u00e8ne plus de 46 danseurs, entame une tourn\u00e9e qui s\u2019arr\u00eatera cette fois \u00e0 Luxembourg, Gand, Anvers, Li\u00e8ge et Bruxelles. Ce spectacle est parfait pour gu\u00e9rir les a priori sur la danse.\u00a0<em>Murmuration\u00a0<\/em>est un moment hors du temps, accessible et tout simplement g\u00e9nial ! <\/strong><\/p><p><strong><em>Tickets disponibles d\u00e8s \u00e0 pr\u00e9sent via\u00a0<\/em><\/strong><a href=\"http:\/\/www.gracialive.be\"><strong><em>www.gracialive.be<\/em><\/strong><\/a>.<\/p><p>Tout commence par une vid\u00e9o post\u00e9e <strong>sur YouTube en 2017<\/strong> et devenue aussit\u00f4t virale. Le public y d\u00e9couvre pour la premi\u00e8re fois des danses hypnotiques, bas\u00e9es sur des mouvements de bras en parfaite synchronisation. La toile s\u2019enflamme et le nombre de likes explose. Fort logiquement, la t\u00e9l\u00e9vision s\u2019int\u00e9resse au danseur et chor\u00e9graphe. En acc\u00e9dant en 2021 \u00e0 <strong>la finale de l\u2019\u00e9mission <em>La France<\/em><\/strong><em> <strong>a un incroyable talent<\/strong><\/em>, Sadeck Berrabah voit sa notori\u00e9t\u00e9 s\u2019envoler et son ascension fulgurante s\u2019apparente d\u00e9sormais \u00e0 <strong>une success story<\/strong>.<\/p><p>Partout dans le monde, c\u2019est \u00e0 la t\u00e9l\u00e9vision qu\u2019il impose sa patte artistique : <em>Tu si que vales<\/em> en Italie, <em>The moment<\/em> aux Philippines, <em>World of dance<\/em> aux Etats-Unis. Depuis, <strong>le monde entier sollicite son g\u00e9nie cr\u00e9atif<\/strong>. Des \u00e9v\u00e9nements aussi prestigieux que les Grammy Awards, les Victoires de la Musique ou les JO de Paris 2024 mais aussi <strong>des c\u00e9l\u00e9brit\u00e9s comme Shakira<\/strong>, <strong>les Black Eyed Peas <\/strong>ou<strong> Jennifer Lopez<\/strong>. Alors que le monde de la mode (Christian Louboutin, Moncler) et de la pub (Mercedes, Samsung) se l\u2019arrache, il devient une star aux Etats-Unis en acc\u00e9dant une fois encore \u00e0 la finale de l\u2019\u00e9mission <em>America\u2019s Got Talent<\/em>.<\/p><p>D\u00e9but 2023, le danseur d\u00e9cide de<strong> compiler ses cr\u00e9ations dans un spectacle pour les pr\u00e9senter au public<\/strong>. Le show triomphe \u00e0 Paris et se joue \u00e0 guichets ferm\u00e9s devant plus de 40.000 spectateurs. Des prolongations sont d\u2019ailleurs pr\u00e9vues cet hiver avant une tourn\u00e9e des Z\u00e9nith de France en 2024. En Belgique, Sadeck Berrabah peut d\u00e9j\u00e0 compter sur une solide fanbase dans la mesure o\u00f9 l\u2019an dernier, <strong>le chor\u00e9graphe avait particip\u00e9 \u00e0 l\u2019ouverture du festival bruxellois In the Streets<\/strong> pour lequel il avait cr\u00e9\u00e9<\/p><p>D\u00e9but 2023, le danseur d\u00e9cide de<strong> compiler ses cr\u00e9ations dans un spectacle pour les pr\u00e9senter au public<\/strong>. Le show triomphe \u00e0 Paris et se joue \u00e0 guichets ferm\u00e9s devant plus de 40.000 spectateurs. Des prolongations sont d\u2019ailleurs pr\u00e9vues cet hiver avant une tourn\u00e9e des Z\u00e9nith de France en 2024. En Belgique, Sadeck Berrabah peut d\u00e9j\u00e0 compter sur une solide fanbase dans la mesure o\u00f9 l\u2019an dernier, <strong>le chor\u00e9graphe avait particip\u00e9 \u00e0 l\u2019ouverture du festival bruxellois In the Streets<\/strong> pour lequel il avait cr\u00e9\u00e9 une chor\u00e9graphie spectaculaire dont les vid\u00e9os ont fait, comme toutes les autres, leur effet sur les r\u00e9seaux sociaux.<\/p><p><strong><em>Ne manquez pas &#8220;Murmuration&#8221;, un spectacle \u00e9poustouflant mettant en sc\u00e8ne plus de 46 danseurs, en 2024 au Luxembourg, \u00e0 Gand, Anvers, Li\u00e8ge et Bruxelles !\u00a0<\/em><\/strong><\/p>\t\t\t\t\t\t<\/div>\n\t\t\t\t<\/div>\n\t\t\t\t\t<\/div>\n\t\t<\/div>\n\t\t\t\t\t<\/div>\n\t\t<\/section>\n\t\t\t\t<section class=\"has_eae_slider elementor-section elementor-top-section elementor-element elementor-element-17c5f3bd elementor-section-boxed elementor-section-height-default elementor-section-height-default\" data-id=\"17c5f3bd\" data-element_type=\"section\" data-settings=\"{&quot;jet_parallax_layout_list&quot;:[{&quot;jet_parallax_layout_image&quot;:{&quot;url&quot;:&quot;&quot;,&quot;id&quot;:&quot;&quot;,&quot;size&quot;:&quot;&quot;},&quot;_id&quot;:&quot;d5ed3cd&quot;,&quot;jet_parallax_layout_image_tablet&quot;:{&quot;url&quot;:&quot;&quot;,&quot;id&quot;:&quot;&quot;,&quot;size&quot;:&quot;&quot;},&quot;jet_parallax_layout_image_mobile&quot;:{&quot;url&quot;:&quot;&quot;,&quot;id&quot;:&quot;&quot;,&quot;size&quot;:&quot;&quot;},&quot;jet_parallax_layout_speed&quot;:{&quot;unit&quot;:&quot;%&quot;,&quot;size&quot;:50,&quot;sizes&quot;:[]},&quot;jet_parallax_layout_type&quot;:&quot;scroll&quot;,&quot;jet_parallax_layout_direction&quot;:null,&quot;jet_parallax_layout_fx_direction&quot;:null,&quot;jet_parallax_layout_z_index&quot;:&quot;&quot;,&quot;jet_parallax_layout_bg_x&quot;:50,&quot;jet_parallax_layout_bg_x_tablet&quot;:&quot;&quot;,&quot;jet_parallax_layout_bg_x_mobile&quot;:&quot;&quot;,&quot;jet_parallax_layout_bg_y&quot;:50,&quot;jet_parallax_layout_bg_y_tablet&quot;:&quot;&quot;,&quot;jet_parallax_layout_bg_y_mobile&quot;:&quot;&quot;,&quot;jet_parallax_layout_bg_size&quot;:&quot;auto&quot;,&quot;jet_parallax_layout_bg_size_tablet&quot;:&quot;&quot;,&quot;jet_parallax_layout_bg_size_mobile&quot;:&quot;&quot;,&quot;jet_parallax_layout_animation_prop&quot;:&quot;transform&quot;,&quot;jet_parallax_layout_on&quot;:[&quot;desktop&quot;,&quot;tablet&quot;]}],&quot;background_background&quot;:&quot;classic&quot;}\">\n\t\t\t\t\t\t<div class=\"elementor-container elementor-column-gap-default\">\n\t\t\t\t\t<div class=\"has_eae_slider elementor-column elementor-col-100 elementor-top-column elementor-element elementor-element-1b5f39b\" data-id=\"1b5f39b\" data-element_type=\"column\">\n\t\t\t<div class=\"elementor-widget-wrap elementor-element-populated\">\n\t\t\t\t\t\t<div class=\"elementor-element elementor-element-5f993a43 border_heading_vacatures elementor-widget elementor-widget-heading\" data-id=\"5f993a43\" data-element_type=\"widget\" data-widget_type=\"heading.default\">\n\t\t\t\t<div class=\"elementor-widget-container\">\n\t\t\t<h1 class=\"elementor-heading-title elementor-size-default\">Regardez et D\u00e9couvrez\u200b<\/h1>\t\t<\/div>\n\t\t\t\t<\/div>\n\t\t\t\t<section class=\"has_eae_slider elementor-section elementor-inner-section elementor-element elementor-element-56508bf elementor-section-boxed elementor-section-height-default elementor-section-height-default\" data-id=\"56508bf\" data-element_type=\"section\" data-settings=\"{&quot;jet_parallax_layout_list&quot;:[]}\">\n\t\t\t\t\t\t<div class=\"elementor-container elementor-column-gap-default\">\n\t\t\t\t\t<div class=\"has_eae_slider elementor-column elementor-col-50 elementor-inner-column elementor-element elementor-element-2e15a635\" data-id=\"2e15a635\" data-element_type=\"column\">\n\t\t\t<div class=\"elementor-widget-wrap elementor-element-populated\">\n\t\t\t\t\t\t<div class=\"elementor-element elementor-element-24cb5d9 elementor-widget elementor-widget-jet-video\" data-id=\"24cb5d9\" data-element_type=\"widget\" data-widget_type=\"jet-video.default\">\n\t\t\t\t<div class=\"elementor-widget-container\">\n\t\t\t<div class=\"elementor-jet-video jet-elements\">\n<div class=\"jet-video jet-video--fa5-compat jet-video-aspect-ratio jet-video-aspect-ratio--16-9\" data-settings=\"{&quot;lightbox&quot;:false,&quot;autoplay&quot;:false}\"><iframe class=\"jet-video-iframe\" allowfullscreen allow=\"autoplay;encrypted-media\" title=\"Lecteur vid\u00e9o youtube\" data-lazy-load=\"https:\/\/www.youtube.com\/embed\/w3YP1eHQMg8?feature=oembed&amp;start&amp;end&amp;wmode=opaque&amp;autoplay=0&amp;loop=0&amp;controls=1&amp;mute=0&amp;rel=0&amp;modestbranding=0\"><\/iframe>\n<div class=\"jet-video__overlay jet-video__overlay--custom-bg\" style=\"background-image: url(https:\/\/i.ytimg.com\/vi\/w3YP1eHQMg8\/maxresdefault.jpg);\"><\/div>\n<\/div>\n<\/div>\t\t<\/div>\n\t\t\t\t<\/div>\n\t\t\t\t\t<\/div>\n\t\t<\/div>\n\t\t\t\t<div class=\"has_eae_slider elementor-column elementor-col-50 elementor-inner-column elementor-element elementor-element-48cedc79\" data-id=\"48cedc79\" data-element_type=\"column\">\n\t\t\t<div class=\"elementor-widget-wrap elementor-element-populated\">\n\t\t\t\t\t\t<div class=\"elementor-element elementor-element-07a3d07 elementor-widget elementor-widget-video\" data-id=\"07a3d07\" data-element_type=\"widget\" data-settings=\"{&quot;youtube_url&quot;:&quot;https:\\\/\\\/youtu.be\\\/Ho8HYtCAXXs?si=BRSPwi3ULt8lxGCI&quot;,&quot;video_type&quot;:&quot;youtube&quot;,&quot;controls&quot;:&quot;yes&quot;}\" data-widget_type=\"video.default\">\n\t\t\t\t<div class=\"elementor-widget-container\">\n\t\t\t<style>\/*! elementor - v3.22.0 - 17-06-2024 *\/\n.elementor-widget-video .elementor-widget-container{overflow:hidden;transform:translateZ(0)}.elementor-widget-video .elementor-wrapper{aspect-ratio:var(--video-aspect-ratio)}.elementor-widget-video .elementor-wrapper iframe,.elementor-widget-video .elementor-wrapper video{height:100%;width:100%;display:flex;border:none;background-color:#000}@supports not (aspect-ratio:1\/1){.elementor-widget-video .elementor-wrapper{position:relative;overflow:hidden;height:0;padding-bottom:calc(100% \/ var(--video-aspect-ratio))}.elementor-widget-video .elementor-wrapper iframe,.elementor-widget-video .elementor-wrapper video{position:absolute;top:0;right:0;bottom:0;left:0}}.elementor-widget-video .elementor-open-inline .elementor-custom-embed-image-overlay{position:absolute;top:0;right:0;bottom:0;left:0;background-size:cover;background-position:50%}.elementor-widget-video .elementor-custom-embed-image-overlay{cursor:pointer;text-align:center}.elementor-widget-video .elementor-custom-embed-image-overlay:hover .elementor-custom-embed-play i{opacity:1}.elementor-widget-video .elementor-custom-embed-image-overlay img{display:block;width:100%;aspect-ratio:var(--video-aspect-ratio);-o-object-fit:cover;object-fit:cover;-o-object-position:center center;object-position:center center}@supports not (aspect-ratio:1\/1){.elementor-widget-video .elementor-custom-embed-image-overlay{position:relative;overflow:hidden;height:0;padding-bottom:calc(100% \/ var(--video-aspect-ratio))}.elementor-widget-video .elementor-custom-embed-image-overlay img{position:absolute;top:0;right:0;bottom:0;left:0}}.elementor-widget-video .e-hosted-video .elementor-video{-o-object-fit:cover;object-fit:cover}.e-con-inner>.elementor-widget-video,.e-con>.elementor-widget-video{width:var(--container-widget-width);--flex-grow:var(--container-widget-flex-grow)}<\/style>\t\t<div class=\"elementor-wrapper elementor-open-inline\">\n\t\t\t<div class=\"elementor-video\"><\/div>\t\t<\/div>\n\t\t\t\t<\/div>\n\t\t\t\t<\/div>\n\t\t\t\t\t<\/div>\n\t\t<\/div>\n\t\t\t\t\t<\/div>\n\t\t<\/section>\n\t\t\t\t\t<\/div>\n\t\t<\/div>\n\t\t\t\t\t<\/div>\n\t\t<\/section>\n\t\t\t\t<section class=\"has_eae_slider elementor-section elementor-top-section elementor-element elementor-element-75042e23 elementor-section-boxed elementor-section-height-default elementor-section-height-default\" data-id=\"75042e23\" data-element_type=\"section\" data-settings=\"{&quot;jet_parallax_layout_list&quot;:[{&quot;jet_parallax_layout_image&quot;:{&quot;url&quot;:&quot;&quot;,&quot;id&quot;:&quot;&quot;,&quot;size&quot;:&quot;&quot;},&quot;_id&quot;:&quot;d5ed3cd&quot;,&quot;jet_parallax_layout_image_tablet&quot;:{&quot;url&quot;:&quot;&quot;,&quot;id&quot;:&quot;&quot;,&quot;size&quot;:&quot;&quot;},&quot;jet_parallax_layout_image_mobile&quot;:{&quot;url&quot;:&quot;&quot;,&quot;id&quot;:&quot;&quot;,&quot;size&quot;:&quot;&quot;},&quot;jet_parallax_layout_speed&quot;:{&quot;unit&quot;:&quot;%&quot;,&quot;size&quot;:50,&quot;sizes&quot;:[]},&quot;jet_parallax_layout_type&quot;:&quot;scroll&quot;,&quot;jet_parallax_layout_direction&quot;:null,&quot;jet_parallax_layout_fx_direction&quot;:null,&quot;jet_parallax_layout_z_index&quot;:&quot;&quot;,&quot;jet_parallax_layout_bg_x&quot;:50,&quot;jet_parallax_layout_bg_x_tablet&quot;:&quot;&quot;,&quot;jet_parallax_layout_bg_x_mobile&quot;:&quot;&quot;,&quot;jet_parallax_layout_bg_y&quot;:50,&quot;jet_parallax_layout_bg_y_tablet&quot;:&quot;&quot;,&quot;jet_parallax_layout_bg_y_mobile&quot;:&quot;&quot;,&quot;jet_parallax_layout_bg_size&quot;:&quot;auto&quot;,&quot;jet_parallax_layout_bg_size_tablet&quot;:&quot;&quot;,&quot;jet_parallax_layout_bg_size_mobile&quot;:&quot;&quot;,&quot;jet_parallax_layout_animation_prop&quot;:&quot;transform&quot;,&quot;jet_parallax_layout_on&quot;:[&quot;desktop&quot;,&quot;tablet&quot;]}]}\">\n\t\t\t\t\t\t<div class=\"elementor-container elementor-column-gap-default\">\n\t\t\t\t\t<div class=\"has_eae_slider elementor-column elementor-col-100 elementor-top-column elementor-element elementor-element-78e6ea9\" data-id=\"78e6ea9\" data-element_type=\"column\">\n\t\t\t<div class=\"elementor-widget-wrap elementor-element-populated\">\n\t\t\t\t\t\t<div class=\"elementor-element elementor-element-2c665713 border_heading_vacatures elementor-widget elementor-widget-heading\" data-id=\"2c665713\" data-element_type=\"widget\" data-widget_type=\"heading.default\">\n\t\t\t\t<div class=\"elementor-widget-container\">\n\t\t\t<h1 class=\"elementor-heading-title elementor-size-default\">\u00c9v\u00e9nements similaires\u200b<\/h1>\t\t<\/div>\n\t\t\t\t<\/div>\n\t\t\t\t<div class=\"elementor-element elementor-element-624fad7a css-posts-slider elementor-widget elementor-widget-jet-posts\" data-id=\"624fad7a\" data-element_type=\"widget\" data-settings=\"{&quot;columns&quot;:&quot;3&quot;,&quot;columns_tablet&quot;:&quot;3&quot;,&quot;columns_mobile&quot;:&quot;1&quot;,&quot;slides_to_scroll&quot;:&quot;1&quot;}\" data-widget_type=\"jet-posts.default\">\n\t\t\t\t<div class=\"elementor-widget-container\">\n\t\t\t<div class=\"elementor-jet-posts jet-elements\"><div class=\"jet-posts col-row  jet-equal-cols\"><div class=\"jet-posts__item\">\n\t<!--  -->\n\t<a class=\"custom_link\" href=\"https:\/\/gracialive.be\/fr\/agenda\/bad-gyal-2024\/\">\n\t<!--  -->\n\t\t<div class=\"jet-posts__inner-box d-none d-md-block\" style=\"background-image: url('https:\/\/gracialive.be\/wp-content\/uploads\/2024\/03\/1920x1080.jpg'); background-repeat: no-repeat; background-size: cover; background-position: center center;\"><div class=\"jet-posts__inner-content\"><h4 class=\"entry-title\"><a href=\"https:\/\/gracialive.be\/fr\/agenda\/bad-gyal-2024\/\">Bad Gyal<\/a><\/h4><div class=\"post-meta\"><span class=\"post__modified_date post-meta__item\"><\/span>\n                <div class=\"relationship_post_info\">\n                                    <span class=\"post_info\">Couleur Caf\u00e9<\/span>\n                            <\/div>\n        \n    <\/div><\/div><\/div>\n\t\t\n\t\t<div data-id=\"https:\/\/gracialive.be\/wp-content\/uploads\/2024\/03\/790x300.jpg\" class=\"jet-posts__inner-box d-md-none\" style=\"background-image: url('https:\/\/gracialive.be\/wp-content\/uploads\/2024\/03\/790x300.jpg'); background-repeat: no-repeat; aspect-ratio:79\/30; background-size: cover; background-position: center center;\"><div class=\"jet-posts__inner-content\"><h4 class=\"entry-title\"><a href=\"https:\/\/gracialive.be\/fr\/agenda\/bad-gyal-2024\/\">Bad Gyal<\/a><\/h4><div class=\"post-meta\"><span class=\"post__modified_date post-meta__item\"><\/span>\n                <div class=\"relationship_post_info\">\n                                    <span class=\"post_info\">Couleur Caf\u00e9<\/span>\n                            <\/div>\n        \n    <\/div><\/div><\/div>\n\t<!--  -->\n\t<\/a>\n\t<!--  -->\n<\/div>\n<\/div>\n<\/div>\t\t<\/div>\n\t\t\t\t<\/div>\n\t\t\t\t\t<\/div>\n\t\t<\/div>\n\t\t\t\t\t<\/div>\n\t\t<\/section>\n\t\t\t\t<\/div>\n\t\t","protected":false},"featured_media":25288,"template":"elementor_header_footer","meta":[],"categories":[285],"location":[306,259],"related_event":[],"yoast_head":"<!-- This site is optimized with the Yoast SEO Premium plugin v21.5 (Yoast SEO v21.5) - https:\/\/yoast.com\/wordpress\/plugins\/seo\/ -->\n<title>Gracia Live | Murmuration Sadeck Berrabah - 2024<\/title>\n<meta name=\"description\" content=\"Apr\u00e8s un grand succ\u00e8s, Murmuration, le spectacle \u00e9v\u00e9nement de Sadeck Berrabah annonce son retour en Belgique et au Luxembourg en 2024 !\" \/>\n<meta name=\"robots\" content=\"index, follow, max-snippet:-1, max-image-preview:large, max-video-preview:-1\" \/>\n<link rel=\"canonical\" href=\"https:\/\/gracialive.be\/agenda\/murmuration-2024\/\" \/>\n<meta property=\"og:locale\" content=\"fr_FR\" \/>\n<meta property=\"og:type\" content=\"article\" \/>\n<meta property=\"og:title\" content=\"Murmuration\" \/>\n<meta property=\"og:description\" content=\"Apr\u00e8s un grand succ\u00e8s, Murmuration, le spectacle \u00e9v\u00e9nement de Sadeck Berrabah annonce son retour en Belgique et au Luxembourg en 2024 !\" \/>\n<meta property=\"og:url\" content=\"https:\/\/gracialive.be\/agenda\/murmuration-2024\/\" \/>\n<meta property=\"og:site_name\" content=\"Gracia Live\" \/>\n<meta property=\"article:publisher\" content=\"https:\/\/www.facebook.com\/gracialivebelgium\" \/>\n<meta property=\"article:modified_time\" content=\"2024-12-26T16:17:35+00:00\" \/>\n<meta property=\"og:image\" content=\"https:\/\/gracialive.be\/wp-content\/uploads\/2023\/09\/sb-1920x1080-1.jpg\" \/>\n\t<meta property=\"og:image:width\" content=\"1920\" \/>\n\t<meta property=\"og:image:height\" content=\"1080\" \/>\n\t<meta property=\"og:image:type\" content=\"image\/jpeg\" \/>\n<meta name=\"twitter:card\" content=\"summary_large_image\" \/>\n<meta name=\"twitter:site\" content=\"@GRACIALIVEBEL\" \/>\n<meta name=\"twitter:label1\" content=\"Dur\u00e9e de lecture estim\u00e9e\" \/>\n\t<meta name=\"twitter:data1\" content=\"4 minutes\" \/>\n<script type=\"application\/ld+json\" class=\"yoast-schema-graph\">{\"@context\":\"https:\/\/schema.org\",\"@graph\":[{\"@type\":\"WebPage\",\"@id\":\"https:\/\/gracialive.be\/agenda\/murmuration-2024\/\",\"url\":\"https:\/\/gracialive.be\/agenda\/murmuration-2024\/\",\"name\":\"Gracia Live | Murmuration Sadeck Berrabah - 2024\",\"isPartOf\":{\"@id\":\"https:\/\/gracialive.be\/#website\"},\"datePublished\":\"2023-12-09T10:45:58+00:00\",\"dateModified\":\"2024-12-26T16:17:35+00:00\",\"description\":\"Apr\u00e8s un grand succ\u00e8s, Murmuration, le spectacle \u00e9v\u00e9nement de Sadeck Berrabah annonce son retour en Belgique et au Luxembourg en 2024 !\",\"breadcrumb\":{\"@id\":\"https:\/\/gracialive.be\/agenda\/murmuration-2024\/#breadcrumb\"},\"inLanguage\":\"fr-FR\",\"potentialAction\":[{\"@type\":\"ReadAction\",\"target\":[\"https:\/\/gracialive.be\/agenda\/murmuration-2024\/\"]}]},{\"@type\":\"BreadcrumbList\",\"@id\":\"https:\/\/gracialive.be\/agenda\/murmuration-2024\/#breadcrumb\",\"itemListElement\":[{\"@type\":\"ListItem\",\"position\":1,\"name\":\"Home\",\"item\":\"https:\/\/gracialive.be\/fr\/\"},{\"@type\":\"ListItem\",\"position\":2,\"name\":\"Events\",\"item\":\"https:\/\/gracialive.be\/archief\/\"},{\"@type\":\"ListItem\",\"position\":3,\"name\":\"Murmuration\"}]},{\"@type\":\"WebSite\",\"@id\":\"https:\/\/gracialive.be\/#website\",\"url\":\"https:\/\/gracialive.be\/\",\"name\":\"Gracia Live\",\"description\":\"Concert en Event Promotor Belgium\",\"publisher\":{\"@id\":\"https:\/\/gracialive.be\/#organization\"},\"potentialAction\":[{\"@type\":\"SearchAction\",\"target\":{\"@type\":\"EntryPoint\",\"urlTemplate\":\"https:\/\/gracialive.be\/?s={search_term_string}\"},\"query-input\":\"required name=search_term_string\"}],\"inLanguage\":\"fr-FR\"},{\"@type\":\"Organization\",\"@id\":\"https:\/\/gracialive.be\/#organization\",\"name\":\"Gracia Live\",\"url\":\"https:\/\/gracialive.be\/\",\"logo\":{\"@type\":\"ImageObject\",\"inLanguage\":\"fr-FR\",\"@id\":\"https:\/\/gracialive.be\/#\/schema\/logo\/image\/\",\"url\":\"https:\/\/gracialive.be\/wp-content\/uploads\/2022\/01\/cropped-GL-500x300_zwart.png\",\"contentUrl\":\"https:\/\/gracialive.be\/wp-content\/uploads\/2022\/01\/cropped-GL-500x300_zwart.png\",\"width\":512,\"height\":512,\"caption\":\"Gracia Live\"},\"image\":{\"@id\":\"https:\/\/gracialive.be\/#\/schema\/logo\/image\/\"},\"sameAs\":[\"https:\/\/www.facebook.com\/gracialivebelgium\",\"https:\/\/twitter.com\/GRACIALIVEBEL\",\"https:\/\/www.instagram.com\/gracialive_belgium\/\"]}]}<\/script>\n<!-- \/ Yoast SEO Premium plugin. -->","yoast_head_json":{"title":"Gracia Live | Murmuration Sadeck Berrabah - 2024","description":"Apr\u00e8s un grand succ\u00e8s, Murmuration, le spectacle \u00e9v\u00e9nement de Sadeck Berrabah annonce son retour en Belgique et au Luxembourg en 2024 !","robots":{"index":"index","follow":"follow","max-snippet":"max-snippet:-1","max-image-preview":"max-image-preview:large","max-video-preview":"max-video-preview:-1"},"canonical":"https:\/\/gracialive.be\/agenda\/murmuration-2024\/","og_locale":"fr_FR","og_type":"article","og_title":"Murmuration","og_description":"Apr\u00e8s un grand succ\u00e8s, Murmuration, le spectacle \u00e9v\u00e9nement de Sadeck Berrabah annonce son retour en Belgique et au Luxembourg en 2024 !","og_url":"https:\/\/gracialive.be\/agenda\/murmuration-2024\/","og_site_name":"Gracia Live","article_publisher":"https:\/\/www.facebook.com\/gracialivebelgium","article_modified_time":"2024-12-26T16:17:35+00:00","og_image":[{"width":1920,"height":1080,"url":"https:\/\/gracialive.be\/wp-content\/uploads\/2023\/09\/sb-1920x1080-1.jpg","type":"image\/jpeg"}],"twitter_card":"summary_large_image","twitter_site":"@GRACIALIVEBEL","twitter_misc":{"Dur\u00e9e de lecture estim\u00e9e":"4 minutes"},"schema":{"@context":"https:\/\/schema.org","@graph":[{"@type":"WebPage","@id":"https:\/\/gracialive.be\/agenda\/murmuration-2024\/","url":"https:\/\/gracialive.be\/agenda\/murmuration-2024\/","name":"Gracia Live | Murmuration Sadeck Berrabah - 2024","isPartOf":{"@id":"https:\/\/gracialive.be\/#website"},"datePublished":"2023-12-09T10:45:58+00:00","dateModified":"2024-12-26T16:17:35+00:00","description":"Apr\u00e8s un grand succ\u00e8s, Murmuration, le spectacle \u00e9v\u00e9nement de Sadeck Berrabah annonce son retour en Belgique et au Luxembourg en 2024 !","breadcrumb":{"@id":"https:\/\/gracialive.be\/agenda\/murmuration-2024\/#breadcrumb"},"inLanguage":"fr-FR","potentialAction":[{"@type":"ReadAction","target":["https:\/\/gracialive.be\/agenda\/murmuration-2024\/"]}]},{"@type":"BreadcrumbList","@id":"https:\/\/gracialive.be\/agenda\/murmuration-2024\/#breadcrumb","itemListElement":[{"@type":"ListItem","position":1,"name":"Home","item":"https:\/\/gracialive.be\/fr\/"},{"@type":"ListItem","position":2,"name":"Events","item":"https:\/\/gracialive.be\/archief\/"},{"@type":"ListItem","position":3,"name":"Murmuration"}]},{"@type":"WebSite","@id":"https:\/\/gracialive.be\/#website","url":"https:\/\/gracialive.be\/","name":"Gracia Live","description":"Concert en Event Promotor Belgium","publisher":{"@id":"https:\/\/gracialive.be\/#organization"},"potentialAction":[{"@type":"SearchAction","target":{"@type":"EntryPoint","urlTemplate":"https:\/\/gracialive.be\/?s={search_term_string}"},"query-input":"required name=search_term_string"}],"inLanguage":"fr-FR"},{"@type":"Organization","@id":"https:\/\/gracialive.be\/#organization","name":"Gracia Live","url":"https:\/\/gracialive.be\/","logo":{"@type":"ImageObject","inLanguage":"fr-FR","@id":"https:\/\/gracialive.be\/#\/schema\/logo\/image\/","url":"https:\/\/gracialive.be\/wp-content\/uploads\/2022\/01\/cropped-GL-500x300_zwart.png","contentUrl":"https:\/\/gracialive.be\/wp-content\/uploads\/2022\/01\/cropped-GL-500x300_zwart.png","width":512,"height":512,"caption":"Gracia Live"},"image":{"@id":"https:\/\/gracialive.be\/#\/schema\/logo\/image\/"},"sameAs":["https:\/\/www.facebook.com\/gracialivebelgium","https:\/\/twitter.com\/GRACIALIVEBEL","https:\/\/www.instagram.com\/gracialive_belgium\/"]}]}},"acf":{"event_date_mention":"21.12.2024 - 22.12.2024","event_venue":[{"ID":6801,"post_author":"17","post_date":"2022-04-29 10:03:01","post_date_gmt":"2022-04-29 10:03:01","post_content":"<a title=\"Home\" href=\"https:\/\/gracialive.be\/\" rel=\"home\">Home<\/a>\r\n\r\nLe Palais 12 est une ar\u00e8ne situ\u00e9e \u00e0 Bruxelles qui est utilis\u00e9e pour des concerts et des spectacles. Avec une capacit\u00e9 d'environ 15 000 places, c'est la deuxi\u00e8me plus grande salle de spectacle de Belgique apr\u00e8s le Palais des sports d'Anvers.\r\n<h4>Pratique<\/h4>\r\n<a role=\"button\">\r\nDescription de la route\r\n<\/a>\r\n<h4>Bereikbaarheid<\/h4>\r\nPaleis 12 ligt in het hart van Europa en heeft dus een ideale ligging. Wil je meer informatie over hoe je het makkelijkst Paleis 12 kan bereiken? Je kan met al jouw vragen terecht bij hun\u00a0<a href=\"https:\/\/www.palais12.com\/nl\/bezoekers\/bereikbaarheid\" target=\"_blank\" rel=\"noopener\">website<\/a>.\r\n\r\n<a>Met de fiets<\/a>\r\n\r\nVoor wie op wandelafstand woont of werkt, is de meest ideale manier om Vorst Nationaal te bereiken te voet of met de fiets. Geen files, geen parkeerproblemen!\r\n\r\nOf maak gebruik van\u00a0<a href=\"https:\/\/mobilite-mobiliteit.brussels\/nl\/apps\" target=\"_blank\" rel=\"noopener\">de fietsen die door de stad Brussel<\/a>\u00a0ter beschikking worden gesteld.\r\n\r\n<a>Met het openbaar vervoer<\/a>\r\n\r\nKom je met de trein naar Brussel? Bezoek dan zeker de website van de <a href=\"https:\/\/www.belgiantrain.be\/nl?gclid=EAIaIQobChMI_M3BqIa59wIVCap3Ch1-fAKsEAAYASAAEgI_gPD_BwE\">NMBS<\/a> om je reis goed te plannen!\r\n\r\nWelke tramlijnen kan jij nemen:\r\n<ul>\r\n \t<li>Tramlijn 7 van de MIVB stopt eveneens bij Brussels Expo. Neem de tram richting Heizel en stap af aan de terminus.<\/li>\r\n \t<li>De trams 51 en 93 stoppen aan het Koning Boudewijnstadion. Tram 3 (Esplanade) stopt in de Meysselaan<\/li>\r\n<\/ul>\r\nWelke buslijnen kan je nemen:\r\n<ul>\r\n \t<li>De\u00a0buslijnen 14,\u00a083\u00a0en\u00a088\u00a0richting \u201cHeizel\u201d stoppen aan Brussels Expo; stap af aan de halte \u201cHeizel\u201d (terminus).<\/li>\r\n \t<li>Buslijn 83\u00a0richting \u201cBerchem Station\u201d of \u201cMari\u00ebndaal\u201d stopt ook vlakbij Paleis 12; stap af aan de halte \u201cPaleis 12\u201d.<\/li>\r\n<\/ul>\r\n<a>Met de auto<\/a>\r\n\r\nLET OP: lage-emissiezone! Kom je met de auto naar Paleis 12? Hou er rekening mee dat Het Brussels Hoofdstedelijk Gewest een Lage-emissiezone is.\r\n\r\nPaleis 12 heeft tal van parkeerplaatsen die gemakkelijk toegankelijk zijn vanaf de Ring. Deze zijn beschikbaar aan de ingang van de parkeerterreinen.\r\n\r\nDe plaats is gemakkelijk toegankelijk met de wagen dankzij het uitgebreide wegennetwerk in Belgi\u00eb. Meer dan 12.000 auto\u2019s kunnen een parkeerplaats vinden in de nabijheid van Paleis 12.\r\n<h4>Toegankelijkheid<\/h4>\r\nPaleis 12 biedt een volledig aanbod van accommodaties voor mensen met een beperking. Ze houden rekening met hun veiligheid, comfort en plezier. Bekijk al hun accommodaties op hun <a href=\"https:\/\/www.palais12.com\/nl\/bezoekers\/pbm-toegankelijkheid\" target=\"_blank\" rel=\"noopener\">website<\/a>.\r\n<h4>Zaalplan<\/h4>\r\n<a href=\"https:\/\/gracialive.be\/wp-content\/uploads\/2022\/04\/Plan-schmatique-P12-852099a50f.jpg\" data-elementor-open-lightbox=\"yes\" data-elementor-lightbox-title=\"Plan-schmatique-P12-852099a50f\" data-e-action-hash=\"#elementor-action%3Aaction%3Dlightbox%26settings%3DeyJpZCI6NTEwNiwidXJsIjoiaHR0cHM6XC9cL3N0YWdpbmcyLmdyYWNpYWxpdmUuYmVcL3dwLWNvbnRlbnRcL3VwbG9hZHNcLzIwMjJcLzA0XC9QbGFuLXNjaG1hdGlxdWUtUDEyLTg1MjA5OWE1MGYuanBnIn0%3D\">\r\n<img src=\"https:\/\/gracialive.be\/wp-content\/uploads\/2022\/04\/Plan-schmatique-P12-852099a50f.jpg\" sizes=\"(max-width: 640px) 100vw, 640px\" srcset=\"https:\/\/gracialive.be\/wp-content\/uploads\/2022\/04\/Plan-schmatique-P12-852099a50f.jpg 867w, https:\/\/gracialive.be\/wp-content\/uploads\/2022\/04\/Plan-schmatique-P12-852099a50f-300x200.jpg 300w, https:\/\/gracialive.be\/wp-content\/uploads\/2022\/04\/Plan-schmatique-P12-852099a50f-768x513.jpg 768w\" alt=\"\" width=\"640\" height=\"427\" \/> <\/a>\r\n<h1>Concert agenda<\/h1>\r\n<p style=\"text-align: center;\">Vous trouverez ci-dessous l'agenda de tous nos futurs concerts ici.<\/p>\r\n[show_events_list_venue]\r\n<a role=\"button\" href=\"\/agenda\/\">\r\nVoir l'agenda complet\r\n<\/a>","post_title":"ING Arena","post_excerpt":"","post_status":"publish","comment_status":"closed","ping_status":"closed","post_password":"","post_name":"ing-arena","to_ping":"","pinged":"","post_modified":"2023-11-28 12:08:29","post_modified_gmt":"2023-11-28 12:08:29","post_content_filtered":"","post_parent":0,"guid":"https:\/\/gracialive.be\/venue\/paleis-12\/","menu_order":0,"post_type":"venue","post_mime_type":"","comment_count":"0","filter":"raw"}],"event_feature_image_m":"https:\/\/gracialive.be\/wp-content\/uploads\/2023\/09\/sb-790x300-1.jpg","event_related_events":"","multiple_events":[{"sub_event_date":"30.09.2024","sub_event_venue":[{"ID":7132,"post_author":"17","post_date":"2022-04-22 12:59:55","post_date_gmt":"2022-04-22 12:59:55","post_content":"<a title=\"Home\" href=\"https:\/\/gracialive.be\/\" rel=\"home\">Home<\/a>\r\n\r\nLa Rockhal est une salle de concert situ\u00e9e \u00e0 Esch-sur-Alzette, dans le sud du Luxembourg. La salle a \u00e9t\u00e9 inaugur\u00e9e le 23 septembre 2005 et peut accueillir jusqu'\u00e0 6 500 personnes. Il est situ\u00e9 sur l'ancienne zone industrielle de Belval, \u00e0 l'ouest d'Esch.\r\n<h4>Pratique<\/h4>\r\n<a role=\"button\">\r\nDescription de la route\r\n<\/a>\r\n<h4>Bereikbaarheid<\/h4>\r\n<a>Met het openbaar vervoer<\/a>\r\n\r\nHet openbaar vervoer in Luxemburg is gratis! Maak hier gebruik van, want het helpt om files voor en na de voorstelling te voorkomen.\u00a0De Rockhal raadt aan om met de trein te komen via lijn 60: Luxemburg-Bettembourg-Esch-P\u00e9tange. Het treinstation Belval Universit\u00e9 ligt direct bij de Rockhal.\r\n\r\n3 TICE-buslijnen rijden dagelijks van en naar de Rockhal (lijn 3, 4 en 15). Belangrijke bestemmingen zijn Esch, Kayl, Schifflange en Clemency. Bezoek de website van TICE voor informatie over de dienstregeling.\r\n\r\n<a>Met de auto<\/a>\r\n\r\nLet op: de parkeergarage bij de Rockhal heeft maar een beperkt aantal plaatsen. Maak dus gebruik van het openbaar vervoer, dat gratis is als u een concertticket heeft voor een voorstelling in de Rockhal.\r\n\r\n<strong>Waar mag je jouw auto niet parkeren?<\/strong>\r\n\r\nHet is niet toegestaan om je auto op de stoepen van de wegen in Belval te parkeren. Je riskeert een bekeuring of erger nog, dat je auto in beslag wordt genomen door de politie.\r\n\r\n<strong>Parkeren CFL<\/strong>\r\n\r\nWat de parkeermogelijkheden bij Belval betreft, raden zij aan gebruik te maken van de CFL parking die zich direct aan het treinstation Belval Universit\u00e9 bevindt en op slechts 2 minuten te voet van de Rockhal verwijderd is. De toegang tot deze parking voor en na de grote shows is gemakkelijker en sneller.\r\n<h4>Toegankelijkheid<\/h4>\r\nRockhal is een volledig toegankelijke zaal. Zo bieden ze bezoekers een beperkte mobiliteit en rolstoelinfrastructuur die bij hun behoeften past en kunnen ze onbeperkt genieten van onze concerten.\r\n\r\nZij beschikken over de volgende voorzieningen:\r\n<ul>\r\n \t<li>gehandicaptenparkeerplaatsen;<\/li>\r\n \t<li>bruikbare toiletten;<\/li>\r\n \t<li>aparte ingangen voor rolstoelgebruikers en mensen met beperkte mobiliteit;<\/li>\r\n \t<li>gereserveerde plaatsen voor rolstoelgebruikers in genummerde voorstellingen;<\/li>\r\n \t<li>een verhoogd platform in het auditorium dat het best mogelijke zicht op het podium biedt voor mensen in een rolstoel en mensen met beperkte mobiliteit die een zitplaats nodig hebben (voor voorstellingen zonder zitplaats).<\/li>\r\n<\/ul>\r\n<h4>Zaalplan<\/h4>\r\n<a href=\"https:\/\/gracialive.be\/wp-content\/plugins\/elementor\/assets\/images\/placeholder.png\" data-elementor-open-lightbox=\"yes\" data-e-action-hash=\"#elementor-action%3Aaction%3Dlightbox%26settings%3DW10%3D\">\r\n<img title=\"\" src=\"https:\/\/gracialive.be\/wp-content\/plugins\/elementor\/assets\/images\/placeholder.png\" alt=\"\" \/> <\/a>\r\n<h1>Concert agenda<\/h1>\r\n<p style=\"text-align: center;\">Vous trouverez ci-dessous l'agenda de tous nos futurs concerts ici.<\/p>\r\n[show_events_list_venue]\r\n<a role=\"button\" href=\"\/agenda\/\">\r\nVoir l'agenda complet\r\n<\/a>","post_title":"Rockhal","post_excerpt":"","post_status":"publish","comment_status":"closed","ping_status":"closed","post_password":"","post_name":"rockhal","to_ping":"","pinged":"","post_modified":"2023-09-04 14:28:47","post_modified_gmt":"2023-09-04 14:28:47","post_content_filtered":"","post_parent":0,"guid":"https:\/\/gracialive.be\/venue\/rockhal\/","menu_order":0,"post_type":"venue","post_mime_type":"","comment_count":"0","filter":"raw"}],"sub_event_location":{"term_id":36,"name":"Luxemburg","slug":"luxemburg","term_group":0,"term_taxonomy_id":36,"taxonomy":"location","description":"","parent":0,"count":3,"filter":"raw"},"sub_event_notes":"","sub_event_ticket_link":"https:\/\/apps.ticketmatic.com\/widgets\/rockhal\/addtickets?event=10939&skinid=10000&contactid=&flow=basketwithcheckout&edit=yes&ticketinfo=name&returnurl=https%3A%2F%2Frockhal.lu&l=en&accesskey=4528f4e37549c2433e6bd4a7&signature=cbf29205190e741147b9f8561f4a99947436d3dbe26a5a8d9f6d180d5dba0b60&_ga=2.120975552.99319861.1702043122-647638822.1702043122#!\/addtickets","sub_event_status":"Tickets beschikbaar","sub_custom_event_status":""},{"sub_event_date":"01.10.2024","sub_event_venue":[{"ID":6578,"post_author":"17","post_date":"2022-04-29 12:40:30","post_date_gmt":"2022-04-29 12:40:30","post_content":"<a href=\"https:\/\/gracialive.be\/fr\/\" rel=\"home\" title=\"Home\">Home<\/a>\n\t\t<p>Le Capitole est un th\u00e9\u00e2tre et une salle de spectacles \u00e0 Gand. C'est un b\u00e2timent de 1 600 places qui se trouve sur la Graaf van Vlaanderenplein.<\/p><p>Le Capitole de Gand fait partie du groupe Sportpaleis.\u00a0Leur initiative la plus r\u00e9cente est le lancement de la Proximus Pop-Up Arena \u00e0 Middelkerk. D'autres salles de concert bien connues, comme le Sportpaleis, le Vost Nationaal et le Lotto Arena, font \u00e9galement partie de ce groupe.<\/p>\t\t\n\t\t\t<h4>Pratique<\/h4>\t\t\n\t\t\t<a role=\"button\">\n\t\t\t\t\t\tDescription de la route\n\t\t\t\t\t<\/a>\n\t\t\t<h4>Accessibilit\u00e9<br><\/h4>\t\t\n\t\t<p>Vous voulez plus d'informations sur la mani\u00e8re la plus simple de rejoindre le Capitole ? Vous pouvez visiter leur <a href=\"https:\/\/www.capitole-gent.be\/fr\/home\"><u>site web<\/u><\/a> avec toutes vos questions.<\/p><p>Habitez-vous o\u00f9 travaillez-vous \u00e0 distance de marche ? Le moyen le plus facile de se rendre au Capitole Gent est donc \u00e0 pied. Pas d'embouteillages, pas de probl\u00e8mes de stationnement !<\/p>\t\t\n\t\t\t\t\t\t\t\t\t\t\t\t<a href=\"\">A v\u00e9lo<\/a>\n\t\t\t\t\t<p>Capitole Gent ne dispose pas de son propre parking \u00e0 v\u00e9los, mais il y a plusieurs parkings \u00e0 v\u00e9los dans le quartier o\u00f9 vous pouvez garer votre v\u00e9lo. Le plus proche se trouve \u00e0 300 m\u00e8tres, \u00e0 Miriam Makebaplein 3.<\/p><p>Les services cyclistes de Gand ont \u00e9t\u00e9 regroup\u00e9s dans <a href=\"https:\/\/fietsambassade.gent.be\/fr\"><u>De Fietsambassade Gent<\/u><\/a>.<\/p>\n\t\t\t\t\t\t\t\t\t\t\t\t<a href=\"\">En tram, bus ou train<\/a>\n\t\t\t\t\t<p>Capitole Gent est situ\u00e9 \u00e0 c\u00f4t\u00e9 de la Woodrow Wilsonplein, o\u00f9 s&#8217;arr\u00eatent un grand nombre de trams et de bus.\u00a0Vous voulez savoir quels trams et bus s&#8217;arr\u00eatent devant Capitole Gent et quels sont leurs horaires ? Utilisez le planificateur d&#8217;itin\u00e9raire de <a href=\"https:\/\/www.delijn.be\/fr\/routeplanner\/\"><u>De Lijn<\/u><\/a>.<\/p><p>Capitole Gent est facilement accessible en train. Vous pouvez choisir entre deux gares : Gent-Dampoort et Gent Sint-Pieters. Gent-Dampoort est la plus proche, \u00e0 environ 1,5 kilom\u00e8tre du Capitole Gent. Gent Sint-Pieters est \u00e0 2,5 km du Capitole Gent.<\/p><p>Attention : gardez \u00e0 l&#8217;esprit qu&#8217;il n&#8217;y a souvent pas de trajet en train pour rentrer chez soi apr\u00e8s les \u00e9v\u00e9nements du soir. V\u00e9rifiez \u00e0 l&#8217;avance aupr\u00e8s du <a href=\"https:\/\/www.belgiantrain.be\/fr\"><u>planificateur d&#8217;itin\u00e9raire de la SNCB<\/u><\/a> si un retour sans encombre est possible.<br \/><\/p><p>\u00a0<\/p>\n\t\t\t\t\t\t\t\t\t\t\t\t<a href=\"\">En voiture<\/a>\n\t\t\t\t\t<p>ZONE DES BASSES EMISSIONS !<\/p><p>L&#8217;ensemble du centre-ville de Gand, c&#8217;est-\u00e0-dire la zone situ\u00e9e \u00e0 l&#8217;int\u00e9rieur de l&#8217;anneau urbain (R40), est une zone faiblesde basses \u00e9missions. Cela signifie qu&#8217;il nest plus possible d&#8217;entrer dans cette zone avec une voiture polluante. Capitole Gent se trouve \u00e9galement dans la zone de basses \u00e9missions. Prenez la pr\u00e9caution de <a href=\"https:\/\/lez.stad.gent\/fr\/flows\/controleertoegang\"><u>v\u00e9rifier \u00e0 l&#8217;avance si votre v\u00e9hicule est autoris\u00e9 \u00e0 entrer \u00e0 Gand<\/u><\/a>. Ou encore mieux : garez votre voiture dans <a href=\"https:\/\/www.capitole-gent.be\/fr\/mobility\/park-and-ride\"><u>un Park &amp; Ride (P+R)<\/u><\/a> et faites le reste de votre trajet en transports en commun.<\/p><p>Plusieurs parkings payants se trouvent \u00e0 proximit\u00e9 du Capitole Gent.<\/p><ul><li>Interparking Zuid:\u00a0Zuidparklaan, 9000 Gand<\/li><li>Interparking Kouter: Kouter 31, 9000 Gand<\/li><li>Interparking Center Parking: Korte Meer 22b, 9000 Gand<\/li><\/ul>\n\t\t\t<h4>Acc\u00e8s<\/h4>\t\t\n\t\t<p>Si vous avez besoin d'une assistance suppl\u00e9mentaire ou si vous \u00eates en fauteuil roulant, veuillez vous rendre sur place au moins 40 minutes avant le d\u00e9but de l'\u00e9v\u00e9nement. Ainsi, nous pourrons vous aider de la meilleure fa\u00e7on possible.<\/p>\n<p>Capitole Gent dispose des places r\u00e9serv\u00e9es aux personnes en chaise roulante et \u00e0 leur accompagnateur. Ces lieux, comme ceux de toutes les autres cat\u00e9gories de prix, sont en nombre limit\u00e9. Donc \u00eatre rapide est toujours le message. Il y a de la place pour un accompagnateur par personne en chaise roulante.&nbsp;<\/p>\n<p>Tele Ticket Service se fera un plaisir de v\u00e9rifier si des exceptions sont possibles, par exemple pour placer des familles ensemble, mais malheureusement (et certainement pour des groupes plus importants) ce n\u2019est pas toujours possible.<\/p>\n<p><\/p>\t\t\n\t\t\t<h4>Plan de salle<\/h4>\t\t\n\t\t\t\t\t\t\t\t\t\t\t\t\t\t\t\t<a href=\"https:\/\/gracialive.be\/wp-content\/uploads\/2022\/04\/zaalplan-capitolegent-NL.jpg\" data-elementor-open-lightbox=\"yes\" data-elementor-lightbox-title=\"zaalplan-capitolegent-NL\" data-e-action-hash=\"#elementor-action%3Aaction%3Dlightbox%26settings%3DeyJpZCI6NTI0OSwidXJsIjoiaHR0cHM6XC9cL3N0YWdpbmcyLmdyYWNpYWxpdmUuYmVcL3dwLWNvbnRlbnRcL3VwbG9hZHNcLzIwMjJcLzA0XC96YWFscGxhbi1jYXBpdG9sZWdlbnQtTkwuanBnIn0%3D\">\n\t\t\t\t\t\t\t<img width=\"640\" height=\"558\" src=\"https:\/\/gracialive.be\/wp-content\/uploads\/2022\/04\/zaalplan-capitolegent-NL.jpg\" alt=\"\" loading=\"lazy\" srcset=\"https:\/\/gracialive.be\/wp-content\/uploads\/2022\/04\/zaalplan-capitolegent-NL.jpg 720w, https:\/\/gracialive.be\/wp-content\/uploads\/2022\/04\/zaalplan-capitolegent-NL-300x262.jpg 300w\" sizes=\"(max-width: 640px) 100vw, 640px\" \/>\t\t\t\t\t\t\t\t<\/a>\n\t\t\t<h1>Concert agenda<\/h1>\t\t\n\t\t<p style=\"text-align: center;\">Vous trouverez ci-dessous l'agenda de tous nos futurs concerts ici.<\/p>[show_events_list_venue]\t\t\n\t\t\t<a href=\"https:\/\/gracialive.be\/fr\/agenda\/\" role=\"button\">\n\t\t\t\t\t\tVoir l'agenda complet\n\t\t\t\t\t<\/a>","post_title":"Capitole","post_excerpt":"","post_status":"publish","comment_status":"closed","ping_status":"closed","post_password":"","post_name":"capitole","to_ping":"","pinged":"","post_modified":"2023-09-05 08:51:17","post_modified_gmt":"2023-09-05 08:51:17","post_content_filtered":"","post_parent":0,"guid":"https:\/\/gracialive.be\/venue\/capitole-2\/","menu_order":0,"post_type":"venue","post_mime_type":"","comment_count":"0","filter":"raw"}],"sub_event_location":{"term_id":10,"name":"Gent","slug":"gent","term_group":0,"term_taxonomy_id":10,"taxonomy":"location","description":"","parent":0,"count":2,"filter":"raw"},"sub_event_notes":"","sub_event_ticket_link":"https:\/\/www.ticketmaster.be\/event\/murmuration-sadeck-berrabah-tickets\/59681?language=fr-be","sub_event_status":"Tickets beschikbaar","sub_custom_event_status":""},{"sub_event_date":"02.10.2024","sub_event_venue":[{"ID":7050,"post_author":"17","post_date":"2022-04-28 10:38:23","post_date_gmt":"2022-04-28 10:38:23","post_content":"<a title=\"Home\" href=\"https:\/\/gracialive.be\/\" rel=\"home\">Home<\/a>\r\n<h4>Pratique<\/h4>\r\n<a role=\"button\">\r\nDescription de la route\r\n<\/a>\r\n<h4>Bereikbaarheid<\/h4>\r\nVia onderstaande tabbladen kan u gemakkelijk meer informatie vinden over de bereikbaarheid van de Stadsschouwburg Antwerpen.\r\n\r\nWenst u toch nog meer informatie dan kan u steeds terecht op\u00a0<a href=\"https:\/\/www.stadsschouwburg-antwerpen.be\/\" target=\"_blank\" rel=\"noopener\">de website van Stadsschouwburg Antwerpen<\/a>.\r\n\r\n<a>Met de fiets<\/a>\r\n\r\nWoon of werk je op wandelafstand, kom dan te voet naar Stadsschouwburg Antwerpen. Geen files, geen parkeerproblemen!\r\n\r\nGebruik je liever de A-Velo van \u2018t Stad? Dan kan je deze terugplaatsen in de volgende stations:\r\nTheater (037), Montgomery (132), Rubenshuis (023) en Blauwtorenplein (077).\r\n\r\n<a>Met het openbaar vervoer<\/a>\r\n\r\nKom je graag met de trein naar Antwerpen? Bezoek dan zeker de website van de NMBS om je reis goed te plannen!\r\n\r\nAlle up-to-date informatie van de NMBS vind je op\u00a0<a href=\"http:\/\/www.beglianrail.be\">www.belgianrail.be<\/a>.\r\n\r\nOp\u00a0<a href=\"https:\/\/delijn.be\" target=\"_blank\" rel=\"noopener\">de website van De Lijn<\/a>\u00a0kan je de volledige\u00a0route plannen\u00a0van je thuisadres tot aan De Stadsschouwburg Antwerpen.\r\nDe dichtsbijzijnde tram- en bushaltes zijn \u2018Nationale Bank\u2019, \u2018Rubenslei\u2019, \u2018Stadspark\u2019 en premetrostation \u2018Meir\u2019.\r\n\r\n<a>Met de auto<\/a>\r\n\r\nLET OP: lage-emissiezone! Kom je met de auto naar De Stadsschouwburg Antwerpen? Hou er dan rekening mee dat de hele Antwerpse binnenstad en Linkeroever een lage-emissiezone zijn.\r\n\r\nOnder de Stadsschouwburg bevindt zich de Interparking Stadsschouwburg.\r\nDe hoofdingang van deze parking is Meistraat 4, 2000 Antwerpen.\r\nDe parking is open van 07.00 tot 02.00 uur (uitrijden kan 24\/24 uur).\r\n\r\nEen betaalautomaat voor je parkeerticket (enkel voor Interparking Stadsschouwburg) is beschikbaar in de foyer. Betalen kan uitsluitend met Bancontact en Visa.\r\n\r\nVoor meer informatie kan je terecht op\u00a0<a href=\"https:\/\/www.interparking.be\/nl-BE\/find-parking\/Stadsschouwburg\/\" target=\"_blank\" rel=\"noopener\">de website van Interparking Stadsschouwburg<\/a>.\r\n\r\nIn de buurt heb je verder de keuze uit de volgende Interparkings:\r\n<ul>\r\n \t<li>Interparking Inno: Hopland 45, 2000 Antwerpen<\/li>\r\n \t<li>Interparking Horta: Hopland 24, 2000 Antwerpen<\/li>\r\n \t<li>Interparking Hopland: Hopland (38)40, 2000 Antwerpen<\/li>\r\n<\/ul>\r\n<a href=\"http:\/\/www.interparking.be\/nl\/find-parking\/search-results\/?keyword=Antwerpen\" target=\"_blank\" rel=\"noopener\">Meer over Interparking.<\/a>\r\n<h4>Toegankelijkheid<\/h4>\r\nWe hopen dat een avond in De Roma voor iedereen een onvergetelijke belevenis is. Als de gewone voorzieningen niet toereikend zijn voor u, zoeken we graag samen naar een oplossing.\r\nMeer informatie vind u hiervoor terug op de <a href=\"https:\/\/www.deroma.be\/nl\/praktisch\/toegankelijkheid\/\">website van De Roma<\/a>.\r\n<h4>Plan du Salle<\/h4>\r\n<a href=\"https:\/\/gracialive.be\/wp-content\/uploads\/2022\/04\/Zaalplan_stadsschouwburg.jpg\" data-elementor-open-lightbox=\"yes\" data-elementor-lightbox-title=\"Zaalplan_stadsschouwburg\" data-e-action-hash=\"#elementor-action%3Aaction%3Dlightbox%26settings%3DeyJpZCI6NDk1NiwidXJsIjoiaHR0cHM6XC9cL3N0YWdpbmcyLmdyYWNpYWxpdmUuYmVcL3dwLWNvbnRlbnRcL3VwbG9hZHNcLzIwMjJcLzA0XC9aYWFscGxhbl9zdGFkc3NjaG91d2J1cmcuanBnIn0%3D\">\r\n<img src=\"https:\/\/gracialive.be\/wp-content\/uploads\/2022\/04\/Zaalplan_stadsschouwburg.jpg\" sizes=\"(max-width: 640px) 100vw, 640px\" srcset=\"https:\/\/gracialive.be\/wp-content\/uploads\/2022\/04\/Zaalplan_stadsschouwburg.jpg 900w, https:\/\/gracialive.be\/wp-content\/uploads\/2022\/04\/Zaalplan_stadsschouwburg-300x212.jpg 300w, https:\/\/gracialive.be\/wp-content\/uploads\/2022\/04\/Zaalplan_stadsschouwburg-768x543.jpg 768w\" alt=\"\" width=\"640\" height=\"452\" \/> <\/a>\r\n<h1>Concert agenda<\/h1>\r\n<p style=\"text-align: center;\">Vous trouverez ci-dessous l'agenda de tous nos futurs concerts ici.<\/p>\r\n[show_events_list_venue]\r\n<a role=\"button\" href=\"\/agenda\/\">\r\nVoir l'agenda complet\r\n<\/a>","post_title":"Stadsschouwburg","post_excerpt":"","post_status":"publish","comment_status":"closed","ping_status":"closed","post_password":"","post_name":"stadsschouwburg-anvers","to_ping":"","pinged":"","post_modified":"2023-09-04 14:26:21","post_modified_gmt":"2023-09-04 14:26:21","post_content_filtered":"","post_parent":0,"guid":"https:\/\/gracialive.be\/venue\/stadsschouwburg-antwerpen\/","menu_order":0,"post_type":"venue","post_mime_type":"","comment_count":"0","filter":"raw"}],"sub_event_location":{"term_id":13,"name":"Antwerpen","slug":"antwerpen","term_group":0,"term_taxonomy_id":13,"taxonomy":"location","description":"","parent":0,"count":14,"filter":"raw"},"sub_event_notes":"","sub_event_ticket_link":"https:\/\/www.ticketmaster.be\/event\/murmuration-sadeck-berrabah-tickets\/59683?language=fr-be","sub_event_status":"Tickets beschikbaar","sub_custom_event_status":""},{"sub_event_date":"03.10.2024","sub_event_venue":[{"ID":6760,"post_author":"17","post_date":"2022-04-29 11:46:40","post_date_gmt":"2022-04-29 11:46:40","post_content":"<a title=\"Home\" href=\"https:\/\/gracialive.be\/\" rel=\"home\">Home<\/a>\r\n\r\nLe Forum a ouvert ses portes au public le 30 septembre 1922. Par la magie de ses infrastructures, le Forum contribue \u00e0 cr\u00e9er une atmosph\u00e8re onirique appr\u00e9ci\u00e9e des artistes comme des spectateurs.\r\n\r\nAu fil du temps, il est devenu un monument de la vie culturelle de Li\u00e8ge et de la Wallonie.\r\n<h4>Praktisch<\/h4>\r\n<a role=\"button\">\r\nDescription de la route\r\n<\/a>\r\n<h4>Bereikbaarheid<\/h4>\r\nWil je meer informatie over hoe je het makkelijkst Le Forum kan bereiken? Je kan met al jouw vragen terecht bij\u00a0hun<a href=\"https:\/\/www.leforum.be\/homepage.html\">\u00a0website<\/a>.\r\n\r\n<a>Met het openbaar vervoer<\/a>\r\n\r\nLe Forum is perfect bereikbaar met het openbaar vervoer. Welke lijnen je het best kan nemen om met de tram of bus te komen vind je terug op de site van <a href=\"http:\/\/www.infotec.be\" target=\"_blank\" rel=\"noopener\">infotec.<\/a>\r\n\r\n<a>Met de auto<\/a>\r\n\r\nWe raden je aan om zeker het openbaar vervoer te gebruiken. Het Forum beschikt helaas niet over een parkeerterrein. Indien je toch wenst om met de auto te komen, kan u gebruik maken van de voldoende parkeergelegenheid in de buurt van het theater.\r\n<h4>Toegankelijkheid<\/h4>\r\nIs er toegang voor mensen met een beperking in le Forum? Jazeker, mensen met beperkte mobiliteit moeten dit bij de aankoop van hun tickets aangeven. Daarna volgt er verdere informatie.\r\n<h4>Zaalplan<\/h4>\r\n<a href=\"https:\/\/gracialive.be\/wp-content\/plugins\/elementor\/assets\/images\/placeholder.png\" data-elementor-open-lightbox=\"yes\" data-e-action-hash=\"#elementor-action%3Aaction%3Dlightbox%26settings%3DW10%3D\">\r\n<img title=\"\" src=\"https:\/\/gracialive.be\/wp-content\/plugins\/elementor\/assets\/images\/placeholder.png\" alt=\"\" \/> <\/a>\r\n<h1>Concert agenda<\/h1>\r\n<p style=\"text-align: center;\">Vous trouverez ci-dessous l'agenda de tous nos futurs concerts ici.<\/p>\r\n[show_events_list_venue]\r\n<a role=\"button\" href=\"\/agenda\/\">\r\nVoir l'agenda complet\r\n<\/a>","post_title":"Le Forum","post_excerpt":"","post_status":"publish","comment_status":"closed","ping_status":"closed","post_password":"","post_name":"le-forum","to_ping":"","pinged":"","post_modified":"2023-09-04 14:29:15","post_modified_gmt":"2023-09-04 14:29:15","post_content_filtered":"","post_parent":0,"guid":"https:\/\/gracialive.be\/venue\/le-forum\/","menu_order":0,"post_type":"venue","post_mime_type":"","comment_count":"0","filter":"raw"}],"sub_event_location":{"term_id":41,"name":"Luik","slug":"luik","term_group":0,"term_taxonomy_id":41,"taxonomy":"location","description":"","parent":0,"count":1,"filter":"raw"},"sub_event_notes":"","sub_event_ticket_link":"https:\/\/shop.utick.net\/?pos=LEFORUM&module=ACTIVITYSERIEDETAILS&s=F0413C70-23BD-BE76-9614-AA47F0968AB0&d=6C7B89AB-2187-56B8-2CA0-4109536FF154","sub_event_status":"Tickets beschikbaar","sub_custom_event_status":""},{"sub_event_date":"04.10.2024","sub_event_venue":[{"ID":29364,"post_author":"20","post_date":"2024-03-12 09:58:19","post_date_gmt":"0000-00-00 00:00:00","post_content":"","post_title":"TRM","post_excerpt":"","post_status":"draft","comment_status":"closed","ping_status":"closed","post_password":"","post_name":"","to_ping":"","pinged":"","post_modified":"2024-03-12 09:58:19","post_modified_gmt":"2024-03-12 08:58:19","post_content_filtered":"","post_parent":0,"guid":"https:\/\/gracialive.be\/?post_type=venue&#038;p=29364","menu_order":0,"post_type":"venue","post_mime_type":"","comment_count":"0","filter":"raw"}],"sub_event_location":{"term_id":307,"name":"Mons","slug":"mons","term_group":0,"term_taxonomy_id":307,"taxonomy":"location","description":"","parent":0,"count":0,"filter":"raw"},"sub_event_notes":"","sub_event_ticket_link":"https:\/\/www.ticketmaster.be\/event\/61097?fbclid=IwAR3HeTs11nWUik5GrNHx1zqBS592VUxakrh3rvf_FpniFbUgzhAZ8XVYGAs&language=fr-be","sub_event_status":"Tickets beschikbaar","sub_custom_event_status":""},{"sub_event_date":"05.10.2024","sub_event_venue":[{"ID":6899,"post_author":"17","post_date":"2022-04-28 12:03:04","post_date_gmt":"2022-04-28 12:03:04","post_content":"<a title=\"Home\" href=\"https:\/\/gracialive.be\/\" rel=\"home\">Home<\/a>\r\n\r\nLe Trixxo Theater est une salle de th\u00e9\u00e2tre qui fait partie du complexe \u00e9v\u00e9nementiel Park H \u00e0 Hasselt, en Belgique.\r\nLa salle a une capacit\u00e9 de 1 750 personnes et est utilis\u00e9e pour le th\u00e9\u00e2tre, les com\u00e9dies musicales, les concerts, les congr\u00e8s, ...\r\n<h4>Pratique<\/h4>\r\n<a role=\"button\">\r\nDescription de la route\r\n<\/a>\r\n<h4>Bereikbaarheid<\/h4>\r\nVia onderstaande tabbladen kan je gemakkelijk meer informatie vinden over de bereikbaarheid naar het Trixxo Theater.\r\n\r\nWens je toch nog meer informatie dan kan je steeds terecht op\u00a0<a style=\"background-color: #ffffff;\" href=\"https:\/\/www.trixxo-theater.be\/nl\/mobility\" target=\"_blank\" rel=\"noopener\"><u>de website van het Trixxo Theater<\/u>.<\/a>\r\n\r\n<a>Met de fiets<\/a>\r\n\r\nHet Trrixxo Theater beschikt over een ruime fietsenstalling, goed voor 48 fietsen.\r\n\r\n<a>Met het openbaar vervoer<\/a>\r\n\r\nHou er rekening mee dat er na afloop van evenementen \u2018s avonds niet altijd een trein of bus terug naar huis is. Controleer dus of je vlot terug kan reizen.\r\n\r\nVolgende buslijnen zorgen overdag voor een vlotte verbinding tussen het trein- en busstation van Hasselt en Park H:\r\n<ul>\r\n \t<li>Stadslijn H3 Stokrooie\/Kiewit\u2013Godsheide<\/li>\r\n \t<li>Streeklijn 20a Hasselt-Lanaken\/Maastricht<\/li>\r\n \t<li>Streeklijn 36 Hasselt\u2013Genk<\/li>\r\n \t<li>Streeklijn 45 Hasselt\u2013Maaseik\/Maastricht<\/li>\r\n<\/ul>\r\n<a>Met de auto<\/a>\r\n\r\nHet Trixxo Theater is vlot bereikbaar met de wagen en bied ook plaats aan vele auto\u2019s.\r\nGeef in je GPS \u2018Trichterheideweg\u2019 als bestemmingsadres in om zo vlot mogelijk naar de parking te rijden.\r\n\r\nHet parkeren van de wagen op de parking kost 5 euro. Hiervoor krijg je een ticketje aan de slagboom. Dit ticketje kan je betalen in de automaten aan de ingang. Zowel voor als na of zelfs tijdens het evenement kan je deze automaten gebruiken om je ticket te valideren.\r\n<h4>Toegankelijkheid<\/h4>\r\nAlle zalen van de Sportpaleis Group zijn voorzien op de ontvangst van bezoekers met een beperking.\r\nWe willen je zo goed mogelijk opvangen en in de beste omstandigheden laten genieten van een concert of show.\r\n\r\n<u>R<\/u><a href=\"https:\/\/helpcenter.teleticketservice.com\/hc\/nl\/articles\/360020014238-Hoe-kan-ik-contact-met-jullie-opnemen-\" target=\"_blank\" rel=\"noopener\"><u>eserveer je plaatsen telefonisch of neem contact op via het contactformulier van TeleTicketSerivce<\/u>.<\/a>\r\nZo kunnen zij de juiste boeking voor je doen.\r\n\r\nSpreek gerust de vrijwilligers aan bij het binnenkomen van Trixxo\u00a0Theater Hasselt. Zij begeleiden je graag naar je plaats in de zaal.\r\n<h4>Plan de salle<\/h4>\r\n<a href=\"https:\/\/gracialive.be\/wp-content\/uploads\/2022\/04\/8dddac629ba64aa7a18561472ac480f1-0001-scaled.jpg\" data-elementor-open-lightbox=\"yes\" data-elementor-lightbox-title=\"8dddac629ba64aa7a18561472ac480f1-0001\" data-e-action-hash=\"#elementor-action%3Aaction%3Dlightbox%26settings%3DeyJpZCI6NTAyMywidXJsIjoiaHR0cHM6XC9cL3N0YWdpbmcyLmdyYWNpYWxpdmUuYmVcL3dwLWNvbnRlbnRcL3VwbG9hZHNcLzIwMjJcLzA0XC84ZGRkYWM2MjliYTY0YWE3YTE4NTYxNDcyYWM0ODBmMS0wMDAxLXNjYWxlZC5qcGcifQ%3D%3D\">\r\n<img src=\"https:\/\/gracialive.be\/wp-content\/uploads\/2022\/04\/8dddac629ba64aa7a18561472ac480f1-0001-669x1024.jpg\" sizes=\"(max-width: 640px) 100vw, 640px\" srcset=\"https:\/\/gracialive.be\/wp-content\/uploads\/2022\/04\/8dddac629ba64aa7a18561472ac480f1-0001-669x1024.jpg 669w, https:\/\/gracialive.be\/wp-content\/uploads\/2022\/04\/8dddac629ba64aa7a18561472ac480f1-0001-196x300.jpg 196w, https:\/\/gracialive.be\/wp-content\/uploads\/2022\/04\/8dddac629ba64aa7a18561472ac480f1-0001-768x1176.jpg 768w, https:\/\/gracialive.be\/wp-content\/uploads\/2022\/04\/8dddac629ba64aa7a18561472ac480f1-0001-1004x1536.jpg 1004w, https:\/\/gracialive.be\/wp-content\/uploads\/2022\/04\/8dddac629ba64aa7a18561472ac480f1-0001-1338x2048.jpg 1338w, https:\/\/gracialive.be\/wp-content\/uploads\/2022\/04\/8dddac629ba64aa7a18561472ac480f1-0001-1568x2400.jpg 1568w, https:\/\/gracialive.be\/wp-content\/uploads\/2022\/04\/8dddac629ba64aa7a18561472ac480f1-0001-scaled.jpg 1673w\" alt=\"\" width=\"640\" height=\"980\" \/> <\/a>\r\n<h1>Concert agenda<\/h1>\r\n<p style=\"text-align: center;\">Vous trouverez ci-dessous l'agenda de tous nos futurs concerts ici.<\/p>\r\n[show_events_list_venue]\r\n<a role=\"button\" href=\"\/agenda\/\">\r\nVoir l'agenda complet\r\n<\/a>","post_title":"TRIXXO Theater","post_excerpt":"","post_status":"publish","comment_status":"closed","ping_status":"closed","post_password":"","post_name":"trixxo-theater","to_ping":"","pinged":"","post_modified":"2023-09-04 14:16:56","post_modified_gmt":"2023-09-04 14:16:56","post_content_filtered":"","post_parent":0,"guid":"https:\/\/gracialive.be\/venue\/trixxo-theater\/","menu_order":0,"post_type":"venue","post_mime_type":"","comment_count":"0","filter":"raw"}],"sub_event_location":{"term_id":267,"name":"Hasselt","slug":"hasselt-fr","term_group":0,"term_taxonomy_id":267,"taxonomy":"location","description":"","parent":0,"count":1,"filter":"raw"},"sub_event_notes":"","sub_event_ticket_link":"https:\/\/www.ticketmaster.be\/event\/murmuration-sadeck-berrabah-tickets\/62499?language=fr-be","sub_event_status":"Tickets beschikbaar","sub_custom_event_status":""},{"sub_event_date":"21.12.2024","sub_event_venue":[{"ID":6801,"post_author":"17","post_date":"2022-04-29 10:03:01","post_date_gmt":"2022-04-29 10:03:01","post_content":"<a title=\"Home\" href=\"https:\/\/gracialive.be\/\" rel=\"home\">Home<\/a>\r\n\r\nLe Palais 12 est une ar\u00e8ne situ\u00e9e \u00e0 Bruxelles qui est utilis\u00e9e pour des concerts et des spectacles. Avec une capacit\u00e9 d'environ 15 000 places, c'est la deuxi\u00e8me plus grande salle de spectacle de Belgique apr\u00e8s le Palais des sports d'Anvers.\r\n<h4>Pratique<\/h4>\r\n<a role=\"button\">\r\nDescription de la route\r\n<\/a>\r\n<h4>Bereikbaarheid<\/h4>\r\nPaleis 12 ligt in het hart van Europa en heeft dus een ideale ligging. Wil je meer informatie over hoe je het makkelijkst Paleis 12 kan bereiken? Je kan met al jouw vragen terecht bij hun\u00a0<a href=\"https:\/\/www.palais12.com\/nl\/bezoekers\/bereikbaarheid\" target=\"_blank\" rel=\"noopener\">website<\/a>.\r\n\r\n<a>Met de fiets<\/a>\r\n\r\nVoor wie op wandelafstand woont of werkt, is de meest ideale manier om Vorst Nationaal te bereiken te voet of met de fiets. Geen files, geen parkeerproblemen!\r\n\r\nOf maak gebruik van\u00a0<a href=\"https:\/\/mobilite-mobiliteit.brussels\/nl\/apps\" target=\"_blank\" rel=\"noopener\">de fietsen die door de stad Brussel<\/a>\u00a0ter beschikking worden gesteld.\r\n\r\n<a>Met het openbaar vervoer<\/a>\r\n\r\nKom je met de trein naar Brussel? Bezoek dan zeker de website van de <a href=\"https:\/\/www.belgiantrain.be\/nl?gclid=EAIaIQobChMI_M3BqIa59wIVCap3Ch1-fAKsEAAYASAAEgI_gPD_BwE\">NMBS<\/a> om je reis goed te plannen!\r\n\r\nWelke tramlijnen kan jij nemen:\r\n<ul>\r\n \t<li>Tramlijn 7 van de MIVB stopt eveneens bij Brussels Expo. Neem de tram richting Heizel en stap af aan de terminus.<\/li>\r\n \t<li>De trams 51 en 93 stoppen aan het Koning Boudewijnstadion. Tram 3 (Esplanade) stopt in de Meysselaan<\/li>\r\n<\/ul>\r\nWelke buslijnen kan je nemen:\r\n<ul>\r\n \t<li>De\u00a0buslijnen 14,\u00a083\u00a0en\u00a088\u00a0richting \u201cHeizel\u201d stoppen aan Brussels Expo; stap af aan de halte \u201cHeizel\u201d (terminus).<\/li>\r\n \t<li>Buslijn 83\u00a0richting \u201cBerchem Station\u201d of \u201cMari\u00ebndaal\u201d stopt ook vlakbij Paleis 12; stap af aan de halte \u201cPaleis 12\u201d.<\/li>\r\n<\/ul>\r\n<a>Met de auto<\/a>\r\n\r\nLET OP: lage-emissiezone! Kom je met de auto naar Paleis 12? Hou er rekening mee dat Het Brussels Hoofdstedelijk Gewest een Lage-emissiezone is.\r\n\r\nPaleis 12 heeft tal van parkeerplaatsen die gemakkelijk toegankelijk zijn vanaf de Ring. Deze zijn beschikbaar aan de ingang van de parkeerterreinen.\r\n\r\nDe plaats is gemakkelijk toegankelijk met de wagen dankzij het uitgebreide wegennetwerk in Belgi\u00eb. Meer dan 12.000 auto\u2019s kunnen een parkeerplaats vinden in de nabijheid van Paleis 12.\r\n<h4>Toegankelijkheid<\/h4>\r\nPaleis 12 biedt een volledig aanbod van accommodaties voor mensen met een beperking. Ze houden rekening met hun veiligheid, comfort en plezier. Bekijk al hun accommodaties op hun <a href=\"https:\/\/www.palais12.com\/nl\/bezoekers\/pbm-toegankelijkheid\" target=\"_blank\" rel=\"noopener\">website<\/a>.\r\n<h4>Zaalplan<\/h4>\r\n<a href=\"https:\/\/gracialive.be\/wp-content\/uploads\/2022\/04\/Plan-schmatique-P12-852099a50f.jpg\" data-elementor-open-lightbox=\"yes\" data-elementor-lightbox-title=\"Plan-schmatique-P12-852099a50f\" data-e-action-hash=\"#elementor-action%3Aaction%3Dlightbox%26settings%3DeyJpZCI6NTEwNiwidXJsIjoiaHR0cHM6XC9cL3N0YWdpbmcyLmdyYWNpYWxpdmUuYmVcL3dwLWNvbnRlbnRcL3VwbG9hZHNcLzIwMjJcLzA0XC9QbGFuLXNjaG1hdGlxdWUtUDEyLTg1MjA5OWE1MGYuanBnIn0%3D\">\r\n<img src=\"https:\/\/gracialive.be\/wp-content\/uploads\/2022\/04\/Plan-schmatique-P12-852099a50f.jpg\" sizes=\"(max-width: 640px) 100vw, 640px\" srcset=\"https:\/\/gracialive.be\/wp-content\/uploads\/2022\/04\/Plan-schmatique-P12-852099a50f.jpg 867w, https:\/\/gracialive.be\/wp-content\/uploads\/2022\/04\/Plan-schmatique-P12-852099a50f-300x200.jpg 300w, https:\/\/gracialive.be\/wp-content\/uploads\/2022\/04\/Plan-schmatique-P12-852099a50f-768x513.jpg 768w\" alt=\"\" width=\"640\" height=\"427\" \/> <\/a>\r\n<h1>Concert agenda<\/h1>\r\n<p style=\"text-align: center;\">Vous trouverez ci-dessous l'agenda de tous nos futurs concerts ici.<\/p>\r\n[show_events_list_venue]\r\n<a role=\"button\" href=\"\/agenda\/\">\r\nVoir l'agenda complet\r\n<\/a>","post_title":"ING Arena","post_excerpt":"","post_status":"publish","comment_status":"closed","ping_status":"closed","post_password":"","post_name":"ing-arena","to_ping":"","pinged":"","post_modified":"2023-11-28 12:08:29","post_modified_gmt":"2023-11-28 12:08:29","post_content_filtered":"","post_parent":0,"guid":"https:\/\/gracialive.be\/venue\/paleis-12\/","menu_order":0,"post_type":"venue","post_mime_type":"","comment_count":"0","filter":"raw"}],"sub_event_location":{"term_id":9,"name":"Brussel","slug":"brussel","term_group":0,"term_taxonomy_id":9,"taxonomy":"location","description":"","parent":0,"count":44,"filter":"raw"},"sub_event_notes":"","sub_event_ticket_link":"https:\/\/www.ticketmaster.be\/event\/59691?language=fr-be","sub_event_status":"Tickets beschikbaar","sub_custom_event_status":""},{"sub_event_date":"22.12.2024","sub_event_venue":[{"ID":6801,"post_author":"17","post_date":"2022-04-29 10:03:01","post_date_gmt":"2022-04-29 10:03:01","post_content":"<a title=\"Home\" href=\"https:\/\/gracialive.be\/\" rel=\"home\">Home<\/a>\r\n\r\nLe Palais 12 est une ar\u00e8ne situ\u00e9e \u00e0 Bruxelles qui est utilis\u00e9e pour des concerts et des spectacles. Avec une capacit\u00e9 d'environ 15 000 places, c'est la deuxi\u00e8me plus grande salle de spectacle de Belgique apr\u00e8s le Palais des sports d'Anvers.\r\n<h4>Pratique<\/h4>\r\n<a role=\"button\">\r\nDescription de la route\r\n<\/a>\r\n<h4>Bereikbaarheid<\/h4>\r\nPaleis 12 ligt in het hart van Europa en heeft dus een ideale ligging. Wil je meer informatie over hoe je het makkelijkst Paleis 12 kan bereiken? Je kan met al jouw vragen terecht bij hun\u00a0<a href=\"https:\/\/www.palais12.com\/nl\/bezoekers\/bereikbaarheid\" target=\"_blank\" rel=\"noopener\">website<\/a>.\r\n\r\n<a>Met de fiets<\/a>\r\n\r\nVoor wie op wandelafstand woont of werkt, is de meest ideale manier om Vorst Nationaal te bereiken te voet of met de fiets. Geen files, geen parkeerproblemen!\r\n\r\nOf maak gebruik van\u00a0<a href=\"https:\/\/mobilite-mobiliteit.brussels\/nl\/apps\" target=\"_blank\" rel=\"noopener\">de fietsen die door de stad Brussel<\/a>\u00a0ter beschikking worden gesteld.\r\n\r\n<a>Met het openbaar vervoer<\/a>\r\n\r\nKom je met de trein naar Brussel? Bezoek dan zeker de website van de <a href=\"https:\/\/www.belgiantrain.be\/nl?gclid=EAIaIQobChMI_M3BqIa59wIVCap3Ch1-fAKsEAAYASAAEgI_gPD_BwE\">NMBS<\/a> om je reis goed te plannen!\r\n\r\nWelke tramlijnen kan jij nemen:\r\n<ul>\r\n \t<li>Tramlijn 7 van de MIVB stopt eveneens bij Brussels Expo. Neem de tram richting Heizel en stap af aan de terminus.<\/li>\r\n \t<li>De trams 51 en 93 stoppen aan het Koning Boudewijnstadion. Tram 3 (Esplanade) stopt in de Meysselaan<\/li>\r\n<\/ul>\r\nWelke buslijnen kan je nemen:\r\n<ul>\r\n \t<li>De\u00a0buslijnen 14,\u00a083\u00a0en\u00a088\u00a0richting \u201cHeizel\u201d stoppen aan Brussels Expo; stap af aan de halte \u201cHeizel\u201d (terminus).<\/li>\r\n \t<li>Buslijn 83\u00a0richting \u201cBerchem Station\u201d of \u201cMari\u00ebndaal\u201d stopt ook vlakbij Paleis 12; stap af aan de halte \u201cPaleis 12\u201d.<\/li>\r\n<\/ul>\r\n<a>Met de auto<\/a>\r\n\r\nLET OP: lage-emissiezone! Kom je met de auto naar Paleis 12? Hou er rekening mee dat Het Brussels Hoofdstedelijk Gewest een Lage-emissiezone is.\r\n\r\nPaleis 12 heeft tal van parkeerplaatsen die gemakkelijk toegankelijk zijn vanaf de Ring. Deze zijn beschikbaar aan de ingang van de parkeerterreinen.\r\n\r\nDe plaats is gemakkelijk toegankelijk met de wagen dankzij het uitgebreide wegennetwerk in Belgi\u00eb. Meer dan 12.000 auto\u2019s kunnen een parkeerplaats vinden in de nabijheid van Paleis 12.\r\n<h4>Toegankelijkheid<\/h4>\r\nPaleis 12 biedt een volledig aanbod van accommodaties voor mensen met een beperking. Ze houden rekening met hun veiligheid, comfort en plezier. Bekijk al hun accommodaties op hun <a href=\"https:\/\/www.palais12.com\/nl\/bezoekers\/pbm-toegankelijkheid\" target=\"_blank\" rel=\"noopener\">website<\/a>.\r\n<h4>Zaalplan<\/h4>\r\n<a href=\"https:\/\/gracialive.be\/wp-content\/uploads\/2022\/04\/Plan-schmatique-P12-852099a50f.jpg\" data-elementor-open-lightbox=\"yes\" data-elementor-lightbox-title=\"Plan-schmatique-P12-852099a50f\" data-e-action-hash=\"#elementor-action%3Aaction%3Dlightbox%26settings%3DeyJpZCI6NTEwNiwidXJsIjoiaHR0cHM6XC9cL3N0YWdpbmcyLmdyYWNpYWxpdmUuYmVcL3dwLWNvbnRlbnRcL3VwbG9hZHNcLzIwMjJcLzA0XC9QbGFuLXNjaG1hdGlxdWUtUDEyLTg1MjA5OWE1MGYuanBnIn0%3D\">\r\n<img src=\"https:\/\/gracialive.be\/wp-content\/uploads\/2022\/04\/Plan-schmatique-P12-852099a50f.jpg\" sizes=\"(max-width: 640px) 100vw, 640px\" srcset=\"https:\/\/gracialive.be\/wp-content\/uploads\/2022\/04\/Plan-schmatique-P12-852099a50f.jpg 867w, https:\/\/gracialive.be\/wp-content\/uploads\/2022\/04\/Plan-schmatique-P12-852099a50f-300x200.jpg 300w, https:\/\/gracialive.be\/wp-content\/uploads\/2022\/04\/Plan-schmatique-P12-852099a50f-768x513.jpg 768w\" alt=\"\" width=\"640\" height=\"427\" \/> <\/a>\r\n<h1>Concert agenda<\/h1>\r\n<p style=\"text-align: center;\">Vous trouverez ci-dessous l'agenda de tous nos futurs concerts ici.<\/p>\r\n[show_events_list_venue]\r\n<a role=\"button\" href=\"\/agenda\/\">\r\nVoir l'agenda complet\r\n<\/a>","post_title":"ING Arena","post_excerpt":"","post_status":"publish","comment_status":"closed","ping_status":"closed","post_password":"","post_name":"ing-arena","to_ping":"","pinged":"","post_modified":"2023-11-28 12:08:29","post_modified_gmt":"2023-11-28 12:08:29","post_content_filtered":"","post_parent":0,"guid":"https:\/\/gracialive.be\/venue\/paleis-12\/","menu_order":0,"post_type":"venue","post_mime_type":"","comment_count":"0","filter":"raw"}],"sub_event_location":{"term_id":9,"name":"Brussel","slug":"brussel","term_group":0,"term_taxonomy_id":9,"taxonomy":"location","description":"","parent":0,"count":44,"filter":"raw"},"sub_event_notes":"","sub_event_ticket_link":"https:\/\/www.ticketmaster.be\/event\/59703?language=fr-be","sub_event_status":"Tickets beschikbaar","sub_custom_event_status":""}],"event_notes":"","event_description":"Le spectacle de danse impressionnant de Sadeck Berrabah, \"Murmuration\", revient en Belgique et au Luxembourg en 2024, avec des spectacles suppl\u00e9mentaires, en raison du grand succ\u00e8s. \u00c0 ne pas manquer ! ","select_event_type":false,"event_date":"21.12.2024","event_location":[{"term_id":259,"name":"Bruxelles","slug":"brussel-fr","term_group":0,"term_taxonomy_id":259,"taxonomy":"location","description":"","parent":0,"count":45,"filter":"raw"},{"term_id":306,"name":"Bergen","slug":"bergen","term_group":0,"term_taxonomy_id":306,"taxonomy":"location","description":"","parent":0,"count":0,"filter":"raw"}],"event_status":"Afgelopen"},"_links":{"self":[{"href":"https:\/\/gracialive.be\/fr\/wp-json\/wp\/v2\/agenda\/27284"}],"collection":[{"href":"https:\/\/gracialive.be\/fr\/wp-json\/wp\/v2\/agenda"}],"about":[{"href":"https:\/\/gracialive.be\/fr\/wp-json\/wp\/v2\/types\/agenda"}],"version-history":[{"count":19,"href":"https:\/\/gracialive.be\/fr\/wp-json\/wp\/v2\/agenda\/27284\/revisions"}],"predecessor-version":[{"id":33804,"href":"https:\/\/gracialive.be\/fr\/wp-json\/wp\/v2\/agenda\/27284\/revisions\/33804"}],"wp:featuredmedia":[{"embeddable":true,"href":"https:\/\/gracialive.be\/fr\/wp-json\/wp\/v2\/media\/25288"}],"wp:attachment":[{"href":"https:\/\/gracialive.be\/fr\/wp-json\/wp\/v2\/media?parent=27284"}],"wp:term":[{"taxonomy":"category","embeddable":true,"href":"https:\/\/gracialive.be\/fr\/wp-json\/wp\/v2\/categories?post=27284"},{"taxonomy":"location","embeddable":true,"href":"https:\/\/gracialive.be\/fr\/wp-json\/wp\/v2\/location?post=27284"},{"taxonomy":"related_event","embeddable":true,"href":"https:\/\/gracialive.be\/fr\/wp-json\/wp\/v2\/related_event?post=27284"}],"curies":[{"name":"wp","href":"https:\/\/api.w.org\/{rel}","templated":true}]}}