{"id":18650,"date":"2022-12-23T11:12:30","date_gmt":"2022-12-23T11:12:30","guid":{"rendered":"https:\/\/gracialive.be\/?post_type=agenda&#038;p=18650"},"modified":"2023-09-25T08:24:55","modified_gmt":"2023-09-25T08:24:55","slug":"disney-on-ice-2023","status":"archive","type":"agenda","link":"https:\/\/gracialive.be\/fr\/agenda\/disney-on-ice-2023\/","title":{"rendered":"Disney On Ice"},"content":{"rendered":"\t\t<div data-elementor-type=\"wp-post\" data-elementor-id=\"18650\" class=\"elementor elementor-18650 elementor-6490\" data-elementor-post-type=\"agenda\">\n\t\t\t\t\t\t<section class=\"has_eae_slider elementor-section elementor-top-section elementor-element elementor-element-7d1121fd elementor-section-boxed elementor-section-height-default elementor-section-height-default\" data-id=\"7d1121fd\" data-element_type=\"section\" data-settings=\"{&quot;jet_parallax_layout_list&quot;:[]}\">\n\t\t\t\t\t\t<div class=\"elementor-container elementor-column-gap-default\">\n\t\t\t\t\t<div class=\"has_eae_slider elementor-column elementor-col-50 elementor-top-column elementor-element elementor-element-7920dbf9\" data-id=\"7920dbf9\" data-element_type=\"column\">\n\t\t\t<div class=\"elementor-widget-wrap elementor-element-populated\">\n\t\t\t\t\t\t<div class=\"elementor-element elementor-element-29134625 breadcrumb_css elementor-widget elementor-widget-wp-widget-bcn_widget\" data-id=\"29134625\" data-element_type=\"widget\" data-widget_type=\"wp-widget-bcn_widget.default\">\n\t\t\t\t<div class=\"elementor-widget-container\">\n\t\t\t<div class=\"breadcrumbs\" vocab=\"https:\/\/schema.org\/\" typeof=\"BreadcrumbList\"><!-- Breadcrumb NavXT 7.0.2 -->\n<span property=\"itemListElement\" typeof=\"ListItem\"><a property=\"item\" typeof=\"WebPage\" title=\"Go to Gracia Live.\" href=\"https:\/\/gracialive.be\/fr\/\" class=\"home\" aria-current=\"page\"><span property=\"name\">Home<\/span><\/a><meta property=\"position\" content=\"1\"><\/span><\/div>\t\t<\/div>\n\t\t\t\t<\/div>\n\t\t\t\t<div class=\"elementor-element elementor-element-48cc0d3d elementor-widget elementor-widget-theme-post-title elementor-page-title elementor-widget-heading\" data-id=\"48cc0d3d\" data-element_type=\"widget\" data-widget_type=\"theme-post-title.default\">\n\t\t\t\t<div class=\"elementor-widget-container\">\n\t\t\t<style>\/*! elementor - v3.22.0 - 17-06-2024 *\/\n.elementor-heading-title{padding:0;margin:0;line-height:1}.elementor-widget-heading .elementor-heading-title[class*=elementor-size-]>a{color:inherit;font-size:inherit;line-height:inherit}.elementor-widget-heading .elementor-heading-title.elementor-size-small{font-size:15px}.elementor-widget-heading .elementor-heading-title.elementor-size-medium{font-size:19px}.elementor-widget-heading .elementor-heading-title.elementor-size-large{font-size:29px}.elementor-widget-heading .elementor-heading-title.elementor-size-xl{font-size:39px}.elementor-widget-heading .elementor-heading-title.elementor-size-xxl{font-size:59px}<\/style><h1 class=\"elementor-heading-title elementor-size-default\">Disney On Ice<\/h1>\t\t<\/div>\n\t\t\t\t<\/div>\n\t\t\t\t<div class=\"elementor-element elementor-element-705b4387 elementor-widget elementor-widget-text-editor\" data-id=\"705b4387\" data-element_type=\"widget\" data-widget_type=\"text-editor.default\">\n\t\t\t\t<div class=\"elementor-widget-container\">\n\t\t\t<style>\/*! elementor - v3.22.0 - 17-06-2024 *\/\n.elementor-widget-text-editor.elementor-drop-cap-view-stacked .elementor-drop-cap{background-color:#69727d;color:#fff}.elementor-widget-text-editor.elementor-drop-cap-view-framed .elementor-drop-cap{color:#69727d;border:3px solid;background-color:transparent}.elementor-widget-text-editor:not(.elementor-drop-cap-view-default) .elementor-drop-cap{margin-top:8px}.elementor-widget-text-editor:not(.elementor-drop-cap-view-default) .elementor-drop-cap-letter{width:1em;height:1em}.elementor-widget-text-editor .elementor-drop-cap{float:left;text-align:center;line-height:1;font-size:50px}.elementor-widget-text-editor .elementor-drop-cap-letter{display:inline-block}<\/style>\t\t\t\t<h5>DURF TE DROMEN<\/h5>\t\t\t\t\t\t<\/div>\n\t\t\t\t<\/div>\n\t\t\t\t<div class=\"elementor-element elementor-element-62bbe6fc elementor-widget elementor-widget-heading\" data-id=\"62bbe6fc\" data-element_type=\"widget\" data-widget_type=\"heading.default\">\n\t\t\t\t<div class=\"elementor-widget-container\">\n\t\t\t<h4 class=\"elementor-heading-title elementor-size-default\">Praktisch<\/h4>\t\t<\/div>\n\t\t\t\t<\/div>\n\t\t\t\t<div class=\"elementor-element elementor-element-42eca0bd elementor-hidden-desktop elementor-hidden-tablet elementor-hidden-mobile elementor-widget elementor-widget-post-info\" data-id=\"42eca0bd\" data-element_type=\"widget\" data-widget_type=\"post-info.default\">\n\t\t\t\t<div class=\"elementor-widget-container\">\n\t\t\t<link rel=\"stylesheet\" href=\"https:\/\/gracialive.be\/wp-content\/plugins\/elementor\/assets\/css\/widget-icon-list.min.css\"><link rel=\"stylesheet\" href=\"https:\/\/gracialive.be\/wp-content\/plugins\/elementor-pro\/assets\/css\/widget-theme-elements.min.css\">\t\t<ul class=\"elementor-icon-list-items elementor-post-info\">\n\t\t\t\t\t\t\t\t<li class=\"elementor-icon-list-item elementor-repeater-item-bc12b72\">\n\t\t\t\t\t\t\t\t\t\t<span class=\"elementor-icon-list-icon\">\n\t\t\t\t\t\t\t\t<svg xmlns=\"http:\/\/www.w3.org\/2000\/svg\" width=\"19.5\" height=\"21.5\" viewBox=\"0 0 19.5 21.5\"><g id=\"Iconly_Light_Calendar\" data-name=\"Iconly\/Light\/Calendar\" transform=\"translate(0.75 0.75)\"><g id=\"Calendar\" transform=\"translate(0 0)\"><path id=\"Line_200\" d=\"M0,.473H17.824\" transform=\"translate(0.093 6.931)\" fill=\"none\" stroke=\"#51acf0\" stroke-linecap=\"round\" stroke-linejoin=\"round\" stroke-miterlimit=\"10\" stroke-width=\"1.5\"><\/path><path id=\"Line_201\" d=\"M.459.473H.468\" transform=\"translate(12.984 10.837)\" fill=\"none\" stroke=\"#51acf0\" stroke-linecap=\"round\" stroke-linejoin=\"round\" stroke-miterlimit=\"10\" stroke-width=\"1.5\"><\/path><path id=\"Line_202\" d=\"M.459.473H.468\" transform=\"translate(8.546 10.837)\" fill=\"none\" stroke=\"#51acf0\" stroke-linecap=\"round\" stroke-linejoin=\"round\" stroke-miterlimit=\"10\" stroke-width=\"1.5\"><\/path><path id=\"Line_203\" d=\"M.459.473H.468\" transform=\"translate(4.099 10.837)\" fill=\"none\" stroke=\"#51acf0\" stroke-linecap=\"round\" stroke-linejoin=\"round\" stroke-miterlimit=\"10\" stroke-width=\"1.5\"><\/path><path id=\"Line_204\" d=\"M.459.473H.468\" transform=\"translate(12.984 14.723)\" fill=\"none\" stroke=\"#51acf0\" stroke-linecap=\"round\" stroke-linejoin=\"round\" stroke-miterlimit=\"10\" stroke-width=\"1.5\"><\/path><path id=\"Line_205\" d=\"M.459.473H.468\" transform=\"translate(8.546 14.723)\" fill=\"none\" stroke=\"#51acf0\" stroke-linecap=\"round\" stroke-linejoin=\"round\" stroke-miterlimit=\"10\" stroke-width=\"1.5\"><\/path><path id=\"Line_206\" d=\"M.459.473H.468\" transform=\"translate(4.099 14.723)\" fill=\"none\" stroke=\"#51acf0\" stroke-linecap=\"round\" stroke-linejoin=\"round\" stroke-miterlimit=\"10\" stroke-width=\"1.5\"><\/path><path id=\"Line_207\" d=\"M.463,0V3.291\" transform=\"translate(12.581 0)\" fill=\"none\" stroke=\"#51acf0\" stroke-linecap=\"round\" stroke-linejoin=\"round\" stroke-miterlimit=\"10\" stroke-width=\"1.5\"><\/path><path id=\"Line_208\" d=\"M.463,0V3.291\" transform=\"translate(4.502 0)\" fill=\"none\" stroke=\"#51acf0\" stroke-linecap=\"round\" stroke-linejoin=\"round\" stroke-miterlimit=\"10\" stroke-width=\"1.5\"><\/path><path id=\"Path\" d=\"M13.238,0H4.771C1.834,0,0,1.636,0,4.643v9.05c0,3.054,1.834,4.728,4.771,4.728h8.458c2.946,0,4.771-1.645,4.771-4.652V4.643C18.009,1.636,16.184,0,13.238,0Z\" transform=\"translate(0 1.579)\" fill=\"none\" stroke=\"#51acf0\" stroke-linecap=\"round\" stroke-linejoin=\"round\" stroke-miterlimit=\"10\" stroke-width=\"1.5\"><\/path><\/g><\/g><\/svg>\t\t\t\t\t\t\t<\/span>\n\t\t\t\t\t\t\t\t\t<span class=\"elementor-icon-list-text elementor-post-info__item elementor-post-info__item--type-custom\">\n\t\t\t\t\t\t\t\t\t\t17.02.2023\t\t\t\t\t<\/span>\n\t\t\t\t\t\t\t\t<\/li>\n\t\t\t\t<li class=\"elementor-icon-list-item elementor-repeater-item-9961ff0\" itemprop=\"about\">\n\t\t\t\t\t\t\t\t\t\t<span class=\"elementor-icon-list-icon\">\n\t\t\t\t\t\t\t\t<svg xmlns=\"http:\/\/www.w3.org\/2000\/svg\" width=\"16.857\" height=\"19.836\" viewBox=\"0 0 16.857 19.836\"><g id=\"Iconly_Light_Location\" data-name=\"Iconly\/Light\/Location\" transform=\"translate(0.75 0.75)\"><g id=\"Location\" transform=\"translate(-0.739 -0.739)\"><path id=\"Path_33958\" d=\"M0,7.652A7.678,7.678,0,1,1,15.357,7.7v.087a11.338,11.338,0,0,1-3.478,7.3,20.183,20.183,0,0,1-3.591,2.957.93.93,0,0,1-1.217,0,19.817,19.817,0,0,1-5.052-4.73A9.826,9.826,0,0,1,0,7.678Z\" transform=\"translate(0.739 0.739)\" fill=\"none\" stroke=\"#51acf0\" stroke-linecap=\"round\" stroke-linejoin=\"round\" stroke-miterlimit=\"10\" stroke-width=\"1.5\"><\/path><circle id=\"Ellipse_740\" cx=\"2.461\" cy=\"2.461\" r=\"2.461\" transform=\"translate(5.957 6.078)\" fill=\"none\" stroke=\"#51acf0\" stroke-linecap=\"round\" stroke-linejoin=\"round\" stroke-miterlimit=\"10\" stroke-width=\"1.5\"><\/circle><\/g><\/g><\/svg>\t\t\t\t\t\t\t<\/span>\n\t\t\t\t\t\t\t\t\t<span class=\"elementor-icon-list-text elementor-post-info__item elementor-post-info__item--type-terms\">\n\t\t\t\t\t\t\t\t\t\t<span class=\"elementor-post-info__terms-list\">\n\t\t\t\t<span class=\"elementor-post-info__terms-list-item\">Antwerpen<\/span>, <span class=\"elementor-post-info__terms-list-item\">Anvers<\/span>, <span class=\"elementor-post-info__terms-list-item\">Bruxelles<\/span>\t\t\t\t<\/span>\n\t\t\t\t\t<\/span>\n\t\t\t\t\t\t\t\t<\/li>\n\t\t\t\t<\/ul>\n\t\t\t\t<\/div>\n\t\t\t\t<\/div>\n\t\t\t\t<div class=\"elementor-element elementor-element-32d72483 elementor-widget elementor-widget-post-info\" data-id=\"32d72483\" data-element_type=\"widget\" data-widget_type=\"post-info.default\">\n\t\t\t\t<div class=\"elementor-widget-container\">\n\t\t\t\t\t<ul class=\"elementor-icon-list-items elementor-post-info\">\n\t\t\t\t\t\t\t\t<li class=\"elementor-icon-list-item elementor-repeater-item-bc12b72\">\n\t\t\t\t\t\t\t\t\t\t<span class=\"elementor-icon-list-icon\">\n\t\t\t\t\t\t\t\t<svg xmlns=\"http:\/\/www.w3.org\/2000\/svg\" width=\"19.5\" height=\"21.5\" viewBox=\"0 0 19.5 21.5\"><g id=\"Iconly_Light_Calendar\" data-name=\"Iconly\/Light\/Calendar\" transform=\"translate(0.75 0.75)\"><g id=\"Calendar\" transform=\"translate(0 0)\"><path id=\"Line_200\" d=\"M0,.473H17.824\" transform=\"translate(0.093 6.931)\" fill=\"none\" stroke=\"#51acf0\" stroke-linecap=\"round\" stroke-linejoin=\"round\" stroke-miterlimit=\"10\" stroke-width=\"1.5\"><\/path><path id=\"Line_201\" d=\"M.459.473H.468\" transform=\"translate(12.984 10.837)\" fill=\"none\" stroke=\"#51acf0\" stroke-linecap=\"round\" stroke-linejoin=\"round\" stroke-miterlimit=\"10\" stroke-width=\"1.5\"><\/path><path id=\"Line_202\" d=\"M.459.473H.468\" transform=\"translate(8.546 10.837)\" fill=\"none\" stroke=\"#51acf0\" stroke-linecap=\"round\" stroke-linejoin=\"round\" stroke-miterlimit=\"10\" stroke-width=\"1.5\"><\/path><path id=\"Line_203\" d=\"M.459.473H.468\" transform=\"translate(4.099 10.837)\" fill=\"none\" stroke=\"#51acf0\" stroke-linecap=\"round\" stroke-linejoin=\"round\" stroke-miterlimit=\"10\" stroke-width=\"1.5\"><\/path><path id=\"Line_204\" d=\"M.459.473H.468\" transform=\"translate(12.984 14.723)\" fill=\"none\" stroke=\"#51acf0\" stroke-linecap=\"round\" stroke-linejoin=\"round\" stroke-miterlimit=\"10\" stroke-width=\"1.5\"><\/path><path id=\"Line_205\" d=\"M.459.473H.468\" transform=\"translate(8.546 14.723)\" fill=\"none\" stroke=\"#51acf0\" stroke-linecap=\"round\" stroke-linejoin=\"round\" stroke-miterlimit=\"10\" stroke-width=\"1.5\"><\/path><path id=\"Line_206\" d=\"M.459.473H.468\" transform=\"translate(4.099 14.723)\" fill=\"none\" stroke=\"#51acf0\" stroke-linecap=\"round\" stroke-linejoin=\"round\" stroke-miterlimit=\"10\" stroke-width=\"1.5\"><\/path><path id=\"Line_207\" d=\"M.463,0V3.291\" transform=\"translate(12.581 0)\" fill=\"none\" stroke=\"#51acf0\" stroke-linecap=\"round\" stroke-linejoin=\"round\" stroke-miterlimit=\"10\" stroke-width=\"1.5\"><\/path><path id=\"Line_208\" d=\"M.463,0V3.291\" transform=\"translate(4.502 0)\" fill=\"none\" stroke=\"#51acf0\" stroke-linecap=\"round\" stroke-linejoin=\"round\" stroke-miterlimit=\"10\" stroke-width=\"1.5\"><\/path><path id=\"Path\" d=\"M13.238,0H4.771C1.834,0,0,1.636,0,4.643v9.05c0,3.054,1.834,4.728,4.771,4.728h8.458c2.946,0,4.771-1.645,4.771-4.652V4.643C18.009,1.636,16.184,0,13.238,0Z\" transform=\"translate(0 1.579)\" fill=\"none\" stroke=\"#51acf0\" stroke-linecap=\"round\" stroke-linejoin=\"round\" stroke-miterlimit=\"10\" stroke-width=\"1.5\"><\/path><\/g><\/g><\/svg>\t\t\t\t\t\t\t<\/span>\n\t\t\t\t\t\t\t\t\t<span class=\"elementor-icon-list-text elementor-post-info__item elementor-post-info__item--type-custom\">\n\t\t\t\t\t\t\t\t\t\t 17 - 19 f\u00e9vrier\t\t\t\t\t<\/span>\n\t\t\t\t\t\t\t\t<\/li>\n\t\t\t\t<li class=\"elementor-icon-list-item elementor-repeater-item-9961ff0\" itemprop=\"about\">\n\t\t\t\t\t\t\t\t\t\t<span class=\"elementor-icon-list-icon\">\n\t\t\t\t\t\t\t\t<svg xmlns=\"http:\/\/www.w3.org\/2000\/svg\" width=\"16.857\" height=\"19.836\" viewBox=\"0 0 16.857 19.836\"><g id=\"Iconly_Light_Location\" data-name=\"Iconly\/Light\/Location\" transform=\"translate(0.75 0.75)\"><g id=\"Location\" transform=\"translate(-0.739 -0.739)\"><path id=\"Path_33958\" d=\"M0,7.652A7.678,7.678,0,1,1,15.357,7.7v.087a11.338,11.338,0,0,1-3.478,7.3,20.183,20.183,0,0,1-3.591,2.957.93.93,0,0,1-1.217,0,19.817,19.817,0,0,1-5.052-4.73A9.826,9.826,0,0,1,0,7.678Z\" transform=\"translate(0.739 0.739)\" fill=\"none\" stroke=\"#51acf0\" stroke-linecap=\"round\" stroke-linejoin=\"round\" stroke-miterlimit=\"10\" stroke-width=\"1.5\"><\/path><circle id=\"Ellipse_740\" cx=\"2.461\" cy=\"2.461\" r=\"2.461\" transform=\"translate(5.957 6.078)\" fill=\"none\" stroke=\"#51acf0\" stroke-linecap=\"round\" stroke-linejoin=\"round\" stroke-miterlimit=\"10\" stroke-width=\"1.5\"><\/circle><\/g><\/g><\/svg>\t\t\t\t\t\t\t<\/span>\n\t\t\t\t\t\t\t\t\t<span class=\"elementor-icon-list-text elementor-post-info__item elementor-post-info__item--type-terms\">\n\t\t\t\t\t\t\t\t\t\t<span class=\"elementor-post-info__terms-list\">\n\t\t\t\t<span class=\"elementor-post-info__terms-list-item\">Antwerpen<\/span>, <span class=\"elementor-post-info__terms-list-item\">Anvers<\/span>, <span class=\"elementor-post-info__terms-list-item\">Bruxelles<\/span>\t\t\t\t<\/span>\n\t\t\t\t\t<\/span>\n\t\t\t\t\t\t\t\t<\/li>\n\t\t\t\t<\/ul>\n\t\t\t\t<\/div>\n\t\t\t\t<\/div>\n\t\t\t\t<div class=\"elementor-element elementor-element-7f00b740 elementor-widget elementor-widget-shortcode\" data-id=\"7f00b740\" data-element_type=\"widget\" data-widget_type=\"shortcode.default\">\n\t\t\t\t<div class=\"elementor-widget-container\">\n\t\t\t\t\t<div class=\"elementor-shortcode\"><\/div>\n\t\t\t\t<\/div>\n\t\t\t\t<\/div>\n\t\t\t\t\t<\/div>\n\t\t<\/div>\n\t\t\t\t<div class=\"has_eae_slider elementor-column elementor-col-50 elementor-top-column elementor-element elementor-element-6e30e8b9\" data-id=\"6e30e8b9\" data-element_type=\"column\">\n\t\t\t<div class=\"elementor-widget-wrap elementor-element-populated\">\n\t\t\t\t\t\t<div class=\"elementor-element elementor-element-364c910c elementor-widget elementor-widget-image\" data-id=\"364c910c\" data-element_type=\"widget\" data-widget_type=\"image.default\">\n\t\t\t\t<div class=\"elementor-widget-container\">\n\t\t\t<style>\/*! elementor - v3.22.0 - 17-06-2024 *\/\n.elementor-widget-image{text-align:center}.elementor-widget-image a{display:inline-block}.elementor-widget-image a img[src$=\".svg\"]{width:48px}.elementor-widget-image img{vertical-align:middle;display:inline-block}<\/style>\t\t\t\t\t\t\t\t\t\t<img fetchpriority=\"high\" decoding=\"async\" width=\"1920\" height=\"1080\" src=\"https:\/\/gracialive.be\/wp-content\/uploads\/2022\/12\/d27c-web-fr-1920x1080-1.jpg\" class=\"attachment-full size-full wp-image-24617\" alt=\"\" srcset=\"https:\/\/gracialive.be\/wp-content\/uploads\/2022\/12\/d27c-web-fr-1920x1080-1.jpg 1920w, https:\/\/gracialive.be\/wp-content\/uploads\/2022\/12\/d27c-web-fr-1920x1080-1-300x169.jpg 300w, https:\/\/gracialive.be\/wp-content\/uploads\/2022\/12\/d27c-web-fr-1920x1080-1-1024x576.jpg 1024w, https:\/\/gracialive.be\/wp-content\/uploads\/2022\/12\/d27c-web-fr-1920x1080-1-768x432.jpg 768w, https:\/\/gracialive.be\/wp-content\/uploads\/2022\/12\/d27c-web-fr-1920x1080-1-1536x864.jpg 1536w, https:\/\/gracialive.be\/wp-content\/uploads\/2022\/12\/d27c-web-fr-1920x1080-1-1568x882.jpg 1568w\" sizes=\"(max-width: 34.9rem) calc(100vw - 2rem), (max-width: 53rem) calc(8 * (100vw \/ 12)), (min-width: 53rem) calc(6 * (100vw \/ 12)), 100vw\" \/>\t\t\t\t\t\t\t\t\t\t\t\t\t<\/div>\n\t\t\t\t<\/div>\n\t\t\t\t\t<\/div>\n\t\t<\/div>\n\t\t\t\t\t<\/div>\n\t\t<\/section>\n\t\t\t\t<section class=\"has_eae_slider elementor-section elementor-top-section elementor-element elementor-element-914aa26 elementor-section-full_width elementor-section-height-default elementor-section-height-default\" data-id=\"914aa26\" data-element_type=\"section\" data-settings=\"{&quot;jet_parallax_layout_list&quot;:[]}\">\n\t\t\t\t\t\t<div class=\"elementor-container elementor-column-gap-no\">\n\t\t\t\t\t<div class=\"has_eae_slider elementor-column elementor-col-100 elementor-top-column elementor-element elementor-element-626118e9\" data-id=\"626118e9\" data-element_type=\"column\">\n\t\t\t<div class=\"elementor-widget-wrap elementor-element-populated\">\n\t\t\t\t\t\t<div class=\"elementor-element elementor-element-767eba7f custom_repeater elementor-widget elementor-widget-shortcode\" data-id=\"767eba7f\" data-element_type=\"widget\" data-widget_type=\"shortcode.default\">\n\t\t\t\t<div class=\"elementor-widget-container\">\n\t\t\t\t\t<div class=\"elementor-shortcode\"><section class=\"elementor-section elementor-section-boxed custom_repeater\"><div class=\"sub-events-cols elementor-container elementor-column-gap-default\"><div class=\"sub-event-col elementor-column elementor-col-14\" data-link=\"https:\/\/vorst-nationaal.be\/fr\/event\/disney-on-ice-2023-2ffb7145\"><div class=\"elementor-widget-wrap\"><div class=\"sub-event-content\"><h4 class=\"sub-event-date elementor-element elementor-widget\">17 \/ 02<br\/><small>2023<\/small><\/h4><div class=\"sub-event-title elementor-element elementor-widget\">Forest National<\/div><div class=\"sub-event-location elementor-element elementor-widget\">Brussel<\/div><div class=\"sub-event-notes elementor-element elementor-widget\">19h00<\/div><\/div><div class=\"sub-event-ticket-link elementor-element elementor-widget\"><a href=\"#\" style=\"background-color:#ecf7ff;color:black;\">Termin\u00e9<\/a><\/div><\/div><\/div><div class=\"sub-event-col elementor-column elementor-col-14\" data-link=\"https:\/\/vorst-nationaal.be\/fr\/event\/disney-on-ice-2023-2ffb7145\"><div class=\"elementor-widget-wrap\"><div class=\"sub-event-content\"><h4 class=\"sub-event-date elementor-element elementor-widget\">18 \/ 02<br\/><small>2023<\/small><\/h4><div class=\"sub-event-title elementor-element elementor-widget\">Forest National<\/div><div class=\"sub-event-location elementor-element elementor-widget\">Brussel<\/div><div class=\"sub-event-notes elementor-element elementor-widget\">10h30 \/\/ 14h30 \/\/ 18h30<\/div><\/div><div class=\"sub-event-ticket-link elementor-element elementor-widget\"><a href=\"#\" style=\"background-color:#ecf7ff;color:black;\">Termin\u00e9<\/a><\/div><\/div><\/div><div class=\"sub-event-col elementor-column elementor-col-14\" data-link=\"https:\/\/vorst-nationaal.be\/fr\/event\/disney-on-ice-2023-2ffb7145\"><div class=\"elementor-widget-wrap\"><div class=\"sub-event-content\"><h4 class=\"sub-event-date elementor-element elementor-widget\">19 \/ 02<br\/><small>2023<\/small><\/h4><div class=\"sub-event-title elementor-element elementor-widget\">Forest National<\/div><div class=\"sub-event-location elementor-element elementor-widget\">Brussel<\/div><div class=\"sub-event-notes elementor-element elementor-widget\">10h30 \/\/ 14h30<\/div><\/div><div class=\"sub-event-ticket-link elementor-element elementor-widget\"><a href=\"#\" style=\"background-color:#ecf7ff;color:black;\">Termin\u00e9<\/a><\/div><\/div><\/div><\/div><section><\/div>\n\t\t\t\t<\/div>\n\t\t\t\t<\/div>\n\t\t\t\t\t<\/div>\n\t\t<\/div>\n\t\t\t\t\t<\/div>\n\t\t<\/section>\n\t\t\t\t<section class=\"has_eae_slider elementor-section elementor-top-section elementor-element elementor-element-2e57dc1d elementor-section-boxed elementor-section-height-default elementor-section-height-default\" data-id=\"2e57dc1d\" data-element_type=\"section\" data-settings=\"{&quot;jet_parallax_layout_list&quot;:[]}\">\n\t\t\t\t\t\t<div class=\"elementor-container elementor-column-gap-default\">\n\t\t\t\t\t<div class=\"has_eae_slider elementor-column elementor-col-50 elementor-top-column elementor-element elementor-element-3d9a142e\" data-id=\"3d9a142e\" data-element_type=\"column\">\n\t\t\t<div class=\"elementor-widget-wrap elementor-element-populated\">\n\t\t\t\t\t\t<div class=\"elementor-element elementor-element-2b8fb058 elementor-widget elementor-widget-heading\" data-id=\"2b8fb058\" data-element_type=\"widget\" data-widget_type=\"heading.default\">\n\t\t\t\t<div class=\"elementor-widget-container\">\n\t\t\t<h4 class=\"elementor-heading-title elementor-size-default\">Informatie<\/h4>\t\t<\/div>\n\t\t\t\t<\/div>\n\t\t\t\t<div class=\"elementor-element elementor-element-29b23734 elementor-widget elementor-widget-text-editor\" data-id=\"29b23734\" data-element_type=\"widget\" data-widget_type=\"text-editor.default\">\n\t\t\t\t<div class=\"elementor-widget-container\">\n\t\t\t\t\t\t\t<p>Magische betoveringen, dat is\u00a0<em>Disney On Ice\u00a0<\/em>presenteert<em>\u00a0Durf te Dromen<\/em>!\u00a0<\/p><p>Voor de eerste keer ooit zal\u00a0<strong>Coco<\/strong>\u00a0te bewonderen zijn op het ijs van de Lotto Arena.\u00a0<br \/><strong>Miguel<\/strong>\u00a0wil muzikant worden. Reis met hem mee door het Land van de Doden om zijn familiegeschiedenis te ontsluieren.\u00a0<\/p><p>Breng met\u00a0<strong>Vaiana<\/strong>\u00a0en\u00a0<strong>Maui<\/strong>\u00a0onbevreesd het gestolen hart van Te Fiti terug. Disneyprinsessen\u00a0<strong>Anna<\/strong>\u00a0en\u00a0<strong>Elsa<\/strong>\u00a0redden hun koninkrijk en tonen wat je met moed, vastberadenheid en een goed hart allemaal voor elkaar krijgt.\u00a0<\/p><p>Beleef samen een magisch moment vol met adembenemende schaatskunsten en al je favoriete Disney songs en sprookjes, tijdens Disney On Ice!<\/p>\t\t\t\t\t\t<\/div>\n\t\t\t\t<\/div>\n\t\t\t\t\t<\/div>\n\t\t<\/div>\n\t\t\t\t<div class=\"has_eae_slider elementor-column elementor-col-50 elementor-top-column elementor-element elementor-element-11410694\" data-id=\"11410694\" data-element_type=\"column\">\n\t\t\t<div class=\"elementor-widget-wrap elementor-element-populated\">\n\t\t\t\t\t\t<div class=\"elementor-element elementor-element-799af08b elementor-widget elementor-widget-heading\" data-id=\"799af08b\" data-element_type=\"widget\" data-widget_type=\"heading.default\">\n\t\t\t\t<div class=\"elementor-widget-container\">\n\t\t\t<h4 class=\"elementor-heading-title elementor-size-default\">Kijk en ontdek<\/h4>\t\t<\/div>\n\t\t\t\t<\/div>\n\t\t\t\t<div class=\"elementor-element elementor-element-50bbad2f elementor-widget elementor-widget-jet-video\" data-id=\"50bbad2f\" data-element_type=\"widget\" data-widget_type=\"jet-video.default\">\n\t\t\t\t<div class=\"elementor-widget-container\">\n\t\t\t<div class=\"elementor-jet-video jet-elements\">\n<div class=\"jet-video jet-video--fa5-compat jet-video-aspect-ratio jet-video-aspect-ratio--16-9\" data-settings=\"{&quot;lightbox&quot;:false,&quot;autoplay&quot;:false}\"><iframe class=\"jet-video-iframe\" allowfullscreen allow=\"autoplay;encrypted-media\" title=\"Lecteur vid\u00e9o youtube\" src=\"https:\/\/www.youtube.com\/embed\/GmtZ0MH_NEM?feature=oembed&amp;start&amp;end&amp;wmode=opaque&amp;autoplay=0&amp;loop=0&amp;controls=1&amp;mute=0&amp;rel=0&amp;modestbranding=0\"><\/iframe>\n<div class=\"jet-video__overlay\">\n<div class=\"jet-video__play-button\" role=\"button\"><span class=\"jet-elements-icon jet-video__play-button-icon\"><i aria-hidden=\"true\" class=\"fas fa-play\"><\/i><\/span>\t<span class=\"elementor-screen-only\">Play Video<\/span>\n<\/div>\n<\/div>\n<\/div>\n<\/div>\t\t<\/div>\n\t\t\t\t<\/div>\n\t\t\t\t\t<\/div>\n\t\t<\/div>\n\t\t\t\t\t<\/div>\n\t\t<\/section>\n\t\t\t\t<section class=\"has_eae_slider elementor-section elementor-top-section elementor-element elementor-element-36dd653a elementor-section-boxed elementor-section-height-default elementor-section-height-default\" data-id=\"36dd653a\" data-element_type=\"section\" data-settings=\"{&quot;jet_parallax_layout_list&quot;:[{&quot;jet_parallax_layout_image&quot;:{&quot;url&quot;:&quot;&quot;,&quot;id&quot;:&quot;&quot;,&quot;size&quot;:&quot;&quot;},&quot;_id&quot;:&quot;d5ed3cd&quot;,&quot;jet_parallax_layout_image_tablet&quot;:{&quot;url&quot;:&quot;&quot;,&quot;id&quot;:&quot;&quot;,&quot;size&quot;:&quot;&quot;},&quot;jet_parallax_layout_image_mobile&quot;:{&quot;url&quot;:&quot;&quot;,&quot;id&quot;:&quot;&quot;,&quot;size&quot;:&quot;&quot;},&quot;jet_parallax_layout_speed&quot;:{&quot;unit&quot;:&quot;%&quot;,&quot;size&quot;:50,&quot;sizes&quot;:[]},&quot;jet_parallax_layout_type&quot;:&quot;scroll&quot;,&quot;jet_parallax_layout_direction&quot;:null,&quot;jet_parallax_layout_fx_direction&quot;:null,&quot;jet_parallax_layout_z_index&quot;:&quot;&quot;,&quot;jet_parallax_layout_bg_x&quot;:50,&quot;jet_parallax_layout_bg_x_tablet&quot;:&quot;&quot;,&quot;jet_parallax_layout_bg_x_mobile&quot;:&quot;&quot;,&quot;jet_parallax_layout_bg_y&quot;:50,&quot;jet_parallax_layout_bg_y_tablet&quot;:&quot;&quot;,&quot;jet_parallax_layout_bg_y_mobile&quot;:&quot;&quot;,&quot;jet_parallax_layout_bg_size&quot;:&quot;auto&quot;,&quot;jet_parallax_layout_bg_size_tablet&quot;:&quot;&quot;,&quot;jet_parallax_layout_bg_size_mobile&quot;:&quot;&quot;,&quot;jet_parallax_layout_animation_prop&quot;:&quot;transform&quot;,&quot;jet_parallax_layout_on&quot;:[&quot;desktop&quot;,&quot;tablet&quot;]}]}\">\n\t\t\t\t\t\t<div class=\"elementor-container elementor-column-gap-default\">\n\t\t\t\t\t<div class=\"has_eae_slider elementor-column elementor-col-100 elementor-top-column elementor-element elementor-element-56e68ac7\" data-id=\"56e68ac7\" data-element_type=\"column\">\n\t\t\t<div class=\"elementor-widget-wrap elementor-element-populated\">\n\t\t\t\t\t\t<div class=\"elementor-element elementor-element-757f15b6 elementor-widget elementor-widget-heading\" data-id=\"757f15b6\" data-element_type=\"widget\" data-widget_type=\"heading.default\">\n\t\t\t\t<div class=\"elementor-widget-container\">\n\t\t\t<h4 class=\"elementor-heading-title elementor-size-default\">Gerelateerde events<\/h4>\t\t<\/div>\n\t\t\t\t<\/div>\n\t\t\t\t<div class=\"elementor-element elementor-element-3805b0a1 css-posts-slider elementor-widget elementor-widget-jet-posts\" data-id=\"3805b0a1\" data-element_type=\"widget\" data-settings=\"{&quot;columns&quot;:&quot;3&quot;,&quot;columns_tablet&quot;:&quot;3&quot;,&quot;columns_mobile&quot;:&quot;1&quot;,&quot;slides_to_scroll&quot;:&quot;1&quot;}\" data-widget_type=\"jet-posts.default\">\n\t\t\t\t<div class=\"elementor-widget-container\">\n\t\t\t<div class=\"elementor-jet-posts jet-elements\"><div class=\"jet-posts col-row  jet-equal-cols\"><\/div>\n<\/div>\t\t<\/div>\n\t\t\t\t<\/div>\n\t\t\t\t\t<\/div>\n\t\t<\/div>\n\t\t\t\t\t<\/div>\n\t\t<\/section>\n\t\t\t\t<section class=\"has_eae_slider elementor-section elementor-top-section elementor-element elementor-element-4feb90ac elementor-hidden-desktop elementor-hidden-tablet elementor-section-boxed elementor-section-height-default elementor-section-height-default\" data-id=\"4feb90ac\" data-element_type=\"section\" id=\"sign-up\" data-settings=\"{&quot;background_background&quot;:&quot;classic&quot;,&quot;jet_parallax_layout_list&quot;:[{&quot;jet_parallax_layout_image&quot;:{&quot;url&quot;:&quot;&quot;,&quot;id&quot;:&quot;&quot;,&quot;size&quot;:&quot;&quot;},&quot;_id&quot;:&quot;4239209&quot;,&quot;jet_parallax_layout_image_tablet&quot;:{&quot;url&quot;:&quot;&quot;,&quot;id&quot;:&quot;&quot;,&quot;size&quot;:&quot;&quot;},&quot;jet_parallax_layout_image_mobile&quot;:{&quot;url&quot;:&quot;&quot;,&quot;id&quot;:&quot;&quot;,&quot;size&quot;:&quot;&quot;},&quot;jet_parallax_layout_speed&quot;:{&quot;unit&quot;:&quot;%&quot;,&quot;size&quot;:50,&quot;sizes&quot;:[]},&quot;jet_parallax_layout_type&quot;:&quot;scroll&quot;,&quot;jet_parallax_layout_direction&quot;:null,&quot;jet_parallax_layout_fx_direction&quot;:null,&quot;jet_parallax_layout_z_index&quot;:&quot;&quot;,&quot;jet_parallax_layout_bg_x&quot;:50,&quot;jet_parallax_layout_bg_x_tablet&quot;:&quot;&quot;,&quot;jet_parallax_layout_bg_x_mobile&quot;:&quot;&quot;,&quot;jet_parallax_layout_bg_y&quot;:50,&quot;jet_parallax_layout_bg_y_tablet&quot;:&quot;&quot;,&quot;jet_parallax_layout_bg_y_mobile&quot;:&quot;&quot;,&quot;jet_parallax_layout_bg_size&quot;:&quot;auto&quot;,&quot;jet_parallax_layout_bg_size_tablet&quot;:&quot;&quot;,&quot;jet_parallax_layout_bg_size_mobile&quot;:&quot;&quot;,&quot;jet_parallax_layout_animation_prop&quot;:&quot;transform&quot;,&quot;jet_parallax_layout_on&quot;:[&quot;desktop&quot;,&quot;tablet&quot;]}]}\">\n\t\t\t\t\t\t\t<div class=\"elementor-background-overlay\"><\/div>\n\t\t\t\t\t\t\t<div class=\"elementor-container elementor-column-gap-default\">\n\t\t\t\t\t<div class=\"has_eae_slider elementor-column elementor-col-100 elementor-top-column elementor-element elementor-element-120c285f\" data-id=\"120c285f\" data-element_type=\"column\">\n\t\t\t<div class=\"elementor-widget-wrap elementor-element-populated\">\n\t\t\t\t\t\t<div class=\"elementor-element elementor-element-2953481a css-gform eael-gravity-form-button-custom elementor-widget elementor-widget-eael-gravity-form\" data-id=\"2953481a\" data-element_type=\"widget\" data-widget_type=\"eael-gravity-form.default\">\n\t\t\t\t<div class=\"elementor-widget-container\">\n\t\t\t            <div class=\"eael-contact-form eael-gravity-form placeholder-hide eael-custom-radio-checkbox eael-contact-form-align-default\">\n                                <script type=\"text\/javascript\">var gform;gform||(document.addEventListener(\"gform_main_scripts_loaded\",function(){gform.scriptsLoaded=!0}),window.addEventListener(\"DOMContentLoaded\",function(){gform.domLoaded=!0}),gform={domLoaded:!1,scriptsLoaded:!1,initializeOnLoaded:function(o){gform.domLoaded&&gform.scriptsLoaded?o():!gform.domLoaded&&gform.scriptsLoaded?window.addEventListener(\"DOMContentLoaded\",o):document.addEventListener(\"gform_main_scripts_loaded\",o)},hooks:{action:{},filter:{}},addAction:function(o,n,r,t){gform.addHook(\"action\",o,n,r,t)},addFilter:function(o,n,r,t){gform.addHook(\"filter\",o,n,r,t)},doAction:function(o){gform.doHook(\"action\",o,arguments)},applyFilters:function(o){return gform.doHook(\"filter\",o,arguments)},removeAction:function(o,n){gform.removeHook(\"action\",o,n)},removeFilter:function(o,n,r){gform.removeHook(\"filter\",o,n,r)},addHook:function(o,n,r,t,i){null==gform.hooks[o][n]&&(gform.hooks[o][n]=[]);var e=gform.hooks[o][n];null==i&&(i=n+\"_\"+e.length),gform.hooks[o][n].push({tag:i,callable:r,priority:t=null==t?10:t})},doHook:function(n,o,r){var t;if(r=Array.prototype.slice.call(r,1),null!=gform.hooks[n][o]&&((o=gform.hooks[n][o]).sort(function(o,n){return o.priority-n.priority}),o.forEach(function(o){\"function\"!=typeof(t=o.callable)&&(t=window[t]),\"action\"==n?t.apply(null,r):r[0]=t.apply(null,r)})),\"filter\"==n)return r[0]},removeHook:function(o,n,t,i){var r;null!=gform.hooks[o][n]&&(r=(r=gform.hooks[o][n]).filter(function(o,n,r){return!!(null!=i&&i!=o.tag||null!=t&&t!=o.priority)}),gform.hooks[o][n]=r)}});<\/script>\n                <div class='gf_browser_gecko gform_wrapper gravity-theme' id='gform_wrapper_1' >\n                        <div class='gform_heading'>\n                            <h2 class=\"gform_title\">Restez branch\u00e9z<\/h2>\n                            <span class='gform_description'>Enregistrez-vous et recevez les derni\u00e8res nouvelles ainsi que des offres speciaux dans votre e-mail.<\/span>\n                        <\/div><form method='post' enctype='multipart\/form-data'  id='gform_1'  action='\/fr\/wp-json\/wp\/v2\/agenda\/18650' novalidate>\n                        <div class='gform_body gform-body'><div id='gform_fields_1' class='gform_fields top_label form_sublabel_below description_below'><div id=\"field_1_1\"  class=\"gfield gfield--width-half field_sublabel_below field_description_below gfield_visibility_visible\"  data-js-reload=\"field_1_1\"><label class='gfield_label' for='input_1_1' >Pr\u00e9nom<\/label><div class='ginput_container ginput_container_text'><input name='input_1' id='input_1_1' type='text' value='' class='large'      aria-invalid=\"false\"   \/> <\/div><\/div><div id=\"field_1_2\"  class=\"gfield gfield--width-half field_sublabel_below field_description_below gfield_visibility_visible\"  data-js-reload=\"field_1_2\"><label class='gfield_label' for='input_1_2' >Nom<\/label><div class='ginput_container ginput_container_text'><input name='input_2' id='input_1_2' type='text' value='' class='large'      aria-invalid=\"false\"   \/> <\/div><\/div><div id=\"field_1_3\"  class=\"gfield gfield--width-half field_sublabel_below field_description_below gfield_visibility_visible\"  data-js-reload=\"field_1_3\"><label class='gfield_label' for='input_1_3' >Adresse e-mail<\/label><div class='ginput_container ginput_container_email'>\n                            <input name='input_3' id='input_1_3' type='email' value='' class='large'     aria-invalid=\"false\"  \/>\n                        <\/div><\/div><fieldset id=\"field_1_4\"  class=\"gfield gfield--width-half field_sublabel_below field_description_below gfield_visibility_visible\"  data-js-reload=\"field_1_4\"><legend class='gfield_label screen-reader-text'  ><\/legend><div class='ginput_container ginput_container_radio'><div class='gfield_radio' id='input_1_4'>\n\t\t\t<div class='gchoice gchoice_1_4_0'>\n\t\t\t\t\t<input class='gfield-choice-input' name='input_4' type='radio' value='Je m&#039;inscris \u00e0 la liste de billetterie et j&#039;accepte les &lt;a href=&quot;https:\/\/gracialive.be\/fr\/privacy-cookie-policy\/&quot;&gt;conditions de confidentialit\u00e9&lt;\/a&gt;.'  id='choice_1_4_0' onchange='gformToggleRadioOther( this )'    \/>\n\t\t\t\t\t<label for='choice_1_4_0' id='label_1_4_0'>Je m'inscris \u00e0 la liste de billetterie et j'accepte les <a href=\"https:\/\/gracialive.be\/fr\/privacy-cookie-policy\/\">conditions de confidentialit\u00e9<\/a>.<\/label>\n\t\t\t<\/div><\/div><\/div><\/fieldset><div class=\"spacer gfield\" style=\"grid-column: span 6;\"><\/div><div id=\"field_1_5\"  class=\"gfield gfield--width-full field_sublabel_below field_description_below gfield_visibility_hidden\"  data-js-reload=\"field_1_5\"><div class='admin-hidden-markup'><i class='gform-icon gform-icon--hidden'><\/i><span>Hidden<\/span><\/div><label class='gfield_label' for='input_1_5' >Tag<\/label><div class='ginput_container ginput_container_post_tags'>\n\t\t\t\t\t<input name='input_5' id='input_1_5' type='text' value='sign-up-fr' class='large'    aria-invalid=\"false\" aria-describedby=\"input_1_5_desc\" \/> <p class=\"gfield_post_tags_hint\" id=\"input_1_5_desc\">S\u00e9parez les \u00e9tiquettes par des virgules<\/p>\n\t\t\t\t<\/div><\/div><div id=\"field_1_6\"  class=\"gfield gform_validation_container field_sublabel_below field_description_below gfield_visibility_visible\"  data-js-reload=\"field_1_6\"><label class='gfield_label' for='input_1_6' >Phone<\/label><div class='ginput_container'><input name='input_6' id='input_1_6' type='text' value='' autocomplete='new-password'\/><\/div><div class='gfield_description' id='gfield_description_1_6'>Ce champ n\u2019est utilis\u00e9 qu\u2019\u00e0 des fins de validation et devrait rester inchang\u00e9.<\/div><\/div><\/div><\/div>\n        <div class='gform_footer top_label'> <input type='submit' id='gform_submit_button_1' class='gform_button button' value='Inscrivez-vous'  onclick='if(window[\"gf_submitting_1\"]){return false;}  if( !jQuery(\"#gform_1\")[0].checkValidity || jQuery(\"#gform_1\")[0].checkValidity()){window[\"gf_submitting_1\"]=true;}  ' onkeypress='if( event.keyCode == 13 ){ if(window[\"gf_submitting_1\"]){return false;} if( !jQuery(\"#gform_1\")[0].checkValidity || jQuery(\"#gform_1\")[0].checkValidity()){window[\"gf_submitting_1\"]=true;}  jQuery(\"#gform_1\").trigger(\"submit\",[true]); }' \/> \n            <input type='hidden' class='gform_hidden' name='is_submit_1' value='1' \/>\n            <input type='hidden' class='gform_hidden' name='gform_submit' value='1' \/>\n            \n            <input type='hidden' class='gform_hidden' name='gform_unique_id' value='' \/>\n            <input type='hidden' class='gform_hidden' name='state_1' value='WyJ7XCI0XCI6W1wiZjQ4NzBmNzI2NmQyZmE4ZDczYjExZjdhN2FjZjhmNGZcIl19IiwiZmYyYWI3NDAzNmJiOGE0M2U1YzI1YjU0ZGZmNjVjNzYiXQ==' \/>\n            <input type='hidden' class='gform_hidden' name='gform_target_page_number_1' id='gform_target_page_number_1' value='0' \/>\n            <input type='hidden' class='gform_hidden' name='gform_source_page_number_1' id='gform_source_page_number_1' value='1' \/>\n            <input type='hidden' name='gform_field_values' value='' \/>\n            \n        <\/div>\n                        <\/form>\n                        <\/div>            <\/div>\n            \t\t<\/div>\n\t\t\t\t<\/div>\n\t\t\t\t\t<\/div>\n\t\t<\/div>\n\t\t\t\t\t<\/div>\n\t\t<\/section>\n\t\t\t\t<\/div>\n\t\t","protected":false},"featured_media":24617,"template":"elementor_header_footer","meta":[],"categories":[258],"location":[13,261,259],"related_event":[],"yoast_head":"<!-- This site is optimized with the Yoast SEO Premium plugin v21.5 (Yoast SEO v21.5) - https:\/\/yoast.com\/wordpress\/plugins\/seo\/ -->\n<title>Gracia Live | Disney On Ice 2023 - Forest National, Bruxelles<\/title>\n<meta name=\"description\" content=\"Vivez un moment magique avec toutes vos chansons Disney pr\u00e9f\u00e9r\u00e9es pendant Disney On Ice 2023 \u00e0 Forest National, Bruxelles.\" \/>\n<meta name=\"robots\" content=\"index, follow, max-snippet:-1, max-image-preview:large, max-video-preview:-1\" \/>\n<link rel=\"canonical\" href=\"https:\/\/gracialive.be\/fr\/agenda\/disney-on-ice-2023\/\" \/>\n<meta property=\"og:locale\" content=\"fr_FR\" \/>\n<meta property=\"og:type\" content=\"article\" \/>\n<meta property=\"og:title\" content=\"Disney On Ice\" \/>\n<meta property=\"og:description\" content=\"Vivez un moment magique avec toutes vos chansons Disney pr\u00e9f\u00e9r\u00e9es pendant Disney On Ice 2023 \u00e0 Forest National, Bruxelles.\" \/>\n<meta property=\"og:url\" content=\"https:\/\/gracialive.be\/fr\/agenda\/disney-on-ice-2023\/\" \/>\n<meta property=\"og:site_name\" content=\"Gracia Live\" \/>\n<meta property=\"article:publisher\" content=\"https:\/\/www.facebook.com\/gracialivebelgium\" \/>\n<meta property=\"article:modified_time\" content=\"2023-09-25T08:24:55+00:00\" \/>\n<meta property=\"og:image\" content=\"https:\/\/gracialive.be\/wp-content\/uploads\/2022\/12\/d27c-web-fr-1920x1080-1.jpg\" \/>\n\t<meta property=\"og:image:width\" content=\"1920\" \/>\n\t<meta property=\"og:image:height\" content=\"1080\" \/>\n\t<meta property=\"og:image:type\" content=\"image\/jpeg\" \/>\n<meta name=\"twitter:card\" content=\"summary_large_image\" \/>\n<meta name=\"twitter:site\" content=\"@GRACIALIVEBEL\" \/>\n<meta name=\"twitter:label1\" content=\"Dur\u00e9e de lecture estim\u00e9e\" \/>\n\t<meta name=\"twitter:data1\" content=\"1 minute\" \/>\n<script type=\"application\/ld+json\" class=\"yoast-schema-graph\">{\"@context\":\"https:\/\/schema.org\",\"@graph\":[{\"@type\":\"WebPage\",\"@id\":\"https:\/\/gracialive.be\/fr\/agenda\/disney-on-ice-2023\/\",\"url\":\"https:\/\/gracialive.be\/fr\/agenda\/disney-on-ice-2023\/\",\"name\":\"Gracia Live | Disney On Ice 2023 - Forest National, Bruxelles\",\"isPartOf\":{\"@id\":\"https:\/\/gracialive.be\/#website\"},\"datePublished\":\"2022-12-23T11:12:30+00:00\",\"dateModified\":\"2023-09-25T08:24:55+00:00\",\"description\":\"Vivez un moment magique avec toutes vos chansons Disney pr\u00e9f\u00e9r\u00e9es pendant Disney On Ice 2023 \u00e0 Forest National, Bruxelles.\",\"breadcrumb\":{\"@id\":\"https:\/\/gracialive.be\/fr\/agenda\/disney-on-ice-2023\/#breadcrumb\"},\"inLanguage\":\"fr-FR\",\"potentialAction\":[{\"@type\":\"ReadAction\",\"target\":[\"https:\/\/gracialive.be\/fr\/agenda\/disney-on-ice-2023\/\"]}]},{\"@type\":\"BreadcrumbList\",\"@id\":\"https:\/\/gracialive.be\/fr\/agenda\/disney-on-ice-2023\/#breadcrumb\",\"itemListElement\":[{\"@type\":\"ListItem\",\"position\":1,\"name\":\"Home\",\"item\":\"https:\/\/gracialive.be\/fr\/\"},{\"@type\":\"ListItem\",\"position\":2,\"name\":\"Events\",\"item\":\"https:\/\/gracialive.be\/archief\/\"},{\"@type\":\"ListItem\",\"position\":3,\"name\":\"Disney On Ice\"}]},{\"@type\":\"WebSite\",\"@id\":\"https:\/\/gracialive.be\/#website\",\"url\":\"https:\/\/gracialive.be\/\",\"name\":\"Gracia Live\",\"description\":\"Concert en Event Promotor Belgium\",\"publisher\":{\"@id\":\"https:\/\/gracialive.be\/#organization\"},\"potentialAction\":[{\"@type\":\"SearchAction\",\"target\":{\"@type\":\"EntryPoint\",\"urlTemplate\":\"https:\/\/gracialive.be\/?s={search_term_string}\"},\"query-input\":\"required name=search_term_string\"}],\"inLanguage\":\"fr-FR\"},{\"@type\":\"Organization\",\"@id\":\"https:\/\/gracialive.be\/#organization\",\"name\":\"Gracia Live\",\"url\":\"https:\/\/gracialive.be\/\",\"logo\":{\"@type\":\"ImageObject\",\"inLanguage\":\"fr-FR\",\"@id\":\"https:\/\/gracialive.be\/#\/schema\/logo\/image\/\",\"url\":\"https:\/\/gracialive.be\/wp-content\/uploads\/2022\/01\/cropped-GL-500x300_zwart.png\",\"contentUrl\":\"https:\/\/gracialive.be\/wp-content\/uploads\/2022\/01\/cropped-GL-500x300_zwart.png\",\"width\":512,\"height\":512,\"caption\":\"Gracia Live\"},\"image\":{\"@id\":\"https:\/\/gracialive.be\/#\/schema\/logo\/image\/\"},\"sameAs\":[\"https:\/\/www.facebook.com\/gracialivebelgium\",\"https:\/\/twitter.com\/GRACIALIVEBEL\",\"https:\/\/www.instagram.com\/gracialive_belgium\/\"]}]}<\/script>\n<!-- \/ Yoast SEO Premium plugin. -->","yoast_head_json":{"title":"Gracia Live | Disney On Ice 2023 - Forest National, Bruxelles","description":"Vivez un moment magique avec toutes vos chansons Disney pr\u00e9f\u00e9r\u00e9es pendant Disney On Ice 2023 \u00e0 Forest National, Bruxelles.","robots":{"index":"index","follow":"follow","max-snippet":"max-snippet:-1","max-image-preview":"max-image-preview:large","max-video-preview":"max-video-preview:-1"},"canonical":"https:\/\/gracialive.be\/fr\/agenda\/disney-on-ice-2023\/","og_locale":"fr_FR","og_type":"article","og_title":"Disney On Ice","og_description":"Vivez un moment magique avec toutes vos chansons Disney pr\u00e9f\u00e9r\u00e9es pendant Disney On Ice 2023 \u00e0 Forest National, Bruxelles.","og_url":"https:\/\/gracialive.be\/fr\/agenda\/disney-on-ice-2023\/","og_site_name":"Gracia Live","article_publisher":"https:\/\/www.facebook.com\/gracialivebelgium","article_modified_time":"2023-09-25T08:24:55+00:00","og_image":[{"width":1920,"height":1080,"url":"https:\/\/gracialive.be\/wp-content\/uploads\/2022\/12\/d27c-web-fr-1920x1080-1.jpg","type":"image\/jpeg"}],"twitter_card":"summary_large_image","twitter_site":"@GRACIALIVEBEL","twitter_misc":{"Dur\u00e9e de lecture estim\u00e9e":"1 minute"},"schema":{"@context":"https:\/\/schema.org","@graph":[{"@type":"WebPage","@id":"https:\/\/gracialive.be\/fr\/agenda\/disney-on-ice-2023\/","url":"https:\/\/gracialive.be\/fr\/agenda\/disney-on-ice-2023\/","name":"Gracia Live | Disney On Ice 2023 - Forest National, Bruxelles","isPartOf":{"@id":"https:\/\/gracialive.be\/#website"},"datePublished":"2022-12-23T11:12:30+00:00","dateModified":"2023-09-25T08:24:55+00:00","description":"Vivez un moment magique avec toutes vos chansons Disney pr\u00e9f\u00e9r\u00e9es pendant Disney On Ice 2023 \u00e0 Forest National, Bruxelles.","breadcrumb":{"@id":"https:\/\/gracialive.be\/fr\/agenda\/disney-on-ice-2023\/#breadcrumb"},"inLanguage":"fr-FR","potentialAction":[{"@type":"ReadAction","target":["https:\/\/gracialive.be\/fr\/agenda\/disney-on-ice-2023\/"]}]},{"@type":"BreadcrumbList","@id":"https:\/\/gracialive.be\/fr\/agenda\/disney-on-ice-2023\/#breadcrumb","itemListElement":[{"@type":"ListItem","position":1,"name":"Home","item":"https:\/\/gracialive.be\/fr\/"},{"@type":"ListItem","position":2,"name":"Events","item":"https:\/\/gracialive.be\/archief\/"},{"@type":"ListItem","position":3,"name":"Disney On Ice"}]},{"@type":"WebSite","@id":"https:\/\/gracialive.be\/#website","url":"https:\/\/gracialive.be\/","name":"Gracia Live","description":"Concert en Event Promotor Belgium","publisher":{"@id":"https:\/\/gracialive.be\/#organization"},"potentialAction":[{"@type":"SearchAction","target":{"@type":"EntryPoint","urlTemplate":"https:\/\/gracialive.be\/?s={search_term_string}"},"query-input":"required name=search_term_string"}],"inLanguage":"fr-FR"},{"@type":"Organization","@id":"https:\/\/gracialive.be\/#organization","name":"Gracia Live","url":"https:\/\/gracialive.be\/","logo":{"@type":"ImageObject","inLanguage":"fr-FR","@id":"https:\/\/gracialive.be\/#\/schema\/logo\/image\/","url":"https:\/\/gracialive.be\/wp-content\/uploads\/2022\/01\/cropped-GL-500x300_zwart.png","contentUrl":"https:\/\/gracialive.be\/wp-content\/uploads\/2022\/01\/cropped-GL-500x300_zwart.png","width":512,"height":512,"caption":"Gracia Live"},"image":{"@id":"https:\/\/gracialive.be\/#\/schema\/logo\/image\/"},"sameAs":["https:\/\/www.facebook.com\/gracialivebelgium","https:\/\/twitter.com\/GRACIALIVEBEL","https:\/\/www.instagram.com\/gracialive_belgium\/"]}]}},"acf":{"select_event_type":false,"event_date":"17.02.2023","event_date_mention":"17 - 19 f\u00e9vrier","event_location":[{"term_id":13,"name":"Antwerpen","slug":"antwerpen","term_group":0,"term_taxonomy_id":13,"taxonomy":"location","description":"","parent":0,"count":13,"filter":"raw"},{"term_id":261,"name":"Anvers","slug":"antwerpen-fr","term_group":0,"term_taxonomy_id":261,"taxonomy":"location","description":"","parent":0,"count":13,"filter":"raw"},{"term_id":259,"name":"Bruxelles","slug":"brussel-fr","term_group":0,"term_taxonomy_id":259,"taxonomy":"location","description":"","parent":0,"count":45,"filter":"raw"}],"event_status":"Afgelopen","event_venue":[{"ID":3108,"post_author":"17","post_date":"2022-02-04 10:01:21","post_date_gmt":"2022-02-04 10:01:21","post_content":"<a title=\"Home\" href=\"https:\/\/gracialive.be\/fr\/\" rel=\"home\">Home<\/a>\r\n\r\nVorst Nationaal is een concertzaal, ontstaan in 1970, gelegen in Vorst. Vorst Nationaal heeft een capaciteit van meer dan 8000 toeschouwers. Het is een van de bekendste en best uitgeruste concertzalen in Belgi\u00eb.\r\n<h4>Praktisch<\/h4>\r\n<a role=\"button\">\r\nRoutebeschrijving\r\n<\/a>\r\n<h4>Bereikbaarheid<\/h4>\r\nVia onderstaande tabbladen kan je gemakkelijk meer informatie vinden over de bereikbaarheid naar Vorst Nationaal.\r\n\r\nWens je toch nog meer informatie dan kan je steeds terecht op de <a href=\"https:\/\/www.vorst-nationaal.be\/nl\/mobility\" target=\"_blank\" rel=\"noopener\">website van Vorst Nationaal<\/a>.\r\n\r\n<a>Te voet of met de fiets<\/a>\r\n\r\nVoor wie op wandelafstand woont of werkt, is de meest ideale manier om Vorst Nationaal te bereiken te voet. Geen files, geen parkeerproblemen!\r\n\r\nOf maak gebruik van\u00a0<a href=\"https:\/\/mobilite-mobiliteit.brussels\/nl\/apps\" target=\"_blank\" rel=\"noopener\">de fietsen die door de stad Brussel<\/a>\u00a0ter beschikking worden gesteld.\r\n\r\n<a>Met bus of tram<\/a>\r\n\r\nKom naar Vorst Nationaal in alle comfort en zonder je zorgen te moeten maken over een parkeerplaats!\u00a0<a href=\"https:\/\/vorst-nationaal.be\/nl\/mobility\/met-tram-bus-en-metro\" target=\"_blank\" rel=\"noopener\">De MIVB Event Pass<\/a>\u00a0is inbegrepen in je concertticket en laat toe om op de dag van een concert of show\u00a0met het MIVB-netwerk (tram, bus en metro)\u00a0naar en van Vorst Nationaal te reizen. Meer info over het gebruik van deze pas vind je op\u00a0<a href=\"https:\/\/www.vorst-nationaal.be\/nl\/mobility\/met-tram-bus-en-metro\" target=\"_blank\" rel=\"noopener\">de website van Vorst Nationaal<\/a>.\r\n\r\n<b><u>Met de bus:<\/u><\/b>\r\n<ul>\r\n \t<li>Lijn 48 Grote Markt \u2013 Decroly: haltes Myst\u00e8re of Domaine (500 meter van Vorst Nationaal)<\/li>\r\n \t<li>Lijn 50 Zuidstation \u2013 Lot Station: halte Saint-Denis (700 meter van Vorst Nationaal)<\/li>\r\n \t<li>Lijn 54 Troon \u2013 Vorst Centrum (Bervoets): halte Vorst Nationaal (juist voor Vorst Nationaal)<\/li>\r\n<\/ul>\r\n<strong>Met de tram:<\/strong>\r\n<ul>\r\n \t<li>Lijn 32 Drogenbos Kasteel \u2013 Da Vinci: halte Zaman (400 meter van Vorst Nationaal) \u2013\r\nOPGELET: enkel na 20.00 uur.<\/li>\r\n \t<li>Lijn 82 Drogenbos Kasteel \u2013 Berchem Station: halte Zaman (400 meter van Vorst Nationaal) \u2013\r\nOPGELET: enkel v\u00f3\u00f3r 20.00 uur.<\/li>\r\n \t<li>Lijn 97 Louise \u2013 Dieweg: halte Zaman (400 meter van Vorst Nationaal)<\/li>\r\n \t<li>Lijn 51 Van Haelen \u2013 Stadion: halte Coghen (1.100 meter van Vorst Nationaal)<\/li>\r\n<\/ul>\r\n<a href=\"https:\/\/content-eu-8.content-cms.com\/12becebc-ce88-4f3c-844b-fed0588ae8fb\/dxdam\/94\/943cb2d0-8ac9-445d-bdc4-93bf390aaed8\/stib-plan-2017.pdf\" target=\"_blank\" rel=\"noopener\">Download de plattegrond met het volledige netwerk van de MIVB.<\/a>\r\n<a>Met de auto<\/a>\r\n\r\nWe raden iedereen aan om zo veel mogelijk het openbaar vervoer te nemen. Dit kan je bijvoorbeeld ook perfect combineren met de Park+Ride parking \u2018Stalle\u2019. Deze bevindt zich op het volgende adres: Stallestraat 282, 1180 Ukkel.\r\nVan hieruit kan je tram 82 (richting Berchem Station) of tram 32 (richting Noord Station) nemen tot aan de halte Zaman \u2013 Vorst Nationaal.\r\nNaargelang het verwachte bezoekersaantal zal Vorst Nationaal extra trams inzetten.\r\n\r\nVoor meer informatie raden we aan om een kijkje te nemen op\u00a0<a href=\"https:\/\/www.vorst-nationaal.be\/nl\/mobility\/Auto\" target=\"_blank\" rel=\"noopener\">de website van Vorst Nationaal<\/a>.\r\n<h4>Toegankelijkheid voor bezoekers met een beperking<\/h4>\r\nWe willen je zo goed mogelijk opvangen en in de beste omstandigheden laten genieten van een concert of show.\r\n\r\n<a style=\"background-color: #ffffff;\" href=\"https:\/\/helpcenter.teleticketservice.com\/hc\/nl\/articles\/360020014238-Hoe-kan-ik-contact-met-jullie-opnemen-\" target=\"_blank\" rel=\"noopener\">Reserveer je plaatsen telefonisch via 03\/400.00.34 of neem contact op via het contactformulier.<\/a>\r\n\r\nMeer gedetailleerde informatie vind u terug op <a href=\"https:\/\/www.vorst-nationaal.be\/nl\/plan-your-visit\/bezoekers-met-een-beperking\" target=\"_blank\" rel=\"noopener\">de\u00a0<\/a>website van Vorst Nationaal.\r\n<h4>Zaalplan<\/h4>\r\n<a href=\"https:\/\/gracialive.be\/wp-content\/uploads\/2022\/02\/zaalplan-vorstnationaal.webp\" data-elementor-open-lightbox=\"yes\" data-elementor-lightbox-title=\"zaalplan-vorstnationaal\" data-e-action-hash=\"#elementor-action%3Aaction%3Dlightbox%26settings%3DeyJpZCI6NDcwNSwidXJsIjoiaHR0cHM6XC9cL3N0YWdpbmcyLmdyYWNpYWxpdmUuYmVcL3dwLWNvbnRlbnRcL3VwbG9hZHNcLzIwMjJcLzAyXC96YWFscGxhbi12b3JzdG5hdGlvbmFhbC53ZWJwIn0%3D\">\r\n<img src=\"https:\/\/gracialive.be\/wp-content\/uploads\/2022\/02\/zaalplan-vorstnationaal.webp\" sizes=\"(max-width: 640px) 100vw, 640px\" srcset=\"https:\/\/gracialive.be\/wp-content\/uploads\/2022\/02\/zaalplan-vorstnationaal.webp 720w, https:\/\/gracialive.be\/wp-content\/uploads\/2022\/02\/zaalplan-vorstnationaal-300x259.webp 300w\" alt=\"\" width=\"640\" height=\"553\" \/> <\/a>\r\n<h1>Concert agenda<\/h1>\r\n<p style=\"text-align: center;\">Vous trouverez ci-dessous l'agenda de tous nos futurs concerts ici.<\/p>\r\n[show_events_list_venue]\r\n<a role=\"button\" href=\"https:\/\/gracialive.be\/fr\/agenda\/\">\r\nVoir l'agenda complet\r\n<\/a>","post_title":"Forest National","post_excerpt":"","post_status":"publish","comment_status":"closed","ping_status":"closed","post_password":"","post_name":"vorst-nationaal","to_ping":"","pinged":"","post_modified":"2023-09-04 14:23:01","post_modified_gmt":"2023-09-04 14:23:01","post_content_filtered":"","post_parent":0,"guid":"https:\/\/gracialive.be\/venue\/vorst-nationaal\/","menu_order":0,"post_type":"venue","post_mime_type":"","comment_count":"0","filter":"raw"}],"event_feature_image_m":"https:\/\/gracialive.be\/wp-content\/uploads\/2022\/12\/d27c-web-fr-790x300-1.jpg","event_related_events":"","multiple_events":[{"sub_event_date":"17.02.2023","sub_event_venue":[{"ID":3108,"post_author":"17","post_date":"2022-02-04 10:01:21","post_date_gmt":"2022-02-04 10:01:21","post_content":"<a title=\"Home\" href=\"https:\/\/gracialive.be\/fr\/\" rel=\"home\">Home<\/a>\r\n\r\nVorst Nationaal is een concertzaal, ontstaan in 1970, gelegen in Vorst. Vorst Nationaal heeft een capaciteit van meer dan 8000 toeschouwers. Het is een van de bekendste en best uitgeruste concertzalen in Belgi\u00eb.\r\n<h4>Praktisch<\/h4>\r\n<a role=\"button\">\r\nRoutebeschrijving\r\n<\/a>\r\n<h4>Bereikbaarheid<\/h4>\r\nVia onderstaande tabbladen kan je gemakkelijk meer informatie vinden over de bereikbaarheid naar Vorst Nationaal.\r\n\r\nWens je toch nog meer informatie dan kan je steeds terecht op de <a href=\"https:\/\/www.vorst-nationaal.be\/nl\/mobility\" target=\"_blank\" rel=\"noopener\">website van Vorst Nationaal<\/a>.\r\n\r\n<a>Te voet of met de fiets<\/a>\r\n\r\nVoor wie op wandelafstand woont of werkt, is de meest ideale manier om Vorst Nationaal te bereiken te voet. Geen files, geen parkeerproblemen!\r\n\r\nOf maak gebruik van\u00a0<a href=\"https:\/\/mobilite-mobiliteit.brussels\/nl\/apps\" target=\"_blank\" rel=\"noopener\">de fietsen die door de stad Brussel<\/a>\u00a0ter beschikking worden gesteld.\r\n\r\n<a>Met bus of tram<\/a>\r\n\r\nKom naar Vorst Nationaal in alle comfort en zonder je zorgen te moeten maken over een parkeerplaats!\u00a0<a href=\"https:\/\/vorst-nationaal.be\/nl\/mobility\/met-tram-bus-en-metro\" target=\"_blank\" rel=\"noopener\">De MIVB Event Pass<\/a>\u00a0is inbegrepen in je concertticket en laat toe om op de dag van een concert of show\u00a0met het MIVB-netwerk (tram, bus en metro)\u00a0naar en van Vorst Nationaal te reizen. Meer info over het gebruik van deze pas vind je op\u00a0<a href=\"https:\/\/www.vorst-nationaal.be\/nl\/mobility\/met-tram-bus-en-metro\" target=\"_blank\" rel=\"noopener\">de website van Vorst Nationaal<\/a>.\r\n\r\n<b><u>Met de bus:<\/u><\/b>\r\n<ul>\r\n \t<li>Lijn 48 Grote Markt \u2013 Decroly: haltes Myst\u00e8re of Domaine (500 meter van Vorst Nationaal)<\/li>\r\n \t<li>Lijn 50 Zuidstation \u2013 Lot Station: halte Saint-Denis (700 meter van Vorst Nationaal)<\/li>\r\n \t<li>Lijn 54 Troon \u2013 Vorst Centrum (Bervoets): halte Vorst Nationaal (juist voor Vorst Nationaal)<\/li>\r\n<\/ul>\r\n<strong>Met de tram:<\/strong>\r\n<ul>\r\n \t<li>Lijn 32 Drogenbos Kasteel \u2013 Da Vinci: halte Zaman (400 meter van Vorst Nationaal) \u2013\r\nOPGELET: enkel na 20.00 uur.<\/li>\r\n \t<li>Lijn 82 Drogenbos Kasteel \u2013 Berchem Station: halte Zaman (400 meter van Vorst Nationaal) \u2013\r\nOPGELET: enkel v\u00f3\u00f3r 20.00 uur.<\/li>\r\n \t<li>Lijn 97 Louise \u2013 Dieweg: halte Zaman (400 meter van Vorst Nationaal)<\/li>\r\n \t<li>Lijn 51 Van Haelen \u2013 Stadion: halte Coghen (1.100 meter van Vorst Nationaal)<\/li>\r\n<\/ul>\r\n<a href=\"https:\/\/content-eu-8.content-cms.com\/12becebc-ce88-4f3c-844b-fed0588ae8fb\/dxdam\/94\/943cb2d0-8ac9-445d-bdc4-93bf390aaed8\/stib-plan-2017.pdf\" target=\"_blank\" rel=\"noopener\">Download de plattegrond met het volledige netwerk van de MIVB.<\/a>\r\n<a>Met de auto<\/a>\r\n\r\nWe raden iedereen aan om zo veel mogelijk het openbaar vervoer te nemen. Dit kan je bijvoorbeeld ook perfect combineren met de Park+Ride parking \u2018Stalle\u2019. Deze bevindt zich op het volgende adres: Stallestraat 282, 1180 Ukkel.\r\nVan hieruit kan je tram 82 (richting Berchem Station) of tram 32 (richting Noord Station) nemen tot aan de halte Zaman \u2013 Vorst Nationaal.\r\nNaargelang het verwachte bezoekersaantal zal Vorst Nationaal extra trams inzetten.\r\n\r\nVoor meer informatie raden we aan om een kijkje te nemen op\u00a0<a href=\"https:\/\/www.vorst-nationaal.be\/nl\/mobility\/Auto\" target=\"_blank\" rel=\"noopener\">de website van Vorst Nationaal<\/a>.\r\n<h4>Toegankelijkheid voor bezoekers met een beperking<\/h4>\r\nWe willen je zo goed mogelijk opvangen en in de beste omstandigheden laten genieten van een concert of show.\r\n\r\n<a style=\"background-color: #ffffff;\" href=\"https:\/\/helpcenter.teleticketservice.com\/hc\/nl\/articles\/360020014238-Hoe-kan-ik-contact-met-jullie-opnemen-\" target=\"_blank\" rel=\"noopener\">Reserveer je plaatsen telefonisch via 03\/400.00.34 of neem contact op via het contactformulier.<\/a>\r\n\r\nMeer gedetailleerde informatie vind u terug op <a href=\"https:\/\/www.vorst-nationaal.be\/nl\/plan-your-visit\/bezoekers-met-een-beperking\" target=\"_blank\" rel=\"noopener\">de\u00a0<\/a>website van Vorst Nationaal.\r\n<h4>Zaalplan<\/h4>\r\n<a href=\"https:\/\/gracialive.be\/wp-content\/uploads\/2022\/02\/zaalplan-vorstnationaal.webp\" data-elementor-open-lightbox=\"yes\" data-elementor-lightbox-title=\"zaalplan-vorstnationaal\" data-e-action-hash=\"#elementor-action%3Aaction%3Dlightbox%26settings%3DeyJpZCI6NDcwNSwidXJsIjoiaHR0cHM6XC9cL3N0YWdpbmcyLmdyYWNpYWxpdmUuYmVcL3dwLWNvbnRlbnRcL3VwbG9hZHNcLzIwMjJcLzAyXC96YWFscGxhbi12b3JzdG5hdGlvbmFhbC53ZWJwIn0%3D\">\r\n<img src=\"https:\/\/gracialive.be\/wp-content\/uploads\/2022\/02\/zaalplan-vorstnationaal.webp\" sizes=\"(max-width: 640px) 100vw, 640px\" srcset=\"https:\/\/gracialive.be\/wp-content\/uploads\/2022\/02\/zaalplan-vorstnationaal.webp 720w, https:\/\/gracialive.be\/wp-content\/uploads\/2022\/02\/zaalplan-vorstnationaal-300x259.webp 300w\" alt=\"\" width=\"640\" height=\"553\" \/> <\/a>\r\n<h1>Concert agenda<\/h1>\r\n<p style=\"text-align: center;\">Vous trouverez ci-dessous l'agenda de tous nos futurs concerts ici.<\/p>\r\n[show_events_list_venue]\r\n<a role=\"button\" href=\"https:\/\/gracialive.be\/fr\/agenda\/\">\r\nVoir l'agenda complet\r\n<\/a>","post_title":"Forest National","post_excerpt":"","post_status":"publish","comment_status":"closed","ping_status":"closed","post_password":"","post_name":"vorst-nationaal","to_ping":"","pinged":"","post_modified":"2023-09-04 14:23:01","post_modified_gmt":"2023-09-04 14:23:01","post_content_filtered":"","post_parent":0,"guid":"https:\/\/gracialive.be\/venue\/vorst-nationaal\/","menu_order":0,"post_type":"venue","post_mime_type":"","comment_count":"0","filter":"raw"}],"sub_event_location":{"term_id":9,"name":"Brussel","slug":"brussel","term_group":0,"term_taxonomy_id":9,"taxonomy":"location","description":"","parent":0,"count":44,"filter":"raw"},"sub_event_notes":"19h00","sub_event_ticket_link":"https:\/\/vorst-nationaal.be\/fr\/event\/disney-on-ice-2023-2ffb7145","sub_event_status":"custom","sub_custom_event_status":""},{"sub_event_date":"18.02.2023","sub_event_venue":[{"ID":3108,"post_author":"17","post_date":"2022-02-04 10:01:21","post_date_gmt":"2022-02-04 10:01:21","post_content":"<a title=\"Home\" href=\"https:\/\/gracialive.be\/fr\/\" rel=\"home\">Home<\/a>\r\n\r\nVorst Nationaal is een concertzaal, ontstaan in 1970, gelegen in Vorst. Vorst Nationaal heeft een capaciteit van meer dan 8000 toeschouwers. Het is een van de bekendste en best uitgeruste concertzalen in Belgi\u00eb.\r\n<h4>Praktisch<\/h4>\r\n<a role=\"button\">\r\nRoutebeschrijving\r\n<\/a>\r\n<h4>Bereikbaarheid<\/h4>\r\nVia onderstaande tabbladen kan je gemakkelijk meer informatie vinden over de bereikbaarheid naar Vorst Nationaal.\r\n\r\nWens je toch nog meer informatie dan kan je steeds terecht op de <a href=\"https:\/\/www.vorst-nationaal.be\/nl\/mobility\" target=\"_blank\" rel=\"noopener\">website van Vorst Nationaal<\/a>.\r\n\r\n<a>Te voet of met de fiets<\/a>\r\n\r\nVoor wie op wandelafstand woont of werkt, is de meest ideale manier om Vorst Nationaal te bereiken te voet. Geen files, geen parkeerproblemen!\r\n\r\nOf maak gebruik van\u00a0<a href=\"https:\/\/mobilite-mobiliteit.brussels\/nl\/apps\" target=\"_blank\" rel=\"noopener\">de fietsen die door de stad Brussel<\/a>\u00a0ter beschikking worden gesteld.\r\n\r\n<a>Met bus of tram<\/a>\r\n\r\nKom naar Vorst Nationaal in alle comfort en zonder je zorgen te moeten maken over een parkeerplaats!\u00a0<a href=\"https:\/\/vorst-nationaal.be\/nl\/mobility\/met-tram-bus-en-metro\" target=\"_blank\" rel=\"noopener\">De MIVB Event Pass<\/a>\u00a0is inbegrepen in je concertticket en laat toe om op de dag van een concert of show\u00a0met het MIVB-netwerk (tram, bus en metro)\u00a0naar en van Vorst Nationaal te reizen. Meer info over het gebruik van deze pas vind je op\u00a0<a href=\"https:\/\/www.vorst-nationaal.be\/nl\/mobility\/met-tram-bus-en-metro\" target=\"_blank\" rel=\"noopener\">de website van Vorst Nationaal<\/a>.\r\n\r\n<b><u>Met de bus:<\/u><\/b>\r\n<ul>\r\n \t<li>Lijn 48 Grote Markt \u2013 Decroly: haltes Myst\u00e8re of Domaine (500 meter van Vorst Nationaal)<\/li>\r\n \t<li>Lijn 50 Zuidstation \u2013 Lot Station: halte Saint-Denis (700 meter van Vorst Nationaal)<\/li>\r\n \t<li>Lijn 54 Troon \u2013 Vorst Centrum (Bervoets): halte Vorst Nationaal (juist voor Vorst Nationaal)<\/li>\r\n<\/ul>\r\n<strong>Met de tram:<\/strong>\r\n<ul>\r\n \t<li>Lijn 32 Drogenbos Kasteel \u2013 Da Vinci: halte Zaman (400 meter van Vorst Nationaal) \u2013\r\nOPGELET: enkel na 20.00 uur.<\/li>\r\n \t<li>Lijn 82 Drogenbos Kasteel \u2013 Berchem Station: halte Zaman (400 meter van Vorst Nationaal) \u2013\r\nOPGELET: enkel v\u00f3\u00f3r 20.00 uur.<\/li>\r\n \t<li>Lijn 97 Louise \u2013 Dieweg: halte Zaman (400 meter van Vorst Nationaal)<\/li>\r\n \t<li>Lijn 51 Van Haelen \u2013 Stadion: halte Coghen (1.100 meter van Vorst Nationaal)<\/li>\r\n<\/ul>\r\n<a href=\"https:\/\/content-eu-8.content-cms.com\/12becebc-ce88-4f3c-844b-fed0588ae8fb\/dxdam\/94\/943cb2d0-8ac9-445d-bdc4-93bf390aaed8\/stib-plan-2017.pdf\" target=\"_blank\" rel=\"noopener\">Download de plattegrond met het volledige netwerk van de MIVB.<\/a>\r\n<a>Met de auto<\/a>\r\n\r\nWe raden iedereen aan om zo veel mogelijk het openbaar vervoer te nemen. Dit kan je bijvoorbeeld ook perfect combineren met de Park+Ride parking \u2018Stalle\u2019. Deze bevindt zich op het volgende adres: Stallestraat 282, 1180 Ukkel.\r\nVan hieruit kan je tram 82 (richting Berchem Station) of tram 32 (richting Noord Station) nemen tot aan de halte Zaman \u2013 Vorst Nationaal.\r\nNaargelang het verwachte bezoekersaantal zal Vorst Nationaal extra trams inzetten.\r\n\r\nVoor meer informatie raden we aan om een kijkje te nemen op\u00a0<a href=\"https:\/\/www.vorst-nationaal.be\/nl\/mobility\/Auto\" target=\"_blank\" rel=\"noopener\">de website van Vorst Nationaal<\/a>.\r\n<h4>Toegankelijkheid voor bezoekers met een beperking<\/h4>\r\nWe willen je zo goed mogelijk opvangen en in de beste omstandigheden laten genieten van een concert of show.\r\n\r\n<a style=\"background-color: #ffffff;\" href=\"https:\/\/helpcenter.teleticketservice.com\/hc\/nl\/articles\/360020014238-Hoe-kan-ik-contact-met-jullie-opnemen-\" target=\"_blank\" rel=\"noopener\">Reserveer je plaatsen telefonisch via 03\/400.00.34 of neem contact op via het contactformulier.<\/a>\r\n\r\nMeer gedetailleerde informatie vind u terug op <a href=\"https:\/\/www.vorst-nationaal.be\/nl\/plan-your-visit\/bezoekers-met-een-beperking\" target=\"_blank\" rel=\"noopener\">de\u00a0<\/a>website van Vorst Nationaal.\r\n<h4>Zaalplan<\/h4>\r\n<a href=\"https:\/\/gracialive.be\/wp-content\/uploads\/2022\/02\/zaalplan-vorstnationaal.webp\" data-elementor-open-lightbox=\"yes\" data-elementor-lightbox-title=\"zaalplan-vorstnationaal\" data-e-action-hash=\"#elementor-action%3Aaction%3Dlightbox%26settings%3DeyJpZCI6NDcwNSwidXJsIjoiaHR0cHM6XC9cL3N0YWdpbmcyLmdyYWNpYWxpdmUuYmVcL3dwLWNvbnRlbnRcL3VwbG9hZHNcLzIwMjJcLzAyXC96YWFscGxhbi12b3JzdG5hdGlvbmFhbC53ZWJwIn0%3D\">\r\n<img src=\"https:\/\/gracialive.be\/wp-content\/uploads\/2022\/02\/zaalplan-vorstnationaal.webp\" sizes=\"(max-width: 640px) 100vw, 640px\" srcset=\"https:\/\/gracialive.be\/wp-content\/uploads\/2022\/02\/zaalplan-vorstnationaal.webp 720w, https:\/\/gracialive.be\/wp-content\/uploads\/2022\/02\/zaalplan-vorstnationaal-300x259.webp 300w\" alt=\"\" width=\"640\" height=\"553\" \/> <\/a>\r\n<h1>Concert agenda<\/h1>\r\n<p style=\"text-align: center;\">Vous trouverez ci-dessous l'agenda de tous nos futurs concerts ici.<\/p>\r\n[show_events_list_venue]\r\n<a role=\"button\" href=\"https:\/\/gracialive.be\/fr\/agenda\/\">\r\nVoir l'agenda complet\r\n<\/a>","post_title":"Forest National","post_excerpt":"","post_status":"publish","comment_status":"closed","ping_status":"closed","post_password":"","post_name":"vorst-nationaal","to_ping":"","pinged":"","post_modified":"2023-09-04 14:23:01","post_modified_gmt":"2023-09-04 14:23:01","post_content_filtered":"","post_parent":0,"guid":"https:\/\/gracialive.be\/venue\/vorst-nationaal\/","menu_order":0,"post_type":"venue","post_mime_type":"","comment_count":"0","filter":"raw"}],"sub_event_location":{"term_id":9,"name":"Brussel","slug":"brussel","term_group":0,"term_taxonomy_id":9,"taxonomy":"location","description":"","parent":0,"count":44,"filter":"raw"},"sub_event_notes":"10h30 \/\/ 14h30 \/\/ 18h30","sub_event_ticket_link":"https:\/\/vorst-nationaal.be\/fr\/event\/disney-on-ice-2023-2ffb7145","sub_event_status":"custom","sub_custom_event_status":""},{"sub_event_date":"19.02.2023","sub_event_venue":[{"ID":3108,"post_author":"17","post_date":"2022-02-04 10:01:21","post_date_gmt":"2022-02-04 10:01:21","post_content":"<a title=\"Home\" href=\"https:\/\/gracialive.be\/fr\/\" rel=\"home\">Home<\/a>\r\n\r\nVorst Nationaal is een concertzaal, ontstaan in 1970, gelegen in Vorst. Vorst Nationaal heeft een capaciteit van meer dan 8000 toeschouwers. Het is een van de bekendste en best uitgeruste concertzalen in Belgi\u00eb.\r\n<h4>Praktisch<\/h4>\r\n<a role=\"button\">\r\nRoutebeschrijving\r\n<\/a>\r\n<h4>Bereikbaarheid<\/h4>\r\nVia onderstaande tabbladen kan je gemakkelijk meer informatie vinden over de bereikbaarheid naar Vorst Nationaal.\r\n\r\nWens je toch nog meer informatie dan kan je steeds terecht op de <a href=\"https:\/\/www.vorst-nationaal.be\/nl\/mobility\" target=\"_blank\" rel=\"noopener\">website van Vorst Nationaal<\/a>.\r\n\r\n<a>Te voet of met de fiets<\/a>\r\n\r\nVoor wie op wandelafstand woont of werkt, is de meest ideale manier om Vorst Nationaal te bereiken te voet. Geen files, geen parkeerproblemen!\r\n\r\nOf maak gebruik van\u00a0<a href=\"https:\/\/mobilite-mobiliteit.brussels\/nl\/apps\" target=\"_blank\" rel=\"noopener\">de fietsen die door de stad Brussel<\/a>\u00a0ter beschikking worden gesteld.\r\n\r\n<a>Met bus of tram<\/a>\r\n\r\nKom naar Vorst Nationaal in alle comfort en zonder je zorgen te moeten maken over een parkeerplaats!\u00a0<a href=\"https:\/\/vorst-nationaal.be\/nl\/mobility\/met-tram-bus-en-metro\" target=\"_blank\" rel=\"noopener\">De MIVB Event Pass<\/a>\u00a0is inbegrepen in je concertticket en laat toe om op de dag van een concert of show\u00a0met het MIVB-netwerk (tram, bus en metro)\u00a0naar en van Vorst Nationaal te reizen. Meer info over het gebruik van deze pas vind je op\u00a0<a href=\"https:\/\/www.vorst-nationaal.be\/nl\/mobility\/met-tram-bus-en-metro\" target=\"_blank\" rel=\"noopener\">de website van Vorst Nationaal<\/a>.\r\n\r\n<b><u>Met de bus:<\/u><\/b>\r\n<ul>\r\n \t<li>Lijn 48 Grote Markt \u2013 Decroly: haltes Myst\u00e8re of Domaine (500 meter van Vorst Nationaal)<\/li>\r\n \t<li>Lijn 50 Zuidstation \u2013 Lot Station: halte Saint-Denis (700 meter van Vorst Nationaal)<\/li>\r\n \t<li>Lijn 54 Troon \u2013 Vorst Centrum (Bervoets): halte Vorst Nationaal (juist voor Vorst Nationaal)<\/li>\r\n<\/ul>\r\n<strong>Met de tram:<\/strong>\r\n<ul>\r\n \t<li>Lijn 32 Drogenbos Kasteel \u2013 Da Vinci: halte Zaman (400 meter van Vorst Nationaal) \u2013\r\nOPGELET: enkel na 20.00 uur.<\/li>\r\n \t<li>Lijn 82 Drogenbos Kasteel \u2013 Berchem Station: halte Zaman (400 meter van Vorst Nationaal) \u2013\r\nOPGELET: enkel v\u00f3\u00f3r 20.00 uur.<\/li>\r\n \t<li>Lijn 97 Louise \u2013 Dieweg: halte Zaman (400 meter van Vorst Nationaal)<\/li>\r\n \t<li>Lijn 51 Van Haelen \u2013 Stadion: halte Coghen (1.100 meter van Vorst Nationaal)<\/li>\r\n<\/ul>\r\n<a href=\"https:\/\/content-eu-8.content-cms.com\/12becebc-ce88-4f3c-844b-fed0588ae8fb\/dxdam\/94\/943cb2d0-8ac9-445d-bdc4-93bf390aaed8\/stib-plan-2017.pdf\" target=\"_blank\" rel=\"noopener\">Download de plattegrond met het volledige netwerk van de MIVB.<\/a>\r\n<a>Met de auto<\/a>\r\n\r\nWe raden iedereen aan om zo veel mogelijk het openbaar vervoer te nemen. Dit kan je bijvoorbeeld ook perfect combineren met de Park+Ride parking \u2018Stalle\u2019. Deze bevindt zich op het volgende adres: Stallestraat 282, 1180 Ukkel.\r\nVan hieruit kan je tram 82 (richting Berchem Station) of tram 32 (richting Noord Station) nemen tot aan de halte Zaman \u2013 Vorst Nationaal.\r\nNaargelang het verwachte bezoekersaantal zal Vorst Nationaal extra trams inzetten.\r\n\r\nVoor meer informatie raden we aan om een kijkje te nemen op\u00a0<a href=\"https:\/\/www.vorst-nationaal.be\/nl\/mobility\/Auto\" target=\"_blank\" rel=\"noopener\">de website van Vorst Nationaal<\/a>.\r\n<h4>Toegankelijkheid voor bezoekers met een beperking<\/h4>\r\nWe willen je zo goed mogelijk opvangen en in de beste omstandigheden laten genieten van een concert of show.\r\n\r\n<a style=\"background-color: #ffffff;\" href=\"https:\/\/helpcenter.teleticketservice.com\/hc\/nl\/articles\/360020014238-Hoe-kan-ik-contact-met-jullie-opnemen-\" target=\"_blank\" rel=\"noopener\">Reserveer je plaatsen telefonisch via 03\/400.00.34 of neem contact op via het contactformulier.<\/a>\r\n\r\nMeer gedetailleerde informatie vind u terug op <a href=\"https:\/\/www.vorst-nationaal.be\/nl\/plan-your-visit\/bezoekers-met-een-beperking\" target=\"_blank\" rel=\"noopener\">de\u00a0<\/a>website van Vorst Nationaal.\r\n<h4>Zaalplan<\/h4>\r\n<a href=\"https:\/\/gracialive.be\/wp-content\/uploads\/2022\/02\/zaalplan-vorstnationaal.webp\" data-elementor-open-lightbox=\"yes\" data-elementor-lightbox-title=\"zaalplan-vorstnationaal\" data-e-action-hash=\"#elementor-action%3Aaction%3Dlightbox%26settings%3DeyJpZCI6NDcwNSwidXJsIjoiaHR0cHM6XC9cL3N0YWdpbmcyLmdyYWNpYWxpdmUuYmVcL3dwLWNvbnRlbnRcL3VwbG9hZHNcLzIwMjJcLzAyXC96YWFscGxhbi12b3JzdG5hdGlvbmFhbC53ZWJwIn0%3D\">\r\n<img src=\"https:\/\/gracialive.be\/wp-content\/uploads\/2022\/02\/zaalplan-vorstnationaal.webp\" sizes=\"(max-width: 640px) 100vw, 640px\" srcset=\"https:\/\/gracialive.be\/wp-content\/uploads\/2022\/02\/zaalplan-vorstnationaal.webp 720w, https:\/\/gracialive.be\/wp-content\/uploads\/2022\/02\/zaalplan-vorstnationaal-300x259.webp 300w\" alt=\"\" width=\"640\" height=\"553\" \/> <\/a>\r\n<h1>Concert agenda<\/h1>\r\n<p style=\"text-align: center;\">Vous trouverez ci-dessous l'agenda de tous nos futurs concerts ici.<\/p>\r\n[show_events_list_venue]\r\n<a role=\"button\" href=\"https:\/\/gracialive.be\/fr\/agenda\/\">\r\nVoir l'agenda complet\r\n<\/a>","post_title":"Forest National","post_excerpt":"","post_status":"publish","comment_status":"closed","ping_status":"closed","post_password":"","post_name":"vorst-nationaal","to_ping":"","pinged":"","post_modified":"2023-09-04 14:23:01","post_modified_gmt":"2023-09-04 14:23:01","post_content_filtered":"","post_parent":0,"guid":"https:\/\/gracialive.be\/venue\/vorst-nationaal\/","menu_order":0,"post_type":"venue","post_mime_type":"","comment_count":"0","filter":"raw"}],"sub_event_location":{"term_id":9,"name":"Brussel","slug":"brussel","term_group":0,"term_taxonomy_id":9,"taxonomy":"location","description":"","parent":0,"count":44,"filter":"raw"},"sub_event_notes":"10h30 \/\/ 14h30","sub_event_ticket_link":"https:\/\/vorst-nationaal.be\/fr\/event\/disney-on-ice-2023-2ffb7145","sub_event_status":"custom","sub_custom_event_status":""}],"event_notes":"","event_description":""},"_links":{"self":[{"href":"https:\/\/gracialive.be\/fr\/wp-json\/wp\/v2\/agenda\/18650"}],"collection":[{"href":"https:\/\/gracialive.be\/fr\/wp-json\/wp\/v2\/agenda"}],"about":[{"href":"https:\/\/gracialive.be\/fr\/wp-json\/wp\/v2\/types\/agenda"}],"version-history":[{"count":9,"href":"https:\/\/gracialive.be\/fr\/wp-json\/wp\/v2\/agenda\/18650\/revisions"}],"predecessor-version":[{"id":25037,"href":"https:\/\/gracialive.be\/fr\/wp-json\/wp\/v2\/agenda\/18650\/revisions\/25037"}],"wp:featuredmedia":[{"embeddable":true,"href":"https:\/\/gracialive.be\/fr\/wp-json\/wp\/v2\/media\/24617"}],"wp:attachment":[{"href":"https:\/\/gracialive.be\/fr\/wp-json\/wp\/v2\/media?parent=18650"}],"wp:term":[{"taxonomy":"category","embeddable":true,"href":"https:\/\/gracialive.be\/fr\/wp-json\/wp\/v2\/categories?post=18650"},{"taxonomy":"location","embeddable":true,"href":"https:\/\/gracialive.be\/fr\/wp-json\/wp\/v2\/location?post=18650"},{"taxonomy":"related_event","embeddable":true,"href":"https:\/\/gracialive.be\/fr\/wp-json\/wp\/v2\/related_event?post=18650"}],"curies":[{"name":"wp","href":"https:\/\/api.w.org\/{rel}","templated":true}]}}